{"id":553,"date":"2022-01-20T23:42:59","date_gmt":"2022-01-21T04:42:59","guid":{"rendered":"https:\/\/prensapaisa.com\/?page_id=553"},"modified":"2022-06-14T22:16:53","modified_gmt":"2022-06-15T03:16:53","slug":"movilidad-2","status":"publish","type":"page","link":"https:\/\/prensapaisa.com\/index.php\/movilidad-2\/","title":{"rendered":"MOVILIDAD"},"content":{"rendered":"\t\t<div data-elementor-type=\"wp-page\" data-elementor-id=\"553\" class=\"elementor elementor-553\">\n\t\t\t\t\t\t<section class=\"penci-section penci-disSticky penci-structure-10 elementor-section elementor-top-section elementor-element elementor-element-0ffb7d1 elementor-section-boxed elementor-section-height-default elementor-section-height-default\" data-id=\"0ffb7d1\" data-element_type=\"section\" data-e-type=\"section\">\n\t\t\t\t\t\t<div class=\"elementor-container elementor-column-gap-default\">\n\t\t\t\t\t<div class=\"penci-ercol-100 penci-ercol-order-1 penci-sticky-ct  elementor-column elementor-col-100 elementor-top-column elementor-element elementor-element-a1792e1\" data-id=\"a1792e1\" data-element_type=\"column\" data-e-type=\"column\">\n\t\t\t<div class=\"elementor-widget-wrap elementor-element-populated\">\n\t\t\t\t\t\t<div class=\"elementor-element elementor-element-8caad87 elementor-widget elementor-widget-penci-big-grid\" data-id=\"8caad87\" data-element_type=\"widget\" data-e-type=\"widget\" data-widget_type=\"penci-big-grid.default\">\n\t\t\t\t<div class=\"elementor-widget-container\">\n\t\t\t\t\t        <div class=\"penci-clearfix penci-biggrid-wrapper penci-bgrid-based-post penci-bgrid-style-3 pcbg-ficonpo-top-right pcbg-reiconpo-top-left penci-bgrid-content-on pencibg-imageh-zoom-in pencibg-texth-none pencibg-textani-movetop textop\">\r\n\t\t\t            <div class=\"penci-clearfix penci-biggrid penci-bgstyle-3 penci-bgel\">\r\n                <div class=\"penci-biggrid-inner default\">\r\n\t\t\t\t\t<div class=\"penci-big-grid-ajax-data\"><div class=\"penci-clearfix penci-biggrid-data penci-dblock penci-fixh\"><div class=\"penci-bgitem pcbg-big-item bgitem-1\">\r\n    <div class=\"penci-bgitin\">\r\n        <div class=\"penci-bgmain\">\r\n            <div class=\"pcbg-thumb\">\r\n\t\t\t\t\t\t\t\t                <div class=\"pcbg-thumbin\">\r\n                    <a class=\"pcbg-bgoverlay\"\r\n                       href=\"https:\/\/prensapaisa.com\/index.php\/2026\/04\/24\/fatal-accidente-de-motociclistas-deja-un-muerto-y-una-mujer-herida-en-itagui-antioquia\/\" title=\"Fatal accidente de motociclistas deja un muerto y una mujer herida en Itag\u00fc\u00ed, Antioquia\"><\/a>\r\n\t\t\t\t\t                        <div class=\"penci-image-holder penci-lazy\"                             data-bgset=\"https:\/\/prensapaisa.com\/wp-content\/uploads\/2026\/04\/677919281_1005862042008783_419310592690816760_n-1170x1560.jpg\" data_bg_hidpi=\"https:\/\/prensapaisa.com\/wp-content\/uploads\/2026\/04\/677919281_1005862042008783_419310592690816760_n-585x780.jpg\"\r\n                             data-sizes=\"(max-width: 767px) 585px, 1170px\">\r\n                        <\/div>\r\n\t\t\t\t\t                <\/div>\r\n            <\/div>\r\n            <div class=\"pcbg-content\">\r\n                <div class=\"pcbg-content-flex\">\r\n                    <a class=\"pcbg-bgoverlay active-overlay\"\r\n                       href=\"https:\/\/prensapaisa.com\/index.php\/2026\/04\/24\/fatal-accidente-de-motociclistas-deja-un-muerto-y-una-mujer-herida-en-itagui-antioquia\/\" title=\"Fatal accidente de motociclistas deja un muerto y una mujer herida en Itag\u00fc\u00ed, Antioquia\"><\/a>\r\n                    <div class=\"pcbg-content-inner bgcontent-block\">\r\n                        <a href=\"https:\/\/prensapaisa.com\/index.php\/2026\/04\/24\/fatal-accidente-de-motociclistas-deja-un-muerto-y-una-mujer-herida-en-itagui-antioquia\/\" title=\"Fatal accidente de motociclistas deja un muerto y una mujer herida en Itag\u00fc\u00ed, Antioquia\"\r\n                           class=\"pcbg-bgoverlaytext item-hover\"><\/a>\r\n\r\n\t\t\t\t\t\t                            <div class=\"pcbg-above item-hover\">\r\n\t\t\t\t\t\t\t<span class=\"cat pcbg-sub-title\">\r\n\t\t\t\t\t\t\t\t<a class=\"penci-cat-name penci-cat-45\" href=\"https:\/\/prensapaisa.com\/index.php\/category\/movilidad\/accidentes\/\"  rel=\"category tag\">Accidentes<\/a><a class=\"penci-cat-name penci-cat-50\" href=\"https:\/\/prensapaisa.com\/index.php\/category\/orden-publico\/denuncias\/\"  rel=\"category tag\">Denuncias<\/a><a class=\"penci-cat-name penci-cat-44\" href=\"https:\/\/prensapaisa.com\/index.php\/category\/movilidad\/\"  rel=\"category tag\">Movilidad<\/a><a class=\"penci-cat-name penci-cat-16\" href=\"https:\/\/prensapaisa.com\/index.php\/category\/municipios\/\"  rel=\"category tag\">Municipios<\/a><a class=\"penci-cat-name penci-cat-1\" href=\"https:\/\/prensapaisa.com\/index.php\/category\/noticias\/\"  rel=\"category tag\">Noticias<\/a><a class=\"penci-cat-name penci-cat-47\" href=\"https:\/\/prensapaisa.com\/index.php\/category\/orden-publico\/\"  rel=\"category tag\">Orden Publico<\/a><a class=\"penci-cat-name penci-cat-46\" href=\"https:\/\/prensapaisa.com\/index.php\/category\/redes-sociales\/\"  rel=\"category tag\">Redes Sociales<\/a>\t\t\t\t\t\t\t<\/span>\r\n                            <\/div>\r\n\t\t\t\t\t\t\r\n\t\t\t\t\t\t                            <div class=\"pcbg-heading item-hover\">\r\n                                <h3 class=\"pcbg-title\">\r\n                                    <a href=\"https:\/\/prensapaisa.com\/index.php\/2026\/04\/24\/fatal-accidente-de-motociclistas-deja-un-muerto-y-una-mujer-herida-en-itagui-antioquia\/\">\r\n                                        Fatal accidente de motociclistas deja un muerto y una mujer herida en Itag\u00fc\u00ed, Antioquia                                    <\/a>\r\n                                <\/h3>\r\n                            <\/div>\r\n\t\t\t\t\t\t\r\n\t\t\t\t\t\t                            <div class=\"grid-post-box-meta pcbg-meta item-hover\">\r\n                                <div class=\"pcbg-meta-desc\">\r\n\t\t\t\t\t\t\t\t\t                                        <span class=\"bg-date-author author-italic author vcard\">\r\n\t\t\t\t\t\t\t\t\t\tby <a class=\"url fn n\"\r\n                                                                                                href=\"https:\/\/prensapaisa.com\/index.php\/author\/prensapaisagmail-com\/\">noticias@prensapaisa.com<\/a>\r\n\t\t\t\t\t\t\t\t\t<\/span>\r\n\t\t\t\t\t\t\t\t\t\t\t\t\t\t\t\t\t\t                                        <span class=\"bg-date\"><time class=\"entry-date published\" datetime=\"2026-04-24T09:54:25-05:00\">abril 24, 2026<\/time><\/span>\r\n\t\t\t\t\t\t\t\t\t\t\t\t\t\t\t\t\t\t\t\t\t\t\t\t\t\t\t\t\t\t\t\t\t\t\t\t                                <\/div>\r\n\t\t\t\t\t\t\t\t                            <\/div>\r\n\t\t\t\t\t\t\r\n\t\t\t\t\t\t                    <\/div>\r\n                <\/div>\r\n            <\/div>\r\n        <\/div>\r\n    <\/div>\r\n<\/div>\r\n<div class=\"penci-bgitem bgitem-2\">\r\n    <div class=\"penci-bgitin\">\r\n        <div class=\"penci-bgmain\">\r\n            <div class=\"pcbg-thumb\">\r\n\t\t\t\t\t\t\t\t                <div class=\"pcbg-thumbin\">\r\n                    <a class=\"pcbg-bgoverlay\"\r\n                       href=\"https:\/\/prensapaisa.com\/index.php\/2026\/04\/17\/motociclista-fallecio-en-un-accidente-de-transito-en-la-via-itagui-san-antonio-de-prado\/\" title=\"Motociclista falleci\u00f3 en un accidente de tr\u00e1nsito en la v\u00eda Itag\u00fc\u00ed \u2013 San Antonio de Prado\"><\/a>\r\n\t\t\t\t\t                        <div class=\"penci-image-holder penci-lazy\"                             data-bgset=\"https:\/\/prensapaisa.com\/wp-content\/uploads\/2026\/04\/671522398_999142449347409_6868799266293765531_n-585x697.jpg\" data_bg_hidpi=\"https:\/\/prensapaisa.com\/wp-content\/uploads\/2026\/04\/671522398_999142449347409_6868799266293765531_n-585x697.jpg\"\r\n                             data-sizes=\"(max-width: 767px) 585px, 585px\">\r\n                        <\/div>\r\n\t\t\t\t\t                <\/div>\r\n            <\/div>\r\n            <div class=\"pcbg-content\">\r\n                <div class=\"pcbg-content-flex\">\r\n                    <a class=\"pcbg-bgoverlay active-overlay\"\r\n                       href=\"https:\/\/prensapaisa.com\/index.php\/2026\/04\/17\/motociclista-fallecio-en-un-accidente-de-transito-en-la-via-itagui-san-antonio-de-prado\/\" title=\"Motociclista falleci\u00f3 en un accidente de tr\u00e1nsito en la v\u00eda Itag\u00fc\u00ed \u2013 San Antonio de Prado\"><\/a>\r\n                    <div class=\"pcbg-content-inner bgcontent-block\">\r\n                        <a href=\"https:\/\/prensapaisa.com\/index.php\/2026\/04\/17\/motociclista-fallecio-en-un-accidente-de-transito-en-la-via-itagui-san-antonio-de-prado\/\" title=\"Motociclista falleci\u00f3 en un accidente de tr\u00e1nsito en la v\u00eda Itag\u00fc\u00ed \u2013 San Antonio de Prado\"\r\n                           class=\"pcbg-bgoverlaytext item-hover\"><\/a>\r\n\r\n\t\t\t\t\t\t\r\n\t\t\t\t\t\t                            <div class=\"pcbg-heading item-hover\">\r\n                                <h3 class=\"pcbg-title\">\r\n                                    <a href=\"https:\/\/prensapaisa.com\/index.php\/2026\/04\/17\/motociclista-fallecio-en-un-accidente-de-transito-en-la-via-itagui-san-antonio-de-prado\/\">\r\n                                        Motociclista falleci\u00f3 en un accidente de tr\u00e1nsito en la v\u00eda Itag\u00fc\u00ed \u2013 San Antonio de Prado                                    <\/a>\r\n                                <\/h3>\r\n                            <\/div>\r\n\t\t\t\t\t\t\r\n\t\t\t\t\t\t                            <div class=\"grid-post-box-meta pcbg-meta item-hover\">\r\n                                <div class=\"pcbg-meta-desc\">\r\n\t\t\t\t\t\t\t\t\t                                        <span class=\"bg-date-author author-italic author vcard\">\r\n\t\t\t\t\t\t\t\t\t\tby <a class=\"url fn n\"\r\n                                                                                                href=\"https:\/\/prensapaisa.com\/index.php\/author\/prensapaisagmail-com\/\">noticias@prensapaisa.com<\/a>\r\n\t\t\t\t\t\t\t\t\t<\/span>\r\n\t\t\t\t\t\t\t\t\t\t\t\t\t\t\t\t\t\t                                        <span class=\"bg-date\"><time class=\"entry-date published\" datetime=\"2026-04-17T00:21:40-05:00\">abril 17, 2026<\/time><\/span>\r\n\t\t\t\t\t\t\t\t\t\t\t\t\t\t\t\t\t\t\t\t\t\t\t\t\t\t\t\t\t\t\t\t\t\t\t\t                                <\/div>\r\n\t\t\t\t\t\t\t\t                            <\/div>\r\n\t\t\t\t\t\t\r\n\t\t\t\t\t\t                    <\/div>\r\n                <\/div>\r\n            <\/div>\r\n        <\/div>\r\n    <\/div>\r\n<\/div>\r\n<div class=\"penci-bgitem bgitem-0\">\r\n    <div class=\"penci-bgitin\">\r\n        <div class=\"penci-bgmain\">\r\n            <div class=\"pcbg-thumb\">\r\n\t\t\t\t\t\t\t\t                <div class=\"pcbg-thumbin\">\r\n                    <a class=\"pcbg-bgoverlay\"\r\n                       href=\"https:\/\/prensapaisa.com\/index.php\/2026\/04\/17\/manrique-registro-una-reduccion-del-60-en-homicidios-durante-el-2026\/\" title=\"Manrique registr\u00f3 una reducci\u00f3n del 60 % en homicidios durante el 2026\"><\/a>\r\n\t\t\t\t\t                        <div class=\"penci-image-holder penci-lazy\"                             data-bgset=\"https:\/\/prensapaisa.com\/wp-content\/uploads\/2026\/04\/Imagen1.jpg\" data_bg_hidpi=\"https:\/\/prensapaisa.com\/wp-content\/uploads\/2026\/04\/Imagen1.jpg\"\r\n                             data-sizes=\"(max-width: 767px) 585px, 585px\">\r\n                        <\/div>\r\n\t\t\t\t\t                <\/div>\r\n            <\/div>\r\n            <div class=\"pcbg-content\">\r\n                <div class=\"pcbg-content-flex\">\r\n                    <a class=\"pcbg-bgoverlay active-overlay\"\r\n                       href=\"https:\/\/prensapaisa.com\/index.php\/2026\/04\/17\/manrique-registro-una-reduccion-del-60-en-homicidios-durante-el-2026\/\" title=\"Manrique registr\u00f3 una reducci\u00f3n del 60 % en homicidios durante el 2026\"><\/a>\r\n                    <div class=\"pcbg-content-inner bgcontent-block\">\r\n                        <a href=\"https:\/\/prensapaisa.com\/index.php\/2026\/04\/17\/manrique-registro-una-reduccion-del-60-en-homicidios-durante-el-2026\/\" title=\"Manrique registr\u00f3 una reducci\u00f3n del 60 % en homicidios durante el 2026\"\r\n                           class=\"pcbg-bgoverlaytext item-hover\"><\/a>\r\n\r\n\t\t\t\t\t\t\r\n\t\t\t\t\t\t                            <div class=\"pcbg-heading item-hover\">\r\n                                <h3 class=\"pcbg-title\">\r\n                                    <a href=\"https:\/\/prensapaisa.com\/index.php\/2026\/04\/17\/manrique-registro-una-reduccion-del-60-en-homicidios-durante-el-2026\/\">\r\n                                        Manrique registr\u00f3 una reducci\u00f3n del 60 % en homicidios durante el 2026                                    <\/a>\r\n                                <\/h3>\r\n                            <\/div>\r\n\t\t\t\t\t\t\r\n\t\t\t\t\t\t                            <div class=\"grid-post-box-meta pcbg-meta item-hover\">\r\n                                <div class=\"pcbg-meta-desc\">\r\n\t\t\t\t\t\t\t\t\t                                        <span class=\"bg-date-author author-italic author vcard\">\r\n\t\t\t\t\t\t\t\t\t\tby <a class=\"url fn n\"\r\n                                                                                                href=\"https:\/\/prensapaisa.com\/index.php\/author\/prensapaisagmail-com\/\">noticias@prensapaisa.com<\/a>\r\n\t\t\t\t\t\t\t\t\t<\/span>\r\n\t\t\t\t\t\t\t\t\t\t\t\t\t\t\t\t\t\t                                        <span class=\"bg-date\"><time class=\"entry-date published\" datetime=\"2026-04-17T00:18:31-05:00\">abril 17, 2026<\/time><\/span>\r\n\t\t\t\t\t\t\t\t\t\t\t\t\t\t\t\t\t\t\t\t\t\t\t\t\t\t\t\t\t\t\t\t\t\t\t\t                                <\/div>\r\n\t\t\t\t\t\t\t\t                            <\/div>\r\n\t\t\t\t\t\t\r\n\t\t\t\t\t\t                    <\/div>\r\n                <\/div>\r\n            <\/div>\r\n        <\/div>\r\n    <\/div>\r\n<\/div>\r\n<\/div><div class=\"penci-clearfix penci-biggrid-data penci-dblock penci-fixh\"><div class=\"penci-bgitem pcbg-big-item bgitem-1\">\r\n    <div class=\"penci-bgitin\">\r\n        <div class=\"penci-bgmain\">\r\n            <div class=\"pcbg-thumb\">\r\n\t\t\t\t\t\t\t\t                <div class=\"pcbg-thumbin\">\r\n                    <a class=\"pcbg-bgoverlay\"\r\n                       href=\"https:\/\/prensapaisa.com\/index.php\/2026\/04\/16\/pasajeros-denuncian-retrasos-y-cambio-de-aeronave-en-vuelo-de-avianca-entre-medellin-y-cali\/\" title=\"Pasajeros denuncian retrasos y cambio de aeronave en vuelo de Avianca entre Medell\u00edn y Cali\"><\/a>\r\n\t\t\t\t\t                        <div class=\"penci-image-holder penci-lazy\"                             data-bgset=\"https:\/\/prensapaisa.com\/wp-content\/uploads\/2026\/04\/671678486_999831912611796_2228938144702937095_n-1-1170x878.jpg\" data_bg_hidpi=\"https:\/\/prensapaisa.com\/wp-content\/uploads\/2026\/04\/671678486_999831912611796_2228938144702937095_n-1-585x439.jpg\"\r\n                             data-sizes=\"(max-width: 767px) 585px, 1170px\">\r\n                        <\/div>\r\n\t\t\t\t\t                <\/div>\r\n            <\/div>\r\n            <div class=\"pcbg-content\">\r\n                <div class=\"pcbg-content-flex\">\r\n                    <a class=\"pcbg-bgoverlay active-overlay\"\r\n                       href=\"https:\/\/prensapaisa.com\/index.php\/2026\/04\/16\/pasajeros-denuncian-retrasos-y-cambio-de-aeronave-en-vuelo-de-avianca-entre-medellin-y-cali\/\" title=\"Pasajeros denuncian retrasos y cambio de aeronave en vuelo de Avianca entre Medell\u00edn y Cali\"><\/a>\r\n                    <div class=\"pcbg-content-inner bgcontent-block\">\r\n                        <a href=\"https:\/\/prensapaisa.com\/index.php\/2026\/04\/16\/pasajeros-denuncian-retrasos-y-cambio-de-aeronave-en-vuelo-de-avianca-entre-medellin-y-cali\/\" title=\"Pasajeros denuncian retrasos y cambio de aeronave en vuelo de Avianca entre Medell\u00edn y Cali\"\r\n                           class=\"pcbg-bgoverlaytext item-hover\"><\/a>\r\n\r\n\t\t\t\t\t\t                            <div class=\"pcbg-above item-hover\">\r\n\t\t\t\t\t\t\t<span class=\"cat pcbg-sub-title\">\r\n\t\t\t\t\t\t\t\t<a class=\"penci-cat-name penci-cat-50\" href=\"https:\/\/prensapaisa.com\/index.php\/category\/orden-publico\/denuncias\/\"  rel=\"category tag\">Denuncias<\/a><a class=\"penci-cat-name penci-cat-48\" href=\"https:\/\/prensapaisa.com\/index.php\/category\/orden-publico\/hurtos\/\"  rel=\"category tag\">Hurtos<\/a><a class=\"penci-cat-name penci-cat-44\" href=\"https:\/\/prensapaisa.com\/index.php\/category\/movilidad\/\"  rel=\"category tag\">Movilidad<\/a><a class=\"penci-cat-name penci-cat-16\" href=\"https:\/\/prensapaisa.com\/index.php\/category\/municipios\/\"  rel=\"category tag\">Municipios<\/a><a class=\"penci-cat-name penci-cat-1\" href=\"https:\/\/prensapaisa.com\/index.php\/category\/noticias\/\"  rel=\"category tag\">Noticias<\/a><a class=\"penci-cat-name penci-cat-47\" href=\"https:\/\/prensapaisa.com\/index.php\/category\/orden-publico\/\"  rel=\"category tag\">Orden Publico<\/a><a class=\"penci-cat-name penci-cat-46\" href=\"https:\/\/prensapaisa.com\/index.php\/category\/redes-sociales\/\"  rel=\"category tag\">Redes Sociales<\/a>\t\t\t\t\t\t\t<\/span>\r\n                            <\/div>\r\n\t\t\t\t\t\t\r\n\t\t\t\t\t\t                            <div class=\"pcbg-heading item-hover\">\r\n                                <h3 class=\"pcbg-title\">\r\n                                    <a href=\"https:\/\/prensapaisa.com\/index.php\/2026\/04\/16\/pasajeros-denuncian-retrasos-y-cambio-de-aeronave-en-vuelo-de-avianca-entre-medellin-y-cali\/\">\r\n                                        Pasajeros denuncian retrasos y cambio de aeronave en vuelo de Avianca entre Medell\u00edn y Cali                                    <\/a>\r\n                                <\/h3>\r\n                            <\/div>\r\n\t\t\t\t\t\t\r\n\t\t\t\t\t\t                            <div class=\"grid-post-box-meta pcbg-meta item-hover\">\r\n                                <div class=\"pcbg-meta-desc\">\r\n\t\t\t\t\t\t\t\t\t                                        <span class=\"bg-date-author author-italic author vcard\">\r\n\t\t\t\t\t\t\t\t\t\tby <a class=\"url fn n\"\r\n                                                                                                href=\"https:\/\/prensapaisa.com\/index.php\/author\/prensapaisagmail-com\/\">noticias@prensapaisa.com<\/a>\r\n\t\t\t\t\t\t\t\t\t<\/span>\r\n\t\t\t\t\t\t\t\t\t\t\t\t\t\t\t\t\t\t                                        <span class=\"bg-date\"><time class=\"entry-date published\" datetime=\"2026-04-16T23:06:23-05:00\">abril 16, 2026<\/time><\/span>\r\n\t\t\t\t\t\t\t\t\t\t\t\t\t\t\t\t\t\t\t\t\t\t\t\t\t\t\t\t\t\t\t\t\t\t\t\t                                <\/div>\r\n\t\t\t\t\t\t\t\t                            <\/div>\r\n\t\t\t\t\t\t\r\n\t\t\t\t\t\t                    <\/div>\r\n                <\/div>\r\n            <\/div>\r\n        <\/div>\r\n    <\/div>\r\n<\/div>\r\n<div class=\"penci-bgitem bgitem-2\">\r\n    <div class=\"penci-bgitin\">\r\n        <div class=\"penci-bgmain\">\r\n            <div class=\"pcbg-thumb\">\r\n\t\t\t\t\t\t\t\t                <div class=\"pcbg-thumbin\">\r\n                    <a class=\"pcbg-bgoverlay\"\r\n                       href=\"https:\/\/prensapaisa.com\/index.php\/2026\/04\/16\/otro-motociclista-fallecio-en-el-sur-del-valle-de-aburra\/\" title=\"Otro motociclista falleci\u00f3 en el Sur del Valle de Aburr\u00e1\"><\/a>\r\n\t\t\t\t\t                        <div class=\"penci-image-holder penci-lazy\"                             data-bgset=\"https:\/\/prensapaisa.com\/wp-content\/uploads\/2026\/04\/669816740_1000223669239287_7504555816031308125_n-585x778.jpg\" data_bg_hidpi=\"https:\/\/prensapaisa.com\/wp-content\/uploads\/2026\/04\/669816740_1000223669239287_7504555816031308125_n-585x778.jpg\"\r\n                             data-sizes=\"(max-width: 767px) 585px, 585px\">\r\n                        <\/div>\r\n\t\t\t\t\t                <\/div>\r\n            <\/div>\r\n            <div class=\"pcbg-content\">\r\n                <div class=\"pcbg-content-flex\">\r\n                    <a class=\"pcbg-bgoverlay active-overlay\"\r\n                       href=\"https:\/\/prensapaisa.com\/index.php\/2026\/04\/16\/otro-motociclista-fallecio-en-el-sur-del-valle-de-aburra\/\" title=\"Otro motociclista falleci\u00f3 en el Sur del Valle de Aburr\u00e1\"><\/a>\r\n                    <div class=\"pcbg-content-inner bgcontent-block\">\r\n                        <a href=\"https:\/\/prensapaisa.com\/index.php\/2026\/04\/16\/otro-motociclista-fallecio-en-el-sur-del-valle-de-aburra\/\" title=\"Otro motociclista falleci\u00f3 en el Sur del Valle de Aburr\u00e1\"\r\n                           class=\"pcbg-bgoverlaytext item-hover\"><\/a>\r\n\r\n\t\t\t\t\t\t\r\n\t\t\t\t\t\t                            <div class=\"pcbg-heading item-hover\">\r\n                                <h3 class=\"pcbg-title\">\r\n                                    <a href=\"https:\/\/prensapaisa.com\/index.php\/2026\/04\/16\/otro-motociclista-fallecio-en-el-sur-del-valle-de-aburra\/\">\r\n                                        Otro motociclista falleci\u00f3 en el Sur del Valle de Aburr\u00e1                                    <\/a>\r\n                                <\/h3>\r\n                            <\/div>\r\n\t\t\t\t\t\t\r\n\t\t\t\t\t\t                            <div class=\"grid-post-box-meta pcbg-meta item-hover\">\r\n                                <div class=\"pcbg-meta-desc\">\r\n\t\t\t\t\t\t\t\t\t                                        <span class=\"bg-date-author author-italic author vcard\">\r\n\t\t\t\t\t\t\t\t\t\tby <a class=\"url fn n\"\r\n                                                                                                href=\"https:\/\/prensapaisa.com\/index.php\/author\/prensapaisagmail-com\/\">noticias@prensapaisa.com<\/a>\r\n\t\t\t\t\t\t\t\t\t<\/span>\r\n\t\t\t\t\t\t\t\t\t\t\t\t\t\t\t\t\t\t                                        <span class=\"bg-date\"><time class=\"entry-date published\" datetime=\"2026-04-16T22:57:31-05:00\">abril 16, 2026<\/time><\/span>\r\n\t\t\t\t\t\t\t\t\t\t\t\t\t\t\t\t\t\t\t\t\t\t\t\t\t\t\t\t\t\t\t\t\t\t\t\t                                <\/div>\r\n\t\t\t\t\t\t\t\t                            <\/div>\r\n\t\t\t\t\t\t\r\n\t\t\t\t\t\t                    <\/div>\r\n                <\/div>\r\n            <\/div>\r\n        <\/div>\r\n    <\/div>\r\n<\/div>\r\n<div class=\"penci-bgitem bgitem-0\">\r\n    <div class=\"penci-bgitin\">\r\n        <div class=\"penci-bgmain\">\r\n            <div class=\"pcbg-thumb\">\r\n\t\t\t\t\t\t\t\t                <div class=\"pcbg-thumbin\">\r\n                    <a class=\"pcbg-bgoverlay\"\r\n                       href=\"https:\/\/prensapaisa.com\/index.php\/2026\/04\/11\/hallan-sin-vida-a-hombre-de-56-anos-en-via-publica-de-san-cristobal-medellin\/\" title=\"Hallan sin vida a hombre de 56 a\u00f1os en v\u00eda p\u00fablica de San Crist\u00f3bal, Medell\u00edn\"><\/a>\r\n\t\t\t\t\t                        <div class=\"penci-image-holder penci-lazy\"                             data-bgset=\"https:\/\/prensapaisa.com\/wp-content\/uploads\/2026\/04\/661466744_992084303386557_1988907227624061511_n-585x762.jpg\" data_bg_hidpi=\"https:\/\/prensapaisa.com\/wp-content\/uploads\/2026\/04\/661466744_992084303386557_1988907227624061511_n-585x762.jpg\"\r\n                             data-sizes=\"(max-width: 767px) 585px, 585px\">\r\n                        <\/div>\r\n\t\t\t\t\t                <\/div>\r\n            <\/div>\r\n            <div class=\"pcbg-content\">\r\n                <div class=\"pcbg-content-flex\">\r\n                    <a class=\"pcbg-bgoverlay active-overlay\"\r\n                       href=\"https:\/\/prensapaisa.com\/index.php\/2026\/04\/11\/hallan-sin-vida-a-hombre-de-56-anos-en-via-publica-de-san-cristobal-medellin\/\" title=\"Hallan sin vida a hombre de 56 a\u00f1os en v\u00eda p\u00fablica de San Crist\u00f3bal, Medell\u00edn\"><\/a>\r\n                    <div class=\"pcbg-content-inner bgcontent-block\">\r\n                        <a href=\"https:\/\/prensapaisa.com\/index.php\/2026\/04\/11\/hallan-sin-vida-a-hombre-de-56-anos-en-via-publica-de-san-cristobal-medellin\/\" title=\"Hallan sin vida a hombre de 56 a\u00f1os en v\u00eda p\u00fablica de San Crist\u00f3bal, Medell\u00edn\"\r\n                           class=\"pcbg-bgoverlaytext item-hover\"><\/a>\r\n\r\n\t\t\t\t\t\t\r\n\t\t\t\t\t\t                            <div class=\"pcbg-heading item-hover\">\r\n                                <h3 class=\"pcbg-title\">\r\n                                    <a href=\"https:\/\/prensapaisa.com\/index.php\/2026\/04\/11\/hallan-sin-vida-a-hombre-de-56-anos-en-via-publica-de-san-cristobal-medellin\/\">\r\n                                        Hallan sin vida a hombre de 56 a\u00f1os en v\u00eda p\u00fablica de San Crist\u00f3bal, Medell\u00edn                                    <\/a>\r\n                                <\/h3>\r\n                            <\/div>\r\n\t\t\t\t\t\t\r\n\t\t\t\t\t\t                            <div class=\"grid-post-box-meta pcbg-meta item-hover\">\r\n                                <div class=\"pcbg-meta-desc\">\r\n\t\t\t\t\t\t\t\t\t                                        <span class=\"bg-date-author author-italic author vcard\">\r\n\t\t\t\t\t\t\t\t\t\tby <a class=\"url fn n\"\r\n                                                                                                href=\"https:\/\/prensapaisa.com\/index.php\/author\/prensapaisagmail-com\/\">noticias@prensapaisa.com<\/a>\r\n\t\t\t\t\t\t\t\t\t<\/span>\r\n\t\t\t\t\t\t\t\t\t\t\t\t\t\t\t\t\t\t                                        <span class=\"bg-date\"><time class=\"entry-date published\" datetime=\"2026-04-11T15:47:43-05:00\">abril 11, 2026<\/time><\/span>\r\n\t\t\t\t\t\t\t\t\t\t\t\t\t\t\t\t\t\t\t\t\t\t\t\t\t\t\t\t\t\t\t\t\t\t\t\t                                <\/div>\r\n\t\t\t\t\t\t\t\t                            <\/div>\r\n\t\t\t\t\t\t\r\n\t\t\t\t\t\t                    <\/div>\r\n                <\/div>\r\n            <\/div>\r\n        <\/div>\r\n    <\/div>\r\n<\/div>\r\n<\/div><div class=\"penci-clearfix penci-biggrid-data penci-dblock penci-fixh\"><div class=\"penci-bgitem pcbg-big-item bgitem-1\">\r\n    <div class=\"penci-bgitin\">\r\n        <div class=\"penci-bgmain\">\r\n            <div class=\"pcbg-thumb\">\r\n\t\t\t\t\t\t\t\t                <div class=\"pcbg-thumbin\">\r\n                    <a class=\"pcbg-bgoverlay\"\r\n                       href=\"https:\/\/prensapaisa.com\/index.php\/2026\/04\/04\/diluvio-en-manrique-medellin\/\" title=\"Diluvio en Manrique, Medell\u00edn\"><\/a>\r\n\t\t\t\t\t                        <div class=\"penci-image-holder penci-lazy\"                             data-bgset=\"https:\/\/prensapaisa.com\/wp-content\/uploads\/2026\/04\/660112836_990081670253487_3452917594122034234_n-1170x1560.jpg\" data_bg_hidpi=\"https:\/\/prensapaisa.com\/wp-content\/uploads\/2026\/04\/660112836_990081670253487_3452917594122034234_n-585x780.jpg\"\r\n                             data-sizes=\"(max-width: 767px) 585px, 1170px\">\r\n                        <\/div>\r\n\t\t\t\t\t                <\/div>\r\n            <\/div>\r\n            <div class=\"pcbg-content\">\r\n                <div class=\"pcbg-content-flex\">\r\n                    <a class=\"pcbg-bgoverlay active-overlay\"\r\n                       href=\"https:\/\/prensapaisa.com\/index.php\/2026\/04\/04\/diluvio-en-manrique-medellin\/\" title=\"Diluvio en Manrique, Medell\u00edn\"><\/a>\r\n                    <div class=\"pcbg-content-inner bgcontent-block\">\r\n                        <a href=\"https:\/\/prensapaisa.com\/index.php\/2026\/04\/04\/diluvio-en-manrique-medellin\/\" title=\"Diluvio en Manrique, Medell\u00edn\"\r\n                           class=\"pcbg-bgoverlaytext item-hover\"><\/a>\r\n\r\n\t\t\t\t\t\t                            <div class=\"pcbg-above item-hover\">\r\n\t\t\t\t\t\t\t<span class=\"cat pcbg-sub-title\">\r\n\t\t\t\t\t\t\t\t<a class=\"penci-cat-name penci-cat-50\" href=\"https:\/\/prensapaisa.com\/index.php\/category\/orden-publico\/denuncias\/\"  rel=\"category tag\">Denuncias<\/a><a class=\"penci-cat-name penci-cat-43\" href=\"https:\/\/prensapaisa.com\/index.php\/category\/fallecidos\/\"  rel=\"category tag\">Fallecidos<\/a><a class=\"penci-cat-name penci-cat-44\" href=\"https:\/\/prensapaisa.com\/index.php\/category\/movilidad\/\"  rel=\"category tag\">Movilidad<\/a><a class=\"penci-cat-name penci-cat-16\" href=\"https:\/\/prensapaisa.com\/index.php\/category\/municipios\/\"  rel=\"category tag\">Municipios<\/a><a class=\"penci-cat-name penci-cat-1\" href=\"https:\/\/prensapaisa.com\/index.php\/category\/noticias\/\"  rel=\"category tag\">Noticias<\/a><a class=\"penci-cat-name penci-cat-47\" href=\"https:\/\/prensapaisa.com\/index.php\/category\/orden-publico\/\"  rel=\"category tag\">Orden Publico<\/a><a class=\"penci-cat-name penci-cat-46\" href=\"https:\/\/prensapaisa.com\/index.php\/category\/redes-sociales\/\"  rel=\"category tag\">Redes Sociales<\/a>\t\t\t\t\t\t\t<\/span>\r\n                            <\/div>\r\n\t\t\t\t\t\t\r\n\t\t\t\t\t\t                            <div class=\"pcbg-heading item-hover\">\r\n                                <h3 class=\"pcbg-title\">\r\n                                    <a href=\"https:\/\/prensapaisa.com\/index.php\/2026\/04\/04\/diluvio-en-manrique-medellin\/\">\r\n                                        Diluvio en Manrique, Medell\u00edn                                    <\/a>\r\n                                <\/h3>\r\n                            <\/div>\r\n\t\t\t\t\t\t\r\n\t\t\t\t\t\t                            <div class=\"grid-post-box-meta pcbg-meta item-hover\">\r\n                                <div class=\"pcbg-meta-desc\">\r\n\t\t\t\t\t\t\t\t\t                                        <span class=\"bg-date-author author-italic author vcard\">\r\n\t\t\t\t\t\t\t\t\t\tby <a class=\"url fn n\"\r\n                                                                                                href=\"https:\/\/prensapaisa.com\/index.php\/author\/prensapaisagmail-com\/\">noticias@prensapaisa.com<\/a>\r\n\t\t\t\t\t\t\t\t\t<\/span>\r\n\t\t\t\t\t\t\t\t\t\t\t\t\t\t\t\t\t\t                                        <span class=\"bg-date\"><time class=\"entry-date published\" datetime=\"2026-04-04T12:25:47-05:00\">abril 4, 2026<\/time><\/span>\r\n\t\t\t\t\t\t\t\t\t\t\t\t\t\t\t\t\t\t\t\t\t\t\t\t\t\t\t\t\t\t\t\t\t\t\t\t                                <\/div>\r\n\t\t\t\t\t\t\t\t                            <\/div>\r\n\t\t\t\t\t\t\r\n\t\t\t\t\t\t                    <\/div>\r\n                <\/div>\r\n            <\/div>\r\n        <\/div>\r\n    <\/div>\r\n<\/div>\r\n<div class=\"penci-bgitem bgitem-2\">\r\n    <div class=\"penci-bgitin\">\r\n        <div class=\"penci-bgmain\">\r\n            <div class=\"pcbg-thumb\">\r\n\t\t\t\t\t\t\t\t                <div class=\"pcbg-thumbin\">\r\n                    <a class=\"pcbg-bgoverlay\"\r\n                       href=\"https:\/\/prensapaisa.com\/index.php\/2026\/04\/04\/atardecer-del-viernes-santo-en-medellin\/\" title=\"Atardecer del Viernes Santo en Medell\u00edn\"><\/a>\r\n\t\t\t\t\t                        <div class=\"penci-image-holder penci-lazy\"                             data-bgset=\"https:\/\/prensapaisa.com\/wp-content\/uploads\/2026\/04\/660169954_990424670219187_6683461889484381909_n-585x780.jpg\" data_bg_hidpi=\"https:\/\/prensapaisa.com\/wp-content\/uploads\/2026\/04\/660169954_990424670219187_6683461889484381909_n-585x780.jpg\"\r\n                             data-sizes=\"(max-width: 767px) 585px, 585px\">\r\n                        <\/div>\r\n\t\t\t\t\t                <\/div>\r\n            <\/div>\r\n            <div class=\"pcbg-content\">\r\n                <div class=\"pcbg-content-flex\">\r\n                    <a class=\"pcbg-bgoverlay active-overlay\"\r\n                       href=\"https:\/\/prensapaisa.com\/index.php\/2026\/04\/04\/atardecer-del-viernes-santo-en-medellin\/\" title=\"Atardecer del Viernes Santo en Medell\u00edn\"><\/a>\r\n                    <div class=\"pcbg-content-inner bgcontent-block\">\r\n                        <a href=\"https:\/\/prensapaisa.com\/index.php\/2026\/04\/04\/atardecer-del-viernes-santo-en-medellin\/\" title=\"Atardecer del Viernes Santo en Medell\u00edn\"\r\n                           class=\"pcbg-bgoverlaytext item-hover\"><\/a>\r\n\r\n\t\t\t\t\t\t\r\n\t\t\t\t\t\t                            <div class=\"pcbg-heading item-hover\">\r\n                                <h3 class=\"pcbg-title\">\r\n                                    <a href=\"https:\/\/prensapaisa.com\/index.php\/2026\/04\/04\/atardecer-del-viernes-santo-en-medellin\/\">\r\n                                        Atardecer del Viernes Santo en Medell\u00edn                                    <\/a>\r\n                                <\/h3>\r\n                            <\/div>\r\n\t\t\t\t\t\t\r\n\t\t\t\t\t\t                            <div class=\"grid-post-box-meta pcbg-meta item-hover\">\r\n                                <div class=\"pcbg-meta-desc\">\r\n\t\t\t\t\t\t\t\t\t                                        <span class=\"bg-date-author author-italic author vcard\">\r\n\t\t\t\t\t\t\t\t\t\tby <a class=\"url fn n\"\r\n                                                                                                href=\"https:\/\/prensapaisa.com\/index.php\/author\/prensapaisagmail-com\/\">noticias@prensapaisa.com<\/a>\r\n\t\t\t\t\t\t\t\t\t<\/span>\r\n\t\t\t\t\t\t\t\t\t\t\t\t\t\t\t\t\t\t                                        <span class=\"bg-date\"><time class=\"entry-date published\" datetime=\"2026-04-04T12:20:30-05:00\">abril 4, 2026<\/time><\/span>\r\n\t\t\t\t\t\t\t\t\t\t\t\t\t\t\t\t\t\t\t\t\t\t\t\t\t\t\t\t\t\t\t\t\t\t\t\t                                <\/div>\r\n\t\t\t\t\t\t\t\t                            <\/div>\r\n\t\t\t\t\t\t\r\n\t\t\t\t\t\t                    <\/div>\r\n                <\/div>\r\n            <\/div>\r\n        <\/div>\r\n    <\/div>\r\n<\/div>\r\n<div class=\"penci-bgitem bgitem-0\">\r\n    <div class=\"penci-bgitin\">\r\n        <div class=\"penci-bgmain\">\r\n            <div class=\"pcbg-thumb\">\r\n\t\t\t\t\t\t\t\t                <div class=\"pcbg-thumbin\">\r\n                    <a class=\"pcbg-bgoverlay\"\r\n                       href=\"https:\/\/prensapaisa.com\/index.php\/2026\/04\/04\/hallan-sin-vida-a-un-taxista-en-zona-rural-de-san-cristobal-medellin\/\" title=\"Hallan sin vida a un taxista en zona rural de San Crist\u00f3bal, Medell\u00edn\"><\/a>\r\n\t\t\t\t\t                        <div class=\"penci-image-holder penci-lazy\"                             data-bgset=\"https:\/\/prensapaisa.com\/wp-content\/uploads\/2026\/04\/659806524_990463046882016_2216739133679841349_n-585x775.jpg\" data_bg_hidpi=\"https:\/\/prensapaisa.com\/wp-content\/uploads\/2026\/04\/659806524_990463046882016_2216739133679841349_n-585x775.jpg\"\r\n                             data-sizes=\"(max-width: 767px) 585px, 585px\">\r\n                        <\/div>\r\n\t\t\t\t\t                <\/div>\r\n            <\/div>\r\n            <div class=\"pcbg-content\">\r\n                <div class=\"pcbg-content-flex\">\r\n                    <a class=\"pcbg-bgoverlay active-overlay\"\r\n                       href=\"https:\/\/prensapaisa.com\/index.php\/2026\/04\/04\/hallan-sin-vida-a-un-taxista-en-zona-rural-de-san-cristobal-medellin\/\" title=\"Hallan sin vida a un taxista en zona rural de San Crist\u00f3bal, Medell\u00edn\"><\/a>\r\n                    <div class=\"pcbg-content-inner bgcontent-block\">\r\n                        <a href=\"https:\/\/prensapaisa.com\/index.php\/2026\/04\/04\/hallan-sin-vida-a-un-taxista-en-zona-rural-de-san-cristobal-medellin\/\" title=\"Hallan sin vida a un taxista en zona rural de San Crist\u00f3bal, Medell\u00edn\"\r\n                           class=\"pcbg-bgoverlaytext item-hover\"><\/a>\r\n\r\n\t\t\t\t\t\t\r\n\t\t\t\t\t\t                            <div class=\"pcbg-heading item-hover\">\r\n                                <h3 class=\"pcbg-title\">\r\n                                    <a href=\"https:\/\/prensapaisa.com\/index.php\/2026\/04\/04\/hallan-sin-vida-a-un-taxista-en-zona-rural-de-san-cristobal-medellin\/\">\r\n                                        Hallan sin vida a un taxista en zona rural de San Crist\u00f3bal, Medell\u00edn                                    <\/a>\r\n                                <\/h3>\r\n                            <\/div>\r\n\t\t\t\t\t\t\r\n\t\t\t\t\t\t                            <div class=\"grid-post-box-meta pcbg-meta item-hover\">\r\n                                <div class=\"pcbg-meta-desc\">\r\n\t\t\t\t\t\t\t\t\t                                        <span class=\"bg-date-author author-italic author vcard\">\r\n\t\t\t\t\t\t\t\t\t\tby <a class=\"url fn n\"\r\n                                                                                                href=\"https:\/\/prensapaisa.com\/index.php\/author\/prensapaisagmail-com\/\">noticias@prensapaisa.com<\/a>\r\n\t\t\t\t\t\t\t\t\t<\/span>\r\n\t\t\t\t\t\t\t\t\t\t\t\t\t\t\t\t\t\t                                        <span class=\"bg-date\"><time class=\"entry-date published\" datetime=\"2026-04-04T11:57:06-05:00\">abril 4, 2026<\/time><\/span>\r\n\t\t\t\t\t\t\t\t\t\t\t\t\t\t\t\t\t\t\t\t\t\t\t\t\t\t\t\t\t\t\t\t\t\t\t\t                                <\/div>\r\n\t\t\t\t\t\t\t\t                            <\/div>\r\n\t\t\t\t\t\t\r\n\t\t\t\t\t\t                    <\/div>\r\n                <\/div>\r\n            <\/div>\r\n        <\/div>\r\n    <\/div>\r\n<\/div>\r\n<\/div><div class=\"penci-clearfix penci-biggrid-data penci-dblock penci-fixh\"><div class=\"penci-bgitem pcbg-big-item bgitem-1\">\r\n    <div class=\"penci-bgitin\">\r\n        <div class=\"penci-bgmain\">\r\n            <div class=\"pcbg-thumb\">\r\n\t\t\t\t\t\t\t\t                <div class=\"pcbg-thumbin\">\r\n                    <a class=\"pcbg-bgoverlay\"\r\n                       href=\"https:\/\/prensapaisa.com\/index.php\/2026\/04\/01\/bombero-murio-atendiendo-incendio-en-la-toscana-en-medellin-2\/\" title=\"Bombero muri\u00f3 atendiendo incendio en La Toscana, en Medell\u00edn\"><\/a>\r\n\t\t\t\t\t                        <div class=\"penci-image-holder penci-lazy\"                             data-bgset=\"https:\/\/prensapaisa.com\/wp-content\/uploads\/2026\/04\/657478853_986391693955818_7683291440640010020_n-2-1170x1154.jpg\" data_bg_hidpi=\"https:\/\/prensapaisa.com\/wp-content\/uploads\/2026\/04\/657478853_986391693955818_7683291440640010020_n-2-585x577.jpg\"\r\n                             data-sizes=\"(max-width: 767px) 585px, 1170px\">\r\n                        <\/div>\r\n\t\t\t\t\t                <\/div>\r\n            <\/div>\r\n            <div class=\"pcbg-content\">\r\n                <div class=\"pcbg-content-flex\">\r\n                    <a class=\"pcbg-bgoverlay active-overlay\"\r\n                       href=\"https:\/\/prensapaisa.com\/index.php\/2026\/04\/01\/bombero-murio-atendiendo-incendio-en-la-toscana-en-medellin-2\/\" title=\"Bombero muri\u00f3 atendiendo incendio en La Toscana, en Medell\u00edn\"><\/a>\r\n                    <div class=\"pcbg-content-inner bgcontent-block\">\r\n                        <a href=\"https:\/\/prensapaisa.com\/index.php\/2026\/04\/01\/bombero-murio-atendiendo-incendio-en-la-toscana-en-medellin-2\/\" title=\"Bombero muri\u00f3 atendiendo incendio en La Toscana, en Medell\u00edn\"\r\n                           class=\"pcbg-bgoverlaytext item-hover\"><\/a>\r\n\r\n\t\t\t\t\t\t                            <div class=\"pcbg-above item-hover\">\r\n\t\t\t\t\t\t\t<span class=\"cat pcbg-sub-title\">\r\n\t\t\t\t\t\t\t\t<a class=\"penci-cat-name penci-cat-45\" href=\"https:\/\/prensapaisa.com\/index.php\/category\/movilidad\/accidentes\/\"  rel=\"category tag\">Accidentes<\/a><a class=\"penci-cat-name penci-cat-50\" href=\"https:\/\/prensapaisa.com\/index.php\/category\/orden-publico\/denuncias\/\"  rel=\"category tag\">Denuncias<\/a><a class=\"penci-cat-name penci-cat-43\" href=\"https:\/\/prensapaisa.com\/index.php\/category\/fallecidos\/\"  rel=\"category tag\">Fallecidos<\/a><a class=\"penci-cat-name penci-cat-16\" href=\"https:\/\/prensapaisa.com\/index.php\/category\/municipios\/\"  rel=\"category tag\">Municipios<\/a><a class=\"penci-cat-name penci-cat-1\" href=\"https:\/\/prensapaisa.com\/index.php\/category\/noticias\/\"  rel=\"category tag\">Noticias<\/a><a class=\"penci-cat-name penci-cat-47\" href=\"https:\/\/prensapaisa.com\/index.php\/category\/orden-publico\/\"  rel=\"category tag\">Orden Publico<\/a><a class=\"penci-cat-name penci-cat-46\" href=\"https:\/\/prensapaisa.com\/index.php\/category\/redes-sociales\/\"  rel=\"category tag\">Redes Sociales<\/a>\t\t\t\t\t\t\t<\/span>\r\n                            <\/div>\r\n\t\t\t\t\t\t\r\n\t\t\t\t\t\t                            <div class=\"pcbg-heading item-hover\">\r\n                                <h3 class=\"pcbg-title\">\r\n                                    <a href=\"https:\/\/prensapaisa.com\/index.php\/2026\/04\/01\/bombero-murio-atendiendo-incendio-en-la-toscana-en-medellin-2\/\">\r\n                                        Bombero muri\u00f3 atendiendo incendio en La Toscana, en Medell\u00edn                                    <\/a>\r\n                                <\/h3>\r\n                            <\/div>\r\n\t\t\t\t\t\t\r\n\t\t\t\t\t\t                            <div class=\"grid-post-box-meta pcbg-meta item-hover\">\r\n                                <div class=\"pcbg-meta-desc\">\r\n\t\t\t\t\t\t\t\t\t                                        <span class=\"bg-date-author author-italic author vcard\">\r\n\t\t\t\t\t\t\t\t\t\tby <a class=\"url fn n\"\r\n                                                                                                href=\"https:\/\/prensapaisa.com\/index.php\/author\/prensapaisagmail-com\/\">noticias@prensapaisa.com<\/a>\r\n\t\t\t\t\t\t\t\t\t<\/span>\r\n\t\t\t\t\t\t\t\t\t\t\t\t\t\t\t\t\t\t                                        <span class=\"bg-date\"><time class=\"entry-date published\" datetime=\"2026-04-01T07:55:52-05:00\">abril 1, 2026<\/time><\/span>\r\n\t\t\t\t\t\t\t\t\t\t\t\t\t\t\t\t\t\t\t\t\t\t\t\t\t\t\t\t\t\t\t\t\t\t\t\t                                <\/div>\r\n\t\t\t\t\t\t\t\t                            <\/div>\r\n\t\t\t\t\t\t\r\n\t\t\t\t\t\t                    <\/div>\r\n                <\/div>\r\n            <\/div>\r\n        <\/div>\r\n    <\/div>\r\n<\/div>\r\n<div class=\"penci-bgitem bgitem-2\">\r\n    <div class=\"penci-bgitin\">\r\n        <div class=\"penci-bgmain\">\r\n            <div class=\"pcbg-thumb\">\r\n\t\t\t\t\t\t\t\t                <div class=\"pcbg-thumbin\">\r\n                    <a class=\"pcbg-bgoverlay\"\r\n                       href=\"https:\/\/prensapaisa.com\/index.php\/2026\/03\/30\/de-la-elegancia-a-la-huida-cayo-en-un-tejado-con-mas-de-1-300-dosis-de-marihuana-en-medellin-2\/\" title=\"Secuestraron a un menor y todo les sali\u00f3 mal porque quer\u00edan plata f\u00e1cil: as\u00ed cayeron \u201cBarba Chivo\u201d, \u201cLuna Llena\u201d y \u201cMicr\u00f3fono\u201d\"><\/a>\r\n\t\t\t\t\t                        <div class=\"penci-image-holder penci-lazy\"                             data-bgset=\"https:\/\/prensapaisa.com\/wp-content\/uploads\/2026\/03\/656852682_981719767756344_8900883133760461908_n-585x329.jpg\" data_bg_hidpi=\"https:\/\/prensapaisa.com\/wp-content\/uploads\/2026\/03\/656852682_981719767756344_8900883133760461908_n-585x329.jpg\"\r\n                             data-sizes=\"(max-width: 767px) 585px, 585px\">\r\n                        <\/div>\r\n\t\t\t\t\t                <\/div>\r\n            <\/div>\r\n            <div class=\"pcbg-content\">\r\n                <div class=\"pcbg-content-flex\">\r\n                    <a class=\"pcbg-bgoverlay active-overlay\"\r\n                       href=\"https:\/\/prensapaisa.com\/index.php\/2026\/03\/30\/de-la-elegancia-a-la-huida-cayo-en-un-tejado-con-mas-de-1-300-dosis-de-marihuana-en-medellin-2\/\" title=\"Secuestraron a un menor y todo les sali\u00f3 mal porque quer\u00edan plata f\u00e1cil: as\u00ed cayeron \u201cBarba Chivo\u201d, \u201cLuna Llena\u201d y \u201cMicr\u00f3fono\u201d\"><\/a>\r\n                    <div class=\"pcbg-content-inner bgcontent-block\">\r\n                        <a href=\"https:\/\/prensapaisa.com\/index.php\/2026\/03\/30\/de-la-elegancia-a-la-huida-cayo-en-un-tejado-con-mas-de-1-300-dosis-de-marihuana-en-medellin-2\/\" title=\"Secuestraron a un menor y todo les sali\u00f3 mal porque quer\u00edan plata f\u00e1cil: as\u00ed cayeron \u201cBarba Chivo\u201d, \u201cLuna Llena\u201d y \u201cMicr\u00f3fono\u201d\"\r\n                           class=\"pcbg-bgoverlaytext item-hover\"><\/a>\r\n\r\n\t\t\t\t\t\t\r\n\t\t\t\t\t\t                            <div class=\"pcbg-heading item-hover\">\r\n                                <h3 class=\"pcbg-title\">\r\n                                    <a href=\"https:\/\/prensapaisa.com\/index.php\/2026\/03\/30\/de-la-elegancia-a-la-huida-cayo-en-un-tejado-con-mas-de-1-300-dosis-de-marihuana-en-medellin-2\/\">\r\n                                        Secuestraron a un menor y todo les sali\u00f3 mal porque quer\u00edan plata f\u00e1cil: as\u00ed cayeron \u201cBarba Chivo\u201d, \u201cLuna Llena\u201d y \u201cMicr\u00f3fono\u201d                                    <\/a>\r\n                                <\/h3>\r\n                            <\/div>\r\n\t\t\t\t\t\t\r\n\t\t\t\t\t\t                            <div class=\"grid-post-box-meta pcbg-meta item-hover\">\r\n                                <div class=\"pcbg-meta-desc\">\r\n\t\t\t\t\t\t\t\t\t                                        <span class=\"bg-date-author author-italic author vcard\">\r\n\t\t\t\t\t\t\t\t\t\tby <a class=\"url fn n\"\r\n                                                                                                href=\"https:\/\/prensapaisa.com\/index.php\/author\/prensapaisagmail-com\/\">noticias@prensapaisa.com<\/a>\r\n\t\t\t\t\t\t\t\t\t<\/span>\r\n\t\t\t\t\t\t\t\t\t\t\t\t\t\t\t\t\t\t                                        <span class=\"bg-date\"><time class=\"entry-date published\" datetime=\"2026-03-30T22:06:47-05:00\">marzo 30, 2026<\/time><\/span>\r\n\t\t\t\t\t\t\t\t\t\t\t\t\t\t\t\t\t\t\t\t\t\t\t\t\t\t\t\t\t\t\t\t\t\t\t\t                                <\/div>\r\n\t\t\t\t\t\t\t\t                            <\/div>\r\n\t\t\t\t\t\t\r\n\t\t\t\t\t\t                    <\/div>\r\n                <\/div>\r\n            <\/div>\r\n        <\/div>\r\n    <\/div>\r\n<\/div>\r\n<div class=\"penci-bgitem bgitem-0\">\r\n    <div class=\"penci-bgitin\">\r\n        <div class=\"penci-bgmain\">\r\n            <div class=\"pcbg-thumb\">\r\n\t\t\t\t\t\t\t\t                <div class=\"pcbg-thumbin\">\r\n                    <a class=\"pcbg-bgoverlay\"\r\n                       href=\"https:\/\/prensapaisa.com\/index.php\/2026\/03\/30\/reportan-a-una-persona-sin-vida-en-el-occidente-de-medellin\/\" title=\"Reportan a una persona sin vida en el Occidente de Medell\u00edn\"><\/a>\r\n\t\t\t\t\t                        <div class=\"penci-image-holder penci-lazy\"                             data-bgset=\"https:\/\/prensapaisa.com\/wp-content\/uploads\/2026\/03\/657929901_985635087364812_2571666725204673717_n-585x775.jpg\" data_bg_hidpi=\"https:\/\/prensapaisa.com\/wp-content\/uploads\/2026\/03\/657929901_985635087364812_2571666725204673717_n-585x775.jpg\"\r\n                             data-sizes=\"(max-width: 767px) 585px, 585px\">\r\n                        <\/div>\r\n\t\t\t\t\t                <\/div>\r\n            <\/div>\r\n            <div class=\"pcbg-content\">\r\n                <div class=\"pcbg-content-flex\">\r\n                    <a class=\"pcbg-bgoverlay active-overlay\"\r\n                       href=\"https:\/\/prensapaisa.com\/index.php\/2026\/03\/30\/reportan-a-una-persona-sin-vida-en-el-occidente-de-medellin\/\" title=\"Reportan a una persona sin vida en el Occidente de Medell\u00edn\"><\/a>\r\n                    <div class=\"pcbg-content-inner bgcontent-block\">\r\n                        <a href=\"https:\/\/prensapaisa.com\/index.php\/2026\/03\/30\/reportan-a-una-persona-sin-vida-en-el-occidente-de-medellin\/\" title=\"Reportan a una persona sin vida en el Occidente de Medell\u00edn\"\r\n                           class=\"pcbg-bgoverlaytext item-hover\"><\/a>\r\n\r\n\t\t\t\t\t\t\r\n\t\t\t\t\t\t                            <div class=\"pcbg-heading item-hover\">\r\n                                <h3 class=\"pcbg-title\">\r\n                                    <a href=\"https:\/\/prensapaisa.com\/index.php\/2026\/03\/30\/reportan-a-una-persona-sin-vida-en-el-occidente-de-medellin\/\">\r\n                                        Reportan a una persona sin vida en el Occidente de Medell\u00edn                                    <\/a>\r\n                                <\/h3>\r\n                            <\/div>\r\n\t\t\t\t\t\t\r\n\t\t\t\t\t\t                            <div class=\"grid-post-box-meta pcbg-meta item-hover\">\r\n                                <div class=\"pcbg-meta-desc\">\r\n\t\t\t\t\t\t\t\t\t                                        <span class=\"bg-date-author author-italic author vcard\">\r\n\t\t\t\t\t\t\t\t\t\tby <a class=\"url fn n\"\r\n                                                                                                href=\"https:\/\/prensapaisa.com\/index.php\/author\/prensapaisagmail-com\/\">noticias@prensapaisa.com<\/a>\r\n\t\t\t\t\t\t\t\t\t<\/span>\r\n\t\t\t\t\t\t\t\t\t\t\t\t\t\t\t\t\t\t                                        <span class=\"bg-date\"><time class=\"entry-date published\" datetime=\"2026-03-30T19:29:28-05:00\">marzo 30, 2026<\/time><\/span>\r\n\t\t\t\t\t\t\t\t\t\t\t\t\t\t\t\t\t\t\t\t\t\t\t\t\t\t\t\t\t\t\t\t\t\t\t\t                                <\/div>\r\n\t\t\t\t\t\t\t\t                            <\/div>\r\n\t\t\t\t\t\t\r\n\t\t\t\t\t\t                    <\/div>\r\n                <\/div>\r\n            <\/div>\r\n        <\/div>\r\n    <\/div>\r\n<\/div>\r\n<\/div><div class=\"penci-clearfix penci-biggrid-data penci-dblock penci-fixh\"><div class=\"penci-bgitem pcbg-big-item bgitem-1\">\r\n    <div class=\"penci-bgitin\">\r\n        <div class=\"penci-bgmain\">\r\n            <div class=\"pcbg-thumb\">\r\n\t\t\t\t\t\t\t\t                <div class=\"pcbg-thumbin\">\r\n                    <a class=\"pcbg-bgoverlay\"\r\n                       href=\"https:\/\/prensapaisa.com\/index.php\/2026\/03\/30\/bombero-murio-durante-incendio-en-el-barrio-la-toscana-medellin\/\" title=\"Bombero muri\u00f3 durante incendio en el barrio La Toscana, Medell\u00edn\"><\/a>\r\n\t\t\t\t\t                        <div class=\"penci-image-holder penci-lazy\"                             data-bgset=\"https:\/\/prensapaisa.com\/wp-content\/uploads\/2026\/03\/658221846_986392110622443_8397842114173281379_n-1.jpg\" data_bg_hidpi=\"https:\/\/prensapaisa.com\/wp-content\/uploads\/2026\/03\/658221846_986392110622443_8397842114173281379_n-1-585x1034.jpg\"\r\n                             data-sizes=\"(max-width: 767px) 585px, 1170px\">\r\n                        <\/div>\r\n\t\t\t\t\t                <\/div>\r\n            <\/div>\r\n            <div class=\"pcbg-content\">\r\n                <div class=\"pcbg-content-flex\">\r\n                    <a class=\"pcbg-bgoverlay active-overlay\"\r\n                       href=\"https:\/\/prensapaisa.com\/index.php\/2026\/03\/30\/bombero-murio-durante-incendio-en-el-barrio-la-toscana-medellin\/\" title=\"Bombero muri\u00f3 durante incendio en el barrio La Toscana, Medell\u00edn\"><\/a>\r\n                    <div class=\"pcbg-content-inner bgcontent-block\">\r\n                        <a href=\"https:\/\/prensapaisa.com\/index.php\/2026\/03\/30\/bombero-murio-durante-incendio-en-el-barrio-la-toscana-medellin\/\" title=\"Bombero muri\u00f3 durante incendio en el barrio La Toscana, Medell\u00edn\"\r\n                           class=\"pcbg-bgoverlaytext item-hover\"><\/a>\r\n\r\n\t\t\t\t\t\t                            <div class=\"pcbg-above item-hover\">\r\n\t\t\t\t\t\t\t<span class=\"cat pcbg-sub-title\">\r\n\t\t\t\t\t\t\t\t<a class=\"penci-cat-name penci-cat-45\" href=\"https:\/\/prensapaisa.com\/index.php\/category\/movilidad\/accidentes\/\"  rel=\"category tag\">Accidentes<\/a><a class=\"penci-cat-name penci-cat-49\" href=\"https:\/\/prensapaisa.com\/index.php\/category\/orden-publico\/capturas\/\"  rel=\"category tag\">Capturas<\/a><a class=\"penci-cat-name penci-cat-50\" href=\"https:\/\/prensapaisa.com\/index.php\/category\/orden-publico\/denuncias\/\"  rel=\"category tag\">Denuncias<\/a><a class=\"penci-cat-name penci-cat-51\" href=\"https:\/\/prensapaisa.com\/index.php\/category\/desaparecidos\/\"  rel=\"category tag\">Desaparecidos<\/a><a class=\"penci-cat-name penci-cat-43\" href=\"https:\/\/prensapaisa.com\/index.php\/category\/fallecidos\/\"  rel=\"category tag\">Fallecidos<\/a><a class=\"penci-cat-name penci-cat-48\" href=\"https:\/\/prensapaisa.com\/index.php\/category\/orden-publico\/hurtos\/\"  rel=\"category tag\">Hurtos<\/a><a class=\"penci-cat-name penci-cat-16\" href=\"https:\/\/prensapaisa.com\/index.php\/category\/municipios\/\"  rel=\"category tag\">Municipios<\/a><a class=\"penci-cat-name penci-cat-1\" href=\"https:\/\/prensapaisa.com\/index.php\/category\/noticias\/\"  rel=\"category tag\">Noticias<\/a><a class=\"penci-cat-name penci-cat-47\" href=\"https:\/\/prensapaisa.com\/index.php\/category\/orden-publico\/\"  rel=\"category tag\">Orden Publico<\/a><a class=\"penci-cat-name penci-cat-46\" href=\"https:\/\/prensapaisa.com\/index.php\/category\/redes-sociales\/\"  rel=\"category tag\">Redes Sociales<\/a>\t\t\t\t\t\t\t<\/span>\r\n                            <\/div>\r\n\t\t\t\t\t\t\r\n\t\t\t\t\t\t                            <div class=\"pcbg-heading item-hover\">\r\n                                <h3 class=\"pcbg-title\">\r\n                                    <a href=\"https:\/\/prensapaisa.com\/index.php\/2026\/03\/30\/bombero-murio-durante-incendio-en-el-barrio-la-toscana-medellin\/\">\r\n                                        Bombero muri\u00f3 durante incendio en el barrio La Toscana, Medell\u00edn                                    <\/a>\r\n                                <\/h3>\r\n                            <\/div>\r\n\t\t\t\t\t\t\r\n\t\t\t\t\t\t                            <div class=\"grid-post-box-meta pcbg-meta item-hover\">\r\n                                <div class=\"pcbg-meta-desc\">\r\n\t\t\t\t\t\t\t\t\t                                        <span class=\"bg-date-author author-italic author vcard\">\r\n\t\t\t\t\t\t\t\t\t\tby <a class=\"url fn n\"\r\n                                                                                                href=\"https:\/\/prensapaisa.com\/index.php\/author\/prensapaisagmail-com\/\">noticias@prensapaisa.com<\/a>\r\n\t\t\t\t\t\t\t\t\t<\/span>\r\n\t\t\t\t\t\t\t\t\t\t\t\t\t\t\t\t\t\t                                        <span class=\"bg-date\"><time class=\"entry-date published\" datetime=\"2026-03-30T19:22:56-05:00\">marzo 30, 2026<\/time><\/span>\r\n\t\t\t\t\t\t\t\t\t\t\t\t\t\t\t\t\t\t\t\t\t\t\t\t\t\t\t\t\t\t\t\t\t\t\t\t                                <\/div>\r\n\t\t\t\t\t\t\t\t                            <\/div>\r\n\t\t\t\t\t\t\r\n\t\t\t\t\t\t                    <\/div>\r\n                <\/div>\r\n            <\/div>\r\n        <\/div>\r\n    <\/div>\r\n<\/div>\r\n<div class=\"penci-bgitem bgitem-2\">\r\n    <div class=\"penci-bgitin\">\r\n        <div class=\"penci-bgmain\">\r\n            <div class=\"pcbg-thumb\">\r\n\t\t\t\t\t\t\t\t                <div class=\"pcbg-thumbin\">\r\n                    <a class=\"pcbg-bgoverlay\"\r\n                       href=\"https:\/\/prensapaisa.com\/index.php\/2026\/03\/30\/bombero-murio-atendiendo-incendio-en-la-toscana-en-medellin\/\" title=\"Bombero muri\u00f3 atendiendo incendio en La Toscana, en Medell\u00edn\"><\/a>\r\n\t\t\t\t\t                        <div class=\"penci-image-holder penci-lazy\"                             data-bgset=\"https:\/\/prensapaisa.com\/wp-content\/uploads\/2026\/03\/657478853_986391693955818_7683291440640010020_n-585x577.jpg\" data_bg_hidpi=\"https:\/\/prensapaisa.com\/wp-content\/uploads\/2026\/03\/657478853_986391693955818_7683291440640010020_n-585x577.jpg\"\r\n                             data-sizes=\"(max-width: 767px) 585px, 585px\">\r\n                        <\/div>\r\n\t\t\t\t\t                <\/div>\r\n            <\/div>\r\n            <div class=\"pcbg-content\">\r\n                <div class=\"pcbg-content-flex\">\r\n                    <a class=\"pcbg-bgoverlay active-overlay\"\r\n                       href=\"https:\/\/prensapaisa.com\/index.php\/2026\/03\/30\/bombero-murio-atendiendo-incendio-en-la-toscana-en-medellin\/\" title=\"Bombero muri\u00f3 atendiendo incendio en La Toscana, en Medell\u00edn\"><\/a>\r\n                    <div class=\"pcbg-content-inner bgcontent-block\">\r\n                        <a href=\"https:\/\/prensapaisa.com\/index.php\/2026\/03\/30\/bombero-murio-atendiendo-incendio-en-la-toscana-en-medellin\/\" title=\"Bombero muri\u00f3 atendiendo incendio en La Toscana, en Medell\u00edn\"\r\n                           class=\"pcbg-bgoverlaytext item-hover\"><\/a>\r\n\r\n\t\t\t\t\t\t\r\n\t\t\t\t\t\t                            <div class=\"pcbg-heading item-hover\">\r\n                                <h3 class=\"pcbg-title\">\r\n                                    <a href=\"https:\/\/prensapaisa.com\/index.php\/2026\/03\/30\/bombero-murio-atendiendo-incendio-en-la-toscana-en-medellin\/\">\r\n                                        Bombero muri\u00f3 atendiendo incendio en La Toscana, en Medell\u00edn                                    <\/a>\r\n                                <\/h3>\r\n                            <\/div>\r\n\t\t\t\t\t\t\r\n\t\t\t\t\t\t                            <div class=\"grid-post-box-meta pcbg-meta item-hover\">\r\n                                <div class=\"pcbg-meta-desc\">\r\n\t\t\t\t\t\t\t\t\t                                        <span class=\"bg-date-author author-italic author vcard\">\r\n\t\t\t\t\t\t\t\t\t\tby <a class=\"url fn n\"\r\n                                                                                                href=\"https:\/\/prensapaisa.com\/index.php\/author\/prensapaisagmail-com\/\">noticias@prensapaisa.com<\/a>\r\n\t\t\t\t\t\t\t\t\t<\/span>\r\n\t\t\t\t\t\t\t\t\t\t\t\t\t\t\t\t\t\t                                        <span class=\"bg-date\"><time class=\"entry-date published\" datetime=\"2026-03-30T19:16:58-05:00\">marzo 30, 2026<\/time><\/span>\r\n\t\t\t\t\t\t\t\t\t\t\t\t\t\t\t\t\t\t\t\t\t\t\t\t\t\t\t\t\t\t\t\t\t\t\t\t                                <\/div>\r\n\t\t\t\t\t\t\t\t                            <\/div>\r\n\t\t\t\t\t\t\r\n\t\t\t\t\t\t                    <\/div>\r\n                <\/div>\r\n            <\/div>\r\n        <\/div>\r\n    <\/div>\r\n<\/div>\r\n<div class=\"penci-bgitem bgitem-0\">\r\n    <div class=\"penci-bgitin\">\r\n        <div class=\"penci-bgmain\">\r\n            <div class=\"pcbg-thumb\">\r\n\t\t\t\t\t\t\t\t                <div class=\"pcbg-thumbin\">\r\n                    <a class=\"pcbg-bgoverlay\"\r\n                       href=\"https:\/\/prensapaisa.com\/index.php\/2026\/03\/21\/fatal-accidente-de-motociclista-en-medellin-2\/\" title=\"Fatal accidente de motociclista en Medell\u00edn\"><\/a>\r\n\t\t\t\t\t                        <div class=\"penci-image-holder penci-lazy\"                             data-bgset=\"https:\/\/prensapaisa.com\/wp-content\/uploads\/2026\/03\/655055247_978675591394095_4901088342458028909_n.jpg\" data_bg_hidpi=\"https:\/\/prensapaisa.com\/wp-content\/uploads\/2026\/03\/655055247_978675591394095_4901088342458028909_n.jpg\"\r\n                             data-sizes=\"(max-width: 767px) 585px, 585px\">\r\n                        <\/div>\r\n\t\t\t\t\t                <\/div>\r\n            <\/div>\r\n            <div class=\"pcbg-content\">\r\n                <div class=\"pcbg-content-flex\">\r\n                    <a class=\"pcbg-bgoverlay active-overlay\"\r\n                       href=\"https:\/\/prensapaisa.com\/index.php\/2026\/03\/21\/fatal-accidente-de-motociclista-en-medellin-2\/\" title=\"Fatal accidente de motociclista en Medell\u00edn\"><\/a>\r\n                    <div class=\"pcbg-content-inner bgcontent-block\">\r\n                        <a href=\"https:\/\/prensapaisa.com\/index.php\/2026\/03\/21\/fatal-accidente-de-motociclista-en-medellin-2\/\" title=\"Fatal accidente de motociclista en Medell\u00edn\"\r\n                           class=\"pcbg-bgoverlaytext item-hover\"><\/a>\r\n\r\n\t\t\t\t\t\t\r\n\t\t\t\t\t\t                            <div class=\"pcbg-heading item-hover\">\r\n                                <h3 class=\"pcbg-title\">\r\n                                    <a href=\"https:\/\/prensapaisa.com\/index.php\/2026\/03\/21\/fatal-accidente-de-motociclista-en-medellin-2\/\">\r\n                                        Fatal accidente de motociclista en Medell\u00edn                                    <\/a>\r\n                                <\/h3>\r\n                            <\/div>\r\n\t\t\t\t\t\t\r\n\t\t\t\t\t\t                            <div class=\"grid-post-box-meta pcbg-meta item-hover\">\r\n                                <div class=\"pcbg-meta-desc\">\r\n\t\t\t\t\t\t\t\t\t                                        <span class=\"bg-date-author author-italic author vcard\">\r\n\t\t\t\t\t\t\t\t\t\tby <a class=\"url fn n\"\r\n                                                                                                href=\"https:\/\/prensapaisa.com\/index.php\/author\/prensapaisagmail-com\/\">noticias@prensapaisa.com<\/a>\r\n\t\t\t\t\t\t\t\t\t<\/span>\r\n\t\t\t\t\t\t\t\t\t\t\t\t\t\t\t\t\t\t                                        <span class=\"bg-date\"><time class=\"entry-date published\" datetime=\"2026-03-21T15:44:08-05:00\">marzo 21, 2026<\/time><\/span>\r\n\t\t\t\t\t\t\t\t\t\t\t\t\t\t\t\t\t\t\t\t\t\t\t\t\t\t\t\t\t\t\t\t\t\t\t\t                                <\/div>\r\n\t\t\t\t\t\t\t\t                            <\/div>\r\n\t\t\t\t\t\t\r\n\t\t\t\t\t\t                    <\/div>\r\n                <\/div>\r\n            <\/div>\r\n        <\/div>\r\n    <\/div>\r\n<\/div>\r\n<\/div><div class=\"penci-clearfix penci-biggrid-data penci-dblock penci-fixh\"><div class=\"penci-bgitem pcbg-big-item bgitem-1\">\r\n    <div class=\"penci-bgitin\">\r\n        <div class=\"penci-bgmain\">\r\n            <div class=\"pcbg-thumb\">\r\n\t\t\t\t\t\t\t\t                <div class=\"pcbg-thumbin\">\r\n                    <a class=\"pcbg-bgoverlay\"\r\n                       href=\"https:\/\/prensapaisa.com\/index.php\/2026\/03\/21\/16326\/\" title=\"\"><\/a>\r\n\t\t\t\t\t                        <div class=\"penci-image-holder penci-lazy\"                             data-bgset=\"https:\/\/prensapaisa.com\/wp-content\/uploads\/2026\/03\/655724501_978732774721710_8721044418452340839_n.jpg\" data_bg_hidpi=\"https:\/\/prensapaisa.com\/wp-content\/uploads\/2026\/03\/655724501_978732774721710_8721044418452340839_n-585x439.jpg\"\r\n                             data-sizes=\"(max-width: 767px) 585px, 1170px\">\r\n                        <\/div>\r\n\t\t\t\t\t                <\/div>\r\n            <\/div>\r\n            <div class=\"pcbg-content\">\r\n                <div class=\"pcbg-content-flex\">\r\n                    <a class=\"pcbg-bgoverlay active-overlay\"\r\n                       href=\"https:\/\/prensapaisa.com\/index.php\/2026\/03\/21\/16326\/\" title=\"\"><\/a>\r\n                    <div class=\"pcbg-content-inner bgcontent-block\">\r\n                        <a href=\"https:\/\/prensapaisa.com\/index.php\/2026\/03\/21\/16326\/\" title=\"\"\r\n                           class=\"pcbg-bgoverlaytext item-hover\"><\/a>\r\n\r\n\t\t\t\t\t\t                            <div class=\"pcbg-above item-hover\">\r\n\t\t\t\t\t\t\t<span class=\"cat pcbg-sub-title\">\r\n\t\t\t\t\t\t\t\t<a class=\"penci-cat-name penci-cat-45\" href=\"https:\/\/prensapaisa.com\/index.php\/category\/movilidad\/accidentes\/\"  rel=\"category tag\">Accidentes<\/a><a class=\"penci-cat-name penci-cat-49\" href=\"https:\/\/prensapaisa.com\/index.php\/category\/orden-publico\/capturas\/\"  rel=\"category tag\">Capturas<\/a><a class=\"penci-cat-name penci-cat-50\" href=\"https:\/\/prensapaisa.com\/index.php\/category\/orden-publico\/denuncias\/\"  rel=\"category tag\">Denuncias<\/a><a class=\"penci-cat-name penci-cat-48\" href=\"https:\/\/prensapaisa.com\/index.php\/category\/orden-publico\/hurtos\/\"  rel=\"category tag\">Hurtos<\/a><a class=\"penci-cat-name penci-cat-44\" href=\"https:\/\/prensapaisa.com\/index.php\/category\/movilidad\/\"  rel=\"category tag\">Movilidad<\/a><a class=\"penci-cat-name penci-cat-16\" href=\"https:\/\/prensapaisa.com\/index.php\/category\/municipios\/\"  rel=\"category tag\">Municipios<\/a><a class=\"penci-cat-name penci-cat-1\" href=\"https:\/\/prensapaisa.com\/index.php\/category\/noticias\/\"  rel=\"category tag\">Noticias<\/a><a class=\"penci-cat-name penci-cat-47\" href=\"https:\/\/prensapaisa.com\/index.php\/category\/orden-publico\/\"  rel=\"category tag\">Orden Publico<\/a><a class=\"penci-cat-name penci-cat-46\" href=\"https:\/\/prensapaisa.com\/index.php\/category\/redes-sociales\/\"  rel=\"category tag\">Redes Sociales<\/a>\t\t\t\t\t\t\t<\/span>\r\n                            <\/div>\r\n\t\t\t\t\t\t\r\n\t\t\t\t\t\t                            <div class=\"pcbg-heading item-hover\">\r\n                                <h3 class=\"pcbg-title\">\r\n                                    <a href=\"https:\/\/prensapaisa.com\/index.php\/2026\/03\/21\/16326\/\">\r\n                                                                            <\/a>\r\n                                <\/h3>\r\n                            <\/div>\r\n\t\t\t\t\t\t\r\n\t\t\t\t\t\t                            <div class=\"grid-post-box-meta pcbg-meta item-hover\">\r\n                                <div class=\"pcbg-meta-desc\">\r\n\t\t\t\t\t\t\t\t\t                                        <span class=\"bg-date-author author-italic author vcard\">\r\n\t\t\t\t\t\t\t\t\t\tby <a class=\"url fn n\"\r\n                                                                                                href=\"https:\/\/prensapaisa.com\/index.php\/author\/prensapaisagmail-com\/\">noticias@prensapaisa.com<\/a>\r\n\t\t\t\t\t\t\t\t\t<\/span>\r\n\t\t\t\t\t\t\t\t\t\t\t\t\t\t\t\t\t\t                                        <span class=\"bg-date\"><time class=\"entry-date published\" datetime=\"2026-03-21T15:40:50-05:00\">marzo 21, 2026<\/time><\/span>\r\n\t\t\t\t\t\t\t\t\t\t\t\t\t\t\t\t\t\t\t\t\t\t\t\t\t\t\t\t\t\t\t\t\t\t\t\t                                <\/div>\r\n\t\t\t\t\t\t\t\t                            <\/div>\r\n\t\t\t\t\t\t\r\n\t\t\t\t\t\t                    <\/div>\r\n                <\/div>\r\n            <\/div>\r\n        <\/div>\r\n    <\/div>\r\n<\/div>\r\n<div class=\"penci-bgitem bgitem-2\">\r\n    <div class=\"penci-bgitin\">\r\n        <div class=\"penci-bgmain\">\r\n            <div class=\"pcbg-thumb\">\r\n\t\t\t\t\t\t\t\t                <div class=\"pcbg-thumbin\">\r\n                    <a class=\"pcbg-bgoverlay\"\r\n                       href=\"https:\/\/prensapaisa.com\/index.php\/2026\/03\/21\/fallecio-una-mujer-luego-de-una-explosion-de-una-pipeta-de-gas-en-una-casa-campesina-en-rionegro-antioquia\/\" title=\"Falleci\u00f3 una mujer luego de una explosi\u00f3n de una pipeta de gas en una casa campesina en Rionegro, Antioquia\"><\/a>\r\n\t\t\t\t\t                        <div class=\"penci-image-holder penci-lazy\"                             data-bgset=\"https:\/\/prensapaisa.com\/wp-content\/uploads\/2026\/03\/656483079_978909954703992_4788211280374139983_n-585x439.jpg\" data_bg_hidpi=\"https:\/\/prensapaisa.com\/wp-content\/uploads\/2026\/03\/656483079_978909954703992_4788211280374139983_n-585x439.jpg\"\r\n                             data-sizes=\"(max-width: 767px) 585px, 585px\">\r\n                        <\/div>\r\n\t\t\t\t\t                <\/div>\r\n            <\/div>\r\n            <div class=\"pcbg-content\">\r\n                <div class=\"pcbg-content-flex\">\r\n                    <a class=\"pcbg-bgoverlay active-overlay\"\r\n                       href=\"https:\/\/prensapaisa.com\/index.php\/2026\/03\/21\/fallecio-una-mujer-luego-de-una-explosion-de-una-pipeta-de-gas-en-una-casa-campesina-en-rionegro-antioquia\/\" title=\"Falleci\u00f3 una mujer luego de una explosi\u00f3n de una pipeta de gas en una casa campesina en Rionegro, Antioquia\"><\/a>\r\n                    <div class=\"pcbg-content-inner bgcontent-block\">\r\n                        <a href=\"https:\/\/prensapaisa.com\/index.php\/2026\/03\/21\/fallecio-una-mujer-luego-de-una-explosion-de-una-pipeta-de-gas-en-una-casa-campesina-en-rionegro-antioquia\/\" title=\"Falleci\u00f3 una mujer luego de una explosi\u00f3n de una pipeta de gas en una casa campesina en Rionegro, Antioquia\"\r\n                           class=\"pcbg-bgoverlaytext item-hover\"><\/a>\r\n\r\n\t\t\t\t\t\t\r\n\t\t\t\t\t\t                            <div class=\"pcbg-heading item-hover\">\r\n                                <h3 class=\"pcbg-title\">\r\n                                    <a href=\"https:\/\/prensapaisa.com\/index.php\/2026\/03\/21\/fallecio-una-mujer-luego-de-una-explosion-de-una-pipeta-de-gas-en-una-casa-campesina-en-rionegro-antioquia\/\">\r\n                                        Falleci\u00f3 una mujer luego de una explosi\u00f3n de una pipeta de gas en una casa campesina en Rionegro, Antioquia                                    <\/a>\r\n                                <\/h3>\r\n                            <\/div>\r\n\t\t\t\t\t\t\r\n\t\t\t\t\t\t                            <div class=\"grid-post-box-meta pcbg-meta item-hover\">\r\n                                <div class=\"pcbg-meta-desc\">\r\n\t\t\t\t\t\t\t\t\t                                        <span class=\"bg-date-author author-italic author vcard\">\r\n\t\t\t\t\t\t\t\t\t\tby <a class=\"url fn n\"\r\n                                                                                                href=\"https:\/\/prensapaisa.com\/index.php\/author\/prensapaisagmail-com\/\">noticias@prensapaisa.com<\/a>\r\n\t\t\t\t\t\t\t\t\t<\/span>\r\n\t\t\t\t\t\t\t\t\t\t\t\t\t\t\t\t\t\t                                        <span class=\"bg-date\"><time class=\"entry-date published\" datetime=\"2026-03-21T15:34:42-05:00\">marzo 21, 2026<\/time><\/span>\r\n\t\t\t\t\t\t\t\t\t\t\t\t\t\t\t\t\t\t\t\t\t\t\t\t\t\t\t\t\t\t\t\t\t\t\t\t                                <\/div>\r\n\t\t\t\t\t\t\t\t                            <\/div>\r\n\t\t\t\t\t\t\r\n\t\t\t\t\t\t                    <\/div>\r\n                <\/div>\r\n            <\/div>\r\n        <\/div>\r\n    <\/div>\r\n<\/div>\r\n<div class=\"penci-bgitem bgitem-0\">\r\n    <div class=\"penci-bgitin\">\r\n        <div class=\"penci-bgmain\">\r\n            <div class=\"pcbg-thumb\">\r\n\t\t\t\t\t\t\t\t                <div class=\"pcbg-thumbin\">\r\n                    <a class=\"pcbg-bgoverlay\"\r\n                       href=\"https:\/\/prensapaisa.com\/index.php\/2026\/03\/04\/hallan-sin-vida-a-menor-que-habia-desaparecido-en-el-rio-cauca-en-caucasia\/\" title=\"Hallan sin vida a menor que hab\u00eda desaparecido en el r\u00edo Cauca, en Caucasia\"><\/a>\r\n\t\t\t\t\t                        <div class=\"penci-image-holder penci-lazy\"                             data-bgset=\"https:\/\/prensapaisa.com\/wp-content\/uploads\/2026\/03\/647691057_965113369416984_2963122326427675215_n-585x564.jpg\" data_bg_hidpi=\"https:\/\/prensapaisa.com\/wp-content\/uploads\/2026\/03\/647691057_965113369416984_2963122326427675215_n-585x564.jpg\"\r\n                             data-sizes=\"(max-width: 767px) 585px, 585px\">\r\n                        <\/div>\r\n\t\t\t\t\t                <\/div>\r\n            <\/div>\r\n            <div class=\"pcbg-content\">\r\n                <div class=\"pcbg-content-flex\">\r\n                    <a class=\"pcbg-bgoverlay active-overlay\"\r\n                       href=\"https:\/\/prensapaisa.com\/index.php\/2026\/03\/04\/hallan-sin-vida-a-menor-que-habia-desaparecido-en-el-rio-cauca-en-caucasia\/\" title=\"Hallan sin vida a menor que hab\u00eda desaparecido en el r\u00edo Cauca, en Caucasia\"><\/a>\r\n                    <div class=\"pcbg-content-inner bgcontent-block\">\r\n                        <a href=\"https:\/\/prensapaisa.com\/index.php\/2026\/03\/04\/hallan-sin-vida-a-menor-que-habia-desaparecido-en-el-rio-cauca-en-caucasia\/\" title=\"Hallan sin vida a menor que hab\u00eda desaparecido en el r\u00edo Cauca, en Caucasia\"\r\n                           class=\"pcbg-bgoverlaytext item-hover\"><\/a>\r\n\r\n\t\t\t\t\t\t\r\n\t\t\t\t\t\t                            <div class=\"pcbg-heading item-hover\">\r\n                                <h3 class=\"pcbg-title\">\r\n                                    <a href=\"https:\/\/prensapaisa.com\/index.php\/2026\/03\/04\/hallan-sin-vida-a-menor-que-habia-desaparecido-en-el-rio-cauca-en-caucasia\/\">\r\n                                        Hallan sin vida a menor que hab\u00eda desaparecido en el r\u00edo Cauca, en Caucasia                                    <\/a>\r\n                                <\/h3>\r\n                            <\/div>\r\n\t\t\t\t\t\t\r\n\t\t\t\t\t\t                            <div class=\"grid-post-box-meta pcbg-meta item-hover\">\r\n                                <div class=\"pcbg-meta-desc\">\r\n\t\t\t\t\t\t\t\t\t                                        <span class=\"bg-date-author author-italic author vcard\">\r\n\t\t\t\t\t\t\t\t\t\tby <a class=\"url fn n\"\r\n                                                                                                href=\"https:\/\/prensapaisa.com\/index.php\/author\/prensapaisagmail-com\/\">noticias@prensapaisa.com<\/a>\r\n\t\t\t\t\t\t\t\t\t<\/span>\r\n\t\t\t\t\t\t\t\t\t\t\t\t\t\t\t\t\t\t                                        <span class=\"bg-date\"><time class=\"entry-date published\" datetime=\"2026-03-04T15:13:48-05:00\">marzo 4, 2026<\/time><\/span>\r\n\t\t\t\t\t\t\t\t\t\t\t\t\t\t\t\t\t\t\t\t\t\t\t\t\t\t\t\t\t\t\t\t\t\t\t\t                                <\/div>\r\n\t\t\t\t\t\t\t\t                            <\/div>\r\n\t\t\t\t\t\t\r\n\t\t\t\t\t\t                    <\/div>\r\n                <\/div>\r\n            <\/div>\r\n        <\/div>\r\n    <\/div>\r\n<\/div>\r\n<\/div><div class=\"penci-clearfix penci-biggrid-data penci-dblock penci-fixh\"><div class=\"penci-bgitem pcbg-big-item bgitem-1\">\r\n    <div class=\"penci-bgitin\">\r\n        <div class=\"penci-bgmain\">\r\n            <div class=\"pcbg-thumb\">\r\n\t\t\t\t\t\t\t\t                <div class=\"pcbg-thumbin\">\r\n                    <a class=\"pcbg-bgoverlay\"\r\n                       href=\"https:\/\/prensapaisa.com\/index.php\/2026\/03\/04\/furgon-perdio-el-control-y-choco-contra-un-taxi-en-santa-cruz-medellin\/\" title=\"Furg\u00f3n perdi\u00f3 el control y choc\u00f3 contra un taxi en Santa Cruz, Medell\u00edn\"><\/a>\r\n\t\t\t\t\t                        <div class=\"penci-image-holder penci-lazy\"                             data-bgset=\"https:\/\/prensapaisa.com\/wp-content\/uploads\/2026\/03\/647166062_26026463997019322_8925877950222347551_n-1170x878.jpg\" data_bg_hidpi=\"https:\/\/prensapaisa.com\/wp-content\/uploads\/2026\/03\/647166062_26026463997019322_8925877950222347551_n-585x439.jpg\"\r\n                             data-sizes=\"(max-width: 767px) 585px, 1170px\">\r\n                        <\/div>\r\n\t\t\t\t\t                <\/div>\r\n            <\/div>\r\n            <div class=\"pcbg-content\">\r\n                <div class=\"pcbg-content-flex\">\r\n                    <a class=\"pcbg-bgoverlay active-overlay\"\r\n                       href=\"https:\/\/prensapaisa.com\/index.php\/2026\/03\/04\/furgon-perdio-el-control-y-choco-contra-un-taxi-en-santa-cruz-medellin\/\" title=\"Furg\u00f3n perdi\u00f3 el control y choc\u00f3 contra un taxi en Santa Cruz, Medell\u00edn\"><\/a>\r\n                    <div class=\"pcbg-content-inner bgcontent-block\">\r\n                        <a href=\"https:\/\/prensapaisa.com\/index.php\/2026\/03\/04\/furgon-perdio-el-control-y-choco-contra-un-taxi-en-santa-cruz-medellin\/\" title=\"Furg\u00f3n perdi\u00f3 el control y choc\u00f3 contra un taxi en Santa Cruz, Medell\u00edn\"\r\n                           class=\"pcbg-bgoverlaytext item-hover\"><\/a>\r\n\r\n\t\t\t\t\t\t                            <div class=\"pcbg-above item-hover\">\r\n\t\t\t\t\t\t\t<span class=\"cat pcbg-sub-title\">\r\n\t\t\t\t\t\t\t\t<a class=\"penci-cat-name penci-cat-45\" href=\"https:\/\/prensapaisa.com\/index.php\/category\/movilidad\/accidentes\/\"  rel=\"category tag\">Accidentes<\/a><a class=\"penci-cat-name penci-cat-50\" href=\"https:\/\/prensapaisa.com\/index.php\/category\/orden-publico\/denuncias\/\"  rel=\"category tag\">Denuncias<\/a><a class=\"penci-cat-name penci-cat-44\" href=\"https:\/\/prensapaisa.com\/index.php\/category\/movilidad\/\"  rel=\"category tag\">Movilidad<\/a><a class=\"penci-cat-name penci-cat-16\" href=\"https:\/\/prensapaisa.com\/index.php\/category\/municipios\/\"  rel=\"category tag\">Municipios<\/a><a class=\"penci-cat-name penci-cat-1\" href=\"https:\/\/prensapaisa.com\/index.php\/category\/noticias\/\"  rel=\"category tag\">Noticias<\/a><a class=\"penci-cat-name penci-cat-47\" href=\"https:\/\/prensapaisa.com\/index.php\/category\/orden-publico\/\"  rel=\"category tag\">Orden Publico<\/a><a class=\"penci-cat-name penci-cat-46\" href=\"https:\/\/prensapaisa.com\/index.php\/category\/redes-sociales\/\"  rel=\"category tag\">Redes Sociales<\/a>\t\t\t\t\t\t\t<\/span>\r\n                            <\/div>\r\n\t\t\t\t\t\t\r\n\t\t\t\t\t\t                            <div class=\"pcbg-heading item-hover\">\r\n                                <h3 class=\"pcbg-title\">\r\n                                    <a href=\"https:\/\/prensapaisa.com\/index.php\/2026\/03\/04\/furgon-perdio-el-control-y-choco-contra-un-taxi-en-santa-cruz-medellin\/\">\r\n                                        Furg\u00f3n perdi\u00f3 el control y choc\u00f3 contra un taxi en Santa Cruz, Medell\u00edn                                    <\/a>\r\n                                <\/h3>\r\n                            <\/div>\r\n\t\t\t\t\t\t\r\n\t\t\t\t\t\t                            <div class=\"grid-post-box-meta pcbg-meta item-hover\">\r\n                                <div class=\"pcbg-meta-desc\">\r\n\t\t\t\t\t\t\t\t\t                                        <span class=\"bg-date-author author-italic author vcard\">\r\n\t\t\t\t\t\t\t\t\t\tby <a class=\"url fn n\"\r\n                                                                                                href=\"https:\/\/prensapaisa.com\/index.php\/author\/prensapaisagmail-com\/\">noticias@prensapaisa.com<\/a>\r\n\t\t\t\t\t\t\t\t\t<\/span>\r\n\t\t\t\t\t\t\t\t\t\t\t\t\t\t\t\t\t\t                                        <span class=\"bg-date\"><time class=\"entry-date published\" datetime=\"2026-03-04T15:09:54-05:00\">marzo 4, 2026<\/time><\/span>\r\n\t\t\t\t\t\t\t\t\t\t\t\t\t\t\t\t\t\t\t\t\t\t\t\t\t\t\t\t\t\t\t\t\t\t\t\t                                <\/div>\r\n\t\t\t\t\t\t\t\t                            <\/div>\r\n\t\t\t\t\t\t\r\n\t\t\t\t\t\t                    <\/div>\r\n                <\/div>\r\n            <\/div>\r\n        <\/div>\r\n    <\/div>\r\n<\/div>\r\n<div class=\"penci-bgitem bgitem-2\">\r\n    <div class=\"penci-bgitin\">\r\n        <div class=\"penci-bgmain\">\r\n            <div class=\"pcbg-thumb\">\r\n\t\t\t\t\t\t\t\t                <div class=\"pcbg-thumbin\">\r\n                    <a class=\"pcbg-bgoverlay\"\r\n                       href=\"https:\/\/prensapaisa.com\/index.php\/2026\/03\/03\/retenes-para-los-delincuentes-que-se-van-a-hurtar-a-varias-partes-de-medellin-y-regresan-a-manrique-con-joyas-y-mucho-dinero\/\" title=\"Retenes para los delincuentes que se van a hurtar a varias partes de Medell\u00edn y regresan a Manrique con joyas y mucho dinero\"><\/a>\r\n\t\t\t\t\t                        <div class=\"penci-image-holder penci-lazy\"                             data-bgset=\"https:\/\/prensapaisa.com\/wp-content\/uploads\/2026\/03\/Captura-de-pantalla-2026-03-03-184904.jpg\" data_bg_hidpi=\"https:\/\/prensapaisa.com\/wp-content\/uploads\/2026\/03\/Captura-de-pantalla-2026-03-03-184904.jpg\"\r\n                             data-sizes=\"(max-width: 767px) 585px, 585px\">\r\n                        <\/div>\r\n\t\t\t\t\t                <\/div>\r\n            <\/div>\r\n            <div class=\"pcbg-content\">\r\n                <div class=\"pcbg-content-flex\">\r\n                    <a class=\"pcbg-bgoverlay active-overlay\"\r\n                       href=\"https:\/\/prensapaisa.com\/index.php\/2026\/03\/03\/retenes-para-los-delincuentes-que-se-van-a-hurtar-a-varias-partes-de-medellin-y-regresan-a-manrique-con-joyas-y-mucho-dinero\/\" title=\"Retenes para los delincuentes que se van a hurtar a varias partes de Medell\u00edn y regresan a Manrique con joyas y mucho dinero\"><\/a>\r\n                    <div class=\"pcbg-content-inner bgcontent-block\">\r\n                        <a href=\"https:\/\/prensapaisa.com\/index.php\/2026\/03\/03\/retenes-para-los-delincuentes-que-se-van-a-hurtar-a-varias-partes-de-medellin-y-regresan-a-manrique-con-joyas-y-mucho-dinero\/\" title=\"Retenes para los delincuentes que se van a hurtar a varias partes de Medell\u00edn y regresan a Manrique con joyas y mucho dinero\"\r\n                           class=\"pcbg-bgoverlaytext item-hover\"><\/a>\r\n\r\n\t\t\t\t\t\t\r\n\t\t\t\t\t\t                            <div class=\"pcbg-heading item-hover\">\r\n                                <h3 class=\"pcbg-title\">\r\n                                    <a href=\"https:\/\/prensapaisa.com\/index.php\/2026\/03\/03\/retenes-para-los-delincuentes-que-se-van-a-hurtar-a-varias-partes-de-medellin-y-regresan-a-manrique-con-joyas-y-mucho-dinero\/\">\r\n                                        Retenes para los delincuentes que se van a hurtar a varias partes de Medell\u00edn y regresan a Manrique con joyas y mucho dinero                                    <\/a>\r\n                                <\/h3>\r\n                            <\/div>\r\n\t\t\t\t\t\t\r\n\t\t\t\t\t\t                            <div class=\"grid-post-box-meta pcbg-meta item-hover\">\r\n                                <div class=\"pcbg-meta-desc\">\r\n\t\t\t\t\t\t\t\t\t                                        <span class=\"bg-date-author author-italic author vcard\">\r\n\t\t\t\t\t\t\t\t\t\tby <a class=\"url fn n\"\r\n                                                                                                href=\"https:\/\/prensapaisa.com\/index.php\/author\/prensapaisagmail-com\/\">noticias@prensapaisa.com<\/a>\r\n\t\t\t\t\t\t\t\t\t<\/span>\r\n\t\t\t\t\t\t\t\t\t\t\t\t\t\t\t\t\t\t                                        <span class=\"bg-date\"><time class=\"entry-date published\" datetime=\"2026-03-03T18:51:17-05:00\">marzo 3, 2026<\/time><\/span>\r\n\t\t\t\t\t\t\t\t\t\t\t\t\t\t\t\t\t\t\t\t\t\t\t\t\t\t\t\t\t\t\t\t\t\t\t\t                                <\/div>\r\n\t\t\t\t\t\t\t\t                            <\/div>\r\n\t\t\t\t\t\t\r\n\t\t\t\t\t\t                    <\/div>\r\n                <\/div>\r\n            <\/div>\r\n        <\/div>\r\n    <\/div>\r\n<\/div>\r\n<div class=\"penci-bgitem bgitem-0\">\r\n    <div class=\"penci-bgitin\">\r\n        <div class=\"penci-bgmain\">\r\n            <div class=\"pcbg-thumb\">\r\n\t\t\t\t\t\t\t\t                <div class=\"pcbg-thumbin\">\r\n                    <a class=\"pcbg-bgoverlay\"\r\n                       href=\"https:\/\/prensapaisa.com\/index.php\/2026\/03\/03\/mas-de-1-200-capturas-en-medellin-en-el-arranque-de-2026-el-pulso-frontal-contra-el-crimen\/\" title=\"M\u00e1s de 1.200 capturas en Medell\u00edn en el arranque de 2026: el pulso frontal contra el crimen\u2026\"><\/a>\r\n\t\t\t\t\t                        <div class=\"penci-image-holder penci-lazy\"                             data-bgset=\"https:\/\/prensapaisa.com\/wp-content\/uploads\/2026\/03\/Captura-de-pantalla-2026-03-03-182508.jpg\" data_bg_hidpi=\"https:\/\/prensapaisa.com\/wp-content\/uploads\/2026\/03\/Captura-de-pantalla-2026-03-03-182508.jpg\"\r\n                             data-sizes=\"(max-width: 767px) 585px, 585px\">\r\n                        <\/div>\r\n\t\t\t\t\t                <\/div>\r\n            <\/div>\r\n            <div class=\"pcbg-content\">\r\n                <div class=\"pcbg-content-flex\">\r\n                    <a class=\"pcbg-bgoverlay active-overlay\"\r\n                       href=\"https:\/\/prensapaisa.com\/index.php\/2026\/03\/03\/mas-de-1-200-capturas-en-medellin-en-el-arranque-de-2026-el-pulso-frontal-contra-el-crimen\/\" title=\"M\u00e1s de 1.200 capturas en Medell\u00edn en el arranque de 2026: el pulso frontal contra el crimen\u2026\"><\/a>\r\n                    <div class=\"pcbg-content-inner bgcontent-block\">\r\n                        <a href=\"https:\/\/prensapaisa.com\/index.php\/2026\/03\/03\/mas-de-1-200-capturas-en-medellin-en-el-arranque-de-2026-el-pulso-frontal-contra-el-crimen\/\" title=\"M\u00e1s de 1.200 capturas en Medell\u00edn en el arranque de 2026: el pulso frontal contra el crimen\u2026\"\r\n                           class=\"pcbg-bgoverlaytext item-hover\"><\/a>\r\n\r\n\t\t\t\t\t\t\r\n\t\t\t\t\t\t                            <div class=\"pcbg-heading item-hover\">\r\n                                <h3 class=\"pcbg-title\">\r\n                                    <a href=\"https:\/\/prensapaisa.com\/index.php\/2026\/03\/03\/mas-de-1-200-capturas-en-medellin-en-el-arranque-de-2026-el-pulso-frontal-contra-el-crimen\/\">\r\n                                        M\u00e1s de 1.200 capturas en Medell\u00edn en el arranque de 2026: el pulso frontal contra el crimen\u2026                                    <\/a>\r\n                                <\/h3>\r\n                            <\/div>\r\n\t\t\t\t\t\t\r\n\t\t\t\t\t\t                            <div class=\"grid-post-box-meta pcbg-meta item-hover\">\r\n                                <div class=\"pcbg-meta-desc\">\r\n\t\t\t\t\t\t\t\t\t                                        <span class=\"bg-date-author author-italic author vcard\">\r\n\t\t\t\t\t\t\t\t\t\tby <a class=\"url fn n\"\r\n                                                                                                href=\"https:\/\/prensapaisa.com\/index.php\/author\/prensapaisagmail-com\/\">noticias@prensapaisa.com<\/a>\r\n\t\t\t\t\t\t\t\t\t<\/span>\r\n\t\t\t\t\t\t\t\t\t\t\t\t\t\t\t\t\t\t                                        <span class=\"bg-date\"><time class=\"entry-date published\" datetime=\"2026-03-03T18:26:35-05:00\">marzo 3, 2026<\/time><\/span>\r\n\t\t\t\t\t\t\t\t\t\t\t\t\t\t\t\t\t\t\t\t\t\t\t\t\t\t\t\t\t\t\t\t\t\t\t\t                                <\/div>\r\n\t\t\t\t\t\t\t\t                            <\/div>\r\n\t\t\t\t\t\t\r\n\t\t\t\t\t\t                    <\/div>\r\n                <\/div>\r\n            <\/div>\r\n        <\/div>\r\n    <\/div>\r\n<\/div>\r\n<\/div><div class=\"penci-clearfix penci-biggrid-data penci-dblock penci-fixh\"><div class=\"penci-bgitem pcbg-big-item bgitem-1\">\r\n    <div class=\"penci-bgitin\">\r\n        <div class=\"penci-bgmain\">\r\n            <div class=\"pcbg-thumb\">\r\n\t\t\t\t\t\t\t\t                <div class=\"pcbg-thumbin\">\r\n                    <a class=\"pcbg-bgoverlay\"\r\n                       href=\"https:\/\/prensapaisa.com\/index.php\/2026\/03\/03\/desmonte-de-cambuches-debajo-de-la-zona-verde-del-metro-y-recoleccion-de-residuos-en-laureles-estadio-una-jornada-por-la-recuperacion-del-espacio-publico-y-embellecimiento-de-la-ciudad\/\" title=\"Desmonte de cambuches debajo de la zona verde del Metro y recolecci\u00f3n de residuos en Laureles-Estadio: una jornada por la recuperaci\u00f3n del espacio p\u00fablico y embellecimiento de la ciudad\u2026\"><\/a>\r\n\t\t\t\t\t                        <div class=\"penci-image-holder penci-lazy\"                             data-bgset=\"https:\/\/prensapaisa.com\/wp-content\/uploads\/2026\/03\/Captura-de-pantalla-2026-03-03-182234.jpg\" data_bg_hidpi=\"https:\/\/prensapaisa.com\/wp-content\/uploads\/2026\/03\/Captura-de-pantalla-2026-03-03-182234.jpg\"\r\n                             data-sizes=\"(max-width: 767px) 585px, 1170px\">\r\n                        <\/div>\r\n\t\t\t\t\t                <\/div>\r\n            <\/div>\r\n            <div class=\"pcbg-content\">\r\n                <div class=\"pcbg-content-flex\">\r\n                    <a class=\"pcbg-bgoverlay active-overlay\"\r\n                       href=\"https:\/\/prensapaisa.com\/index.php\/2026\/03\/03\/desmonte-de-cambuches-debajo-de-la-zona-verde-del-metro-y-recoleccion-de-residuos-en-laureles-estadio-una-jornada-por-la-recuperacion-del-espacio-publico-y-embellecimiento-de-la-ciudad\/\" title=\"Desmonte de cambuches debajo de la zona verde del Metro y recolecci\u00f3n de residuos en Laureles-Estadio: una jornada por la recuperaci\u00f3n del espacio p\u00fablico y embellecimiento de la ciudad\u2026\"><\/a>\r\n                    <div class=\"pcbg-content-inner bgcontent-block\">\r\n                        <a href=\"https:\/\/prensapaisa.com\/index.php\/2026\/03\/03\/desmonte-de-cambuches-debajo-de-la-zona-verde-del-metro-y-recoleccion-de-residuos-en-laureles-estadio-una-jornada-por-la-recuperacion-del-espacio-publico-y-embellecimiento-de-la-ciudad\/\" title=\"Desmonte de cambuches debajo de la zona verde del Metro y recolecci\u00f3n de residuos en Laureles-Estadio: una jornada por la recuperaci\u00f3n del espacio p\u00fablico y embellecimiento de la ciudad\u2026\"\r\n                           class=\"pcbg-bgoverlaytext item-hover\"><\/a>\r\n\r\n\t\t\t\t\t\t                            <div class=\"pcbg-above item-hover\">\r\n\t\t\t\t\t\t\t<span class=\"cat pcbg-sub-title\">\r\n\t\t\t\t\t\t\t\t<a class=\"penci-cat-name penci-cat-49\" href=\"https:\/\/prensapaisa.com\/index.php\/category\/orden-publico\/capturas\/\"  rel=\"category tag\">Capturas<\/a><a class=\"penci-cat-name penci-cat-50\" href=\"https:\/\/prensapaisa.com\/index.php\/category\/orden-publico\/denuncias\/\"  rel=\"category tag\">Denuncias<\/a><a class=\"penci-cat-name penci-cat-48\" href=\"https:\/\/prensapaisa.com\/index.php\/category\/orden-publico\/hurtos\/\"  rel=\"category tag\">Hurtos<\/a><a class=\"penci-cat-name penci-cat-44\" href=\"https:\/\/prensapaisa.com\/index.php\/category\/movilidad\/\"  rel=\"category tag\">Movilidad<\/a><a class=\"penci-cat-name penci-cat-16\" href=\"https:\/\/prensapaisa.com\/index.php\/category\/municipios\/\"  rel=\"category tag\">Municipios<\/a><a class=\"penci-cat-name penci-cat-1\" href=\"https:\/\/prensapaisa.com\/index.php\/category\/noticias\/\"  rel=\"category tag\">Noticias<\/a><a class=\"penci-cat-name penci-cat-47\" href=\"https:\/\/prensapaisa.com\/index.php\/category\/orden-publico\/\"  rel=\"category tag\">Orden Publico<\/a><a class=\"penci-cat-name penci-cat-46\" href=\"https:\/\/prensapaisa.com\/index.php\/category\/redes-sociales\/\"  rel=\"category tag\">Redes Sociales<\/a>\t\t\t\t\t\t\t<\/span>\r\n                            <\/div>\r\n\t\t\t\t\t\t\r\n\t\t\t\t\t\t                            <div class=\"pcbg-heading item-hover\">\r\n                                <h3 class=\"pcbg-title\">\r\n                                    <a href=\"https:\/\/prensapaisa.com\/index.php\/2026\/03\/03\/desmonte-de-cambuches-debajo-de-la-zona-verde-del-metro-y-recoleccion-de-residuos-en-laureles-estadio-una-jornada-por-la-recuperacion-del-espacio-publico-y-embellecimiento-de-la-ciudad\/\">\r\n                                        Desmonte de cambuches debajo de la zona verde del Metro y recolecci\u00f3n de residuos en Laureles-Estadio: una jornada por la recuperaci\u00f3n del espacio p\u00fablico y embellecimiento de la ciudad\u2026                                    <\/a>\r\n                                <\/h3>\r\n                            <\/div>\r\n\t\t\t\t\t\t\r\n\t\t\t\t\t\t                            <div class=\"grid-post-box-meta pcbg-meta item-hover\">\r\n                                <div class=\"pcbg-meta-desc\">\r\n\t\t\t\t\t\t\t\t\t                                        <span class=\"bg-date-author author-italic author vcard\">\r\n\t\t\t\t\t\t\t\t\t\tby <a class=\"url fn n\"\r\n                                                                                                href=\"https:\/\/prensapaisa.com\/index.php\/author\/prensapaisagmail-com\/\">noticias@prensapaisa.com<\/a>\r\n\t\t\t\t\t\t\t\t\t<\/span>\r\n\t\t\t\t\t\t\t\t\t\t\t\t\t\t\t\t\t\t                                        <span class=\"bg-date\"><time class=\"entry-date published\" datetime=\"2026-03-03T18:23:48-05:00\">marzo 3, 2026<\/time><\/span>\r\n\t\t\t\t\t\t\t\t\t\t\t\t\t\t\t\t\t\t\t\t\t\t\t\t\t\t\t\t\t\t\t\t\t\t\t\t                                <\/div>\r\n\t\t\t\t\t\t\t\t                            <\/div>\r\n\t\t\t\t\t\t\r\n\t\t\t\t\t\t                    <\/div>\r\n                <\/div>\r\n            <\/div>\r\n        <\/div>\r\n    <\/div>\r\n<\/div>\r\n<div class=\"penci-bgitem bgitem-2\">\r\n    <div class=\"penci-bgitin\">\r\n        <div class=\"penci-bgmain\">\r\n            <div class=\"pcbg-thumb\">\r\n\t\t\t\t\t\t\t\t                <div class=\"pcbg-thumbin\">\r\n                    <a class=\"pcbg-bgoverlay\"\r\n                       href=\"https:\/\/prensapaisa.com\/index.php\/2026\/03\/03\/bajo-presion-de-dia-y-de-noche-los-tenes-buscan-arrebatarle-la-cara-al-delito-en-santa-cruz-medellin\/\" title=\"Bajo presi\u00f3n, de d\u00eda y de noche, los tenes buscan arrebatarle la cara al delito en Santa Cruz, Medell\u00edn\"><\/a>\r\n\t\t\t\t\t                        <div class=\"penci-image-holder penci-lazy\"                             data-bgset=\"https:\/\/prensapaisa.com\/wp-content\/uploads\/2026\/03\/Captura-de-pantalla-2026-03-03-181628.jpg\" data_bg_hidpi=\"https:\/\/prensapaisa.com\/wp-content\/uploads\/2026\/03\/Captura-de-pantalla-2026-03-03-181628.jpg\"\r\n                             data-sizes=\"(max-width: 767px) 585px, 585px\">\r\n                        <\/div>\r\n\t\t\t\t\t                <\/div>\r\n            <\/div>\r\n            <div class=\"pcbg-content\">\r\n                <div class=\"pcbg-content-flex\">\r\n                    <a class=\"pcbg-bgoverlay active-overlay\"\r\n                       href=\"https:\/\/prensapaisa.com\/index.php\/2026\/03\/03\/bajo-presion-de-dia-y-de-noche-los-tenes-buscan-arrebatarle-la-cara-al-delito-en-santa-cruz-medellin\/\" title=\"Bajo presi\u00f3n, de d\u00eda y de noche, los tenes buscan arrebatarle la cara al delito en Santa Cruz, Medell\u00edn\"><\/a>\r\n                    <div class=\"pcbg-content-inner bgcontent-block\">\r\n                        <a href=\"https:\/\/prensapaisa.com\/index.php\/2026\/03\/03\/bajo-presion-de-dia-y-de-noche-los-tenes-buscan-arrebatarle-la-cara-al-delito-en-santa-cruz-medellin\/\" title=\"Bajo presi\u00f3n, de d\u00eda y de noche, los tenes buscan arrebatarle la cara al delito en Santa Cruz, Medell\u00edn\"\r\n                           class=\"pcbg-bgoverlaytext item-hover\"><\/a>\r\n\r\n\t\t\t\t\t\t\r\n\t\t\t\t\t\t                            <div class=\"pcbg-heading item-hover\">\r\n                                <h3 class=\"pcbg-title\">\r\n                                    <a href=\"https:\/\/prensapaisa.com\/index.php\/2026\/03\/03\/bajo-presion-de-dia-y-de-noche-los-tenes-buscan-arrebatarle-la-cara-al-delito-en-santa-cruz-medellin\/\">\r\n                                        Bajo presi\u00f3n, de d\u00eda y de noche, los tenes buscan arrebatarle la cara al delito en Santa Cruz, Medell\u00edn                                    <\/a>\r\n                                <\/h3>\r\n                            <\/div>\r\n\t\t\t\t\t\t\r\n\t\t\t\t\t\t                            <div class=\"grid-post-box-meta pcbg-meta item-hover\">\r\n                                <div class=\"pcbg-meta-desc\">\r\n\t\t\t\t\t\t\t\t\t                                        <span class=\"bg-date-author author-italic author vcard\">\r\n\t\t\t\t\t\t\t\t\t\tby <a class=\"url fn n\"\r\n                                                                                                href=\"https:\/\/prensapaisa.com\/index.php\/author\/prensapaisagmail-com\/\">noticias@prensapaisa.com<\/a>\r\n\t\t\t\t\t\t\t\t\t<\/span>\r\n\t\t\t\t\t\t\t\t\t\t\t\t\t\t\t\t\t\t                                        <span class=\"bg-date\"><time class=\"entry-date published\" datetime=\"2026-03-03T18:17:44-05:00\">marzo 3, 2026<\/time><\/span>\r\n\t\t\t\t\t\t\t\t\t\t\t\t\t\t\t\t\t\t\t\t\t\t\t\t\t\t\t\t\t\t\t\t\t\t\t\t                                <\/div>\r\n\t\t\t\t\t\t\t\t                            <\/div>\r\n\t\t\t\t\t\t\r\n\t\t\t\t\t\t                    <\/div>\r\n                <\/div>\r\n            <\/div>\r\n        <\/div>\r\n    <\/div>\r\n<\/div>\r\n<div class=\"penci-bgitem bgitem-0\">\r\n    <div class=\"penci-bgitin\">\r\n        <div class=\"penci-bgmain\">\r\n            <div class=\"pcbg-thumb\">\r\n\t\t\t\t\t\t\t\t                <div class=\"pcbg-thumbin\">\r\n                    <a class=\"pcbg-bgoverlay\"\r\n                       href=\"https:\/\/prensapaisa.com\/index.php\/2026\/03\/03\/en-manrique-y-aranjuezel-espacio-publico-vuelve-a-ser-de-todos\/\" title=\"En Manrique y Aranjuez el espacio p\u00fablico vuelve a ser de todos\"><\/a>\r\n\t\t\t\t\t                        <div class=\"penci-image-holder penci-lazy\"                             data-bgset=\"https:\/\/prensapaisa.com\/wp-content\/uploads\/2026\/03\/Captura-de-pantalla-2026-03-03-170403.jpg\" data_bg_hidpi=\"https:\/\/prensapaisa.com\/wp-content\/uploads\/2026\/03\/Captura-de-pantalla-2026-03-03-170403.jpg\"\r\n                             data-sizes=\"(max-width: 767px) 585px, 585px\">\r\n                        <\/div>\r\n\t\t\t\t\t                <\/div>\r\n            <\/div>\r\n            <div class=\"pcbg-content\">\r\n                <div class=\"pcbg-content-flex\">\r\n                    <a class=\"pcbg-bgoverlay active-overlay\"\r\n                       href=\"https:\/\/prensapaisa.com\/index.php\/2026\/03\/03\/en-manrique-y-aranjuezel-espacio-publico-vuelve-a-ser-de-todos\/\" title=\"En Manrique y Aranjuez el espacio p\u00fablico vuelve a ser de todos\"><\/a>\r\n                    <div class=\"pcbg-content-inner bgcontent-block\">\r\n                        <a href=\"https:\/\/prensapaisa.com\/index.php\/2026\/03\/03\/en-manrique-y-aranjuezel-espacio-publico-vuelve-a-ser-de-todos\/\" title=\"En Manrique y Aranjuez el espacio p\u00fablico vuelve a ser de todos\"\r\n                           class=\"pcbg-bgoverlaytext item-hover\"><\/a>\r\n\r\n\t\t\t\t\t\t\r\n\t\t\t\t\t\t                            <div class=\"pcbg-heading item-hover\">\r\n                                <h3 class=\"pcbg-title\">\r\n                                    <a href=\"https:\/\/prensapaisa.com\/index.php\/2026\/03\/03\/en-manrique-y-aranjuezel-espacio-publico-vuelve-a-ser-de-todos\/\">\r\n                                        En Manrique y Aranjuez el espacio p\u00fablico vuelve a ser de todos                                    <\/a>\r\n                                <\/h3>\r\n                            <\/div>\r\n\t\t\t\t\t\t\r\n\t\t\t\t\t\t                            <div class=\"grid-post-box-meta pcbg-meta item-hover\">\r\n                                <div class=\"pcbg-meta-desc\">\r\n\t\t\t\t\t\t\t\t\t                                        <span class=\"bg-date-author author-italic author vcard\">\r\n\t\t\t\t\t\t\t\t\t\tby <a class=\"url fn n\"\r\n                                                                                                href=\"https:\/\/prensapaisa.com\/index.php\/author\/prensapaisagmail-com\/\">noticias@prensapaisa.com<\/a>\r\n\t\t\t\t\t\t\t\t\t<\/span>\r\n\t\t\t\t\t\t\t\t\t\t\t\t\t\t\t\t\t\t                                        <span class=\"bg-date\"><time class=\"entry-date published\" datetime=\"2026-03-03T17:05:05-05:00\">marzo 3, 2026<\/time><\/span>\r\n\t\t\t\t\t\t\t\t\t\t\t\t\t\t\t\t\t\t\t\t\t\t\t\t\t\t\t\t\t\t\t\t\t\t\t\t                                <\/div>\r\n\t\t\t\t\t\t\t\t                            <\/div>\r\n\t\t\t\t\t\t\r\n\t\t\t\t\t\t                    <\/div>\r\n                <\/div>\r\n            <\/div>\r\n        <\/div>\r\n    <\/div>\r\n<\/div>\r\n<\/div><div class=\"penci-clearfix penci-biggrid-data penci-dblock penci-fixh\"><div class=\"penci-bgitem pcbg-big-item bgitem-1\">\r\n    <div class=\"penci-bgitin\">\r\n        <div class=\"penci-bgmain\">\r\n            <div class=\"pcbg-thumb\">\r\n\t\t\t\t\t\t\t\t                <div class=\"pcbg-thumbin\">\r\n                    <a class=\"pcbg-bgoverlay\"\r\n                       href=\"https:\/\/prensapaisa.com\/index.php\/2026\/03\/03\/gracias-a-los-retebes-en-en-santa-cruz-medellin-hurto-de-motocicletas-cayo-el-80-durante-el-2026\/\" title=\"Gracias a los retebes en en Santa Cruz, Medell\u00edn, Hurto de motocicletas cay\u00f3 el 80 % durante el 2026\"><\/a>\r\n\t\t\t\t\t                        <div class=\"penci-image-holder penci-lazy\"                             data-bgset=\"https:\/\/prensapaisa.com\/wp-content\/uploads\/2026\/03\/Captura-de-pantalla-2026-03-03-163028.jpg\" data_bg_hidpi=\"https:\/\/prensapaisa.com\/wp-content\/uploads\/2026\/03\/Captura-de-pantalla-2026-03-03-163028.jpg\"\r\n                             data-sizes=\"(max-width: 767px) 585px, 1170px\">\r\n                        <\/div>\r\n\t\t\t\t\t                <\/div>\r\n            <\/div>\r\n            <div class=\"pcbg-content\">\r\n                <div class=\"pcbg-content-flex\">\r\n                    <a class=\"pcbg-bgoverlay active-overlay\"\r\n                       href=\"https:\/\/prensapaisa.com\/index.php\/2026\/03\/03\/gracias-a-los-retebes-en-en-santa-cruz-medellin-hurto-de-motocicletas-cayo-el-80-durante-el-2026\/\" title=\"Gracias a los retebes en en Santa Cruz, Medell\u00edn, Hurto de motocicletas cay\u00f3 el 80 % durante el 2026\"><\/a>\r\n                    <div class=\"pcbg-content-inner bgcontent-block\">\r\n                        <a href=\"https:\/\/prensapaisa.com\/index.php\/2026\/03\/03\/gracias-a-los-retebes-en-en-santa-cruz-medellin-hurto-de-motocicletas-cayo-el-80-durante-el-2026\/\" title=\"Gracias a los retebes en en Santa Cruz, Medell\u00edn, Hurto de motocicletas cay\u00f3 el 80 % durante el 2026\"\r\n                           class=\"pcbg-bgoverlaytext item-hover\"><\/a>\r\n\r\n\t\t\t\t\t\t                            <div class=\"pcbg-above item-hover\">\r\n\t\t\t\t\t\t\t<span class=\"cat pcbg-sub-title\">\r\n\t\t\t\t\t\t\t\t<a class=\"penci-cat-name penci-cat-45\" href=\"https:\/\/prensapaisa.com\/index.php\/category\/movilidad\/accidentes\/\"  rel=\"category tag\">Accidentes<\/a><a class=\"penci-cat-name penci-cat-49\" href=\"https:\/\/prensapaisa.com\/index.php\/category\/orden-publico\/capturas\/\"  rel=\"category tag\">Capturas<\/a><a class=\"penci-cat-name penci-cat-50\" href=\"https:\/\/prensapaisa.com\/index.php\/category\/orden-publico\/denuncias\/\"  rel=\"category tag\">Denuncias<\/a><a class=\"penci-cat-name penci-cat-44\" href=\"https:\/\/prensapaisa.com\/index.php\/category\/movilidad\/\"  rel=\"category tag\">Movilidad<\/a><a class=\"penci-cat-name penci-cat-1\" href=\"https:\/\/prensapaisa.com\/index.php\/category\/noticias\/\"  rel=\"category tag\">Noticias<\/a><a class=\"penci-cat-name penci-cat-47\" href=\"https:\/\/prensapaisa.com\/index.php\/category\/orden-publico\/\"  rel=\"category tag\">Orden Publico<\/a><a class=\"penci-cat-name penci-cat-46\" href=\"https:\/\/prensapaisa.com\/index.php\/category\/redes-sociales\/\"  rel=\"category tag\">Redes Sociales<\/a>\t\t\t\t\t\t\t<\/span>\r\n                            <\/div>\r\n\t\t\t\t\t\t\r\n\t\t\t\t\t\t                            <div class=\"pcbg-heading item-hover\">\r\n                                <h3 class=\"pcbg-title\">\r\n                                    <a href=\"https:\/\/prensapaisa.com\/index.php\/2026\/03\/03\/gracias-a-los-retebes-en-en-santa-cruz-medellin-hurto-de-motocicletas-cayo-el-80-durante-el-2026\/\">\r\n                                        Gracias a los retebes en en Santa Cruz, Medell\u00edn, Hurto de motocicletas cay\u00f3 el 80 % durante el 2026                                    <\/a>\r\n                                <\/h3>\r\n                            <\/div>\r\n\t\t\t\t\t\t\r\n\t\t\t\t\t\t                            <div class=\"grid-post-box-meta pcbg-meta item-hover\">\r\n                                <div class=\"pcbg-meta-desc\">\r\n\t\t\t\t\t\t\t\t\t                                        <span class=\"bg-date-author author-italic author vcard\">\r\n\t\t\t\t\t\t\t\t\t\tby <a class=\"url fn n\"\r\n                                                                                                href=\"https:\/\/prensapaisa.com\/index.php\/author\/prensapaisagmail-com\/\">noticias@prensapaisa.com<\/a>\r\n\t\t\t\t\t\t\t\t\t<\/span>\r\n\t\t\t\t\t\t\t\t\t\t\t\t\t\t\t\t\t\t                                        <span class=\"bg-date\"><time class=\"entry-date published\" datetime=\"2026-03-03T16:31:52-05:00\">marzo 3, 2026<\/time><\/span>\r\n\t\t\t\t\t\t\t\t\t\t\t\t\t\t\t\t\t\t\t\t\t\t\t\t\t\t\t\t\t\t\t\t\t\t\t\t                                <\/div>\r\n\t\t\t\t\t\t\t\t                            <\/div>\r\n\t\t\t\t\t\t\r\n\t\t\t\t\t\t                    <\/div>\r\n                <\/div>\r\n            <\/div>\r\n        <\/div>\r\n    <\/div>\r\n<\/div>\r\n<div class=\"penci-bgitem bgitem-2\">\r\n    <div class=\"penci-bgitin\">\r\n        <div class=\"penci-bgmain\">\r\n            <div class=\"pcbg-thumb\">\r\n\t\t\t\t\t\t\t\t                <div class=\"pcbg-thumbin\">\r\n                    <a class=\"pcbg-bgoverlay\"\r\n                       href=\"https:\/\/prensapaisa.com\/index.php\/2026\/03\/03\/atracos-bajan-15-en-medellin-131-robos-menos-y-un-respiro-en-las-calles\/\" title=\"Atracos bajan 15 % en Medell\u00edn: 131 robos menos y un respiro en las calles\u2026\"><\/a>\r\n\t\t\t\t\t                        <div class=\"penci-image-holder penci-lazy\"                             data-bgset=\"https:\/\/prensapaisa.com\/wp-content\/uploads\/2026\/03\/Captura-de-pantalla-2026-03-03-162728.jpg\" data_bg_hidpi=\"https:\/\/prensapaisa.com\/wp-content\/uploads\/2026\/03\/Captura-de-pantalla-2026-03-03-162728.jpg\"\r\n                             data-sizes=\"(max-width: 767px) 585px, 585px\">\r\n                        <\/div>\r\n\t\t\t\t\t                <\/div>\r\n            <\/div>\r\n            <div class=\"pcbg-content\">\r\n                <div class=\"pcbg-content-flex\">\r\n                    <a class=\"pcbg-bgoverlay active-overlay\"\r\n                       href=\"https:\/\/prensapaisa.com\/index.php\/2026\/03\/03\/atracos-bajan-15-en-medellin-131-robos-menos-y-un-respiro-en-las-calles\/\" title=\"Atracos bajan 15 % en Medell\u00edn: 131 robos menos y un respiro en las calles\u2026\"><\/a>\r\n                    <div class=\"pcbg-content-inner bgcontent-block\">\r\n                        <a href=\"https:\/\/prensapaisa.com\/index.php\/2026\/03\/03\/atracos-bajan-15-en-medellin-131-robos-menos-y-un-respiro-en-las-calles\/\" title=\"Atracos bajan 15 % en Medell\u00edn: 131 robos menos y un respiro en las calles\u2026\"\r\n                           class=\"pcbg-bgoverlaytext item-hover\"><\/a>\r\n\r\n\t\t\t\t\t\t\r\n\t\t\t\t\t\t                            <div class=\"pcbg-heading item-hover\">\r\n                                <h3 class=\"pcbg-title\">\r\n                                    <a href=\"https:\/\/prensapaisa.com\/index.php\/2026\/03\/03\/atracos-bajan-15-en-medellin-131-robos-menos-y-un-respiro-en-las-calles\/\">\r\n                                        Atracos bajan 15 % en Medell\u00edn: 131 robos menos y un respiro en las calles\u2026                                    <\/a>\r\n                                <\/h3>\r\n                            <\/div>\r\n\t\t\t\t\t\t\r\n\t\t\t\t\t\t                            <div class=\"grid-post-box-meta pcbg-meta item-hover\">\r\n                                <div class=\"pcbg-meta-desc\">\r\n\t\t\t\t\t\t\t\t\t                                        <span class=\"bg-date-author author-italic author vcard\">\r\n\t\t\t\t\t\t\t\t\t\tby <a class=\"url fn n\"\r\n                                                                                                href=\"https:\/\/prensapaisa.com\/index.php\/author\/prensapaisagmail-com\/\">noticias@prensapaisa.com<\/a>\r\n\t\t\t\t\t\t\t\t\t<\/span>\r\n\t\t\t\t\t\t\t\t\t\t\t\t\t\t\t\t\t\t                                        <span class=\"bg-date\"><time class=\"entry-date published\" datetime=\"2026-03-03T16:28:54-05:00\">marzo 3, 2026<\/time><\/span>\r\n\t\t\t\t\t\t\t\t\t\t\t\t\t\t\t\t\t\t\t\t\t\t\t\t\t\t\t\t\t\t\t\t\t\t\t\t                                <\/div>\r\n\t\t\t\t\t\t\t\t                            <\/div>\r\n\t\t\t\t\t\t\r\n\t\t\t\t\t\t                    <\/div>\r\n                <\/div>\r\n            <\/div>\r\n        <\/div>\r\n    <\/div>\r\n<\/div>\r\n<div class=\"penci-bgitem bgitem-0\">\r\n    <div class=\"penci-bgitin\">\r\n        <div class=\"penci-bgmain\">\r\n            <div class=\"pcbg-thumb\">\r\n\t\t\t\t\t\t\t\t                <div class=\"pcbg-thumbin\">\r\n                    <a class=\"pcbg-bgoverlay\"\r\n                       href=\"https:\/\/prensapaisa.com\/index.php\/2026\/03\/03\/hurto-de-motocicletas-cae-59-en-la-ciudad-435-robos-menos-en-lo-corrido-del-ano\/\" title=\"Hurto de motocicletas cae 59 % en la ciudad: 435 robos menos en lo corrido del a\u00f1o\"><\/a>\r\n\t\t\t\t\t                        <div class=\"penci-image-holder penci-lazy\"                             data-bgset=\"https:\/\/prensapaisa.com\/wp-content\/uploads\/2026\/03\/Captura-de-pantalla-2026-03-03-162437.jpg\" data_bg_hidpi=\"https:\/\/prensapaisa.com\/wp-content\/uploads\/2026\/03\/Captura-de-pantalla-2026-03-03-162437.jpg\"\r\n                             data-sizes=\"(max-width: 767px) 585px, 585px\">\r\n                        <\/div>\r\n\t\t\t\t\t                <\/div>\r\n            <\/div>\r\n            <div class=\"pcbg-content\">\r\n                <div class=\"pcbg-content-flex\">\r\n                    <a class=\"pcbg-bgoverlay active-overlay\"\r\n                       href=\"https:\/\/prensapaisa.com\/index.php\/2026\/03\/03\/hurto-de-motocicletas-cae-59-en-la-ciudad-435-robos-menos-en-lo-corrido-del-ano\/\" title=\"Hurto de motocicletas cae 59 % en la ciudad: 435 robos menos en lo corrido del a\u00f1o\"><\/a>\r\n                    <div class=\"pcbg-content-inner bgcontent-block\">\r\n                        <a href=\"https:\/\/prensapaisa.com\/index.php\/2026\/03\/03\/hurto-de-motocicletas-cae-59-en-la-ciudad-435-robos-menos-en-lo-corrido-del-ano\/\" title=\"Hurto de motocicletas cae 59 % en la ciudad: 435 robos menos en lo corrido del a\u00f1o\"\r\n                           class=\"pcbg-bgoverlaytext item-hover\"><\/a>\r\n\r\n\t\t\t\t\t\t\r\n\t\t\t\t\t\t                            <div class=\"pcbg-heading item-hover\">\r\n                                <h3 class=\"pcbg-title\">\r\n                                    <a href=\"https:\/\/prensapaisa.com\/index.php\/2026\/03\/03\/hurto-de-motocicletas-cae-59-en-la-ciudad-435-robos-menos-en-lo-corrido-del-ano\/\">\r\n                                        Hurto de motocicletas cae 59 % en la ciudad: 435 robos menos en lo corrido del a\u00f1o                                    <\/a>\r\n                                <\/h3>\r\n                            <\/div>\r\n\t\t\t\t\t\t\r\n\t\t\t\t\t\t                            <div class=\"grid-post-box-meta pcbg-meta item-hover\">\r\n                                <div class=\"pcbg-meta-desc\">\r\n\t\t\t\t\t\t\t\t\t                                        <span class=\"bg-date-author author-italic author vcard\">\r\n\t\t\t\t\t\t\t\t\t\tby <a class=\"url fn n\"\r\n                                                                                                href=\"https:\/\/prensapaisa.com\/index.php\/author\/prensapaisagmail-com\/\">noticias@prensapaisa.com<\/a>\r\n\t\t\t\t\t\t\t\t\t<\/span>\r\n\t\t\t\t\t\t\t\t\t\t\t\t\t\t\t\t\t\t                                        <span class=\"bg-date\"><time class=\"entry-date published\" datetime=\"2026-03-03T16:25:43-05:00\">marzo 3, 2026<\/time><\/span>\r\n\t\t\t\t\t\t\t\t\t\t\t\t\t\t\t\t\t\t\t\t\t\t\t\t\t\t\t\t\t\t\t\t\t\t\t\t                                <\/div>\r\n\t\t\t\t\t\t\t\t                            <\/div>\r\n\t\t\t\t\t\t\r\n\t\t\t\t\t\t                    <\/div>\r\n                <\/div>\r\n            <\/div>\r\n        <\/div>\r\n    <\/div>\r\n<\/div>\r\n<\/div><div class=\"penci-clearfix penci-biggrid-data penci-dblock penci-fixh\"><div class=\"penci-bgitem pcbg-big-item bgitem-1\">\r\n    <div class=\"penci-bgitin\">\r\n        <div class=\"penci-bgmain\">\r\n            <div class=\"pcbg-thumb\">\r\n\t\t\t\t\t\t\t\t                <div class=\"pcbg-thumbin\">\r\n                    <a class=\"pcbg-bgoverlay\"\r\n                       href=\"https:\/\/prensapaisa.com\/index.php\/2026\/03\/03\/16223\/\" title=\"Paisas agradecen a las autoridades que hagan retenes porque mejoran la seguridad en Medell\u00edn\"><\/a>\r\n\t\t\t\t\t                        <div class=\"penci-image-holder penci-lazy\"                             data-bgset=\"https:\/\/prensapaisa.com\/wp-content\/uploads\/2026\/03\/Captura-de-pantalla-2026-03-03-162047.jpg\" data_bg_hidpi=\"https:\/\/prensapaisa.com\/wp-content\/uploads\/2026\/03\/Captura-de-pantalla-2026-03-03-162047.jpg\"\r\n                             data-sizes=\"(max-width: 767px) 585px, 1170px\">\r\n                        <\/div>\r\n\t\t\t\t\t                <\/div>\r\n            <\/div>\r\n            <div class=\"pcbg-content\">\r\n                <div class=\"pcbg-content-flex\">\r\n                    <a class=\"pcbg-bgoverlay active-overlay\"\r\n                       href=\"https:\/\/prensapaisa.com\/index.php\/2026\/03\/03\/16223\/\" title=\"Paisas agradecen a las autoridades que hagan retenes porque mejoran la seguridad en Medell\u00edn\"><\/a>\r\n                    <div class=\"pcbg-content-inner bgcontent-block\">\r\n                        <a href=\"https:\/\/prensapaisa.com\/index.php\/2026\/03\/03\/16223\/\" title=\"Paisas agradecen a las autoridades que hagan retenes porque mejoran la seguridad en Medell\u00edn\"\r\n                           class=\"pcbg-bgoverlaytext item-hover\"><\/a>\r\n\r\n\t\t\t\t\t\t                            <div class=\"pcbg-above item-hover\">\r\n\t\t\t\t\t\t\t<span class=\"cat pcbg-sub-title\">\r\n\t\t\t\t\t\t\t\t<a class=\"penci-cat-name penci-cat-49\" href=\"https:\/\/prensapaisa.com\/index.php\/category\/orden-publico\/capturas\/\"  rel=\"category tag\">Capturas<\/a><a class=\"penci-cat-name penci-cat-50\" href=\"https:\/\/prensapaisa.com\/index.php\/category\/orden-publico\/denuncias\/\"  rel=\"category tag\">Denuncias<\/a><a class=\"penci-cat-name penci-cat-48\" href=\"https:\/\/prensapaisa.com\/index.php\/category\/orden-publico\/hurtos\/\"  rel=\"category tag\">Hurtos<\/a><a class=\"penci-cat-name penci-cat-44\" href=\"https:\/\/prensapaisa.com\/index.php\/category\/movilidad\/\"  rel=\"category tag\">Movilidad<\/a><a class=\"penci-cat-name penci-cat-16\" href=\"https:\/\/prensapaisa.com\/index.php\/category\/municipios\/\"  rel=\"category tag\">Municipios<\/a><a class=\"penci-cat-name penci-cat-1\" href=\"https:\/\/prensapaisa.com\/index.php\/category\/noticias\/\"  rel=\"category tag\">Noticias<\/a><a class=\"penci-cat-name penci-cat-47\" href=\"https:\/\/prensapaisa.com\/index.php\/category\/orden-publico\/\"  rel=\"category tag\">Orden Publico<\/a><a class=\"penci-cat-name penci-cat-46\" href=\"https:\/\/prensapaisa.com\/index.php\/category\/redes-sociales\/\"  rel=\"category tag\">Redes Sociales<\/a>\t\t\t\t\t\t\t<\/span>\r\n                            <\/div>\r\n\t\t\t\t\t\t\r\n\t\t\t\t\t\t                            <div class=\"pcbg-heading item-hover\">\r\n                                <h3 class=\"pcbg-title\">\r\n                                    <a href=\"https:\/\/prensapaisa.com\/index.php\/2026\/03\/03\/16223\/\">\r\n                                        Paisas agradecen a las autoridades que hagan retenes porque mejoran la seguridad en Medell\u00edn                                    <\/a>\r\n                                <\/h3>\r\n                            <\/div>\r\n\t\t\t\t\t\t\r\n\t\t\t\t\t\t                            <div class=\"grid-post-box-meta pcbg-meta item-hover\">\r\n                                <div class=\"pcbg-meta-desc\">\r\n\t\t\t\t\t\t\t\t\t                                        <span class=\"bg-date-author author-italic author vcard\">\r\n\t\t\t\t\t\t\t\t\t\tby <a class=\"url fn n\"\r\n                                                                                                href=\"https:\/\/prensapaisa.com\/index.php\/author\/prensapaisagmail-com\/\">noticias@prensapaisa.com<\/a>\r\n\t\t\t\t\t\t\t\t\t<\/span>\r\n\t\t\t\t\t\t\t\t\t\t\t\t\t\t\t\t\t\t                                        <span class=\"bg-date\"><time class=\"entry-date published\" datetime=\"2026-03-03T16:21:37-05:00\">marzo 3, 2026<\/time><\/span>\r\n\t\t\t\t\t\t\t\t\t\t\t\t\t\t\t\t\t\t\t\t\t\t\t\t\t\t\t\t\t\t\t\t\t\t\t\t                                <\/div>\r\n\t\t\t\t\t\t\t\t                            <\/div>\r\n\t\t\t\t\t\t\r\n\t\t\t\t\t\t                    <\/div>\r\n                <\/div>\r\n            <\/div>\r\n        <\/div>\r\n    <\/div>\r\n<\/div>\r\n<div class=\"penci-bgitem bgitem-2\">\r\n    <div class=\"penci-bgitin\">\r\n        <div class=\"penci-bgmain\">\r\n            <div class=\"pcbg-thumb\">\r\n\t\t\t\t\t\t\t\t                <div class=\"pcbg-thumbin\">\r\n                    <a class=\"pcbg-bgoverlay\"\r\n                       href=\"https:\/\/prensapaisa.com\/index.php\/2026\/03\/03\/docente-oriunda-de-antioquia-fue-hallada-sin-vida-en-zona-rural-de-norte-de-santander\/\" title=\"Docente oriunda de Antioquia fue hallada sin vida en zona rural de Norte de Santander\"><\/a>\r\n\t\t\t\t\t                        <div class=\"penci-image-holder penci-lazy\"                             data-bgset=\"https:\/\/prensapaisa.com\/wp-content\/uploads\/2026\/03\/643884030_964543546140633_3165254517678063834_n.jpg\" data_bg_hidpi=\"https:\/\/prensapaisa.com\/wp-content\/uploads\/2026\/03\/643884030_964543546140633_3165254517678063834_n.jpg\"\r\n                             data-sizes=\"(max-width: 767px) 585px, 585px\">\r\n                        <\/div>\r\n\t\t\t\t\t                <\/div>\r\n            <\/div>\r\n            <div class=\"pcbg-content\">\r\n                <div class=\"pcbg-content-flex\">\r\n                    <a class=\"pcbg-bgoverlay active-overlay\"\r\n                       href=\"https:\/\/prensapaisa.com\/index.php\/2026\/03\/03\/docente-oriunda-de-antioquia-fue-hallada-sin-vida-en-zona-rural-de-norte-de-santander\/\" title=\"Docente oriunda de Antioquia fue hallada sin vida en zona rural de Norte de Santander\"><\/a>\r\n                    <div class=\"pcbg-content-inner bgcontent-block\">\r\n                        <a href=\"https:\/\/prensapaisa.com\/index.php\/2026\/03\/03\/docente-oriunda-de-antioquia-fue-hallada-sin-vida-en-zona-rural-de-norte-de-santander\/\" title=\"Docente oriunda de Antioquia fue hallada sin vida en zona rural de Norte de Santander\"\r\n                           class=\"pcbg-bgoverlaytext item-hover\"><\/a>\r\n\r\n\t\t\t\t\t\t\r\n\t\t\t\t\t\t                            <div class=\"pcbg-heading item-hover\">\r\n                                <h3 class=\"pcbg-title\">\r\n                                    <a href=\"https:\/\/prensapaisa.com\/index.php\/2026\/03\/03\/docente-oriunda-de-antioquia-fue-hallada-sin-vida-en-zona-rural-de-norte-de-santander\/\">\r\n                                        Docente oriunda de Antioquia fue hallada sin vida en zona rural de Norte de Santander                                    <\/a>\r\n                                <\/h3>\r\n                            <\/div>\r\n\t\t\t\t\t\t\r\n\t\t\t\t\t\t                            <div class=\"grid-post-box-meta pcbg-meta item-hover\">\r\n                                <div class=\"pcbg-meta-desc\">\r\n\t\t\t\t\t\t\t\t\t                                        <span class=\"bg-date-author author-italic author vcard\">\r\n\t\t\t\t\t\t\t\t\t\tby <a class=\"url fn n\"\r\n                                                                                                href=\"https:\/\/prensapaisa.com\/index.php\/author\/prensapaisagmail-com\/\">noticias@prensapaisa.com<\/a>\r\n\t\t\t\t\t\t\t\t\t<\/span>\r\n\t\t\t\t\t\t\t\t\t\t\t\t\t\t\t\t\t\t                                        <span class=\"bg-date\"><time class=\"entry-date published\" datetime=\"2026-03-03T15:16:43-05:00\">marzo 3, 2026<\/time><\/span>\r\n\t\t\t\t\t\t\t\t\t\t\t\t\t\t\t\t\t\t\t\t\t\t\t\t\t\t\t\t\t\t\t\t\t\t\t\t                                <\/div>\r\n\t\t\t\t\t\t\t\t                            <\/div>\r\n\t\t\t\t\t\t\r\n\t\t\t\t\t\t                    <\/div>\r\n                <\/div>\r\n            <\/div>\r\n        <\/div>\r\n    <\/div>\r\n<\/div>\r\n<div class=\"penci-bgitem bgitem-0\">\r\n    <div class=\"penci-bgitin\">\r\n        <div class=\"penci-bgmain\">\r\n            <div class=\"pcbg-thumb\">\r\n\t\t\t\t\t\t\t\t                <div class=\"pcbg-thumbin\">\r\n                    <a class=\"pcbg-bgoverlay\"\r\n                       href=\"https:\/\/prensapaisa.com\/index.php\/2026\/03\/03\/medellin-le-metera-110-mil-millones-al-velodromo-y-le-rindio-un-homenaje-en-vida-a-cochise\/\" title=\"Medell\u00edn le meter\u00e1 $110 mil millones al vel\u00f3dromo y le rindi\u00f3 un homenaje en vida a Cochise\"><\/a>\r\n\t\t\t\t\t                        <div class=\"penci-image-holder penci-lazy\"                             data-bgset=\"https:\/\/prensapaisa.com\/wp-content\/uploads\/2026\/03\/645993234_964650566129931_1223128153108375611_n-585x329.jpg\" data_bg_hidpi=\"https:\/\/prensapaisa.com\/wp-content\/uploads\/2026\/03\/645993234_964650566129931_1223128153108375611_n-585x329.jpg\"\r\n                             data-sizes=\"(max-width: 767px) 585px, 585px\">\r\n                        <\/div>\r\n\t\t\t\t\t                <\/div>\r\n            <\/div>\r\n            <div class=\"pcbg-content\">\r\n                <div class=\"pcbg-content-flex\">\r\n                    <a class=\"pcbg-bgoverlay active-overlay\"\r\n                       href=\"https:\/\/prensapaisa.com\/index.php\/2026\/03\/03\/medellin-le-metera-110-mil-millones-al-velodromo-y-le-rindio-un-homenaje-en-vida-a-cochise\/\" title=\"Medell\u00edn le meter\u00e1 $110 mil millones al vel\u00f3dromo y le rindi\u00f3 un homenaje en vida a Cochise\"><\/a>\r\n                    <div class=\"pcbg-content-inner bgcontent-block\">\r\n                        <a href=\"https:\/\/prensapaisa.com\/index.php\/2026\/03\/03\/medellin-le-metera-110-mil-millones-al-velodromo-y-le-rindio-un-homenaje-en-vida-a-cochise\/\" title=\"Medell\u00edn le meter\u00e1 $110 mil millones al vel\u00f3dromo y le rindi\u00f3 un homenaje en vida a Cochise\"\r\n                           class=\"pcbg-bgoverlaytext item-hover\"><\/a>\r\n\r\n\t\t\t\t\t\t\r\n\t\t\t\t\t\t                            <div class=\"pcbg-heading item-hover\">\r\n                                <h3 class=\"pcbg-title\">\r\n                                    <a href=\"https:\/\/prensapaisa.com\/index.php\/2026\/03\/03\/medellin-le-metera-110-mil-millones-al-velodromo-y-le-rindio-un-homenaje-en-vida-a-cochise\/\">\r\n                                        Medell\u00edn le meter\u00e1 $110 mil millones al vel\u00f3dromo y le rindi\u00f3 un homenaje en vida a Cochise                                    <\/a>\r\n                                <\/h3>\r\n                            <\/div>\r\n\t\t\t\t\t\t\r\n\t\t\t\t\t\t                            <div class=\"grid-post-box-meta pcbg-meta item-hover\">\r\n                                <div class=\"pcbg-meta-desc\">\r\n\t\t\t\t\t\t\t\t\t                                        <span class=\"bg-date-author author-italic author vcard\">\r\n\t\t\t\t\t\t\t\t\t\tby <a class=\"url fn n\"\r\n                                                                                                href=\"https:\/\/prensapaisa.com\/index.php\/author\/prensapaisagmail-com\/\">noticias@prensapaisa.com<\/a>\r\n\t\t\t\t\t\t\t\t\t<\/span>\r\n\t\t\t\t\t\t\t\t\t\t\t\t\t\t\t\t\t\t                                        <span class=\"bg-date\"><time class=\"entry-date published\" datetime=\"2026-03-03T15:05:15-05:00\">marzo 3, 2026<\/time><\/span>\r\n\t\t\t\t\t\t\t\t\t\t\t\t\t\t\t\t\t\t\t\t\t\t\t\t\t\t\t\t\t\t\t\t\t\t\t\t                                <\/div>\r\n\t\t\t\t\t\t\t\t                            <\/div>\r\n\t\t\t\t\t\t\r\n\t\t\t\t\t\t                    <\/div>\r\n                <\/div>\r\n            <\/div>\r\n        <\/div>\r\n    <\/div>\r\n<\/div>\r\n<\/div><div class=\"penci-clearfix penci-biggrid-data penci-dblock penci-fixh\"><div class=\"penci-bgitem pcbg-big-item bgitem-1\">\r\n    <div class=\"penci-bgitin\">\r\n        <div class=\"penci-bgmain\">\r\n            <div class=\"pcbg-thumb\">\r\n\t\t\t\t\t\t\t\t                <div class=\"pcbg-thumbin\">\r\n                    <a class=\"pcbg-bgoverlay\"\r\n                       href=\"https:\/\/prensapaisa.com\/index.php\/2026\/03\/01\/un-hombre-fue-embestido-por-un-carro-y-un-motociclista-fallecio-tras-accidentes-de-transito-en-medellin\/\" title=\"Un hombre fue embestido por un carro y un Motociclista falleci\u00f3 tras accidentes de tr\u00e1nsito en Medell\u00edn\"><\/a>\r\n\t\t\t\t\t                        <div class=\"penci-image-holder penci-lazy\"                             data-bgset=\"https:\/\/prensapaisa.com\/wp-content\/uploads\/2026\/03\/644893181_962777449650576_730711582614949959_n-1170x1556.jpg\" data_bg_hidpi=\"https:\/\/prensapaisa.com\/wp-content\/uploads\/2026\/03\/644893181_962777449650576_730711582614949959_n-585x778.jpg\"\r\n                             data-sizes=\"(max-width: 767px) 585px, 1170px\">\r\n                        <\/div>\r\n\t\t\t\t\t                <\/div>\r\n            <\/div>\r\n            <div class=\"pcbg-content\">\r\n                <div class=\"pcbg-content-flex\">\r\n                    <a class=\"pcbg-bgoverlay active-overlay\"\r\n                       href=\"https:\/\/prensapaisa.com\/index.php\/2026\/03\/01\/un-hombre-fue-embestido-por-un-carro-y-un-motociclista-fallecio-tras-accidentes-de-transito-en-medellin\/\" title=\"Un hombre fue embestido por un carro y un Motociclista falleci\u00f3 tras accidentes de tr\u00e1nsito en Medell\u00edn\"><\/a>\r\n                    <div class=\"pcbg-content-inner bgcontent-block\">\r\n                        <a href=\"https:\/\/prensapaisa.com\/index.php\/2026\/03\/01\/un-hombre-fue-embestido-por-un-carro-y-un-motociclista-fallecio-tras-accidentes-de-transito-en-medellin\/\" title=\"Un hombre fue embestido por un carro y un Motociclista falleci\u00f3 tras accidentes de tr\u00e1nsito en Medell\u00edn\"\r\n                           class=\"pcbg-bgoverlaytext item-hover\"><\/a>\r\n\r\n\t\t\t\t\t\t                            <div class=\"pcbg-above item-hover\">\r\n\t\t\t\t\t\t\t<span class=\"cat pcbg-sub-title\">\r\n\t\t\t\t\t\t\t\t<a class=\"penci-cat-name penci-cat-45\" href=\"https:\/\/prensapaisa.com\/index.php\/category\/movilidad\/accidentes\/\"  rel=\"category tag\">Accidentes<\/a><a class=\"penci-cat-name penci-cat-43\" href=\"https:\/\/prensapaisa.com\/index.php\/category\/fallecidos\/\"  rel=\"category tag\">Fallecidos<\/a><a class=\"penci-cat-name penci-cat-44\" href=\"https:\/\/prensapaisa.com\/index.php\/category\/movilidad\/\"  rel=\"category tag\">Movilidad<\/a><a class=\"penci-cat-name penci-cat-16\" href=\"https:\/\/prensapaisa.com\/index.php\/category\/municipios\/\"  rel=\"category tag\">Municipios<\/a><a class=\"penci-cat-name penci-cat-1\" href=\"https:\/\/prensapaisa.com\/index.php\/category\/noticias\/\"  rel=\"category tag\">Noticias<\/a><a class=\"penci-cat-name penci-cat-47\" href=\"https:\/\/prensapaisa.com\/index.php\/category\/orden-publico\/\"  rel=\"category tag\">Orden Publico<\/a><a class=\"penci-cat-name penci-cat-46\" href=\"https:\/\/prensapaisa.com\/index.php\/category\/redes-sociales\/\"  rel=\"category tag\">Redes Sociales<\/a>\t\t\t\t\t\t\t<\/span>\r\n                            <\/div>\r\n\t\t\t\t\t\t\r\n\t\t\t\t\t\t                            <div class=\"pcbg-heading item-hover\">\r\n                                <h3 class=\"pcbg-title\">\r\n                                    <a href=\"https:\/\/prensapaisa.com\/index.php\/2026\/03\/01\/un-hombre-fue-embestido-por-un-carro-y-un-motociclista-fallecio-tras-accidentes-de-transito-en-medellin\/\">\r\n                                        Un hombre fue embestido por un carro y un Motociclista falleci\u00f3 tras accidentes de tr\u00e1nsito en Medell\u00edn                                    <\/a>\r\n                                <\/h3>\r\n                            <\/div>\r\n\t\t\t\t\t\t\r\n\t\t\t\t\t\t                            <div class=\"grid-post-box-meta pcbg-meta item-hover\">\r\n                                <div class=\"pcbg-meta-desc\">\r\n\t\t\t\t\t\t\t\t\t                                        <span class=\"bg-date-author author-italic author vcard\">\r\n\t\t\t\t\t\t\t\t\t\tby <a class=\"url fn n\"\r\n                                                                                                href=\"https:\/\/prensapaisa.com\/index.php\/author\/prensapaisagmail-com\/\">noticias@prensapaisa.com<\/a>\r\n\t\t\t\t\t\t\t\t\t<\/span>\r\n\t\t\t\t\t\t\t\t\t\t\t\t\t\t\t\t\t\t                                        <span class=\"bg-date\"><time class=\"entry-date published\" datetime=\"2026-03-01T07:47:59-05:00\">marzo 1, 2026<\/time><\/span>\r\n\t\t\t\t\t\t\t\t\t\t\t\t\t\t\t\t\t\t\t\t\t\t\t\t\t\t\t\t\t\t\t\t\t\t\t\t                                <\/div>\r\n\t\t\t\t\t\t\t\t                            <\/div>\r\n\t\t\t\t\t\t\r\n\t\t\t\t\t\t                    <\/div>\r\n                <\/div>\r\n            <\/div>\r\n        <\/div>\r\n    <\/div>\r\n<\/div>\r\n<div class=\"penci-bgitem bgitem-2\">\r\n    <div class=\"penci-bgitin\">\r\n        <div class=\"penci-bgmain\">\r\n            <div class=\"pcbg-thumb\">\r\n\t\t\t\t\t\t\t\t                <div class=\"pcbg-thumbin\">\r\n                    <a class=\"pcbg-bgoverlay\"\r\n                       href=\"https:\/\/prensapaisa.com\/index.php\/2026\/02\/12\/dos-personas-sin-vida-dejo-un-accidente-de-transito-en-la-via-zaragoza-caucasia-antioquia\/\" title=\"Dos personas sin vida dej\u00f3 un accidente de tr\u00e1nsito en la v\u00eda Zaragoza &#8211; Caucasia, Antioquia\"><\/a>\r\n\t\t\t\t\t                        <div class=\"penci-image-holder penci-lazy\"                             data-bgset=\"https:\/\/prensapaisa.com\/wp-content\/uploads\/2026\/02\/631621522_947306467864341_7023211204028440908_n-585x778.jpg\" data_bg_hidpi=\"https:\/\/prensapaisa.com\/wp-content\/uploads\/2026\/02\/631621522_947306467864341_7023211204028440908_n-585x778.jpg\"\r\n                             data-sizes=\"(max-width: 767px) 585px, 585px\">\r\n                        <\/div>\r\n\t\t\t\t\t                <\/div>\r\n            <\/div>\r\n            <div class=\"pcbg-content\">\r\n                <div class=\"pcbg-content-flex\">\r\n                    <a class=\"pcbg-bgoverlay active-overlay\"\r\n                       href=\"https:\/\/prensapaisa.com\/index.php\/2026\/02\/12\/dos-personas-sin-vida-dejo-un-accidente-de-transito-en-la-via-zaragoza-caucasia-antioquia\/\" title=\"Dos personas sin vida dej\u00f3 un accidente de tr\u00e1nsito en la v\u00eda Zaragoza &#8211; Caucasia, Antioquia\"><\/a>\r\n                    <div class=\"pcbg-content-inner bgcontent-block\">\r\n                        <a href=\"https:\/\/prensapaisa.com\/index.php\/2026\/02\/12\/dos-personas-sin-vida-dejo-un-accidente-de-transito-en-la-via-zaragoza-caucasia-antioquia\/\" title=\"Dos personas sin vida dej\u00f3 un accidente de tr\u00e1nsito en la v\u00eda Zaragoza &#8211; Caucasia, Antioquia\"\r\n                           class=\"pcbg-bgoverlaytext item-hover\"><\/a>\r\n\r\n\t\t\t\t\t\t\r\n\t\t\t\t\t\t                            <div class=\"pcbg-heading item-hover\">\r\n                                <h3 class=\"pcbg-title\">\r\n                                    <a href=\"https:\/\/prensapaisa.com\/index.php\/2026\/02\/12\/dos-personas-sin-vida-dejo-un-accidente-de-transito-en-la-via-zaragoza-caucasia-antioquia\/\">\r\n                                        Dos personas sin vida dej\u00f3 un accidente de tr\u00e1nsito en la v\u00eda Zaragoza &#8211; Caucasia, Antioquia                                    <\/a>\r\n                                <\/h3>\r\n                            <\/div>\r\n\t\t\t\t\t\t\r\n\t\t\t\t\t\t                            <div class=\"grid-post-box-meta pcbg-meta item-hover\">\r\n                                <div class=\"pcbg-meta-desc\">\r\n\t\t\t\t\t\t\t\t\t                                        <span class=\"bg-date-author author-italic author vcard\">\r\n\t\t\t\t\t\t\t\t\t\tby <a class=\"url fn n\"\r\n                                                                                                href=\"https:\/\/prensapaisa.com\/index.php\/author\/prensapaisagmail-com\/\">noticias@prensapaisa.com<\/a>\r\n\t\t\t\t\t\t\t\t\t<\/span>\r\n\t\t\t\t\t\t\t\t\t\t\t\t\t\t\t\t\t\t                                        <span class=\"bg-date\"><time class=\"entry-date published\" datetime=\"2026-02-12T14:14:36-05:00\">febrero 12, 2026<\/time><\/span>\r\n\t\t\t\t\t\t\t\t\t\t\t\t\t\t\t\t\t\t\t\t\t\t\t\t\t\t\t\t\t\t\t\t\t\t\t\t                                <\/div>\r\n\t\t\t\t\t\t\t\t                            <\/div>\r\n\t\t\t\t\t\t\r\n\t\t\t\t\t\t                    <\/div>\r\n                <\/div>\r\n            <\/div>\r\n        <\/div>\r\n    <\/div>\r\n<\/div>\r\n<div class=\"penci-bgitem bgitem-0\">\r\n    <div class=\"penci-bgitin\">\r\n        <div class=\"penci-bgmain\">\r\n            <div class=\"pcbg-thumb\">\r\n\t\t\t\t\t\t\t\t                <div class=\"pcbg-thumbin\">\r\n                    <a class=\"pcbg-bgoverlay\"\r\n                       href=\"https:\/\/prensapaisa.com\/index.php\/2026\/02\/12\/motociclista-murio-en-un-accidente-en-la-autopista-medellin-bogota-a-la-altura-de-guarne-antioquia\/\" title=\"Motociclista muri\u00f3 en un accidente en la autopista Medell\u00edn-Bogot\u00e1, a la altura de Guarne, Antioquia\"><\/a>\r\n\t\t\t\t\t                        <div class=\"penci-image-holder penci-lazy\"                             data-bgset=\"https:\/\/prensapaisa.com\/wp-content\/uploads\/2026\/02\/633266450_948314594430195_17945182400343570_n-585x329.jpg\" data_bg_hidpi=\"https:\/\/prensapaisa.com\/wp-content\/uploads\/2026\/02\/633266450_948314594430195_17945182400343570_n-585x329.jpg\"\r\n                             data-sizes=\"(max-width: 767px) 585px, 585px\">\r\n                        <\/div>\r\n\t\t\t\t\t                <\/div>\r\n            <\/div>\r\n            <div class=\"pcbg-content\">\r\n                <div class=\"pcbg-content-flex\">\r\n                    <a class=\"pcbg-bgoverlay active-overlay\"\r\n                       href=\"https:\/\/prensapaisa.com\/index.php\/2026\/02\/12\/motociclista-murio-en-un-accidente-en-la-autopista-medellin-bogota-a-la-altura-de-guarne-antioquia\/\" title=\"Motociclista muri\u00f3 en un accidente en la autopista Medell\u00edn-Bogot\u00e1, a la altura de Guarne, Antioquia\"><\/a>\r\n                    <div class=\"pcbg-content-inner bgcontent-block\">\r\n                        <a href=\"https:\/\/prensapaisa.com\/index.php\/2026\/02\/12\/motociclista-murio-en-un-accidente-en-la-autopista-medellin-bogota-a-la-altura-de-guarne-antioquia\/\" title=\"Motociclista muri\u00f3 en un accidente en la autopista Medell\u00edn-Bogot\u00e1, a la altura de Guarne, Antioquia\"\r\n                           class=\"pcbg-bgoverlaytext item-hover\"><\/a>\r\n\r\n\t\t\t\t\t\t\r\n\t\t\t\t\t\t                            <div class=\"pcbg-heading item-hover\">\r\n                                <h3 class=\"pcbg-title\">\r\n                                    <a href=\"https:\/\/prensapaisa.com\/index.php\/2026\/02\/12\/motociclista-murio-en-un-accidente-en-la-autopista-medellin-bogota-a-la-altura-de-guarne-antioquia\/\">\r\n                                        Motociclista muri\u00f3 en un accidente en la autopista Medell\u00edn-Bogot\u00e1, a la altura de Guarne, Antioquia                                    <\/a>\r\n                                <\/h3>\r\n                            <\/div>\r\n\t\t\t\t\t\t\r\n\t\t\t\t\t\t                            <div class=\"grid-post-box-meta pcbg-meta item-hover\">\r\n                                <div class=\"pcbg-meta-desc\">\r\n\t\t\t\t\t\t\t\t\t                                        <span class=\"bg-date-author author-italic author vcard\">\r\n\t\t\t\t\t\t\t\t\t\tby <a class=\"url fn n\"\r\n                                                                                                href=\"https:\/\/prensapaisa.com\/index.php\/author\/prensapaisagmail-com\/\">noticias@prensapaisa.com<\/a>\r\n\t\t\t\t\t\t\t\t\t<\/span>\r\n\t\t\t\t\t\t\t\t\t\t\t\t\t\t\t\t\t\t                                        <span class=\"bg-date\"><time class=\"entry-date published\" datetime=\"2026-02-12T14:12:33-05:00\">febrero 12, 2026<\/time><\/span>\r\n\t\t\t\t\t\t\t\t\t\t\t\t\t\t\t\t\t\t\t\t\t\t\t\t\t\t\t\t\t\t\t\t\t\t\t\t                                <\/div>\r\n\t\t\t\t\t\t\t\t                            <\/div>\r\n\t\t\t\t\t\t\r\n\t\t\t\t\t\t                    <\/div>\r\n                <\/div>\r\n            <\/div>\r\n        <\/div>\r\n    <\/div>\r\n<\/div>\r\n<\/div><div class=\"penci-clearfix penci-biggrid-data penci-dblock penci-fixh\"><div class=\"penci-bgitem pcbg-big-item bgitem-1\">\r\n    <div class=\"penci-bgitin\">\r\n        <div class=\"penci-bgmain\">\r\n            <div class=\"pcbg-thumb\">\r\n\t\t\t\t\t\t\t\t                <div class=\"pcbg-thumbin\">\r\n                    <a class=\"pcbg-bgoverlay\"\r\n                       href=\"https:\/\/prensapaisa.com\/index.php\/2026\/02\/09\/quinceanera-fue-encontrada-sin-vida-en-el-nordeste-antioqueno-2\/\" title=\"Una carrera que termin\u00f3 en tragedia: la historia de Reger D\u00edas, conductor de 42 a\u00f1os\"><\/a>\r\n\t\t\t\t\t                        <div class=\"penci-image-holder penci-lazy\"                             data-bgset=\"https:\/\/prensapaisa.com\/wp-content\/uploads\/2026\/02\/626624618_944117854849869_37931273692272924_n-1170x658.jpg\" data_bg_hidpi=\"https:\/\/prensapaisa.com\/wp-content\/uploads\/2026\/02\/626624618_944117854849869_37931273692272924_n-585x329.jpg\"\r\n                             data-sizes=\"(max-width: 767px) 585px, 1170px\">\r\n                        <\/div>\r\n\t\t\t\t\t                <\/div>\r\n            <\/div>\r\n            <div class=\"pcbg-content\">\r\n                <div class=\"pcbg-content-flex\">\r\n                    <a class=\"pcbg-bgoverlay active-overlay\"\r\n                       href=\"https:\/\/prensapaisa.com\/index.php\/2026\/02\/09\/quinceanera-fue-encontrada-sin-vida-en-el-nordeste-antioqueno-2\/\" title=\"Una carrera que termin\u00f3 en tragedia: la historia de Reger D\u00edas, conductor de 42 a\u00f1os\"><\/a>\r\n                    <div class=\"pcbg-content-inner bgcontent-block\">\r\n                        <a href=\"https:\/\/prensapaisa.com\/index.php\/2026\/02\/09\/quinceanera-fue-encontrada-sin-vida-en-el-nordeste-antioqueno-2\/\" title=\"Una carrera que termin\u00f3 en tragedia: la historia de Reger D\u00edas, conductor de 42 a\u00f1os\"\r\n                           class=\"pcbg-bgoverlaytext item-hover\"><\/a>\r\n\r\n\t\t\t\t\t\t                            <div class=\"pcbg-above item-hover\">\r\n\t\t\t\t\t\t\t<span class=\"cat pcbg-sub-title\">\r\n\t\t\t\t\t\t\t\t<a class=\"penci-cat-name penci-cat-45\" href=\"https:\/\/prensapaisa.com\/index.php\/category\/movilidad\/accidentes\/\"  rel=\"category tag\">Accidentes<\/a><a class=\"penci-cat-name penci-cat-49\" href=\"https:\/\/prensapaisa.com\/index.php\/category\/orden-publico\/capturas\/\"  rel=\"category tag\">Capturas<\/a><a class=\"penci-cat-name penci-cat-50\" href=\"https:\/\/prensapaisa.com\/index.php\/category\/orden-publico\/denuncias\/\"  rel=\"category tag\">Denuncias<\/a><a class=\"penci-cat-name penci-cat-43\" href=\"https:\/\/prensapaisa.com\/index.php\/category\/fallecidos\/\"  rel=\"category tag\">Fallecidos<\/a><a class=\"penci-cat-name penci-cat-48\" href=\"https:\/\/prensapaisa.com\/index.php\/category\/orden-publico\/hurtos\/\"  rel=\"category tag\">Hurtos<\/a><a class=\"penci-cat-name penci-cat-44\" href=\"https:\/\/prensapaisa.com\/index.php\/category\/movilidad\/\"  rel=\"category tag\">Movilidad<\/a><a class=\"penci-cat-name penci-cat-16\" href=\"https:\/\/prensapaisa.com\/index.php\/category\/municipios\/\"  rel=\"category tag\">Municipios<\/a><a class=\"penci-cat-name penci-cat-1\" href=\"https:\/\/prensapaisa.com\/index.php\/category\/noticias\/\"  rel=\"category tag\">Noticias<\/a><a class=\"penci-cat-name penci-cat-47\" href=\"https:\/\/prensapaisa.com\/index.php\/category\/orden-publico\/\"  rel=\"category tag\">Orden Publico<\/a><a class=\"penci-cat-name penci-cat-46\" href=\"https:\/\/prensapaisa.com\/index.php\/category\/redes-sociales\/\"  rel=\"category tag\">Redes Sociales<\/a>\t\t\t\t\t\t\t<\/span>\r\n                            <\/div>\r\n\t\t\t\t\t\t\r\n\t\t\t\t\t\t                            <div class=\"pcbg-heading item-hover\">\r\n                                <h3 class=\"pcbg-title\">\r\n                                    <a href=\"https:\/\/prensapaisa.com\/index.php\/2026\/02\/09\/quinceanera-fue-encontrada-sin-vida-en-el-nordeste-antioqueno-2\/\">\r\n                                        Una carrera que termin\u00f3 en tragedia: la historia de Reger D\u00edas, conductor de 42 a\u00f1os                                    <\/a>\r\n                                <\/h3>\r\n                            <\/div>\r\n\t\t\t\t\t\t\r\n\t\t\t\t\t\t                            <div class=\"grid-post-box-meta pcbg-meta item-hover\">\r\n                                <div class=\"pcbg-meta-desc\">\r\n\t\t\t\t\t\t\t\t\t                                        <span class=\"bg-date-author author-italic author vcard\">\r\n\t\t\t\t\t\t\t\t\t\tby <a class=\"url fn n\"\r\n                                                                                                href=\"https:\/\/prensapaisa.com\/index.php\/author\/prensapaisagmail-com\/\">noticias@prensapaisa.com<\/a>\r\n\t\t\t\t\t\t\t\t\t<\/span>\r\n\t\t\t\t\t\t\t\t\t\t\t\t\t\t\t\t\t\t                                        <span class=\"bg-date\"><time class=\"entry-date published\" datetime=\"2026-02-09T06:34:42-05:00\">febrero 9, 2026<\/time><\/span>\r\n\t\t\t\t\t\t\t\t\t\t\t\t\t\t\t\t\t\t\t\t\t\t\t\t\t\t\t\t\t\t\t\t\t\t\t\t                                <\/div>\r\n\t\t\t\t\t\t\t\t                            <\/div>\r\n\t\t\t\t\t\t\r\n\t\t\t\t\t\t                    <\/div>\r\n                <\/div>\r\n            <\/div>\r\n        <\/div>\r\n    <\/div>\r\n<\/div>\r\n<div class=\"penci-bgitem bgitem-2\">\r\n    <div class=\"penci-bgitin\">\r\n        <div class=\"penci-bgmain\">\r\n            <div class=\"pcbg-thumb\">\r\n\t\t\t\t\t\t\t\t                <div class=\"pcbg-thumbin\">\r\n                    <a class=\"pcbg-bgoverlay\"\r\n                       href=\"https:\/\/prensapaisa.com\/index.php\/2026\/02\/03\/una-nina-sola-y-asustada-fue-rescatada-cuando-estaba-sola-en-una-casa-del-barrio-la-francia-medellin\/\" title=\"Una ni\u00f1a sola y asustada fue rescatada cuando estaba sola en una casa del barrio La Francia, Medell\u00edn\"><\/a>\r\n\t\t\t\t\t                        <div class=\"penci-image-holder penci-lazy\"                             data-bgset=\"https:\/\/prensapaisa.com\/wp-content\/uploads\/2026\/02\/624543091_937223028872685_9108723347640734125_n-585x321.jpg\" data_bg_hidpi=\"https:\/\/prensapaisa.com\/wp-content\/uploads\/2026\/02\/624543091_937223028872685_9108723347640734125_n-585x321.jpg\"\r\n                             data-sizes=\"(max-width: 767px) 585px, 585px\">\r\n                        <\/div>\r\n\t\t\t\t\t                <\/div>\r\n            <\/div>\r\n            <div class=\"pcbg-content\">\r\n                <div class=\"pcbg-content-flex\">\r\n                    <a class=\"pcbg-bgoverlay active-overlay\"\r\n                       href=\"https:\/\/prensapaisa.com\/index.php\/2026\/02\/03\/una-nina-sola-y-asustada-fue-rescatada-cuando-estaba-sola-en-una-casa-del-barrio-la-francia-medellin\/\" title=\"Una ni\u00f1a sola y asustada fue rescatada cuando estaba sola en una casa del barrio La Francia, Medell\u00edn\"><\/a>\r\n                    <div class=\"pcbg-content-inner bgcontent-block\">\r\n                        <a href=\"https:\/\/prensapaisa.com\/index.php\/2026\/02\/03\/una-nina-sola-y-asustada-fue-rescatada-cuando-estaba-sola-en-una-casa-del-barrio-la-francia-medellin\/\" title=\"Una ni\u00f1a sola y asustada fue rescatada cuando estaba sola en una casa del barrio La Francia, Medell\u00edn\"\r\n                           class=\"pcbg-bgoverlaytext item-hover\"><\/a>\r\n\r\n\t\t\t\t\t\t\r\n\t\t\t\t\t\t                            <div class=\"pcbg-heading item-hover\">\r\n                                <h3 class=\"pcbg-title\">\r\n                                    <a href=\"https:\/\/prensapaisa.com\/index.php\/2026\/02\/03\/una-nina-sola-y-asustada-fue-rescatada-cuando-estaba-sola-en-una-casa-del-barrio-la-francia-medellin\/\">\r\n                                        Una ni\u00f1a sola y asustada fue rescatada cuando estaba sola en una casa del barrio La Francia, Medell\u00edn                                    <\/a>\r\n                                <\/h3>\r\n                            <\/div>\r\n\t\t\t\t\t\t\r\n\t\t\t\t\t\t                            <div class=\"grid-post-box-meta pcbg-meta item-hover\">\r\n                                <div class=\"pcbg-meta-desc\">\r\n\t\t\t\t\t\t\t\t\t                                        <span class=\"bg-date-author author-italic author vcard\">\r\n\t\t\t\t\t\t\t\t\t\tby <a class=\"url fn n\"\r\n                                                                                                href=\"https:\/\/prensapaisa.com\/index.php\/author\/prensapaisagmail-com\/\">noticias@prensapaisa.com<\/a>\r\n\t\t\t\t\t\t\t\t\t<\/span>\r\n\t\t\t\t\t\t\t\t\t\t\t\t\t\t\t\t\t\t                                        <span class=\"bg-date\"><time class=\"entry-date published\" datetime=\"2026-02-03T21:48:36-05:00\">febrero 3, 2026<\/time><\/span>\r\n\t\t\t\t\t\t\t\t\t\t\t\t\t\t\t\t\t\t\t\t\t\t\t\t\t\t\t\t\t\t\t\t\t\t\t\t                                <\/div>\r\n\t\t\t\t\t\t\t\t                            <\/div>\r\n\t\t\t\t\t\t\r\n\t\t\t\t\t\t                    <\/div>\r\n                <\/div>\r\n            <\/div>\r\n        <\/div>\r\n    <\/div>\r\n<\/div>\r\n<div class=\"penci-bgitem bgitem-0\">\r\n    <div class=\"penci-bgitin\">\r\n        <div class=\"penci-bgmain\">\r\n            <div class=\"pcbg-thumb\">\r\n\t\t\t\t\t\t\t\t                <div class=\"pcbg-thumbin\">\r\n                    <a class=\"pcbg-bgoverlay\"\r\n                       href=\"https:\/\/prensapaisa.com\/index.php\/2026\/02\/03\/pico-y-placa-primer-semestre-del-2026\/\" title=\"Pico y Placa primer semestre del 2026\"><\/a>\r\n\t\t\t\t\t                        <div class=\"penci-image-holder penci-lazy\"                             data-bgset=\"https:\/\/prensapaisa.com\/wp-content\/uploads\/2026\/02\/625372433_939493581978963_4457594528459286689_n-585x585.jpg\" data_bg_hidpi=\"https:\/\/prensapaisa.com\/wp-content\/uploads\/2026\/02\/625372433_939493581978963_4457594528459286689_n-585x585.jpg\"\r\n                             data-sizes=\"(max-width: 767px) 585px, 585px\">\r\n                        <\/div>\r\n\t\t\t\t\t                <\/div>\r\n            <\/div>\r\n            <div class=\"pcbg-content\">\r\n                <div class=\"pcbg-content-flex\">\r\n                    <a class=\"pcbg-bgoverlay active-overlay\"\r\n                       href=\"https:\/\/prensapaisa.com\/index.php\/2026\/02\/03\/pico-y-placa-primer-semestre-del-2026\/\" title=\"Pico y Placa primer semestre del 2026\"><\/a>\r\n                    <div class=\"pcbg-content-inner bgcontent-block\">\r\n                        <a href=\"https:\/\/prensapaisa.com\/index.php\/2026\/02\/03\/pico-y-placa-primer-semestre-del-2026\/\" title=\"Pico y Placa primer semestre del 2026\"\r\n                           class=\"pcbg-bgoverlaytext item-hover\"><\/a>\r\n\r\n\t\t\t\t\t\t\r\n\t\t\t\t\t\t                            <div class=\"pcbg-heading item-hover\">\r\n                                <h3 class=\"pcbg-title\">\r\n                                    <a href=\"https:\/\/prensapaisa.com\/index.php\/2026\/02\/03\/pico-y-placa-primer-semestre-del-2026\/\">\r\n                                        Pico y Placa primer semestre del 2026                                    <\/a>\r\n                                <\/h3>\r\n                            <\/div>\r\n\t\t\t\t\t\t\r\n\t\t\t\t\t\t                            <div class=\"grid-post-box-meta pcbg-meta item-hover\">\r\n                                <div class=\"pcbg-meta-desc\">\r\n\t\t\t\t\t\t\t\t\t                                        <span class=\"bg-date-author author-italic author vcard\">\r\n\t\t\t\t\t\t\t\t\t\tby <a class=\"url fn n\"\r\n                                                                                                href=\"https:\/\/prensapaisa.com\/index.php\/author\/prensapaisagmail-com\/\">noticias@prensapaisa.com<\/a>\r\n\t\t\t\t\t\t\t\t\t<\/span>\r\n\t\t\t\t\t\t\t\t\t\t\t\t\t\t\t\t\t\t                                        <span class=\"bg-date\"><time class=\"entry-date published\" datetime=\"2026-02-03T21:35:57-05:00\">febrero 3, 2026<\/time><\/span>\r\n\t\t\t\t\t\t\t\t\t\t\t\t\t\t\t\t\t\t\t\t\t\t\t\t\t\t\t\t\t\t\t\t\t\t\t\t                                <\/div>\r\n\t\t\t\t\t\t\t\t                            <\/div>\r\n\t\t\t\t\t\t\r\n\t\t\t\t\t\t                    <\/div>\r\n                <\/div>\r\n            <\/div>\r\n        <\/div>\r\n    <\/div>\r\n<\/div>\r\n<\/div><div class=\"penci-clearfix penci-biggrid-data penci-dblock penci-fixh\"><div class=\"penci-bgitem pcbg-big-item bgitem-1\">\r\n    <div class=\"penci-bgitin\">\r\n        <div class=\"penci-bgmain\">\r\n            <div class=\"pcbg-thumb\">\r\n\t\t\t\t\t\t\t\t                <div class=\"pcbg-thumbin\">\r\n                    <a class=\"pcbg-bgoverlay\"\r\n                       href=\"https:\/\/prensapaisa.com\/index.php\/2026\/02\/03\/motociclista-murio-tras-grave-accidente-en-la-via-ancon-copacabana\/\" title=\"Motociclista muri\u00f3 tras grave accidente en la v\u00eda Anc\u00f3n \u2013 Copacabana\"><\/a>\r\n\t\t\t\t\t                        <div class=\"penci-image-holder penci-lazy\"                             data-bgset=\"https:\/\/prensapaisa.com\/wp-content\/uploads\/2026\/02\/627455232_940496401878681_3538500977299490224_n-1170x974.jpg\" data_bg_hidpi=\"https:\/\/prensapaisa.com\/wp-content\/uploads\/2026\/02\/627455232_940496401878681_3538500977299490224_n-585x487.jpg\"\r\n                             data-sizes=\"(max-width: 767px) 585px, 1170px\">\r\n                        <\/div>\r\n\t\t\t\t\t                <\/div>\r\n            <\/div>\r\n            <div class=\"pcbg-content\">\r\n                <div class=\"pcbg-content-flex\">\r\n                    <a class=\"pcbg-bgoverlay active-overlay\"\r\n                       href=\"https:\/\/prensapaisa.com\/index.php\/2026\/02\/03\/motociclista-murio-tras-grave-accidente-en-la-via-ancon-copacabana\/\" title=\"Motociclista muri\u00f3 tras grave accidente en la v\u00eda Anc\u00f3n \u2013 Copacabana\"><\/a>\r\n                    <div class=\"pcbg-content-inner bgcontent-block\">\r\n                        <a href=\"https:\/\/prensapaisa.com\/index.php\/2026\/02\/03\/motociclista-murio-tras-grave-accidente-en-la-via-ancon-copacabana\/\" title=\"Motociclista muri\u00f3 tras grave accidente en la v\u00eda Anc\u00f3n \u2013 Copacabana\"\r\n                           class=\"pcbg-bgoverlaytext item-hover\"><\/a>\r\n\r\n\t\t\t\t\t\t                            <div class=\"pcbg-above item-hover\">\r\n\t\t\t\t\t\t\t<span class=\"cat pcbg-sub-title\">\r\n\t\t\t\t\t\t\t\t<a class=\"penci-cat-name penci-cat-45\" href=\"https:\/\/prensapaisa.com\/index.php\/category\/movilidad\/accidentes\/\"  rel=\"category tag\">Accidentes<\/a><a class=\"penci-cat-name penci-cat-49\" href=\"https:\/\/prensapaisa.com\/index.php\/category\/orden-publico\/capturas\/\"  rel=\"category tag\">Capturas<\/a><a class=\"penci-cat-name penci-cat-43\" href=\"https:\/\/prensapaisa.com\/index.php\/category\/fallecidos\/\"  rel=\"category tag\">Fallecidos<\/a><a class=\"penci-cat-name penci-cat-44\" href=\"https:\/\/prensapaisa.com\/index.php\/category\/movilidad\/\"  rel=\"category tag\">Movilidad<\/a><a class=\"penci-cat-name penci-cat-16\" href=\"https:\/\/prensapaisa.com\/index.php\/category\/municipios\/\"  rel=\"category tag\">Municipios<\/a><a class=\"penci-cat-name penci-cat-1\" href=\"https:\/\/prensapaisa.com\/index.php\/category\/noticias\/\"  rel=\"category tag\">Noticias<\/a><a class=\"penci-cat-name penci-cat-47\" href=\"https:\/\/prensapaisa.com\/index.php\/category\/orden-publico\/\"  rel=\"category tag\">Orden Publico<\/a><a class=\"penci-cat-name penci-cat-46\" href=\"https:\/\/prensapaisa.com\/index.php\/category\/redes-sociales\/\"  rel=\"category tag\">Redes Sociales<\/a>\t\t\t\t\t\t\t<\/span>\r\n                            <\/div>\r\n\t\t\t\t\t\t\r\n\t\t\t\t\t\t                            <div class=\"pcbg-heading item-hover\">\r\n                                <h3 class=\"pcbg-title\">\r\n                                    <a href=\"https:\/\/prensapaisa.com\/index.php\/2026\/02\/03\/motociclista-murio-tras-grave-accidente-en-la-via-ancon-copacabana\/\">\r\n                                        Motociclista muri\u00f3 tras grave accidente en la v\u00eda Anc\u00f3n \u2013 Copacabana                                    <\/a>\r\n                                <\/h3>\r\n                            <\/div>\r\n\t\t\t\t\t\t\r\n\t\t\t\t\t\t                            <div class=\"grid-post-box-meta pcbg-meta item-hover\">\r\n                                <div class=\"pcbg-meta-desc\">\r\n\t\t\t\t\t\t\t\t\t                                        <span class=\"bg-date-author author-italic author vcard\">\r\n\t\t\t\t\t\t\t\t\t\tby <a class=\"url fn n\"\r\n                                                                                                href=\"https:\/\/prensapaisa.com\/index.php\/author\/prensapaisagmail-com\/\">noticias@prensapaisa.com<\/a>\r\n\t\t\t\t\t\t\t\t\t<\/span>\r\n\t\t\t\t\t\t\t\t\t\t\t\t\t\t\t\t\t\t                                        <span class=\"bg-date\"><time class=\"entry-date published\" datetime=\"2026-02-03T21:31:44-05:00\">febrero 3, 2026<\/time><\/span>\r\n\t\t\t\t\t\t\t\t\t\t\t\t\t\t\t\t\t\t\t\t\t\t\t\t\t\t\t\t\t\t\t\t\t\t\t\t                                <\/div>\r\n\t\t\t\t\t\t\t\t                            <\/div>\r\n\t\t\t\t\t\t\r\n\t\t\t\t\t\t                    <\/div>\r\n                <\/div>\r\n            <\/div>\r\n        <\/div>\r\n    <\/div>\r\n<\/div>\r\n<div class=\"penci-bgitem bgitem-2\">\r\n    <div class=\"penci-bgitin\">\r\n        <div class=\"penci-bgmain\">\r\n            <div class=\"pcbg-thumb\">\r\n\t\t\t\t\t\t\t\t                <div class=\"pcbg-thumbin\">\r\n                    <a class=\"pcbg-bgoverlay\"\r\n                       href=\"https:\/\/prensapaisa.com\/index.php\/2026\/01\/27\/medellin-levanta-muros-para-la-justicia-asi-avanza-la-carcel-que-promete-cambiar-el-sistema-penitenciario\/\" title=\"Medell\u00edn levanta muros para la justicia: as\u00ed avanza la c\u00e1rcel que promete cambiar el sistema penitenciario\"><\/a>\r\n\t\t\t\t\t                        <div class=\"penci-image-holder penci-lazy\"                             data-bgset=\"https:\/\/prensapaisa.com\/wp-content\/uploads\/2026\/01\/Imagen4.jpg\" data_bg_hidpi=\"https:\/\/prensapaisa.com\/wp-content\/uploads\/2026\/01\/Imagen4.jpg\"\r\n                             data-sizes=\"(max-width: 767px) 585px, 585px\">\r\n                        <\/div>\r\n\t\t\t\t\t                <\/div>\r\n            <\/div>\r\n            <div class=\"pcbg-content\">\r\n                <div class=\"pcbg-content-flex\">\r\n                    <a class=\"pcbg-bgoverlay active-overlay\"\r\n                       href=\"https:\/\/prensapaisa.com\/index.php\/2026\/01\/27\/medellin-levanta-muros-para-la-justicia-asi-avanza-la-carcel-que-promete-cambiar-el-sistema-penitenciario\/\" title=\"Medell\u00edn levanta muros para la justicia: as\u00ed avanza la c\u00e1rcel que promete cambiar el sistema penitenciario\"><\/a>\r\n                    <div class=\"pcbg-content-inner bgcontent-block\">\r\n                        <a href=\"https:\/\/prensapaisa.com\/index.php\/2026\/01\/27\/medellin-levanta-muros-para-la-justicia-asi-avanza-la-carcel-que-promete-cambiar-el-sistema-penitenciario\/\" title=\"Medell\u00edn levanta muros para la justicia: as\u00ed avanza la c\u00e1rcel que promete cambiar el sistema penitenciario\"\r\n                           class=\"pcbg-bgoverlaytext item-hover\"><\/a>\r\n\r\n\t\t\t\t\t\t\r\n\t\t\t\t\t\t                            <div class=\"pcbg-heading item-hover\">\r\n                                <h3 class=\"pcbg-title\">\r\n                                    <a href=\"https:\/\/prensapaisa.com\/index.php\/2026\/01\/27\/medellin-levanta-muros-para-la-justicia-asi-avanza-la-carcel-que-promete-cambiar-el-sistema-penitenciario\/\">\r\n                                        Medell\u00edn levanta muros para la justicia: as\u00ed avanza la c\u00e1rcel que promete cambiar el sistema penitenciario                                    <\/a>\r\n                                <\/h3>\r\n                            <\/div>\r\n\t\t\t\t\t\t\r\n\t\t\t\t\t\t                            <div class=\"grid-post-box-meta pcbg-meta item-hover\">\r\n                                <div class=\"pcbg-meta-desc\">\r\n\t\t\t\t\t\t\t\t\t                                        <span class=\"bg-date-author author-italic author vcard\">\r\n\t\t\t\t\t\t\t\t\t\tby <a class=\"url fn n\"\r\n                                                                                                href=\"https:\/\/prensapaisa.com\/index.php\/author\/prensapaisagmail-com\/\">noticias@prensapaisa.com<\/a>\r\n\t\t\t\t\t\t\t\t\t<\/span>\r\n\t\t\t\t\t\t\t\t\t\t\t\t\t\t\t\t\t\t                                        <span class=\"bg-date\"><time class=\"entry-date published\" datetime=\"2026-01-27T22:47:16-05:00\">enero 27, 2026<\/time><\/span>\r\n\t\t\t\t\t\t\t\t\t\t\t\t\t\t\t\t\t\t\t\t\t\t\t\t\t\t\t\t\t\t\t\t\t\t\t\t                                <\/div>\r\n\t\t\t\t\t\t\t\t                            <\/div>\r\n\t\t\t\t\t\t\r\n\t\t\t\t\t\t                    <\/div>\r\n                <\/div>\r\n            <\/div>\r\n        <\/div>\r\n    <\/div>\r\n<\/div>\r\n<div class=\"penci-bgitem bgitem-0\">\r\n    <div class=\"penci-bgitin\">\r\n        <div class=\"penci-bgmain\">\r\n            <div class=\"pcbg-thumb\">\r\n\t\t\t\t\t\t\t\t                <div class=\"pcbg-thumbin\">\r\n                    <a class=\"pcbg-bgoverlay\"\r\n                       href=\"https:\/\/prensapaisa.com\/index.php\/2026\/01\/27\/barrida-al-desorden-en-medellin-las-autoridades-se-pusieron-las-pilas-en-enero-y-desmontaron-180-cambuches-y-sacaron-36-toneladas-de-basura-de-las-calles\/\" title=\"Barrida al desorden en Medell\u00edn: las autoridades se pusieron las pilas en enero y desmontaron 180 cambuches y sacaron 36 toneladas de basura de las calles\"><\/a>\r\n\t\t\t\t\t                        <div class=\"penci-image-holder penci-lazy\"                             data-bgset=\"https:\/\/prensapaisa.com\/wp-content\/uploads\/2026\/01\/c983ac33-1fe2-4192-ab78-1599e3dab1ef-585x807.jpg\" data_bg_hidpi=\"https:\/\/prensapaisa.com\/wp-content\/uploads\/2026\/01\/c983ac33-1fe2-4192-ab78-1599e3dab1ef-585x807.jpg\"\r\n                             data-sizes=\"(max-width: 767px) 585px, 585px\">\r\n                        <\/div>\r\n\t\t\t\t\t                <\/div>\r\n            <\/div>\r\n            <div class=\"pcbg-content\">\r\n                <div class=\"pcbg-content-flex\">\r\n                    <a class=\"pcbg-bgoverlay active-overlay\"\r\n                       href=\"https:\/\/prensapaisa.com\/index.php\/2026\/01\/27\/barrida-al-desorden-en-medellin-las-autoridades-se-pusieron-las-pilas-en-enero-y-desmontaron-180-cambuches-y-sacaron-36-toneladas-de-basura-de-las-calles\/\" title=\"Barrida al desorden en Medell\u00edn: las autoridades se pusieron las pilas en enero y desmontaron 180 cambuches y sacaron 36 toneladas de basura de las calles\"><\/a>\r\n                    <div class=\"pcbg-content-inner bgcontent-block\">\r\n                        <a href=\"https:\/\/prensapaisa.com\/index.php\/2026\/01\/27\/barrida-al-desorden-en-medellin-las-autoridades-se-pusieron-las-pilas-en-enero-y-desmontaron-180-cambuches-y-sacaron-36-toneladas-de-basura-de-las-calles\/\" title=\"Barrida al desorden en Medell\u00edn: las autoridades se pusieron las pilas en enero y desmontaron 180 cambuches y sacaron 36 toneladas de basura de las calles\"\r\n                           class=\"pcbg-bgoverlaytext item-hover\"><\/a>\r\n\r\n\t\t\t\t\t\t\r\n\t\t\t\t\t\t                            <div class=\"pcbg-heading item-hover\">\r\n                                <h3 class=\"pcbg-title\">\r\n                                    <a href=\"https:\/\/prensapaisa.com\/index.php\/2026\/01\/27\/barrida-al-desorden-en-medellin-las-autoridades-se-pusieron-las-pilas-en-enero-y-desmontaron-180-cambuches-y-sacaron-36-toneladas-de-basura-de-las-calles\/\">\r\n                                        Barrida al desorden en Medell\u00edn: las autoridades se pusieron las pilas en enero y desmontaron 180 cambuches y sacaron 36 toneladas de basura de las calles                                    <\/a>\r\n                                <\/h3>\r\n                            <\/div>\r\n\t\t\t\t\t\t\r\n\t\t\t\t\t\t                            <div class=\"grid-post-box-meta pcbg-meta item-hover\">\r\n                                <div class=\"pcbg-meta-desc\">\r\n\t\t\t\t\t\t\t\t\t                                        <span class=\"bg-date-author author-italic author vcard\">\r\n\t\t\t\t\t\t\t\t\t\tby <a class=\"url fn n\"\r\n                                                                                                href=\"https:\/\/prensapaisa.com\/index.php\/author\/prensapaisagmail-com\/\">noticias@prensapaisa.com<\/a>\r\n\t\t\t\t\t\t\t\t\t<\/span>\r\n\t\t\t\t\t\t\t\t\t\t\t\t\t\t\t\t\t\t                                        <span class=\"bg-date\"><time class=\"entry-date published\" datetime=\"2026-01-27T22:34:07-05:00\">enero 27, 2026<\/time><\/span>\r\n\t\t\t\t\t\t\t\t\t\t\t\t\t\t\t\t\t\t\t\t\t\t\t\t\t\t\t\t\t\t\t\t\t\t\t\t                                <\/div>\r\n\t\t\t\t\t\t\t\t                            <\/div>\r\n\t\t\t\t\t\t\r\n\t\t\t\t\t\t                    <\/div>\r\n                <\/div>\r\n            <\/div>\r\n        <\/div>\r\n    <\/div>\r\n<\/div>\r\n<\/div><div class=\"penci-clearfix penci-biggrid-data penci-dblock penci-fixh\"><div class=\"penci-bgitem pcbg-big-item bgitem-1\">\r\n    <div class=\"penci-bgitin\">\r\n        <div class=\"penci-bgmain\">\r\n            <div class=\"pcbg-thumb\">\r\n\t\t\t\t\t\t\t\t                <div class=\"pcbg-thumbin\">\r\n                    <a class=\"pcbg-bgoverlay\"\r\n                       href=\"https:\/\/prensapaisa.com\/index.php\/2026\/01\/27\/motociclista-murio-en-accidente-de-transito-en-la-variante-a-caldas-buscan-a-sus-familiares\/\" title=\"Motociclista muri\u00f3 en accidente de tr\u00e1nsito en la variante a Caldas; buscan a sus familiares\"><\/a>\r\n\t\t\t\t\t                        <div class=\"penci-image-holder penci-lazy\"                             data-bgset=\"https:\/\/prensapaisa.com\/wp-content\/uploads\/2026\/01\/619607742_931066202821701_5407850497940314559_n-1170x780.jpg\" data_bg_hidpi=\"https:\/\/prensapaisa.com\/wp-content\/uploads\/2026\/01\/619607742_931066202821701_5407850497940314559_n-585x390.jpg\"\r\n                             data-sizes=\"(max-width: 767px) 585px, 1170px\">\r\n                        <\/div>\r\n\t\t\t\t\t                <\/div>\r\n            <\/div>\r\n            <div class=\"pcbg-content\">\r\n                <div class=\"pcbg-content-flex\">\r\n                    <a class=\"pcbg-bgoverlay active-overlay\"\r\n                       href=\"https:\/\/prensapaisa.com\/index.php\/2026\/01\/27\/motociclista-murio-en-accidente-de-transito-en-la-variante-a-caldas-buscan-a-sus-familiares\/\" title=\"Motociclista muri\u00f3 en accidente de tr\u00e1nsito en la variante a Caldas; buscan a sus familiares\"><\/a>\r\n                    <div class=\"pcbg-content-inner bgcontent-block\">\r\n                        <a href=\"https:\/\/prensapaisa.com\/index.php\/2026\/01\/27\/motociclista-murio-en-accidente-de-transito-en-la-variante-a-caldas-buscan-a-sus-familiares\/\" title=\"Motociclista muri\u00f3 en accidente de tr\u00e1nsito en la variante a Caldas; buscan a sus familiares\"\r\n                           class=\"pcbg-bgoverlaytext item-hover\"><\/a>\r\n\r\n\t\t\t\t\t\t                            <div class=\"pcbg-above item-hover\">\r\n\t\t\t\t\t\t\t<span class=\"cat pcbg-sub-title\">\r\n\t\t\t\t\t\t\t\t<a class=\"penci-cat-name penci-cat-45\" href=\"https:\/\/prensapaisa.com\/index.php\/category\/movilidad\/accidentes\/\"  rel=\"category tag\">Accidentes<\/a><a class=\"penci-cat-name penci-cat-49\" href=\"https:\/\/prensapaisa.com\/index.php\/category\/orden-publico\/capturas\/\"  rel=\"category tag\">Capturas<\/a><a class=\"penci-cat-name penci-cat-50\" href=\"https:\/\/prensapaisa.com\/index.php\/category\/orden-publico\/denuncias\/\"  rel=\"category tag\">Denuncias<\/a><a class=\"penci-cat-name penci-cat-43\" href=\"https:\/\/prensapaisa.com\/index.php\/category\/fallecidos\/\"  rel=\"category tag\">Fallecidos<\/a><a class=\"penci-cat-name penci-cat-48\" href=\"https:\/\/prensapaisa.com\/index.php\/category\/orden-publico\/hurtos\/\"  rel=\"category tag\">Hurtos<\/a><a class=\"penci-cat-name penci-cat-44\" href=\"https:\/\/prensapaisa.com\/index.php\/category\/movilidad\/\"  rel=\"category tag\">Movilidad<\/a><a class=\"penci-cat-name penci-cat-16\" href=\"https:\/\/prensapaisa.com\/index.php\/category\/municipios\/\"  rel=\"category tag\">Municipios<\/a><a class=\"penci-cat-name penci-cat-1\" href=\"https:\/\/prensapaisa.com\/index.php\/category\/noticias\/\"  rel=\"category tag\">Noticias<\/a><a class=\"penci-cat-name penci-cat-47\" href=\"https:\/\/prensapaisa.com\/index.php\/category\/orden-publico\/\"  rel=\"category tag\">Orden Publico<\/a><a class=\"penci-cat-name penci-cat-46\" href=\"https:\/\/prensapaisa.com\/index.php\/category\/redes-sociales\/\"  rel=\"category tag\">Redes Sociales<\/a>\t\t\t\t\t\t\t<\/span>\r\n                            <\/div>\r\n\t\t\t\t\t\t\r\n\t\t\t\t\t\t                            <div class=\"pcbg-heading item-hover\">\r\n                                <h3 class=\"pcbg-title\">\r\n                                    <a href=\"https:\/\/prensapaisa.com\/index.php\/2026\/01\/27\/motociclista-murio-en-accidente-de-transito-en-la-variante-a-caldas-buscan-a-sus-familiares\/\">\r\n                                        Motociclista muri\u00f3 en accidente de tr\u00e1nsito en la variante a Caldas; buscan a sus familiares                                    <\/a>\r\n                                <\/h3>\r\n                            <\/div>\r\n\t\t\t\t\t\t\r\n\t\t\t\t\t\t                            <div class=\"grid-post-box-meta pcbg-meta item-hover\">\r\n                                <div class=\"pcbg-meta-desc\">\r\n\t\t\t\t\t\t\t\t\t                                        <span class=\"bg-date-author author-italic author vcard\">\r\n\t\t\t\t\t\t\t\t\t\tby <a class=\"url fn n\"\r\n                                                                                                href=\"https:\/\/prensapaisa.com\/index.php\/author\/prensapaisagmail-com\/\">noticias@prensapaisa.com<\/a>\r\n\t\t\t\t\t\t\t\t\t<\/span>\r\n\t\t\t\t\t\t\t\t\t\t\t\t\t\t\t\t\t\t                                        <span class=\"bg-date\"><time class=\"entry-date published\" datetime=\"2026-01-27T22:27:26-05:00\">enero 27, 2026<\/time><\/span>\r\n\t\t\t\t\t\t\t\t\t\t\t\t\t\t\t\t\t\t\t\t\t\t\t\t\t\t\t\t\t\t\t\t\t\t\t\t                                <\/div>\r\n\t\t\t\t\t\t\t\t                            <\/div>\r\n\t\t\t\t\t\t\r\n\t\t\t\t\t\t                    <\/div>\r\n                <\/div>\r\n            <\/div>\r\n        <\/div>\r\n    <\/div>\r\n<\/div>\r\n<div class=\"penci-bgitem bgitem-2\">\r\n    <div class=\"penci-bgitin\">\r\n        <div class=\"penci-bgmain\">\r\n            <div class=\"pcbg-thumb\">\r\n\t\t\t\t\t\t\t\t                <div class=\"pcbg-thumbin\">\r\n                    <a class=\"pcbg-bgoverlay\"\r\n                       href=\"https:\/\/prensapaisa.com\/index.php\/2026\/01\/27\/motociclista-murio-en-un-accidente-de-transito-en-la-variante-a-caldas-antioquia\/\" title=\"Motociclista muri\u00f3 en un accidente de tr\u00e1nsito en la variante a Caldas, Antioquia\"><\/a>\r\n\t\t\t\t\t                        <div class=\"penci-image-holder penci-lazy\"                             data-bgset=\"https:\/\/prensapaisa.com\/wp-content\/uploads\/2026\/01\/621477057_931289106132744_6307328357004823484_n.jpg\" data_bg_hidpi=\"https:\/\/prensapaisa.com\/wp-content\/uploads\/2026\/01\/621477057_931289106132744_6307328357004823484_n.jpg\"\r\n                             data-sizes=\"(max-width: 767px) 585px, 585px\">\r\n                        <\/div>\r\n\t\t\t\t\t                <\/div>\r\n            <\/div>\r\n            <div class=\"pcbg-content\">\r\n                <div class=\"pcbg-content-flex\">\r\n                    <a class=\"pcbg-bgoverlay active-overlay\"\r\n                       href=\"https:\/\/prensapaisa.com\/index.php\/2026\/01\/27\/motociclista-murio-en-un-accidente-de-transito-en-la-variante-a-caldas-antioquia\/\" title=\"Motociclista muri\u00f3 en un accidente de tr\u00e1nsito en la variante a Caldas, Antioquia\"><\/a>\r\n                    <div class=\"pcbg-content-inner bgcontent-block\">\r\n                        <a href=\"https:\/\/prensapaisa.com\/index.php\/2026\/01\/27\/motociclista-murio-en-un-accidente-de-transito-en-la-variante-a-caldas-antioquia\/\" title=\"Motociclista muri\u00f3 en un accidente de tr\u00e1nsito en la variante a Caldas, Antioquia\"\r\n                           class=\"pcbg-bgoverlaytext item-hover\"><\/a>\r\n\r\n\t\t\t\t\t\t\r\n\t\t\t\t\t\t                            <div class=\"pcbg-heading item-hover\">\r\n                                <h3 class=\"pcbg-title\">\r\n                                    <a href=\"https:\/\/prensapaisa.com\/index.php\/2026\/01\/27\/motociclista-murio-en-un-accidente-de-transito-en-la-variante-a-caldas-antioquia\/\">\r\n                                        Motociclista muri\u00f3 en un accidente de tr\u00e1nsito en la variante a Caldas, Antioquia                                    <\/a>\r\n                                <\/h3>\r\n                            <\/div>\r\n\t\t\t\t\t\t\r\n\t\t\t\t\t\t                            <div class=\"grid-post-box-meta pcbg-meta item-hover\">\r\n                                <div class=\"pcbg-meta-desc\">\r\n\t\t\t\t\t\t\t\t\t                                        <span class=\"bg-date-author author-italic author vcard\">\r\n\t\t\t\t\t\t\t\t\t\tby <a class=\"url fn n\"\r\n                                                                                                href=\"https:\/\/prensapaisa.com\/index.php\/author\/prensapaisagmail-com\/\">noticias@prensapaisa.com<\/a>\r\n\t\t\t\t\t\t\t\t\t<\/span>\r\n\t\t\t\t\t\t\t\t\t\t\t\t\t\t\t\t\t\t                                        <span class=\"bg-date\"><time class=\"entry-date published\" datetime=\"2026-01-27T22:25:05-05:00\">enero 27, 2026<\/time><\/span>\r\n\t\t\t\t\t\t\t\t\t\t\t\t\t\t\t\t\t\t\t\t\t\t\t\t\t\t\t\t\t\t\t\t\t\t\t\t                                <\/div>\r\n\t\t\t\t\t\t\t\t                            <\/div>\r\n\t\t\t\t\t\t\r\n\t\t\t\t\t\t                    <\/div>\r\n                <\/div>\r\n            <\/div>\r\n        <\/div>\r\n    <\/div>\r\n<\/div>\r\n<div class=\"penci-bgitem bgitem-0\">\r\n    <div class=\"penci-bgitin\">\r\n        <div class=\"penci-bgmain\">\r\n            <div class=\"pcbg-thumb\">\r\n\t\t\t\t\t\t\t\t                <div class=\"pcbg-thumbin\">\r\n                    <a class=\"pcbg-bgoverlay\"\r\n                       href=\"https:\/\/prensapaisa.com\/index.php\/2026\/01\/27\/altavista-bajo-vigilancia-operativos-intensos-buscan-cerrarles-el-paso-a-la-delincuencia\/\" title=\"Altavista bajo vigilancia: operativos intensos buscan cerrarles el paso a la delincuencia\"><\/a>\r\n\t\t\t\t\t                        <div class=\"penci-image-holder penci-lazy\"                             data-bgset=\"https:\/\/prensapaisa.com\/wp-content\/uploads\/2026\/01\/cdf976dd-c83c-4c6a-ad64-a1392bca149b-585x761.jpg\" data_bg_hidpi=\"https:\/\/prensapaisa.com\/wp-content\/uploads\/2026\/01\/cdf976dd-c83c-4c6a-ad64-a1392bca149b-585x761.jpg\"\r\n                             data-sizes=\"(max-width: 767px) 585px, 585px\">\r\n                        <\/div>\r\n\t\t\t\t\t                <\/div>\r\n            <\/div>\r\n            <div class=\"pcbg-content\">\r\n                <div class=\"pcbg-content-flex\">\r\n                    <a class=\"pcbg-bgoverlay active-overlay\"\r\n                       href=\"https:\/\/prensapaisa.com\/index.php\/2026\/01\/27\/altavista-bajo-vigilancia-operativos-intensos-buscan-cerrarles-el-paso-a-la-delincuencia\/\" title=\"Altavista bajo vigilancia: operativos intensos buscan cerrarles el paso a la delincuencia\"><\/a>\r\n                    <div class=\"pcbg-content-inner bgcontent-block\">\r\n                        <a href=\"https:\/\/prensapaisa.com\/index.php\/2026\/01\/27\/altavista-bajo-vigilancia-operativos-intensos-buscan-cerrarles-el-paso-a-la-delincuencia\/\" title=\"Altavista bajo vigilancia: operativos intensos buscan cerrarles el paso a la delincuencia\"\r\n                           class=\"pcbg-bgoverlaytext item-hover\"><\/a>\r\n\r\n\t\t\t\t\t\t\r\n\t\t\t\t\t\t                            <div class=\"pcbg-heading item-hover\">\r\n                                <h3 class=\"pcbg-title\">\r\n                                    <a href=\"https:\/\/prensapaisa.com\/index.php\/2026\/01\/27\/altavista-bajo-vigilancia-operativos-intensos-buscan-cerrarles-el-paso-a-la-delincuencia\/\">\r\n                                        Altavista bajo vigilancia: operativos intensos buscan cerrarles el paso a la delincuencia                                    <\/a>\r\n                                <\/h3>\r\n                            <\/div>\r\n\t\t\t\t\t\t\r\n\t\t\t\t\t\t                            <div class=\"grid-post-box-meta pcbg-meta item-hover\">\r\n                                <div class=\"pcbg-meta-desc\">\r\n\t\t\t\t\t\t\t\t\t                                        <span class=\"bg-date-author author-italic author vcard\">\r\n\t\t\t\t\t\t\t\t\t\tby <a class=\"url fn n\"\r\n                                                                                                href=\"https:\/\/prensapaisa.com\/index.php\/author\/prensapaisagmail-com\/\">noticias@prensapaisa.com<\/a>\r\n\t\t\t\t\t\t\t\t\t<\/span>\r\n\t\t\t\t\t\t\t\t\t\t\t\t\t\t\t\t\t\t                                        <span class=\"bg-date\"><time class=\"entry-date published\" datetime=\"2026-01-27T21:43:37-05:00\">enero 27, 2026<\/time><\/span>\r\n\t\t\t\t\t\t\t\t\t\t\t\t\t\t\t\t\t\t\t\t\t\t\t\t\t\t\t\t\t\t\t\t\t\t\t\t                                <\/div>\r\n\t\t\t\t\t\t\t\t                            <\/div>\r\n\t\t\t\t\t\t\r\n\t\t\t\t\t\t                    <\/div>\r\n                <\/div>\r\n            <\/div>\r\n        <\/div>\r\n    <\/div>\r\n<\/div>\r\n<\/div><div class=\"penci-clearfix penci-biggrid-data penci-dblock penci-fixh\"><div class=\"penci-bgitem pcbg-big-item bgitem-1\">\r\n    <div class=\"penci-bgitin\">\r\n        <div class=\"penci-bgmain\">\r\n            <div class=\"pcbg-thumb\">\r\n\t\t\t\t\t\t\t\t                <div class=\"pcbg-thumbin\">\r\n                    <a class=\"pcbg-bgoverlay\"\r\n                       href=\"https:\/\/prensapaisa.com\/index.php\/2026\/01\/18\/autoridades-frustraron-hurto-de-una-camioneta-en-el-occidente-de-medellin-en-el-lugar-dos-abuelos-fueron-capturados\/\" title=\"Autoridades frustraron hurto de una camioneta en el Occidente de Medell\u00edn; en el lugar dos abuelos fueron capturados\u2026\"><\/a>\r\n\t\t\t\t\t                        <div class=\"penci-image-holder penci-lazy\"                             data-bgset=\"https:\/\/prensapaisa.com\/wp-content\/uploads\/2026\/01\/607979914_917470170847971_5341388915845666669_n-1170x514.jpg\" data_bg_hidpi=\"https:\/\/prensapaisa.com\/wp-content\/uploads\/2026\/01\/607979914_917470170847971_5341388915845666669_n-585x257.jpg\"\r\n                             data-sizes=\"(max-width: 767px) 585px, 1170px\">\r\n                        <\/div>\r\n\t\t\t\t\t                <\/div>\r\n            <\/div>\r\n            <div class=\"pcbg-content\">\r\n                <div class=\"pcbg-content-flex\">\r\n                    <a class=\"pcbg-bgoverlay active-overlay\"\r\n                       href=\"https:\/\/prensapaisa.com\/index.php\/2026\/01\/18\/autoridades-frustraron-hurto-de-una-camioneta-en-el-occidente-de-medellin-en-el-lugar-dos-abuelos-fueron-capturados\/\" title=\"Autoridades frustraron hurto de una camioneta en el Occidente de Medell\u00edn; en el lugar dos abuelos fueron capturados\u2026\"><\/a>\r\n                    <div class=\"pcbg-content-inner bgcontent-block\">\r\n                        <a href=\"https:\/\/prensapaisa.com\/index.php\/2026\/01\/18\/autoridades-frustraron-hurto-de-una-camioneta-en-el-occidente-de-medellin-en-el-lugar-dos-abuelos-fueron-capturados\/\" title=\"Autoridades frustraron hurto de una camioneta en el Occidente de Medell\u00edn; en el lugar dos abuelos fueron capturados\u2026\"\r\n                           class=\"pcbg-bgoverlaytext item-hover\"><\/a>\r\n\r\n\t\t\t\t\t\t                            <div class=\"pcbg-above item-hover\">\r\n\t\t\t\t\t\t\t<span class=\"cat pcbg-sub-title\">\r\n\t\t\t\t\t\t\t\t<a class=\"penci-cat-name penci-cat-49\" href=\"https:\/\/prensapaisa.com\/index.php\/category\/orden-publico\/capturas\/\"  rel=\"category tag\">Capturas<\/a><a class=\"penci-cat-name penci-cat-50\" href=\"https:\/\/prensapaisa.com\/index.php\/category\/orden-publico\/denuncias\/\"  rel=\"category tag\">Denuncias<\/a><a class=\"penci-cat-name penci-cat-48\" href=\"https:\/\/prensapaisa.com\/index.php\/category\/orden-publico\/hurtos\/\"  rel=\"category tag\">Hurtos<\/a><a class=\"penci-cat-name penci-cat-44\" href=\"https:\/\/prensapaisa.com\/index.php\/category\/movilidad\/\"  rel=\"category tag\">Movilidad<\/a><a class=\"penci-cat-name penci-cat-16\" href=\"https:\/\/prensapaisa.com\/index.php\/category\/municipios\/\"  rel=\"category tag\">Municipios<\/a><a class=\"penci-cat-name penci-cat-1\" href=\"https:\/\/prensapaisa.com\/index.php\/category\/noticias\/\"  rel=\"category tag\">Noticias<\/a><a class=\"penci-cat-name penci-cat-47\" href=\"https:\/\/prensapaisa.com\/index.php\/category\/orden-publico\/\"  rel=\"category tag\">Orden Publico<\/a><a class=\"penci-cat-name penci-cat-46\" href=\"https:\/\/prensapaisa.com\/index.php\/category\/redes-sociales\/\"  rel=\"category tag\">Redes Sociales<\/a>\t\t\t\t\t\t\t<\/span>\r\n                            <\/div>\r\n\t\t\t\t\t\t\r\n\t\t\t\t\t\t                            <div class=\"pcbg-heading item-hover\">\r\n                                <h3 class=\"pcbg-title\">\r\n                                    <a href=\"https:\/\/prensapaisa.com\/index.php\/2026\/01\/18\/autoridades-frustraron-hurto-de-una-camioneta-en-el-occidente-de-medellin-en-el-lugar-dos-abuelos-fueron-capturados\/\">\r\n                                        Autoridades frustraron hurto de una camioneta en el Occidente de Medell\u00edn; en el lugar dos abuelos fueron capturados\u2026                                    <\/a>\r\n                                <\/h3>\r\n                            <\/div>\r\n\t\t\t\t\t\t\r\n\t\t\t\t\t\t                            <div class=\"grid-post-box-meta pcbg-meta item-hover\">\r\n                                <div class=\"pcbg-meta-desc\">\r\n\t\t\t\t\t\t\t\t\t                                        <span class=\"bg-date-author author-italic author vcard\">\r\n\t\t\t\t\t\t\t\t\t\tby <a class=\"url fn n\"\r\n                                                                                                href=\"https:\/\/prensapaisa.com\/index.php\/author\/prensapaisagmail-com\/\">noticias@prensapaisa.com<\/a>\r\n\t\t\t\t\t\t\t\t\t<\/span>\r\n\t\t\t\t\t\t\t\t\t\t\t\t\t\t\t\t\t\t                                        <span class=\"bg-date\"><time class=\"entry-date published\" datetime=\"2026-01-18T09:01:20-05:00\">enero 18, 2026<\/time><\/span>\r\n\t\t\t\t\t\t\t\t\t\t\t\t\t\t\t\t\t\t\t\t\t\t\t\t\t\t\t\t\t\t\t\t\t\t\t\t                                <\/div>\r\n\t\t\t\t\t\t\t\t                            <\/div>\r\n\t\t\t\t\t\t\r\n\t\t\t\t\t\t                    <\/div>\r\n                <\/div>\r\n            <\/div>\r\n        <\/div>\r\n    <\/div>\r\n<\/div>\r\n<div class=\"penci-bgitem bgitem-2\">\r\n    <div class=\"penci-bgitin\">\r\n        <div class=\"penci-bgmain\">\r\n            <div class=\"pcbg-thumb\">\r\n\t\t\t\t\t\t\t\t                <div class=\"pcbg-thumbin\">\r\n                    <a class=\"pcbg-bgoverlay\"\r\n                       href=\"https:\/\/prensapaisa.com\/index.php\/2026\/01\/18\/una-vecina-alerto-a-la-policia-tras-notar-que-una-pareja-entro-a-una-casa-y-no-volvio-a-salir\/\" title=\"Una vecina alert\u00f3 a la Polic\u00eda tras notar que una pareja entr\u00f3 a una casa y no volvi\u00f3 a salir\"><\/a>\r\n\t\t\t\t\t                        <div class=\"penci-image-holder penci-lazy\"                             data-bgset=\"https:\/\/prensapaisa.com\/wp-content\/uploads\/2026\/01\/611175143_918528697408785_5654931098699140307_n-585x400.jpg\" data_bg_hidpi=\"https:\/\/prensapaisa.com\/wp-content\/uploads\/2026\/01\/611175143_918528697408785_5654931098699140307_n-585x400.jpg\"\r\n                             data-sizes=\"(max-width: 767px) 585px, 585px\">\r\n                        <\/div>\r\n\t\t\t\t\t                <\/div>\r\n            <\/div>\r\n            <div class=\"pcbg-content\">\r\n                <div class=\"pcbg-content-flex\">\r\n                    <a class=\"pcbg-bgoverlay active-overlay\"\r\n                       href=\"https:\/\/prensapaisa.com\/index.php\/2026\/01\/18\/una-vecina-alerto-a-la-policia-tras-notar-que-una-pareja-entro-a-una-casa-y-no-volvio-a-salir\/\" title=\"Una vecina alert\u00f3 a la Polic\u00eda tras notar que una pareja entr\u00f3 a una casa y no volvi\u00f3 a salir\"><\/a>\r\n                    <div class=\"pcbg-content-inner bgcontent-block\">\r\n                        <a href=\"https:\/\/prensapaisa.com\/index.php\/2026\/01\/18\/una-vecina-alerto-a-la-policia-tras-notar-que-una-pareja-entro-a-una-casa-y-no-volvio-a-salir\/\" title=\"Una vecina alert\u00f3 a la Polic\u00eda tras notar que una pareja entr\u00f3 a una casa y no volvi\u00f3 a salir\"\r\n                           class=\"pcbg-bgoverlaytext item-hover\"><\/a>\r\n\r\n\t\t\t\t\t\t\r\n\t\t\t\t\t\t                            <div class=\"pcbg-heading item-hover\">\r\n                                <h3 class=\"pcbg-title\">\r\n                                    <a href=\"https:\/\/prensapaisa.com\/index.php\/2026\/01\/18\/una-vecina-alerto-a-la-policia-tras-notar-que-una-pareja-entro-a-una-casa-y-no-volvio-a-salir\/\">\r\n                                        Una vecina alert\u00f3 a la Polic\u00eda tras notar que una pareja entr\u00f3 a una casa y no volvi\u00f3 a salir                                    <\/a>\r\n                                <\/h3>\r\n                            <\/div>\r\n\t\t\t\t\t\t\r\n\t\t\t\t\t\t                            <div class=\"grid-post-box-meta pcbg-meta item-hover\">\r\n                                <div class=\"pcbg-meta-desc\">\r\n\t\t\t\t\t\t\t\t\t                                        <span class=\"bg-date-author author-italic author vcard\">\r\n\t\t\t\t\t\t\t\t\t\tby <a class=\"url fn n\"\r\n                                                                                                href=\"https:\/\/prensapaisa.com\/index.php\/author\/prensapaisagmail-com\/\">noticias@prensapaisa.com<\/a>\r\n\t\t\t\t\t\t\t\t\t<\/span>\r\n\t\t\t\t\t\t\t\t\t\t\t\t\t\t\t\t\t\t                                        <span class=\"bg-date\"><time class=\"entry-date published\" datetime=\"2026-01-18T08:53:10-05:00\">enero 18, 2026<\/time><\/span>\r\n\t\t\t\t\t\t\t\t\t\t\t\t\t\t\t\t\t\t\t\t\t\t\t\t\t\t\t\t\t\t\t\t\t\t\t\t                                <\/div>\r\n\t\t\t\t\t\t\t\t                            <\/div>\r\n\t\t\t\t\t\t\r\n\t\t\t\t\t\t                    <\/div>\r\n                <\/div>\r\n            <\/div>\r\n        <\/div>\r\n    <\/div>\r\n<\/div>\r\n<div class=\"penci-bgitem bgitem-0\">\r\n    <div class=\"penci-bgitin\">\r\n        <div class=\"penci-bgmain\">\r\n            <div class=\"pcbg-thumb\">\r\n\t\t\t\t\t\t\t\t                <div class=\"pcbg-thumbin\">\r\n                    <a class=\"pcbg-bgoverlay\"\r\n                       href=\"https:\/\/prensapaisa.com\/index.php\/2026\/01\/18\/fatal-accidente-de-motociclistas-en-la-regional-a-la-altura-de-solla-en-bello\/\" title=\"Fatal accidente de motociclistas en La Regional, a la altura de Solla, en Bello\"><\/a>\r\n\t\t\t\t\t                        <div class=\"penci-image-holder penci-lazy\"                             data-bgset=\"https:\/\/prensapaisa.com\/wp-content\/uploads\/2026\/01\/615877779_926637316597923_7282549738465393081_n-585x860.jpg\" data_bg_hidpi=\"https:\/\/prensapaisa.com\/wp-content\/uploads\/2026\/01\/615877779_926637316597923_7282549738465393081_n-585x860.jpg\"\r\n                             data-sizes=\"(max-width: 767px) 585px, 585px\">\r\n                        <\/div>\r\n\t\t\t\t\t                <\/div>\r\n            <\/div>\r\n            <div class=\"pcbg-content\">\r\n                <div class=\"pcbg-content-flex\">\r\n                    <a class=\"pcbg-bgoverlay active-overlay\"\r\n                       href=\"https:\/\/prensapaisa.com\/index.php\/2026\/01\/18\/fatal-accidente-de-motociclistas-en-la-regional-a-la-altura-de-solla-en-bello\/\" title=\"Fatal accidente de motociclistas en La Regional, a la altura de Solla, en Bello\"><\/a>\r\n                    <div class=\"pcbg-content-inner bgcontent-block\">\r\n                        <a href=\"https:\/\/prensapaisa.com\/index.php\/2026\/01\/18\/fatal-accidente-de-motociclistas-en-la-regional-a-la-altura-de-solla-en-bello\/\" title=\"Fatal accidente de motociclistas en La Regional, a la altura de Solla, en Bello\"\r\n                           class=\"pcbg-bgoverlaytext item-hover\"><\/a>\r\n\r\n\t\t\t\t\t\t\r\n\t\t\t\t\t\t                            <div class=\"pcbg-heading item-hover\">\r\n                                <h3 class=\"pcbg-title\">\r\n                                    <a href=\"https:\/\/prensapaisa.com\/index.php\/2026\/01\/18\/fatal-accidente-de-motociclistas-en-la-regional-a-la-altura-de-solla-en-bello\/\">\r\n                                        Fatal accidente de motociclistas en La Regional, a la altura de Solla, en Bello                                    <\/a>\r\n                                <\/h3>\r\n                            <\/div>\r\n\t\t\t\t\t\t\r\n\t\t\t\t\t\t                            <div class=\"grid-post-box-meta pcbg-meta item-hover\">\r\n                                <div class=\"pcbg-meta-desc\">\r\n\t\t\t\t\t\t\t\t\t                                        <span class=\"bg-date-author author-italic author vcard\">\r\n\t\t\t\t\t\t\t\t\t\tby <a class=\"url fn n\"\r\n                                                                                                href=\"https:\/\/prensapaisa.com\/index.php\/author\/prensapaisagmail-com\/\">noticias@prensapaisa.com<\/a>\r\n\t\t\t\t\t\t\t\t\t<\/span>\r\n\t\t\t\t\t\t\t\t\t\t\t\t\t\t\t\t\t\t                                        <span class=\"bg-date\"><time class=\"entry-date published\" datetime=\"2026-01-18T08:32:10-05:00\">enero 18, 2026<\/time><\/span>\r\n\t\t\t\t\t\t\t\t\t\t\t\t\t\t\t\t\t\t\t\t\t\t\t\t\t\t\t\t\t\t\t\t\t\t\t\t                                <\/div>\r\n\t\t\t\t\t\t\t\t                            <\/div>\r\n\t\t\t\t\t\t\r\n\t\t\t\t\t\t                    <\/div>\r\n                <\/div>\r\n            <\/div>\r\n        <\/div>\r\n    <\/div>\r\n<\/div>\r\n<\/div><div class=\"penci-clearfix penci-biggrid-data penci-dblock penci-fixh\"><div class=\"penci-bgitem pcbg-big-item bgitem-1\">\r\n    <div class=\"penci-bgitin\">\r\n        <div class=\"penci-bgmain\">\r\n            <div class=\"pcbg-thumb\">\r\n\t\t\t\t\t\t\t\t                <div class=\"pcbg-thumbin\">\r\n                    <a class=\"pcbg-bgoverlay\"\r\n                       href=\"https:\/\/prensapaisa.com\/index.php\/2026\/01\/11\/murio-yeison-jimenez-en-un-accidente-de-avioneta-cuando-iba-para-medellin\/\" title=\"Muri\u00f3 Yeison Jim\u00e9nez en un accidente de avioneta cuando iba para Medell\u00edn\"><\/a>\r\n\t\t\t\t\t                        <div class=\"penci-image-holder penci-lazy\"                             data-bgset=\"https:\/\/prensapaisa.com\/wp-content\/uploads\/2026\/01\/615105321_921550560439932_6560008389414058630_n-1170x1463.jpg\" data_bg_hidpi=\"https:\/\/prensapaisa.com\/wp-content\/uploads\/2026\/01\/615105321_921550560439932_6560008389414058630_n-585x731.jpg\"\r\n                             data-sizes=\"(max-width: 767px) 585px, 1170px\">\r\n                        <\/div>\r\n\t\t\t\t\t                <\/div>\r\n            <\/div>\r\n            <div class=\"pcbg-content\">\r\n                <div class=\"pcbg-content-flex\">\r\n                    <a class=\"pcbg-bgoverlay active-overlay\"\r\n                       href=\"https:\/\/prensapaisa.com\/index.php\/2026\/01\/11\/murio-yeison-jimenez-en-un-accidente-de-avioneta-cuando-iba-para-medellin\/\" title=\"Muri\u00f3 Yeison Jim\u00e9nez en un accidente de avioneta cuando iba para Medell\u00edn\"><\/a>\r\n                    <div class=\"pcbg-content-inner bgcontent-block\">\r\n                        <a href=\"https:\/\/prensapaisa.com\/index.php\/2026\/01\/11\/murio-yeison-jimenez-en-un-accidente-de-avioneta-cuando-iba-para-medellin\/\" title=\"Muri\u00f3 Yeison Jim\u00e9nez en un accidente de avioneta cuando iba para Medell\u00edn\"\r\n                           class=\"pcbg-bgoverlaytext item-hover\"><\/a>\r\n\r\n\t\t\t\t\t\t                            <div class=\"pcbg-above item-hover\">\r\n\t\t\t\t\t\t\t<span class=\"cat pcbg-sub-title\">\r\n\t\t\t\t\t\t\t\t<a class=\"penci-cat-name penci-cat-45\" href=\"https:\/\/prensapaisa.com\/index.php\/category\/movilidad\/accidentes\/\"  rel=\"category tag\">Accidentes<\/a><a class=\"penci-cat-name penci-cat-43\" href=\"https:\/\/prensapaisa.com\/index.php\/category\/fallecidos\/\"  rel=\"category tag\">Fallecidos<\/a><a class=\"penci-cat-name penci-cat-44\" href=\"https:\/\/prensapaisa.com\/index.php\/category\/movilidad\/\"  rel=\"category tag\">Movilidad<\/a><a class=\"penci-cat-name penci-cat-16\" href=\"https:\/\/prensapaisa.com\/index.php\/category\/municipios\/\"  rel=\"category tag\">Municipios<\/a><a class=\"penci-cat-name penci-cat-1\" href=\"https:\/\/prensapaisa.com\/index.php\/category\/noticias\/\"  rel=\"category tag\">Noticias<\/a><a class=\"penci-cat-name penci-cat-47\" href=\"https:\/\/prensapaisa.com\/index.php\/category\/orden-publico\/\"  rel=\"category tag\">Orden Publico<\/a><a class=\"penci-cat-name penci-cat-46\" href=\"https:\/\/prensapaisa.com\/index.php\/category\/redes-sociales\/\"  rel=\"category tag\">Redes Sociales<\/a>\t\t\t\t\t\t\t<\/span>\r\n                            <\/div>\r\n\t\t\t\t\t\t\r\n\t\t\t\t\t\t                            <div class=\"pcbg-heading item-hover\">\r\n                                <h3 class=\"pcbg-title\">\r\n                                    <a href=\"https:\/\/prensapaisa.com\/index.php\/2026\/01\/11\/murio-yeison-jimenez-en-un-accidente-de-avioneta-cuando-iba-para-medellin\/\">\r\n                                        Muri\u00f3 Yeison Jim\u00e9nez en un accidente de avioneta cuando iba para Medell\u00edn                                    <\/a>\r\n                                <\/h3>\r\n                            <\/div>\r\n\t\t\t\t\t\t\r\n\t\t\t\t\t\t                            <div class=\"grid-post-box-meta pcbg-meta item-hover\">\r\n                                <div class=\"pcbg-meta-desc\">\r\n\t\t\t\t\t\t\t\t\t                                        <span class=\"bg-date-author author-italic author vcard\">\r\n\t\t\t\t\t\t\t\t\t\tby <a class=\"url fn n\"\r\n                                                                                                href=\"https:\/\/prensapaisa.com\/index.php\/author\/prensapaisagmail-com\/\">noticias@prensapaisa.com<\/a>\r\n\t\t\t\t\t\t\t\t\t<\/span>\r\n\t\t\t\t\t\t\t\t\t\t\t\t\t\t\t\t\t\t                                        <span class=\"bg-date\"><time class=\"entry-date published\" datetime=\"2026-01-11T09:21:25-05:00\">enero 11, 2026<\/time><\/span>\r\n\t\t\t\t\t\t\t\t\t\t\t\t\t\t\t\t\t\t\t\t\t\t\t\t\t\t\t\t\t\t\t\t\t\t\t\t                                <\/div>\r\n\t\t\t\t\t\t\t\t                            <\/div>\r\n\t\t\t\t\t\t\r\n\t\t\t\t\t\t                    <\/div>\r\n                <\/div>\r\n            <\/div>\r\n        <\/div>\r\n    <\/div>\r\n<\/div>\r\n<div class=\"penci-bgitem bgitem-2\">\r\n    <div class=\"penci-bgitin\">\r\n        <div class=\"penci-bgmain\">\r\n            <div class=\"pcbg-thumb\">\r\n\t\t\t\t\t\t\t\t                <div class=\"pcbg-thumbin\">\r\n                    <a class=\"pcbg-bgoverlay\"\r\n                       href=\"https:\/\/prensapaisa.com\/index.php\/2026\/01\/11\/la-musica-popular-esta-de-luto-accidente-aereo-en-paipa-cobra-la-vida-de-yeison-jimenez-y-su-equipo\/\" title=\"La m\u00fasica popular est\u00e1 de luto: accidente a\u00e9reo en Paipa cobra la vida de Yeison Jim\u00e9nez y su equipo\"><\/a>\r\n\t\t\t\t\t                        <div class=\"penci-image-holder penci-lazy\"                             data-bgset=\"https:\/\/prensapaisa.com\/wp-content\/uploads\/2026\/01\/614537302_921564803771841_9206253172972387859_n-585x731.jpg\" data_bg_hidpi=\"https:\/\/prensapaisa.com\/wp-content\/uploads\/2026\/01\/614537302_921564803771841_9206253172972387859_n-585x731.jpg\"\r\n                             data-sizes=\"(max-width: 767px) 585px, 585px\">\r\n                        <\/div>\r\n\t\t\t\t\t                <\/div>\r\n            <\/div>\r\n            <div class=\"pcbg-content\">\r\n                <div class=\"pcbg-content-flex\">\r\n                    <a class=\"pcbg-bgoverlay active-overlay\"\r\n                       href=\"https:\/\/prensapaisa.com\/index.php\/2026\/01\/11\/la-musica-popular-esta-de-luto-accidente-aereo-en-paipa-cobra-la-vida-de-yeison-jimenez-y-su-equipo\/\" title=\"La m\u00fasica popular est\u00e1 de luto: accidente a\u00e9reo en Paipa cobra la vida de Yeison Jim\u00e9nez y su equipo\"><\/a>\r\n                    <div class=\"pcbg-content-inner bgcontent-block\">\r\n                        <a href=\"https:\/\/prensapaisa.com\/index.php\/2026\/01\/11\/la-musica-popular-esta-de-luto-accidente-aereo-en-paipa-cobra-la-vida-de-yeison-jimenez-y-su-equipo\/\" title=\"La m\u00fasica popular est\u00e1 de luto: accidente a\u00e9reo en Paipa cobra la vida de Yeison Jim\u00e9nez y su equipo\"\r\n                           class=\"pcbg-bgoverlaytext item-hover\"><\/a>\r\n\r\n\t\t\t\t\t\t\r\n\t\t\t\t\t\t                            <div class=\"pcbg-heading item-hover\">\r\n                                <h3 class=\"pcbg-title\">\r\n                                    <a href=\"https:\/\/prensapaisa.com\/index.php\/2026\/01\/11\/la-musica-popular-esta-de-luto-accidente-aereo-en-paipa-cobra-la-vida-de-yeison-jimenez-y-su-equipo\/\">\r\n                                        La m\u00fasica popular est\u00e1 de luto: accidente a\u00e9reo en Paipa cobra la vida de Yeison Jim\u00e9nez y su equipo                                    <\/a>\r\n                                <\/h3>\r\n                            <\/div>\r\n\t\t\t\t\t\t\r\n\t\t\t\t\t\t                            <div class=\"grid-post-box-meta pcbg-meta item-hover\">\r\n                                <div class=\"pcbg-meta-desc\">\r\n\t\t\t\t\t\t\t\t\t                                        <span class=\"bg-date-author author-italic author vcard\">\r\n\t\t\t\t\t\t\t\t\t\tby <a class=\"url fn n\"\r\n                                                                                                href=\"https:\/\/prensapaisa.com\/index.php\/author\/prensapaisagmail-com\/\">noticias@prensapaisa.com<\/a>\r\n\t\t\t\t\t\t\t\t\t<\/span>\r\n\t\t\t\t\t\t\t\t\t\t\t\t\t\t\t\t\t\t                                        <span class=\"bg-date\"><time class=\"entry-date published\" datetime=\"2026-01-11T09:17:55-05:00\">enero 11, 2026<\/time><\/span>\r\n\t\t\t\t\t\t\t\t\t\t\t\t\t\t\t\t\t\t\t\t\t\t\t\t\t\t\t\t\t\t\t\t\t\t\t\t                                <\/div>\r\n\t\t\t\t\t\t\t\t                            <\/div>\r\n\t\t\t\t\t\t\r\n\t\t\t\t\t\t                    <\/div>\r\n                <\/div>\r\n            <\/div>\r\n        <\/div>\r\n    <\/div>\r\n<\/div>\r\n<div class=\"penci-bgitem bgitem-0\">\r\n    <div class=\"penci-bgitin\">\r\n        <div class=\"penci-bgmain\">\r\n            <div class=\"pcbg-thumb\">\r\n\t\t\t\t\t\t\t\t                <div class=\"pcbg-thumbin\">\r\n                    <a class=\"pcbg-bgoverlay\"\r\n                       href=\"https:\/\/prensapaisa.com\/index.php\/2026\/01\/02\/motociclista-murio-tras-ser-embestido-por-un-vehiculo-que-se-quedo-sin-frenos\/\" title=\"Motociclista muri\u00f3 tras ser embestido por un veh\u00edculo que se qued\u00f3 sin frenos\"><\/a>\r\n\t\t\t\t\t                        <div class=\"penci-image-holder penci-lazy\"                             data-bgset=\"https:\/\/prensapaisa.com\/wp-content\/uploads\/2026\/01\/605136714_911551724773149_4278912032936376855_n-585x492.jpg\" data_bg_hidpi=\"https:\/\/prensapaisa.com\/wp-content\/uploads\/2026\/01\/605136714_911551724773149_4278912032936376855_n-585x492.jpg\"\r\n                             data-sizes=\"(max-width: 767px) 585px, 585px\">\r\n                        <\/div>\r\n\t\t\t\t\t                <\/div>\r\n            <\/div>\r\n            <div class=\"pcbg-content\">\r\n                <div class=\"pcbg-content-flex\">\r\n                    <a class=\"pcbg-bgoverlay active-overlay\"\r\n                       href=\"https:\/\/prensapaisa.com\/index.php\/2026\/01\/02\/motociclista-murio-tras-ser-embestido-por-un-vehiculo-que-se-quedo-sin-frenos\/\" title=\"Motociclista muri\u00f3 tras ser embestido por un veh\u00edculo que se qued\u00f3 sin frenos\"><\/a>\r\n                    <div class=\"pcbg-content-inner bgcontent-block\">\r\n                        <a href=\"https:\/\/prensapaisa.com\/index.php\/2026\/01\/02\/motociclista-murio-tras-ser-embestido-por-un-vehiculo-que-se-quedo-sin-frenos\/\" title=\"Motociclista muri\u00f3 tras ser embestido por un veh\u00edculo que se qued\u00f3 sin frenos\"\r\n                           class=\"pcbg-bgoverlaytext item-hover\"><\/a>\r\n\r\n\t\t\t\t\t\t\r\n\t\t\t\t\t\t                            <div class=\"pcbg-heading item-hover\">\r\n                                <h3 class=\"pcbg-title\">\r\n                                    <a href=\"https:\/\/prensapaisa.com\/index.php\/2026\/01\/02\/motociclista-murio-tras-ser-embestido-por-un-vehiculo-que-se-quedo-sin-frenos\/\">\r\n                                        Motociclista muri\u00f3 tras ser embestido por un veh\u00edculo que se qued\u00f3 sin frenos                                    <\/a>\r\n                                <\/h3>\r\n                            <\/div>\r\n\t\t\t\t\t\t\r\n\t\t\t\t\t\t                            <div class=\"grid-post-box-meta pcbg-meta item-hover\">\r\n                                <div class=\"pcbg-meta-desc\">\r\n\t\t\t\t\t\t\t\t\t                                        <span class=\"bg-date-author author-italic author vcard\">\r\n\t\t\t\t\t\t\t\t\t\tby <a class=\"url fn n\"\r\n                                                                                                href=\"https:\/\/prensapaisa.com\/index.php\/author\/prensapaisagmail-com\/\">noticias@prensapaisa.com<\/a>\r\n\t\t\t\t\t\t\t\t\t<\/span>\r\n\t\t\t\t\t\t\t\t\t\t\t\t\t\t\t\t\t\t                                        <span class=\"bg-date\"><time class=\"entry-date published\" datetime=\"2026-01-02T12:19:51-05:00\">enero 2, 2026<\/time><\/span>\r\n\t\t\t\t\t\t\t\t\t\t\t\t\t\t\t\t\t\t\t\t\t\t\t\t\t\t\t\t\t\t\t\t\t\t\t\t                                <\/div>\r\n\t\t\t\t\t\t\t\t                            <\/div>\r\n\t\t\t\t\t\t\r\n\t\t\t\t\t\t                    <\/div>\r\n                <\/div>\r\n            <\/div>\r\n        <\/div>\r\n    <\/div>\r\n<\/div>\r\n<\/div><div class=\"penci-clearfix penci-biggrid-data penci-dblock penci-fixh\"><div class=\"penci-bgitem pcbg-big-item bgitem-1\">\r\n    <div class=\"penci-bgitin\">\r\n        <div class=\"penci-bgmain\">\r\n            <div class=\"pcbg-thumb\">\r\n\t\t\t\t\t\t\t\t                <div class=\"pcbg-thumbin\">\r\n                    <a class=\"pcbg-bgoverlay\"\r\n                       href=\"https:\/\/prensapaisa.com\/index.php\/2026\/01\/02\/paisas-suenan-con-ser-billonarios-para-cumplir-sus-proyectos-y-planes-con-la-laredgana\/\" title=\"Paisas sue\u00f1an con ser Billonarios para cumplir sus proyectos y planes con la @laredgana\"><\/a>\r\n\t\t\t\t\t                        <div class=\"penci-image-holder penci-lazy\"                             data-bgset=\"https:\/\/prensapaisa.com\/wp-content\/uploads\/2026\/01\/607619582_913130191281969_4750023371183165430_n-1170x1192.jpg\" data_bg_hidpi=\"https:\/\/prensapaisa.com\/wp-content\/uploads\/2026\/01\/607619582_913130191281969_4750023371183165430_n-585x596.jpg\"\r\n                             data-sizes=\"(max-width: 767px) 585px, 1170px\">\r\n                        <\/div>\r\n\t\t\t\t\t                <\/div>\r\n            <\/div>\r\n            <div class=\"pcbg-content\">\r\n                <div class=\"pcbg-content-flex\">\r\n                    <a class=\"pcbg-bgoverlay active-overlay\"\r\n                       href=\"https:\/\/prensapaisa.com\/index.php\/2026\/01\/02\/paisas-suenan-con-ser-billonarios-para-cumplir-sus-proyectos-y-planes-con-la-laredgana\/\" title=\"Paisas sue\u00f1an con ser Billonarios para cumplir sus proyectos y planes con la @laredgana\"><\/a>\r\n                    <div class=\"pcbg-content-inner bgcontent-block\">\r\n                        <a href=\"https:\/\/prensapaisa.com\/index.php\/2026\/01\/02\/paisas-suenan-con-ser-billonarios-para-cumplir-sus-proyectos-y-planes-con-la-laredgana\/\" title=\"Paisas sue\u00f1an con ser Billonarios para cumplir sus proyectos y planes con la @laredgana\"\r\n                           class=\"pcbg-bgoverlaytext item-hover\"><\/a>\r\n\r\n\t\t\t\t\t\t                            <div class=\"pcbg-above item-hover\">\r\n\t\t\t\t\t\t\t<span class=\"cat pcbg-sub-title\">\r\n\t\t\t\t\t\t\t\t<a class=\"penci-cat-name penci-cat-45\" href=\"https:\/\/prensapaisa.com\/index.php\/category\/movilidad\/accidentes\/\"  rel=\"category tag\">Accidentes<\/a><a class=\"penci-cat-name penci-cat-49\" href=\"https:\/\/prensapaisa.com\/index.php\/category\/orden-publico\/capturas\/\"  rel=\"category tag\">Capturas<\/a><a class=\"penci-cat-name penci-cat-50\" href=\"https:\/\/prensapaisa.com\/index.php\/category\/orden-publico\/denuncias\/\"  rel=\"category tag\">Denuncias<\/a><a class=\"penci-cat-name penci-cat-51\" href=\"https:\/\/prensapaisa.com\/index.php\/category\/desaparecidos\/\"  rel=\"category tag\">Desaparecidos<\/a><a class=\"penci-cat-name penci-cat-43\" href=\"https:\/\/prensapaisa.com\/index.php\/category\/fallecidos\/\"  rel=\"category tag\">Fallecidos<\/a><a class=\"penci-cat-name penci-cat-48\" href=\"https:\/\/prensapaisa.com\/index.php\/category\/orden-publico\/hurtos\/\"  rel=\"category tag\">Hurtos<\/a><a class=\"penci-cat-name penci-cat-44\" href=\"https:\/\/prensapaisa.com\/index.php\/category\/movilidad\/\"  rel=\"category tag\">Movilidad<\/a><a class=\"penci-cat-name penci-cat-16\" href=\"https:\/\/prensapaisa.com\/index.php\/category\/municipios\/\"  rel=\"category tag\">Municipios<\/a><a class=\"penci-cat-name penci-cat-1\" href=\"https:\/\/prensapaisa.com\/index.php\/category\/noticias\/\"  rel=\"category tag\">Noticias<\/a><a class=\"penci-cat-name penci-cat-47\" href=\"https:\/\/prensapaisa.com\/index.php\/category\/orden-publico\/\"  rel=\"category tag\">Orden Publico<\/a><a class=\"penci-cat-name penci-cat-46\" href=\"https:\/\/prensapaisa.com\/index.php\/category\/redes-sociales\/\"  rel=\"category tag\">Redes Sociales<\/a>\t\t\t\t\t\t\t<\/span>\r\n                            <\/div>\r\n\t\t\t\t\t\t\r\n\t\t\t\t\t\t                            <div class=\"pcbg-heading item-hover\">\r\n                                <h3 class=\"pcbg-title\">\r\n                                    <a href=\"https:\/\/prensapaisa.com\/index.php\/2026\/01\/02\/paisas-suenan-con-ser-billonarios-para-cumplir-sus-proyectos-y-planes-con-la-laredgana\/\">\r\n                                        Paisas sue\u00f1an con ser Billonarios para cumplir sus proyectos y planes con la @laredgana                                    <\/a>\r\n                                <\/h3>\r\n                            <\/div>\r\n\t\t\t\t\t\t\r\n\t\t\t\t\t\t                            <div class=\"grid-post-box-meta pcbg-meta item-hover\">\r\n                                <div class=\"pcbg-meta-desc\">\r\n\t\t\t\t\t\t\t\t\t                                        <span class=\"bg-date-author author-italic author vcard\">\r\n\t\t\t\t\t\t\t\t\t\tby <a class=\"url fn n\"\r\n                                                                                                href=\"https:\/\/prensapaisa.com\/index.php\/author\/prensapaisagmail-com\/\">noticias@prensapaisa.com<\/a>\r\n\t\t\t\t\t\t\t\t\t<\/span>\r\n\t\t\t\t\t\t\t\t\t\t\t\t\t\t\t\t\t\t                                        <span class=\"bg-date\"><time class=\"entry-date published\" datetime=\"2026-01-02T12:06:46-05:00\">enero 2, 2026<\/time><\/span>\r\n\t\t\t\t\t\t\t\t\t\t\t\t\t\t\t\t\t\t\t\t\t\t\t\t\t\t\t\t\t\t\t\t\t\t\t\t                                <\/div>\r\n\t\t\t\t\t\t\t\t                            <\/div>\r\n\t\t\t\t\t\t\r\n\t\t\t\t\t\t                    <\/div>\r\n                <\/div>\r\n            <\/div>\r\n        <\/div>\r\n    <\/div>\r\n<\/div>\r\n<div class=\"penci-bgitem bgitem-2\">\r\n    <div class=\"penci-bgitin\">\r\n        <div class=\"penci-bgmain\">\r\n            <div class=\"pcbg-thumb\">\r\n\t\t\t\t\t\t\t\t                <div class=\"pcbg-thumbin\">\r\n                    <a class=\"pcbg-bgoverlay\"\r\n                       href=\"https:\/\/prensapaisa.com\/index.php\/2026\/01\/02\/recuperan-vehiculo-robado-y-capturan-a-un-hombre-en-castilla-medellin-quien-aseguro-que-era-de-la-vuelta\/\" title=\"Recuperan veh\u00edculo robado y capturan a un hombre en Castilla, Medell\u00edn, quien asegur\u00f3 que era &#8220;de la vuelta&#8221;\"><\/a>\r\n\t\t\t\t\t                        <div class=\"penci-image-holder penci-lazy\"                             data-bgset=\"https:\/\/prensapaisa.com\/wp-content\/uploads\/2026\/01\/605117306_913176491277339_8170801461517327863_n-585x336.jpg\" data_bg_hidpi=\"https:\/\/prensapaisa.com\/wp-content\/uploads\/2026\/01\/605117306_913176491277339_8170801461517327863_n-585x336.jpg\"\r\n                             data-sizes=\"(max-width: 767px) 585px, 585px\">\r\n                        <\/div>\r\n\t\t\t\t\t                <\/div>\r\n            <\/div>\r\n            <div class=\"pcbg-content\">\r\n                <div class=\"pcbg-content-flex\">\r\n                    <a class=\"pcbg-bgoverlay active-overlay\"\r\n                       href=\"https:\/\/prensapaisa.com\/index.php\/2026\/01\/02\/recuperan-vehiculo-robado-y-capturan-a-un-hombre-en-castilla-medellin-quien-aseguro-que-era-de-la-vuelta\/\" title=\"Recuperan veh\u00edculo robado y capturan a un hombre en Castilla, Medell\u00edn, quien asegur\u00f3 que era &#8220;de la vuelta&#8221;\"><\/a>\r\n                    <div class=\"pcbg-content-inner bgcontent-block\">\r\n                        <a href=\"https:\/\/prensapaisa.com\/index.php\/2026\/01\/02\/recuperan-vehiculo-robado-y-capturan-a-un-hombre-en-castilla-medellin-quien-aseguro-que-era-de-la-vuelta\/\" title=\"Recuperan veh\u00edculo robado y capturan a un hombre en Castilla, Medell\u00edn, quien asegur\u00f3 que era &#8220;de la vuelta&#8221;\"\r\n                           class=\"pcbg-bgoverlaytext item-hover\"><\/a>\r\n\r\n\t\t\t\t\t\t\r\n\t\t\t\t\t\t                            <div class=\"pcbg-heading item-hover\">\r\n                                <h3 class=\"pcbg-title\">\r\n                                    <a href=\"https:\/\/prensapaisa.com\/index.php\/2026\/01\/02\/recuperan-vehiculo-robado-y-capturan-a-un-hombre-en-castilla-medellin-quien-aseguro-que-era-de-la-vuelta\/\">\r\n                                        Recuperan veh\u00edculo robado y capturan a un hombre en Castilla, Medell\u00edn, quien asegur\u00f3 que era &#8220;de la vuelta&#8221;                                    <\/a>\r\n                                <\/h3>\r\n                            <\/div>\r\n\t\t\t\t\t\t\r\n\t\t\t\t\t\t                            <div class=\"grid-post-box-meta pcbg-meta item-hover\">\r\n                                <div class=\"pcbg-meta-desc\">\r\n\t\t\t\t\t\t\t\t\t                                        <span class=\"bg-date-author author-italic author vcard\">\r\n\t\t\t\t\t\t\t\t\t\tby <a class=\"url fn n\"\r\n                                                                                                href=\"https:\/\/prensapaisa.com\/index.php\/author\/prensapaisagmail-com\/\">noticias@prensapaisa.com<\/a>\r\n\t\t\t\t\t\t\t\t\t<\/span>\r\n\t\t\t\t\t\t\t\t\t\t\t\t\t\t\t\t\t\t                                        <span class=\"bg-date\"><time class=\"entry-date published\" datetime=\"2026-01-02T12:04:49-05:00\">enero 2, 2026<\/time><\/span>\r\n\t\t\t\t\t\t\t\t\t\t\t\t\t\t\t\t\t\t\t\t\t\t\t\t\t\t\t\t\t\t\t\t\t\t\t\t                                <\/div>\r\n\t\t\t\t\t\t\t\t                            <\/div>\r\n\t\t\t\t\t\t\r\n\t\t\t\t\t\t                    <\/div>\r\n                <\/div>\r\n            <\/div>\r\n        <\/div>\r\n    <\/div>\r\n<\/div>\r\n<div class=\"penci-bgitem bgitem-0\">\r\n    <div class=\"penci-bgitin\">\r\n        <div class=\"penci-bgmain\">\r\n            <div class=\"pcbg-thumb\">\r\n\t\t\t\t\t\t\t\t                <div class=\"pcbg-thumbin\">\r\n                    <a class=\"pcbg-bgoverlay\"\r\n                       href=\"https:\/\/prensapaisa.com\/index.php\/2026\/01\/02\/dos-jovenes-murieron-en-un-accidente-de-moto-el-primer-dia-del-ano\/\" title=\"Dos j\u00f3venes murieron en un accidente de moto el primer d\u00eda del a\u00f1o\"><\/a>\r\n\t\t\t\t\t                        <div class=\"penci-image-holder penci-lazy\"                             data-bgset=\"https:\/\/prensapaisa.com\/wp-content\/uploads\/2026\/01\/605714626_914890411105947_5165697406358991605_n-585x438.jpg\" data_bg_hidpi=\"https:\/\/prensapaisa.com\/wp-content\/uploads\/2026\/01\/605714626_914890411105947_5165697406358991605_n-585x438.jpg\"\r\n                             data-sizes=\"(max-width: 767px) 585px, 585px\">\r\n                        <\/div>\r\n\t\t\t\t\t                <\/div>\r\n            <\/div>\r\n            <div class=\"pcbg-content\">\r\n                <div class=\"pcbg-content-flex\">\r\n                    <a class=\"pcbg-bgoverlay active-overlay\"\r\n                       href=\"https:\/\/prensapaisa.com\/index.php\/2026\/01\/02\/dos-jovenes-murieron-en-un-accidente-de-moto-el-primer-dia-del-ano\/\" title=\"Dos j\u00f3venes murieron en un accidente de moto el primer d\u00eda del a\u00f1o\"><\/a>\r\n                    <div class=\"pcbg-content-inner bgcontent-block\">\r\n                        <a href=\"https:\/\/prensapaisa.com\/index.php\/2026\/01\/02\/dos-jovenes-murieron-en-un-accidente-de-moto-el-primer-dia-del-ano\/\" title=\"Dos j\u00f3venes murieron en un accidente de moto el primer d\u00eda del a\u00f1o\"\r\n                           class=\"pcbg-bgoverlaytext item-hover\"><\/a>\r\n\r\n\t\t\t\t\t\t\r\n\t\t\t\t\t\t                            <div class=\"pcbg-heading item-hover\">\r\n                                <h3 class=\"pcbg-title\">\r\n                                    <a href=\"https:\/\/prensapaisa.com\/index.php\/2026\/01\/02\/dos-jovenes-murieron-en-un-accidente-de-moto-el-primer-dia-del-ano\/\">\r\n                                        Dos j\u00f3venes murieron en un accidente de moto el primer d\u00eda del a\u00f1o                                    <\/a>\r\n                                <\/h3>\r\n                            <\/div>\r\n\t\t\t\t\t\t\r\n\t\t\t\t\t\t                            <div class=\"grid-post-box-meta pcbg-meta item-hover\">\r\n                                <div class=\"pcbg-meta-desc\">\r\n\t\t\t\t\t\t\t\t\t                                        <span class=\"bg-date-author author-italic author vcard\">\r\n\t\t\t\t\t\t\t\t\t\tby <a class=\"url fn n\"\r\n                                                                                                href=\"https:\/\/prensapaisa.com\/index.php\/author\/prensapaisagmail-com\/\">noticias@prensapaisa.com<\/a>\r\n\t\t\t\t\t\t\t\t\t<\/span>\r\n\t\t\t\t\t\t\t\t\t\t\t\t\t\t\t\t\t\t                                        <span class=\"bg-date\"><time class=\"entry-date published\" datetime=\"2026-01-02T12:02:34-05:00\">enero 2, 2026<\/time><\/span>\r\n\t\t\t\t\t\t\t\t\t\t\t\t\t\t\t\t\t\t\t\t\t\t\t\t\t\t\t\t\t\t\t\t\t\t\t\t                                <\/div>\r\n\t\t\t\t\t\t\t\t                            <\/div>\r\n\t\t\t\t\t\t\r\n\t\t\t\t\t\t                    <\/div>\r\n                <\/div>\r\n            <\/div>\r\n        <\/div>\r\n    <\/div>\r\n<\/div>\r\n<\/div><div class=\"penci-clearfix penci-biggrid-data penci-dblock penci-fixh\"><div class=\"penci-bgitem pcbg-big-item bgitem-1\">\r\n    <div class=\"penci-bgitin\">\r\n        <div class=\"penci-bgmain\">\r\n            <div class=\"pcbg-thumb\">\r\n\t\t\t\t\t\t\t\t                <div class=\"pcbg-thumbin\">\r\n                    <a class=\"pcbg-bgoverlay\"\r\n                       href=\"https:\/\/prensapaisa.com\/index.php\/2026\/01\/02\/accidente-en-la-via-santa-barbara-la-pintada-deja-una-persona-fallecida\/\" title=\"Accidente en la v\u00eda Santa B\u00e1rbara \u2013 La Pintada deja una persona fallecida\"><\/a>\r\n\t\t\t\t\t                        <div class=\"penci-image-holder penci-lazy\"                             data-bgset=\"https:\/\/prensapaisa.com\/wp-content\/uploads\/2026\/01\/605763855_914926387769016_4266694301336347425_n-1170x882.jpg\" data_bg_hidpi=\"https:\/\/prensapaisa.com\/wp-content\/uploads\/2026\/01\/605763855_914926387769016_4266694301336347425_n-585x441.jpg\"\r\n                             data-sizes=\"(max-width: 767px) 585px, 1170px\">\r\n                        <\/div>\r\n\t\t\t\t\t                <\/div>\r\n            <\/div>\r\n            <div class=\"pcbg-content\">\r\n                <div class=\"pcbg-content-flex\">\r\n                    <a class=\"pcbg-bgoverlay active-overlay\"\r\n                       href=\"https:\/\/prensapaisa.com\/index.php\/2026\/01\/02\/accidente-en-la-via-santa-barbara-la-pintada-deja-una-persona-fallecida\/\" title=\"Accidente en la v\u00eda Santa B\u00e1rbara \u2013 La Pintada deja una persona fallecida\"><\/a>\r\n                    <div class=\"pcbg-content-inner bgcontent-block\">\r\n                        <a href=\"https:\/\/prensapaisa.com\/index.php\/2026\/01\/02\/accidente-en-la-via-santa-barbara-la-pintada-deja-una-persona-fallecida\/\" title=\"Accidente en la v\u00eda Santa B\u00e1rbara \u2013 La Pintada deja una persona fallecida\"\r\n                           class=\"pcbg-bgoverlaytext item-hover\"><\/a>\r\n\r\n\t\t\t\t\t\t                            <div class=\"pcbg-above item-hover\">\r\n\t\t\t\t\t\t\t<span class=\"cat pcbg-sub-title\">\r\n\t\t\t\t\t\t\t\t<a class=\"penci-cat-name penci-cat-45\" href=\"https:\/\/prensapaisa.com\/index.php\/category\/movilidad\/accidentes\/\"  rel=\"category tag\">Accidentes<\/a><a class=\"penci-cat-name penci-cat-50\" href=\"https:\/\/prensapaisa.com\/index.php\/category\/orden-publico\/denuncias\/\"  rel=\"category tag\">Denuncias<\/a><a class=\"penci-cat-name penci-cat-43\" href=\"https:\/\/prensapaisa.com\/index.php\/category\/fallecidos\/\"  rel=\"category tag\">Fallecidos<\/a><a class=\"penci-cat-name penci-cat-44\" href=\"https:\/\/prensapaisa.com\/index.php\/category\/movilidad\/\"  rel=\"category tag\">Movilidad<\/a><a class=\"penci-cat-name penci-cat-16\" href=\"https:\/\/prensapaisa.com\/index.php\/category\/municipios\/\"  rel=\"category tag\">Municipios<\/a><a class=\"penci-cat-name penci-cat-1\" href=\"https:\/\/prensapaisa.com\/index.php\/category\/noticias\/\"  rel=\"category tag\">Noticias<\/a><a class=\"penci-cat-name penci-cat-47\" href=\"https:\/\/prensapaisa.com\/index.php\/category\/orden-publico\/\"  rel=\"category tag\">Orden Publico<\/a><a class=\"penci-cat-name penci-cat-46\" href=\"https:\/\/prensapaisa.com\/index.php\/category\/redes-sociales\/\"  rel=\"category tag\">Redes Sociales<\/a>\t\t\t\t\t\t\t<\/span>\r\n                            <\/div>\r\n\t\t\t\t\t\t\r\n\t\t\t\t\t\t                            <div class=\"pcbg-heading item-hover\">\r\n                                <h3 class=\"pcbg-title\">\r\n                                    <a href=\"https:\/\/prensapaisa.com\/index.php\/2026\/01\/02\/accidente-en-la-via-santa-barbara-la-pintada-deja-una-persona-fallecida\/\">\r\n                                        Accidente en la v\u00eda Santa B\u00e1rbara \u2013 La Pintada deja una persona fallecida                                    <\/a>\r\n                                <\/h3>\r\n                            <\/div>\r\n\t\t\t\t\t\t\r\n\t\t\t\t\t\t                            <div class=\"grid-post-box-meta pcbg-meta item-hover\">\r\n                                <div class=\"pcbg-meta-desc\">\r\n\t\t\t\t\t\t\t\t\t                                        <span class=\"bg-date-author author-italic author vcard\">\r\n\t\t\t\t\t\t\t\t\t\tby <a class=\"url fn n\"\r\n                                                                                                href=\"https:\/\/prensapaisa.com\/index.php\/author\/prensapaisagmail-com\/\">noticias@prensapaisa.com<\/a>\r\n\t\t\t\t\t\t\t\t\t<\/span>\r\n\t\t\t\t\t\t\t\t\t\t\t\t\t\t\t\t\t\t                                        <span class=\"bg-date\"><time class=\"entry-date published\" datetime=\"2026-01-02T11:59:47-05:00\">enero 2, 2026<\/time><\/span>\r\n\t\t\t\t\t\t\t\t\t\t\t\t\t\t\t\t\t\t\t\t\t\t\t\t\t\t\t\t\t\t\t\t\t\t\t\t                                <\/div>\r\n\t\t\t\t\t\t\t\t                            <\/div>\r\n\t\t\t\t\t\t\r\n\t\t\t\t\t\t                    <\/div>\r\n                <\/div>\r\n            <\/div>\r\n        <\/div>\r\n    <\/div>\r\n<\/div>\r\n<div class=\"penci-bgitem bgitem-2\">\r\n    <div class=\"penci-bgitin\">\r\n        <div class=\"penci-bgmain\">\r\n            <div class=\"pcbg-thumb\">\r\n\t\t\t\t\t\t\t\t                <div class=\"pcbg-thumbin\">\r\n                    <a class=\"pcbg-bgoverlay\"\r\n                       href=\"https:\/\/prensapaisa.com\/index.php\/2026\/01\/02\/se-acabo-la-caceria-de-multas-medellin-prende-las-camaras-pero-para-salvar-vidas\/\" title=\"\u00a1Se acab\u00f3 la cacer\u00eda de multas! Medell\u00edn prende las c\u00e1maras\u2026 pero para salvar vidas\"><\/a>\r\n\t\t\t\t\t                        <div class=\"penci-image-holder penci-lazy\"                             data-bgset=\"https:\/\/prensapaisa.com\/wp-content\/uploads\/2026\/01\/608949404_915302564398065_6428238011121423016_n-1-585x329.jpg\" data_bg_hidpi=\"https:\/\/prensapaisa.com\/wp-content\/uploads\/2026\/01\/608949404_915302564398065_6428238011121423016_n-1-585x329.jpg\"\r\n                             data-sizes=\"(max-width: 767px) 585px, 585px\">\r\n                        <\/div>\r\n\t\t\t\t\t                <\/div>\r\n            <\/div>\r\n            <div class=\"pcbg-content\">\r\n                <div class=\"pcbg-content-flex\">\r\n                    <a class=\"pcbg-bgoverlay active-overlay\"\r\n                       href=\"https:\/\/prensapaisa.com\/index.php\/2026\/01\/02\/se-acabo-la-caceria-de-multas-medellin-prende-las-camaras-pero-para-salvar-vidas\/\" title=\"\u00a1Se acab\u00f3 la cacer\u00eda de multas! Medell\u00edn prende las c\u00e1maras\u2026 pero para salvar vidas\"><\/a>\r\n                    <div class=\"pcbg-content-inner bgcontent-block\">\r\n                        <a href=\"https:\/\/prensapaisa.com\/index.php\/2026\/01\/02\/se-acabo-la-caceria-de-multas-medellin-prende-las-camaras-pero-para-salvar-vidas\/\" title=\"\u00a1Se acab\u00f3 la cacer\u00eda de multas! Medell\u00edn prende las c\u00e1maras\u2026 pero para salvar vidas\"\r\n                           class=\"pcbg-bgoverlaytext item-hover\"><\/a>\r\n\r\n\t\t\t\t\t\t\r\n\t\t\t\t\t\t                            <div class=\"pcbg-heading item-hover\">\r\n                                <h3 class=\"pcbg-title\">\r\n                                    <a href=\"https:\/\/prensapaisa.com\/index.php\/2026\/01\/02\/se-acabo-la-caceria-de-multas-medellin-prende-las-camaras-pero-para-salvar-vidas\/\">\r\n                                        \u00a1Se acab\u00f3 la cacer\u00eda de multas! Medell\u00edn prende las c\u00e1maras\u2026 pero para salvar vidas                                    <\/a>\r\n                                <\/h3>\r\n                            <\/div>\r\n\t\t\t\t\t\t\r\n\t\t\t\t\t\t                            <div class=\"grid-post-box-meta pcbg-meta item-hover\">\r\n                                <div class=\"pcbg-meta-desc\">\r\n\t\t\t\t\t\t\t\t\t                                        <span class=\"bg-date-author author-italic author vcard\">\r\n\t\t\t\t\t\t\t\t\t\tby <a class=\"url fn n\"\r\n                                                                                                href=\"https:\/\/prensapaisa.com\/index.php\/author\/prensapaisagmail-com\/\">noticias@prensapaisa.com<\/a>\r\n\t\t\t\t\t\t\t\t\t<\/span>\r\n\t\t\t\t\t\t\t\t\t\t\t\t\t\t\t\t\t\t                                        <span class=\"bg-date\"><time class=\"entry-date published\" datetime=\"2026-01-02T11:47:01-05:00\">enero 2, 2026<\/time><\/span>\r\n\t\t\t\t\t\t\t\t\t\t\t\t\t\t\t\t\t\t\t\t\t\t\t\t\t\t\t\t\t\t\t\t\t\t\t\t                                <\/div>\r\n\t\t\t\t\t\t\t\t                            <\/div>\r\n\t\t\t\t\t\t\r\n\t\t\t\t\t\t                    <\/div>\r\n                <\/div>\r\n            <\/div>\r\n        <\/div>\r\n    <\/div>\r\n<\/div>\r\n<div class=\"penci-bgitem bgitem-0\">\r\n    <div class=\"penci-bgitin\">\r\n        <div class=\"penci-bgmain\">\r\n            <div class=\"pcbg-thumb\">\r\n\t\t\t\t\t\t\t\t                <div class=\"pcbg-thumbin\">\r\n                    <a class=\"pcbg-bgoverlay\"\r\n                       href=\"https:\/\/prensapaisa.com\/index.php\/2026\/01\/02\/bus-de-sotrauraba-se-volco-en-via-sabanalarga-medellin\/\" title=\"Bus de Sotraurab\u00e1 se volc\u00f3 en v\u00eda Sabanalarga\u2013Medell\u00edn\"><\/a>\r\n\t\t\t\t\t                        <div class=\"penci-image-holder penci-lazy\"                             data-bgset=\"https:\/\/prensapaisa.com\/wp-content\/uploads\/2026\/01\/609109026_915399634388358_6239126081338702649_n-585x329.jpg\" data_bg_hidpi=\"https:\/\/prensapaisa.com\/wp-content\/uploads\/2026\/01\/609109026_915399634388358_6239126081338702649_n-585x329.jpg\"\r\n                             data-sizes=\"(max-width: 767px) 585px, 585px\">\r\n                        <\/div>\r\n\t\t\t\t\t                <\/div>\r\n            <\/div>\r\n            <div class=\"pcbg-content\">\r\n                <div class=\"pcbg-content-flex\">\r\n                    <a class=\"pcbg-bgoverlay active-overlay\"\r\n                       href=\"https:\/\/prensapaisa.com\/index.php\/2026\/01\/02\/bus-de-sotrauraba-se-volco-en-via-sabanalarga-medellin\/\" title=\"Bus de Sotraurab\u00e1 se volc\u00f3 en v\u00eda Sabanalarga\u2013Medell\u00edn\"><\/a>\r\n                    <div class=\"pcbg-content-inner bgcontent-block\">\r\n                        <a href=\"https:\/\/prensapaisa.com\/index.php\/2026\/01\/02\/bus-de-sotrauraba-se-volco-en-via-sabanalarga-medellin\/\" title=\"Bus de Sotraurab\u00e1 se volc\u00f3 en v\u00eda Sabanalarga\u2013Medell\u00edn\"\r\n                           class=\"pcbg-bgoverlaytext item-hover\"><\/a>\r\n\r\n\t\t\t\t\t\t\r\n\t\t\t\t\t\t                            <div class=\"pcbg-heading item-hover\">\r\n                                <h3 class=\"pcbg-title\">\r\n                                    <a href=\"https:\/\/prensapaisa.com\/index.php\/2026\/01\/02\/bus-de-sotrauraba-se-volco-en-via-sabanalarga-medellin\/\">\r\n                                        Bus de Sotraurab\u00e1 se volc\u00f3 en v\u00eda Sabanalarga\u2013Medell\u00edn                                    <\/a>\r\n                                <\/h3>\r\n                            <\/div>\r\n\t\t\t\t\t\t\r\n\t\t\t\t\t\t                            <div class=\"grid-post-box-meta pcbg-meta item-hover\">\r\n                                <div class=\"pcbg-meta-desc\">\r\n\t\t\t\t\t\t\t\t\t                                        <span class=\"bg-date-author author-italic author vcard\">\r\n\t\t\t\t\t\t\t\t\t\tby <a class=\"url fn n\"\r\n                                                                                                href=\"https:\/\/prensapaisa.com\/index.php\/author\/prensapaisagmail-com\/\">noticias@prensapaisa.com<\/a>\r\n\t\t\t\t\t\t\t\t\t<\/span>\r\n\t\t\t\t\t\t\t\t\t\t\t\t\t\t\t\t\t\t                                        <span class=\"bg-date\"><time class=\"entry-date published\" datetime=\"2026-01-02T11:44:55-05:00\">enero 2, 2026<\/time><\/span>\r\n\t\t\t\t\t\t\t\t\t\t\t\t\t\t\t\t\t\t\t\t\t\t\t\t\t\t\t\t\t\t\t\t\t\t\t\t                                <\/div>\r\n\t\t\t\t\t\t\t\t                            <\/div>\r\n\t\t\t\t\t\t\r\n\t\t\t\t\t\t                    <\/div>\r\n                <\/div>\r\n            <\/div>\r\n        <\/div>\r\n    <\/div>\r\n<\/div>\r\n<\/div><div class=\"penci-clearfix penci-biggrid-data penci-dblock penci-fixh\"><div class=\"penci-bgitem pcbg-big-item bgitem-1\">\r\n    <div class=\"penci-bgitin\">\r\n        <div class=\"penci-bgmain\">\r\n            <div class=\"pcbg-thumb\">\r\n\t\t\t\t\t\t\t\t                <div class=\"pcbg-thumbin\">\r\n                    <a class=\"pcbg-bgoverlay\"\r\n                       href=\"https:\/\/prensapaisa.com\/index.php\/2025\/12\/26\/fatal-accidente-de-motociclista-en-envigado-este-25-de-diciembre\/\" title=\"Fatal accidente de motociclista, en Envigado, este 25 de diciembre\"><\/a>\r\n\t\t\t\t\t                        <div class=\"penci-image-holder penci-lazy\"                             data-bgset=\"https:\/\/prensapaisa.com\/wp-content\/uploads\/2025\/12\/577064753_909511091643879_90093638754126205_n.jpg\" data_bg_hidpi=\"https:\/\/prensapaisa.com\/wp-content\/uploads\/2025\/12\/577064753_909511091643879_90093638754126205_n-585x1039.jpg\"\r\n                             data-sizes=\"(max-width: 767px) 585px, 1170px\">\r\n                        <\/div>\r\n\t\t\t\t\t                <\/div>\r\n            <\/div>\r\n            <div class=\"pcbg-content\">\r\n                <div class=\"pcbg-content-flex\">\r\n                    <a class=\"pcbg-bgoverlay active-overlay\"\r\n                       href=\"https:\/\/prensapaisa.com\/index.php\/2025\/12\/26\/fatal-accidente-de-motociclista-en-envigado-este-25-de-diciembre\/\" title=\"Fatal accidente de motociclista, en Envigado, este 25 de diciembre\"><\/a>\r\n                    <div class=\"pcbg-content-inner bgcontent-block\">\r\n                        <a href=\"https:\/\/prensapaisa.com\/index.php\/2025\/12\/26\/fatal-accidente-de-motociclista-en-envigado-este-25-de-diciembre\/\" title=\"Fatal accidente de motociclista, en Envigado, este 25 de diciembre\"\r\n                           class=\"pcbg-bgoverlaytext item-hover\"><\/a>\r\n\r\n\t\t\t\t\t\t                            <div class=\"pcbg-above item-hover\">\r\n\t\t\t\t\t\t\t<span class=\"cat pcbg-sub-title\">\r\n\t\t\t\t\t\t\t\t<a class=\"penci-cat-name penci-cat-45\" href=\"https:\/\/prensapaisa.com\/index.php\/category\/movilidad\/accidentes\/\"  rel=\"category tag\">Accidentes<\/a><a class=\"penci-cat-name penci-cat-43\" href=\"https:\/\/prensapaisa.com\/index.php\/category\/fallecidos\/\"  rel=\"category tag\">Fallecidos<\/a><a class=\"penci-cat-name penci-cat-44\" href=\"https:\/\/prensapaisa.com\/index.php\/category\/movilidad\/\"  rel=\"category tag\">Movilidad<\/a><a class=\"penci-cat-name penci-cat-16\" href=\"https:\/\/prensapaisa.com\/index.php\/category\/municipios\/\"  rel=\"category tag\">Municipios<\/a><a class=\"penci-cat-name penci-cat-1\" href=\"https:\/\/prensapaisa.com\/index.php\/category\/noticias\/\"  rel=\"category tag\">Noticias<\/a><a class=\"penci-cat-name penci-cat-47\" href=\"https:\/\/prensapaisa.com\/index.php\/category\/orden-publico\/\"  rel=\"category tag\">Orden Publico<\/a><a class=\"penci-cat-name penci-cat-46\" href=\"https:\/\/prensapaisa.com\/index.php\/category\/redes-sociales\/\"  rel=\"category tag\">Redes Sociales<\/a>\t\t\t\t\t\t\t<\/span>\r\n                            <\/div>\r\n\t\t\t\t\t\t\r\n\t\t\t\t\t\t                            <div class=\"pcbg-heading item-hover\">\r\n                                <h3 class=\"pcbg-title\">\r\n                                    <a href=\"https:\/\/prensapaisa.com\/index.php\/2025\/12\/26\/fatal-accidente-de-motociclista-en-envigado-este-25-de-diciembre\/\">\r\n                                        Fatal accidente de motociclista, en Envigado, este 25 de diciembre                                    <\/a>\r\n                                <\/h3>\r\n                            <\/div>\r\n\t\t\t\t\t\t\r\n\t\t\t\t\t\t                            <div class=\"grid-post-box-meta pcbg-meta item-hover\">\r\n                                <div class=\"pcbg-meta-desc\">\r\n\t\t\t\t\t\t\t\t\t                                        <span class=\"bg-date-author author-italic author vcard\">\r\n\t\t\t\t\t\t\t\t\t\tby <a class=\"url fn n\"\r\n                                                                                                href=\"https:\/\/prensapaisa.com\/index.php\/author\/prensapaisagmail-com\/\">noticias@prensapaisa.com<\/a>\r\n\t\t\t\t\t\t\t\t\t<\/span>\r\n\t\t\t\t\t\t\t\t\t\t\t\t\t\t\t\t\t\t                                        <span class=\"bg-date\"><time class=\"entry-date published\" datetime=\"2025-12-26T12:10:59-05:00\">diciembre 26, 2025<\/time><\/span>\r\n\t\t\t\t\t\t\t\t\t\t\t\t\t\t\t\t\t\t\t\t\t\t\t\t\t\t\t\t\t\t\t\t\t\t\t\t                                <\/div>\r\n\t\t\t\t\t\t\t\t                            <\/div>\r\n\t\t\t\t\t\t\r\n\t\t\t\t\t\t                    <\/div>\r\n                <\/div>\r\n            <\/div>\r\n        <\/div>\r\n    <\/div>\r\n<\/div>\r\n<div class=\"penci-bgitem bgitem-2\">\r\n    <div class=\"penci-bgitin\">\r\n        <div class=\"penci-bgmain\">\r\n            <div class=\"pcbg-thumb\">\r\n\t\t\t\t\t\t\t\t                <div class=\"pcbg-thumbin\">\r\n                    <a class=\"pcbg-bgoverlay\"\r\n                       href=\"https:\/\/prensapaisa.com\/index.php\/2025\/12\/26\/dos-mujeres-oriundas-de-taraza-murieron-en-accidente-de-transito-en-el-municipio-de-bello\/\" title=\"Dos mujeres, oriundas de Taraz\u00e1, murieron en accidente de tr\u00e1nsito en el municipio de Bello\"><\/a>\r\n\t\t\t\t\t                        <div class=\"penci-image-holder penci-lazy\"                             data-bgset=\"https:\/\/prensapaisa.com\/wp-content\/uploads\/2025\/12\/604535825_910283708233284_6645403076193289053_n-585x786.jpg\" data_bg_hidpi=\"https:\/\/prensapaisa.com\/wp-content\/uploads\/2025\/12\/604535825_910283708233284_6645403076193289053_n-585x786.jpg\"\r\n                             data-sizes=\"(max-width: 767px) 585px, 585px\">\r\n                        <\/div>\r\n\t\t\t\t\t                <\/div>\r\n            <\/div>\r\n            <div class=\"pcbg-content\">\r\n                <div class=\"pcbg-content-flex\">\r\n                    <a class=\"pcbg-bgoverlay active-overlay\"\r\n                       href=\"https:\/\/prensapaisa.com\/index.php\/2025\/12\/26\/dos-mujeres-oriundas-de-taraza-murieron-en-accidente-de-transito-en-el-municipio-de-bello\/\" title=\"Dos mujeres, oriundas de Taraz\u00e1, murieron en accidente de tr\u00e1nsito en el municipio de Bello\"><\/a>\r\n                    <div class=\"pcbg-content-inner bgcontent-block\">\r\n                        <a href=\"https:\/\/prensapaisa.com\/index.php\/2025\/12\/26\/dos-mujeres-oriundas-de-taraza-murieron-en-accidente-de-transito-en-el-municipio-de-bello\/\" title=\"Dos mujeres, oriundas de Taraz\u00e1, murieron en accidente de tr\u00e1nsito en el municipio de Bello\"\r\n                           class=\"pcbg-bgoverlaytext item-hover\"><\/a>\r\n\r\n\t\t\t\t\t\t\r\n\t\t\t\t\t\t                            <div class=\"pcbg-heading item-hover\">\r\n                                <h3 class=\"pcbg-title\">\r\n                                    <a href=\"https:\/\/prensapaisa.com\/index.php\/2025\/12\/26\/dos-mujeres-oriundas-de-taraza-murieron-en-accidente-de-transito-en-el-municipio-de-bello\/\">\r\n                                        Dos mujeres, oriundas de Taraz\u00e1, murieron en accidente de tr\u00e1nsito en el municipio de Bello                                    <\/a>\r\n                                <\/h3>\r\n                            <\/div>\r\n\t\t\t\t\t\t\r\n\t\t\t\t\t\t                            <div class=\"grid-post-box-meta pcbg-meta item-hover\">\r\n                                <div class=\"pcbg-meta-desc\">\r\n\t\t\t\t\t\t\t\t\t                                        <span class=\"bg-date-author author-italic author vcard\">\r\n\t\t\t\t\t\t\t\t\t\tby <a class=\"url fn n\"\r\n                                                                                                href=\"https:\/\/prensapaisa.com\/index.php\/author\/prensapaisagmail-com\/\">noticias@prensapaisa.com<\/a>\r\n\t\t\t\t\t\t\t\t\t<\/span>\r\n\t\t\t\t\t\t\t\t\t\t\t\t\t\t\t\t\t\t                                        <span class=\"bg-date\"><time class=\"entry-date published\" datetime=\"2025-12-26T12:07:12-05:00\">diciembre 26, 2025<\/time><\/span>\r\n\t\t\t\t\t\t\t\t\t\t\t\t\t\t\t\t\t\t\t\t\t\t\t\t\t\t\t\t\t\t\t\t\t\t\t\t                                <\/div>\r\n\t\t\t\t\t\t\t\t                            <\/div>\r\n\t\t\t\t\t\t\r\n\t\t\t\t\t\t                    <\/div>\r\n                <\/div>\r\n            <\/div>\r\n        <\/div>\r\n    <\/div>\r\n<\/div>\r\n<div class=\"penci-bgitem bgitem-0\">\r\n    <div class=\"penci-bgitin\">\r\n        <div class=\"penci-bgmain\">\r\n            <div class=\"pcbg-thumb\">\r\n\t\t\t\t\t\t\t\t                <div class=\"pcbg-thumbin\">\r\n                    <a class=\"pcbg-bgoverlay\"\r\n                       href=\"https:\/\/prensapaisa.com\/index.php\/2025\/12\/26\/joven-fue-asesinado-por-defender-a-su-novia-de-un-borracho-en-bello\/\" title=\"Joven fue asesinado por defender a su novia de un borracho en Bello\"><\/a>\r\n\t\t\t\t\t                        <div class=\"penci-image-holder penci-lazy\"                             data-bgset=\"https:\/\/prensapaisa.com\/wp-content\/uploads\/2025\/12\/577039327_910333464894975_2337846415109081820_n-585x397.jpg\" data_bg_hidpi=\"https:\/\/prensapaisa.com\/wp-content\/uploads\/2025\/12\/577039327_910333464894975_2337846415109081820_n-585x397.jpg\"\r\n                             data-sizes=\"(max-width: 767px) 585px, 585px\">\r\n                        <\/div>\r\n\t\t\t\t\t                <\/div>\r\n            <\/div>\r\n            <div class=\"pcbg-content\">\r\n                <div class=\"pcbg-content-flex\">\r\n                    <a class=\"pcbg-bgoverlay active-overlay\"\r\n                       href=\"https:\/\/prensapaisa.com\/index.php\/2025\/12\/26\/joven-fue-asesinado-por-defender-a-su-novia-de-un-borracho-en-bello\/\" title=\"Joven fue asesinado por defender a su novia de un borracho en Bello\"><\/a>\r\n                    <div class=\"pcbg-content-inner bgcontent-block\">\r\n                        <a href=\"https:\/\/prensapaisa.com\/index.php\/2025\/12\/26\/joven-fue-asesinado-por-defender-a-su-novia-de-un-borracho-en-bello\/\" title=\"Joven fue asesinado por defender a su novia de un borracho en Bello\"\r\n                           class=\"pcbg-bgoverlaytext item-hover\"><\/a>\r\n\r\n\t\t\t\t\t\t\r\n\t\t\t\t\t\t                            <div class=\"pcbg-heading item-hover\">\r\n                                <h3 class=\"pcbg-title\">\r\n                                    <a href=\"https:\/\/prensapaisa.com\/index.php\/2025\/12\/26\/joven-fue-asesinado-por-defender-a-su-novia-de-un-borracho-en-bello\/\">\r\n                                        Joven fue asesinado por defender a su novia de un borracho en Bello                                    <\/a>\r\n                                <\/h3>\r\n                            <\/div>\r\n\t\t\t\t\t\t\r\n\t\t\t\t\t\t                            <div class=\"grid-post-box-meta pcbg-meta item-hover\">\r\n                                <div class=\"pcbg-meta-desc\">\r\n\t\t\t\t\t\t\t\t\t                                        <span class=\"bg-date-author author-italic author vcard\">\r\n\t\t\t\t\t\t\t\t\t\tby <a class=\"url fn n\"\r\n                                                                                                href=\"https:\/\/prensapaisa.com\/index.php\/author\/prensapaisagmail-com\/\">noticias@prensapaisa.com<\/a>\r\n\t\t\t\t\t\t\t\t\t<\/span>\r\n\t\t\t\t\t\t\t\t\t\t\t\t\t\t\t\t\t\t                                        <span class=\"bg-date\"><time class=\"entry-date published\" datetime=\"2025-12-26T12:02:49-05:00\">diciembre 26, 2025<\/time><\/span>\r\n\t\t\t\t\t\t\t\t\t\t\t\t\t\t\t\t\t\t\t\t\t\t\t\t\t\t\t\t\t\t\t\t\t\t\t\t                                <\/div>\r\n\t\t\t\t\t\t\t\t                            <\/div>\r\n\t\t\t\t\t\t\r\n\t\t\t\t\t\t                    <\/div>\r\n                <\/div>\r\n            <\/div>\r\n        <\/div>\r\n    <\/div>\r\n<\/div>\r\n<\/div><div class=\"penci-clearfix penci-biggrid-data penci-dblock penci-fixh\"><div class=\"penci-bgitem pcbg-big-item bgitem-1\">\r\n    <div class=\"penci-bgitin\">\r\n        <div class=\"penci-bgmain\">\r\n            <div class=\"pcbg-thumb\">\r\n\t\t\t\t\t\t\t\t                <div class=\"pcbg-thumbin\">\r\n                    <a class=\"pcbg-bgoverlay\"\r\n                       href=\"https:\/\/prensapaisa.com\/index.php\/2025\/12\/26\/dos-mujeres-fallecieron-en-un-accidente-de-transito-en-niquia-bello\/\" title=\"Dos mujeres fallecieron en un accidente de tr\u00e1nsito en Niqu\u00eda, Bello\"><\/a>\r\n\t\t\t\t\t                        <div class=\"penci-image-holder penci-lazy\"                             data-bgset=\"https:\/\/prensapaisa.com\/wp-content\/uploads\/2025\/12\/604788020_910192358242419_2919851715925027391_n-1170x1317.jpg\" data_bg_hidpi=\"https:\/\/prensapaisa.com\/wp-content\/uploads\/2025\/12\/604788020_910192358242419_2919851715925027391_n-585x658.jpg\"\r\n                             data-sizes=\"(max-width: 767px) 585px, 1170px\">\r\n                        <\/div>\r\n\t\t\t\t\t                <\/div>\r\n            <\/div>\r\n            <div class=\"pcbg-content\">\r\n                <div class=\"pcbg-content-flex\">\r\n                    <a class=\"pcbg-bgoverlay active-overlay\"\r\n                       href=\"https:\/\/prensapaisa.com\/index.php\/2025\/12\/26\/dos-mujeres-fallecieron-en-un-accidente-de-transito-en-niquia-bello\/\" title=\"Dos mujeres fallecieron en un accidente de tr\u00e1nsito en Niqu\u00eda, Bello\"><\/a>\r\n                    <div class=\"pcbg-content-inner bgcontent-block\">\r\n                        <a href=\"https:\/\/prensapaisa.com\/index.php\/2025\/12\/26\/dos-mujeres-fallecieron-en-un-accidente-de-transito-en-niquia-bello\/\" title=\"Dos mujeres fallecieron en un accidente de tr\u00e1nsito en Niqu\u00eda, Bello\"\r\n                           class=\"pcbg-bgoverlaytext item-hover\"><\/a>\r\n\r\n\t\t\t\t\t\t                            <div class=\"pcbg-above item-hover\">\r\n\t\t\t\t\t\t\t<span class=\"cat pcbg-sub-title\">\r\n\t\t\t\t\t\t\t\t<a class=\"penci-cat-name penci-cat-45\" href=\"https:\/\/prensapaisa.com\/index.php\/category\/movilidad\/accidentes\/\"  rel=\"category tag\">Accidentes<\/a><a class=\"penci-cat-name penci-cat-49\" href=\"https:\/\/prensapaisa.com\/index.php\/category\/orden-publico\/capturas\/\"  rel=\"category tag\">Capturas<\/a><a class=\"penci-cat-name penci-cat-50\" href=\"https:\/\/prensapaisa.com\/index.php\/category\/orden-publico\/denuncias\/\"  rel=\"category tag\">Denuncias<\/a><a class=\"penci-cat-name penci-cat-43\" href=\"https:\/\/prensapaisa.com\/index.php\/category\/fallecidos\/\"  rel=\"category tag\">Fallecidos<\/a><a class=\"penci-cat-name penci-cat-44\" href=\"https:\/\/prensapaisa.com\/index.php\/category\/movilidad\/\"  rel=\"category tag\">Movilidad<\/a><a class=\"penci-cat-name penci-cat-16\" href=\"https:\/\/prensapaisa.com\/index.php\/category\/municipios\/\"  rel=\"category tag\">Municipios<\/a><a class=\"penci-cat-name penci-cat-1\" href=\"https:\/\/prensapaisa.com\/index.php\/category\/noticias\/\"  rel=\"category tag\">Noticias<\/a><a class=\"penci-cat-name penci-cat-47\" href=\"https:\/\/prensapaisa.com\/index.php\/category\/orden-publico\/\"  rel=\"category tag\">Orden Publico<\/a><a class=\"penci-cat-name penci-cat-46\" href=\"https:\/\/prensapaisa.com\/index.php\/category\/redes-sociales\/\"  rel=\"category tag\">Redes Sociales<\/a>\t\t\t\t\t\t\t<\/span>\r\n                            <\/div>\r\n\t\t\t\t\t\t\r\n\t\t\t\t\t\t                            <div class=\"pcbg-heading item-hover\">\r\n                                <h3 class=\"pcbg-title\">\r\n                                    <a href=\"https:\/\/prensapaisa.com\/index.php\/2025\/12\/26\/dos-mujeres-fallecieron-en-un-accidente-de-transito-en-niquia-bello\/\">\r\n                                        Dos mujeres fallecieron en un accidente de tr\u00e1nsito en Niqu\u00eda, Bello                                    <\/a>\r\n                                <\/h3>\r\n                            <\/div>\r\n\t\t\t\t\t\t\r\n\t\t\t\t\t\t                            <div class=\"grid-post-box-meta pcbg-meta item-hover\">\r\n                                <div class=\"pcbg-meta-desc\">\r\n\t\t\t\t\t\t\t\t\t                                        <span class=\"bg-date-author author-italic author vcard\">\r\n\t\t\t\t\t\t\t\t\t\tby <a class=\"url fn n\"\r\n                                                                                                href=\"https:\/\/prensapaisa.com\/index.php\/author\/prensapaisagmail-com\/\">noticias@prensapaisa.com<\/a>\r\n\t\t\t\t\t\t\t\t\t<\/span>\r\n\t\t\t\t\t\t\t\t\t\t\t\t\t\t\t\t\t\t                                        <span class=\"bg-date\"><time class=\"entry-date published\" datetime=\"2025-12-26T10:08:54-05:00\">diciembre 26, 2025<\/time><\/span>\r\n\t\t\t\t\t\t\t\t\t\t\t\t\t\t\t\t\t\t\t\t\t\t\t\t\t\t\t\t\t\t\t\t\t\t\t\t                                <\/div>\r\n\t\t\t\t\t\t\t\t                            <\/div>\r\n\t\t\t\t\t\t\r\n\t\t\t\t\t\t                    <\/div>\r\n                <\/div>\r\n            <\/div>\r\n        <\/div>\r\n    <\/div>\r\n<\/div>\r\n<div class=\"penci-bgitem bgitem-2\">\r\n    <div class=\"penci-bgitin\">\r\n        <div class=\"penci-bgmain\">\r\n            <div class=\"pcbg-thumb\">\r\n\t\t\t\t\t\t\t\t                <div class=\"pcbg-thumbin\">\r\n                    <a class=\"pcbg-bgoverlay\"\r\n                       href=\"https:\/\/prensapaisa.com\/index.php\/2025\/12\/16\/suena-con-ser-billonario-y-cumple-tus-planes-con-la-laredgana\/\" title=\"Sue\u00f1a con ser Billonario y cumple tus planes con la @laredgana\"><\/a>\r\n\t\t\t\t\t                        <div class=\"penci-image-holder penci-lazy\"                             data-bgset=\"https:\/\/prensapaisa.com\/wp-content\/uploads\/2025\/12\/597949040_901531989108456_7652304395224082302_n-585x541.jpg\" data_bg_hidpi=\"https:\/\/prensapaisa.com\/wp-content\/uploads\/2025\/12\/597949040_901531989108456_7652304395224082302_n-585x541.jpg\"\r\n                             data-sizes=\"(max-width: 767px) 585px, 585px\">\r\n                        <\/div>\r\n\t\t\t\t\t                <\/div>\r\n            <\/div>\r\n            <div class=\"pcbg-content\">\r\n                <div class=\"pcbg-content-flex\">\r\n                    <a class=\"pcbg-bgoverlay active-overlay\"\r\n                       href=\"https:\/\/prensapaisa.com\/index.php\/2025\/12\/16\/suena-con-ser-billonario-y-cumple-tus-planes-con-la-laredgana\/\" title=\"Sue\u00f1a con ser Billonario y cumple tus planes con la @laredgana\"><\/a>\r\n                    <div class=\"pcbg-content-inner bgcontent-block\">\r\n                        <a href=\"https:\/\/prensapaisa.com\/index.php\/2025\/12\/16\/suena-con-ser-billonario-y-cumple-tus-planes-con-la-laredgana\/\" title=\"Sue\u00f1a con ser Billonario y cumple tus planes con la @laredgana\"\r\n                           class=\"pcbg-bgoverlaytext item-hover\"><\/a>\r\n\r\n\t\t\t\t\t\t\r\n\t\t\t\t\t\t                            <div class=\"pcbg-heading item-hover\">\r\n                                <h3 class=\"pcbg-title\">\r\n                                    <a href=\"https:\/\/prensapaisa.com\/index.php\/2025\/12\/16\/suena-con-ser-billonario-y-cumple-tus-planes-con-la-laredgana\/\">\r\n                                        Sue\u00f1a con ser Billonario y cumple tus planes con la @laredgana                                    <\/a>\r\n                                <\/h3>\r\n                            <\/div>\r\n\t\t\t\t\t\t\r\n\t\t\t\t\t\t                            <div class=\"grid-post-box-meta pcbg-meta item-hover\">\r\n                                <div class=\"pcbg-meta-desc\">\r\n\t\t\t\t\t\t\t\t\t                                        <span class=\"bg-date-author author-italic author vcard\">\r\n\t\t\t\t\t\t\t\t\t\tby <a class=\"url fn n\"\r\n                                                                                                href=\"https:\/\/prensapaisa.com\/index.php\/author\/prensapaisagmail-com\/\">noticias@prensapaisa.com<\/a>\r\n\t\t\t\t\t\t\t\t\t<\/span>\r\n\t\t\t\t\t\t\t\t\t\t\t\t\t\t\t\t\t\t                                        <span class=\"bg-date\"><time class=\"entry-date published\" datetime=\"2025-12-16T08:31:41-05:00\">diciembre 16, 2025<\/time><\/span>\r\n\t\t\t\t\t\t\t\t\t\t\t\t\t\t\t\t\t\t\t\t\t\t\t\t\t\t\t\t\t\t\t\t\t\t\t\t                                <\/div>\r\n\t\t\t\t\t\t\t\t                            <\/div>\r\n\t\t\t\t\t\t\r\n\t\t\t\t\t\t                    <\/div>\r\n                <\/div>\r\n            <\/div>\r\n        <\/div>\r\n    <\/div>\r\n<\/div>\r\n<div class=\"penci-bgitem bgitem-0\">\r\n    <div class=\"penci-bgitin\">\r\n        <div class=\"penci-bgmain\">\r\n            <div class=\"pcbg-thumb\">\r\n\t\t\t\t\t\t\t\t                <div class=\"pcbg-thumbin\">\r\n                    <a class=\"pcbg-bgoverlay\"\r\n                       href=\"https:\/\/prensapaisa.com\/index.php\/2025\/12\/16\/esta-fue-la-ultima-foto-en-covenas-de-los-estudiantes-antes-del-accidente-donde-fallecieron-16-y-ha-mas-de-20-heridos\/\" title=\"Esta fue la \u00faltima foto en Cove\u00f1as de los estudiantes antes del accidente donde fallecieron 16 y hubo m\u00e1s de 20 heridos\"><\/a>\r\n\t\t\t\t\t                        <div class=\"penci-image-holder penci-lazy\"                             data-bgset=\"https:\/\/prensapaisa.com\/wp-content\/uploads\/2025\/12\/598641653_901543029107352_3102343475528699962_n-585x346.jpg\" data_bg_hidpi=\"https:\/\/prensapaisa.com\/wp-content\/uploads\/2025\/12\/598641653_901543029107352_3102343475528699962_n-585x346.jpg\"\r\n                             data-sizes=\"(max-width: 767px) 585px, 585px\">\r\n                        <\/div>\r\n\t\t\t\t\t                <\/div>\r\n            <\/div>\r\n            <div class=\"pcbg-content\">\r\n                <div class=\"pcbg-content-flex\">\r\n                    <a class=\"pcbg-bgoverlay active-overlay\"\r\n                       href=\"https:\/\/prensapaisa.com\/index.php\/2025\/12\/16\/esta-fue-la-ultima-foto-en-covenas-de-los-estudiantes-antes-del-accidente-donde-fallecieron-16-y-ha-mas-de-20-heridos\/\" title=\"Esta fue la \u00faltima foto en Cove\u00f1as de los estudiantes antes del accidente donde fallecieron 16 y hubo m\u00e1s de 20 heridos\"><\/a>\r\n                    <div class=\"pcbg-content-inner bgcontent-block\">\r\n                        <a href=\"https:\/\/prensapaisa.com\/index.php\/2025\/12\/16\/esta-fue-la-ultima-foto-en-covenas-de-los-estudiantes-antes-del-accidente-donde-fallecieron-16-y-ha-mas-de-20-heridos\/\" title=\"Esta fue la \u00faltima foto en Cove\u00f1as de los estudiantes antes del accidente donde fallecieron 16 y hubo m\u00e1s de 20 heridos\"\r\n                           class=\"pcbg-bgoverlaytext item-hover\"><\/a>\r\n\r\n\t\t\t\t\t\t\r\n\t\t\t\t\t\t                            <div class=\"pcbg-heading item-hover\">\r\n                                <h3 class=\"pcbg-title\">\r\n                                    <a href=\"https:\/\/prensapaisa.com\/index.php\/2025\/12\/16\/esta-fue-la-ultima-foto-en-covenas-de-los-estudiantes-antes-del-accidente-donde-fallecieron-16-y-ha-mas-de-20-heridos\/\">\r\n                                        Esta fue la \u00faltima foto en Cove\u00f1as de los estudiantes antes del accidente donde fallecieron 16 y hubo m\u00e1s de 20 heridos                                    <\/a>\r\n                                <\/h3>\r\n                            <\/div>\r\n\t\t\t\t\t\t\r\n\t\t\t\t\t\t                            <div class=\"grid-post-box-meta pcbg-meta item-hover\">\r\n                                <div class=\"pcbg-meta-desc\">\r\n\t\t\t\t\t\t\t\t\t                                        <span class=\"bg-date-author author-italic author vcard\">\r\n\t\t\t\t\t\t\t\t\t\tby <a class=\"url fn n\"\r\n                                                                                                href=\"https:\/\/prensapaisa.com\/index.php\/author\/prensapaisagmail-com\/\">noticias@prensapaisa.com<\/a>\r\n\t\t\t\t\t\t\t\t\t<\/span>\r\n\t\t\t\t\t\t\t\t\t\t\t\t\t\t\t\t\t\t                                        <span class=\"bg-date\"><time class=\"entry-date published\" datetime=\"2025-12-16T08:12:34-05:00\">diciembre 16, 2025<\/time><\/span>\r\n\t\t\t\t\t\t\t\t\t\t\t\t\t\t\t\t\t\t\t\t\t\t\t\t\t\t\t\t\t\t\t\t\t\t\t\t                                <\/div>\r\n\t\t\t\t\t\t\t\t                            <\/div>\r\n\t\t\t\t\t\t\r\n\t\t\t\t\t\t                    <\/div>\r\n                <\/div>\r\n            <\/div>\r\n        <\/div>\r\n    <\/div>\r\n<\/div>\r\n<\/div><div class=\"penci-clearfix penci-biggrid-data penci-dblock penci-fixh\"><div class=\"penci-bgitem pcbg-big-item bgitem-1\">\r\n    <div class=\"penci-bgitin\">\r\n        <div class=\"penci-bgmain\">\r\n            <div class=\"pcbg-thumb\">\r\n\t\t\t\t\t\t\t\t                <div class=\"pcbg-thumbin\">\r\n                    <a class=\"pcbg-bgoverlay\"\r\n                       href=\"https:\/\/prensapaisa.com\/index.php\/2025\/12\/16\/un-chico-se-salvo-al-no-viajar-al-paseo-por-haber-perdido-el-ano-escolar-su-mama-lo-tenia-castigado\/\" title=\"Un chico se salv\u00f3 al no viajar al paseo por haber perdido el a\u00f1o escolar; su mam\u00e1 lo ten\u00eda castigado\u2026\"><\/a>\r\n\t\t\t\t\t                        <div class=\"penci-image-holder penci-lazy\"                             data-bgset=\"https:\/\/prensapaisa.com\/wp-content\/uploads\/2025\/12\/598970092_902363859025269_1725901694363054280_n-1170x648.jpg\" data_bg_hidpi=\"https:\/\/prensapaisa.com\/wp-content\/uploads\/2025\/12\/598970092_902363859025269_1725901694363054280_n-585x324.jpg\"\r\n                             data-sizes=\"(max-width: 767px) 585px, 1170px\">\r\n                        <\/div>\r\n\t\t\t\t\t                <\/div>\r\n            <\/div>\r\n            <div class=\"pcbg-content\">\r\n                <div class=\"pcbg-content-flex\">\r\n                    <a class=\"pcbg-bgoverlay active-overlay\"\r\n                       href=\"https:\/\/prensapaisa.com\/index.php\/2025\/12\/16\/un-chico-se-salvo-al-no-viajar-al-paseo-por-haber-perdido-el-ano-escolar-su-mama-lo-tenia-castigado\/\" title=\"Un chico se salv\u00f3 al no viajar al paseo por haber perdido el a\u00f1o escolar; su mam\u00e1 lo ten\u00eda castigado\u2026\"><\/a>\r\n                    <div class=\"pcbg-content-inner bgcontent-block\">\r\n                        <a href=\"https:\/\/prensapaisa.com\/index.php\/2025\/12\/16\/un-chico-se-salvo-al-no-viajar-al-paseo-por-haber-perdido-el-ano-escolar-su-mama-lo-tenia-castigado\/\" title=\"Un chico se salv\u00f3 al no viajar al paseo por haber perdido el a\u00f1o escolar; su mam\u00e1 lo ten\u00eda castigado\u2026\"\r\n                           class=\"pcbg-bgoverlaytext item-hover\"><\/a>\r\n\r\n\t\t\t\t\t\t                            <div class=\"pcbg-above item-hover\">\r\n\t\t\t\t\t\t\t<span class=\"cat pcbg-sub-title\">\r\n\t\t\t\t\t\t\t\t<a class=\"penci-cat-name penci-cat-45\" href=\"https:\/\/prensapaisa.com\/index.php\/category\/movilidad\/accidentes\/\"  rel=\"category tag\">Accidentes<\/a><a class=\"penci-cat-name penci-cat-43\" href=\"https:\/\/prensapaisa.com\/index.php\/category\/fallecidos\/\"  rel=\"category tag\">Fallecidos<\/a><a class=\"penci-cat-name penci-cat-44\" href=\"https:\/\/prensapaisa.com\/index.php\/category\/movilidad\/\"  rel=\"category tag\">Movilidad<\/a><a class=\"penci-cat-name penci-cat-16\" href=\"https:\/\/prensapaisa.com\/index.php\/category\/municipios\/\"  rel=\"category tag\">Municipios<\/a><a class=\"penci-cat-name penci-cat-1\" href=\"https:\/\/prensapaisa.com\/index.php\/category\/noticias\/\"  rel=\"category tag\">Noticias<\/a><a class=\"penci-cat-name penci-cat-47\" href=\"https:\/\/prensapaisa.com\/index.php\/category\/orden-publico\/\"  rel=\"category tag\">Orden Publico<\/a><a class=\"penci-cat-name penci-cat-46\" href=\"https:\/\/prensapaisa.com\/index.php\/category\/redes-sociales\/\"  rel=\"category tag\">Redes Sociales<\/a>\t\t\t\t\t\t\t<\/span>\r\n                            <\/div>\r\n\t\t\t\t\t\t\r\n\t\t\t\t\t\t                            <div class=\"pcbg-heading item-hover\">\r\n                                <h3 class=\"pcbg-title\">\r\n                                    <a href=\"https:\/\/prensapaisa.com\/index.php\/2025\/12\/16\/un-chico-se-salvo-al-no-viajar-al-paseo-por-haber-perdido-el-ano-escolar-su-mama-lo-tenia-castigado\/\">\r\n                                        Un chico se salv\u00f3 al no viajar al paseo por haber perdido el a\u00f1o escolar; su mam\u00e1 lo ten\u00eda castigado\u2026                                    <\/a>\r\n                                <\/h3>\r\n                            <\/div>\r\n\t\t\t\t\t\t\r\n\t\t\t\t\t\t                            <div class=\"grid-post-box-meta pcbg-meta item-hover\">\r\n                                <div class=\"pcbg-meta-desc\">\r\n\t\t\t\t\t\t\t\t\t                                        <span class=\"bg-date-author author-italic author vcard\">\r\n\t\t\t\t\t\t\t\t\t\tby <a class=\"url fn n\"\r\n                                                                                                href=\"https:\/\/prensapaisa.com\/index.php\/author\/prensapaisagmail-com\/\">noticias@prensapaisa.com<\/a>\r\n\t\t\t\t\t\t\t\t\t<\/span>\r\n\t\t\t\t\t\t\t\t\t\t\t\t\t\t\t\t\t\t                                        <span class=\"bg-date\"><time class=\"entry-date published\" datetime=\"2025-12-16T08:10:43-05:00\">diciembre 16, 2025<\/time><\/span>\r\n\t\t\t\t\t\t\t\t\t\t\t\t\t\t\t\t\t\t\t\t\t\t\t\t\t\t\t\t\t\t\t\t\t\t\t\t                                <\/div>\r\n\t\t\t\t\t\t\t\t                            <\/div>\r\n\t\t\t\t\t\t\r\n\t\t\t\t\t\t                    <\/div>\r\n                <\/div>\r\n            <\/div>\r\n        <\/div>\r\n    <\/div>\r\n<\/div>\r\n<div class=\"penci-bgitem bgitem-2\">\r\n    <div class=\"penci-bgitin\">\r\n        <div class=\"penci-bgmain\">\r\n            <div class=\"pcbg-thumb\">\r\n\t\t\t\t\t\t\t\t                <div class=\"pcbg-thumbin\">\r\n                    <a class=\"pcbg-bgoverlay\"\r\n                       href=\"https:\/\/prensapaisa.com\/index.php\/2025\/12\/16\/velaton-en-bello-una-ciudad-en-silencio-por-los-jovenes-que-no-regresaron-del-mar\/\" title=\"Velat\u00f3n en Bello: una ciudad en silencio por los j\u00f3venes que no regresaron del mar\"><\/a>\r\n\t\t\t\t\t                        <div class=\"penci-image-holder penci-lazy\"                             data-bgset=\"https:\/\/prensapaisa.com\/wp-content\/uploads\/2025\/12\/598835460_901699092425079_6734159212504073218_n-585x414.jpg\" data_bg_hidpi=\"https:\/\/prensapaisa.com\/wp-content\/uploads\/2025\/12\/598835460_901699092425079_6734159212504073218_n-585x414.jpg\"\r\n                             data-sizes=\"(max-width: 767px) 585px, 585px\">\r\n                        <\/div>\r\n\t\t\t\t\t                <\/div>\r\n            <\/div>\r\n            <div class=\"pcbg-content\">\r\n                <div class=\"pcbg-content-flex\">\r\n                    <a class=\"pcbg-bgoverlay active-overlay\"\r\n                       href=\"https:\/\/prensapaisa.com\/index.php\/2025\/12\/16\/velaton-en-bello-una-ciudad-en-silencio-por-los-jovenes-que-no-regresaron-del-mar\/\" title=\"Velat\u00f3n en Bello: una ciudad en silencio por los j\u00f3venes que no regresaron del mar\"><\/a>\r\n                    <div class=\"pcbg-content-inner bgcontent-block\">\r\n                        <a href=\"https:\/\/prensapaisa.com\/index.php\/2025\/12\/16\/velaton-en-bello-una-ciudad-en-silencio-por-los-jovenes-que-no-regresaron-del-mar\/\" title=\"Velat\u00f3n en Bello: una ciudad en silencio por los j\u00f3venes que no regresaron del mar\"\r\n                           class=\"pcbg-bgoverlaytext item-hover\"><\/a>\r\n\r\n\t\t\t\t\t\t\r\n\t\t\t\t\t\t                            <div class=\"pcbg-heading item-hover\">\r\n                                <h3 class=\"pcbg-title\">\r\n                                    <a href=\"https:\/\/prensapaisa.com\/index.php\/2025\/12\/16\/velaton-en-bello-una-ciudad-en-silencio-por-los-jovenes-que-no-regresaron-del-mar\/\">\r\n                                        Velat\u00f3n en Bello: una ciudad en silencio por los j\u00f3venes que no regresaron del mar                                    <\/a>\r\n                                <\/h3>\r\n                            <\/div>\r\n\t\t\t\t\t\t\r\n\t\t\t\t\t\t                            <div class=\"grid-post-box-meta pcbg-meta item-hover\">\r\n                                <div class=\"pcbg-meta-desc\">\r\n\t\t\t\t\t\t\t\t\t                                        <span class=\"bg-date-author author-italic author vcard\">\r\n\t\t\t\t\t\t\t\t\t\tby <a class=\"url fn n\"\r\n                                                                                                href=\"https:\/\/prensapaisa.com\/index.php\/author\/prensapaisagmail-com\/\">noticias@prensapaisa.com<\/a>\r\n\t\t\t\t\t\t\t\t\t<\/span>\r\n\t\t\t\t\t\t\t\t\t\t\t\t\t\t\t\t\t\t                                        <span class=\"bg-date\"><time class=\"entry-date published\" datetime=\"2025-12-16T08:08:41-05:00\">diciembre 16, 2025<\/time><\/span>\r\n\t\t\t\t\t\t\t\t\t\t\t\t\t\t\t\t\t\t\t\t\t\t\t\t\t\t\t\t\t\t\t\t\t\t\t\t                                <\/div>\r\n\t\t\t\t\t\t\t\t                            <\/div>\r\n\t\t\t\t\t\t\r\n\t\t\t\t\t\t                    <\/div>\r\n                <\/div>\r\n            <\/div>\r\n        <\/div>\r\n    <\/div>\r\n<\/div>\r\n<div class=\"penci-bgitem bgitem-0\">\r\n    <div class=\"penci-bgitin\">\r\n        <div class=\"penci-bgmain\">\r\n            <div class=\"pcbg-thumb\">\r\n\t\t\t\t\t\t\t\t                <div class=\"pcbg-thumbin\">\r\n                    <a class=\"pcbg-bgoverlay\"\r\n                       href=\"https:\/\/prensapaisa.com\/index.php\/2025\/12\/16\/identifican-al-conductor-fallecido-en-tragico-accidente-en-remedios-antioquia\/\" title=\"Identifican al conductor fallecido en tr\u00e1gico accidente en Remedios, Antioquia\"><\/a>\r\n\t\t\t\t\t                        <div class=\"penci-image-holder penci-lazy\"                             data-bgset=\"https:\/\/prensapaisa.com\/wp-content\/uploads\/2025\/12\/600289109_901996435728678_1927208661954471630_n-585x318.jpg\" data_bg_hidpi=\"https:\/\/prensapaisa.com\/wp-content\/uploads\/2025\/12\/600289109_901996435728678_1927208661954471630_n-585x318.jpg\"\r\n                             data-sizes=\"(max-width: 767px) 585px, 585px\">\r\n                        <\/div>\r\n\t\t\t\t\t                <\/div>\r\n            <\/div>\r\n            <div class=\"pcbg-content\">\r\n                <div class=\"pcbg-content-flex\">\r\n                    <a class=\"pcbg-bgoverlay active-overlay\"\r\n                       href=\"https:\/\/prensapaisa.com\/index.php\/2025\/12\/16\/identifican-al-conductor-fallecido-en-tragico-accidente-en-remedios-antioquia\/\" title=\"Identifican al conductor fallecido en tr\u00e1gico accidente en Remedios, Antioquia\"><\/a>\r\n                    <div class=\"pcbg-content-inner bgcontent-block\">\r\n                        <a href=\"https:\/\/prensapaisa.com\/index.php\/2025\/12\/16\/identifican-al-conductor-fallecido-en-tragico-accidente-en-remedios-antioquia\/\" title=\"Identifican al conductor fallecido en tr\u00e1gico accidente en Remedios, Antioquia\"\r\n                           class=\"pcbg-bgoverlaytext item-hover\"><\/a>\r\n\r\n\t\t\t\t\t\t\r\n\t\t\t\t\t\t                            <div class=\"pcbg-heading item-hover\">\r\n                                <h3 class=\"pcbg-title\">\r\n                                    <a href=\"https:\/\/prensapaisa.com\/index.php\/2025\/12\/16\/identifican-al-conductor-fallecido-en-tragico-accidente-en-remedios-antioquia\/\">\r\n                                        Identifican al conductor fallecido en tr\u00e1gico accidente en Remedios, Antioquia                                    <\/a>\r\n                                <\/h3>\r\n                            <\/div>\r\n\t\t\t\t\t\t\r\n\t\t\t\t\t\t                            <div class=\"grid-post-box-meta pcbg-meta item-hover\">\r\n                                <div class=\"pcbg-meta-desc\">\r\n\t\t\t\t\t\t\t\t\t                                        <span class=\"bg-date-author author-italic author vcard\">\r\n\t\t\t\t\t\t\t\t\t\tby <a class=\"url fn n\"\r\n                                                                                                href=\"https:\/\/prensapaisa.com\/index.php\/author\/prensapaisagmail-com\/\">noticias@prensapaisa.com<\/a>\r\n\t\t\t\t\t\t\t\t\t<\/span>\r\n\t\t\t\t\t\t\t\t\t\t\t\t\t\t\t\t\t\t                                        <span class=\"bg-date\"><time class=\"entry-date published\" datetime=\"2025-12-16T08:00:34-05:00\">diciembre 16, 2025<\/time><\/span>\r\n\t\t\t\t\t\t\t\t\t\t\t\t\t\t\t\t\t\t\t\t\t\t\t\t\t\t\t\t\t\t\t\t\t\t\t\t                                <\/div>\r\n\t\t\t\t\t\t\t\t                            <\/div>\r\n\t\t\t\t\t\t\r\n\t\t\t\t\t\t                    <\/div>\r\n                <\/div>\r\n            <\/div>\r\n        <\/div>\r\n    <\/div>\r\n<\/div>\r\n<\/div><div class=\"penci-clearfix penci-biggrid-data penci-dblock penci-fixh\"><div class=\"penci-bgitem pcbg-big-item bgitem-1\">\r\n    <div class=\"penci-bgitin\">\r\n        <div class=\"penci-bgmain\">\r\n            <div class=\"pcbg-thumb\">\r\n\t\t\t\t\t\t\t\t                <div class=\"pcbg-thumbin\">\r\n                    <a class=\"pcbg-bgoverlay\"\r\n                       href=\"https:\/\/prensapaisa.com\/index.php\/2025\/12\/13\/motociclista-fue-derribado-por-un-vehiculo-que-emprendio-la-huida-en-la-avenida-el-poblado-medellin\/\" title=\"Motociclista fue derribado por un veh\u00edculo que emprendi\u00f3 la huida en la avenida El Poblado, Medell\u00edn\"><\/a>\r\n\t\t\t\t\t                        <div class=\"penci-image-holder penci-lazy\"                             data-bgset=\"https:\/\/prensapaisa.com\/wp-content\/uploads\/2025\/12\/597418058_896161469645508_3856907701425053717_n.jpg\" data_bg_hidpi=\"https:\/\/prensapaisa.com\/wp-content\/uploads\/2025\/12\/597418058_896161469645508_3856907701425053717_n-585x1040.jpg\"\r\n                             data-sizes=\"(max-width: 767px) 585px, 1170px\">\r\n                        <\/div>\r\n\t\t\t\t\t                <\/div>\r\n            <\/div>\r\n            <div class=\"pcbg-content\">\r\n                <div class=\"pcbg-content-flex\">\r\n                    <a class=\"pcbg-bgoverlay active-overlay\"\r\n                       href=\"https:\/\/prensapaisa.com\/index.php\/2025\/12\/13\/motociclista-fue-derribado-por-un-vehiculo-que-emprendio-la-huida-en-la-avenida-el-poblado-medellin\/\" title=\"Motociclista fue derribado por un veh\u00edculo que emprendi\u00f3 la huida en la avenida El Poblado, Medell\u00edn\"><\/a>\r\n                    <div class=\"pcbg-content-inner bgcontent-block\">\r\n                        <a href=\"https:\/\/prensapaisa.com\/index.php\/2025\/12\/13\/motociclista-fue-derribado-por-un-vehiculo-que-emprendio-la-huida-en-la-avenida-el-poblado-medellin\/\" title=\"Motociclista fue derribado por un veh\u00edculo que emprendi\u00f3 la huida en la avenida El Poblado, Medell\u00edn\"\r\n                           class=\"pcbg-bgoverlaytext item-hover\"><\/a>\r\n\r\n\t\t\t\t\t\t                            <div class=\"pcbg-above item-hover\">\r\n\t\t\t\t\t\t\t<span class=\"cat pcbg-sub-title\">\r\n\t\t\t\t\t\t\t\t<a class=\"penci-cat-name penci-cat-45\" href=\"https:\/\/prensapaisa.com\/index.php\/category\/movilidad\/accidentes\/\"  rel=\"category tag\">Accidentes<\/a><a class=\"penci-cat-name penci-cat-50\" href=\"https:\/\/prensapaisa.com\/index.php\/category\/orden-publico\/denuncias\/\"  rel=\"category tag\">Denuncias<\/a><a class=\"penci-cat-name penci-cat-44\" href=\"https:\/\/prensapaisa.com\/index.php\/category\/movilidad\/\"  rel=\"category tag\">Movilidad<\/a><a class=\"penci-cat-name penci-cat-16\" href=\"https:\/\/prensapaisa.com\/index.php\/category\/municipios\/\"  rel=\"category tag\">Municipios<\/a><a class=\"penci-cat-name penci-cat-1\" href=\"https:\/\/prensapaisa.com\/index.php\/category\/noticias\/\"  rel=\"category tag\">Noticias<\/a><a class=\"penci-cat-name penci-cat-47\" href=\"https:\/\/prensapaisa.com\/index.php\/category\/orden-publico\/\"  rel=\"category tag\">Orden Publico<\/a><a class=\"penci-cat-name penci-cat-46\" href=\"https:\/\/prensapaisa.com\/index.php\/category\/redes-sociales\/\"  rel=\"category tag\">Redes Sociales<\/a>\t\t\t\t\t\t\t<\/span>\r\n                            <\/div>\r\n\t\t\t\t\t\t\r\n\t\t\t\t\t\t                            <div class=\"pcbg-heading item-hover\">\r\n                                <h3 class=\"pcbg-title\">\r\n                                    <a href=\"https:\/\/prensapaisa.com\/index.php\/2025\/12\/13\/motociclista-fue-derribado-por-un-vehiculo-que-emprendio-la-huida-en-la-avenida-el-poblado-medellin\/\">\r\n                                        Motociclista fue derribado por un veh\u00edculo que emprendi\u00f3 la huida en la avenida El Poblado, Medell\u00edn                                    <\/a>\r\n                                <\/h3>\r\n                            <\/div>\r\n\t\t\t\t\t\t\r\n\t\t\t\t\t\t                            <div class=\"grid-post-box-meta pcbg-meta item-hover\">\r\n                                <div class=\"pcbg-meta-desc\">\r\n\t\t\t\t\t\t\t\t\t                                        <span class=\"bg-date-author author-italic author vcard\">\r\n\t\t\t\t\t\t\t\t\t\tby <a class=\"url fn n\"\r\n                                                                                                href=\"https:\/\/prensapaisa.com\/index.php\/author\/prensapaisagmail-com\/\">noticias@prensapaisa.com<\/a>\r\n\t\t\t\t\t\t\t\t\t<\/span>\r\n\t\t\t\t\t\t\t\t\t\t\t\t\t\t\t\t\t\t                                        <span class=\"bg-date\"><time class=\"entry-date published\" datetime=\"2025-12-13T10:03:24-05:00\">diciembre 13, 2025<\/time><\/span>\r\n\t\t\t\t\t\t\t\t\t\t\t\t\t\t\t\t\t\t\t\t\t\t\t\t\t\t\t\t\t\t\t\t\t\t\t\t                                <\/div>\r\n\t\t\t\t\t\t\t\t                            <\/div>\r\n\t\t\t\t\t\t\r\n\t\t\t\t\t\t                    <\/div>\r\n                <\/div>\r\n            <\/div>\r\n        <\/div>\r\n    <\/div>\r\n<\/div>\r\n<div class=\"penci-bgitem bgitem-2\">\r\n    <div class=\"penci-bgitin\">\r\n        <div class=\"penci-bgmain\">\r\n            <div class=\"pcbg-thumb\">\r\n\t\t\t\t\t\t\t\t                <div class=\"pcbg-thumbin\">\r\n                    <a class=\"pcbg-bgoverlay\"\r\n                       href=\"https:\/\/prensapaisa.com\/index.php\/2025\/12\/13\/expolicia-destituido-y-con-amplio-prontuario-entre-los-muertos-en-explosion-de-la-autopista-medellin-bogota\/\" title=\"Expolic\u00eda destituido y con amplio prontuario, entre los muertos en explosi\u00f3n de la autopista Medell\u00edn\u2013Bogot\u00e1\"><\/a>\r\n\t\t\t\t\t                        <div class=\"penci-image-holder penci-lazy\"                             data-bgset=\"https:\/\/prensapaisa.com\/wp-content\/uploads\/2025\/12\/598354386_898834702711518_5604074293500125982_n-585x448.jpg\" data_bg_hidpi=\"https:\/\/prensapaisa.com\/wp-content\/uploads\/2025\/12\/598354386_898834702711518_5604074293500125982_n-585x448.jpg\"\r\n                             data-sizes=\"(max-width: 767px) 585px, 585px\">\r\n                        <\/div>\r\n\t\t\t\t\t                <\/div>\r\n            <\/div>\r\n            <div class=\"pcbg-content\">\r\n                <div class=\"pcbg-content-flex\">\r\n                    <a class=\"pcbg-bgoverlay active-overlay\"\r\n                       href=\"https:\/\/prensapaisa.com\/index.php\/2025\/12\/13\/expolicia-destituido-y-con-amplio-prontuario-entre-los-muertos-en-explosion-de-la-autopista-medellin-bogota\/\" title=\"Expolic\u00eda destituido y con amplio prontuario, entre los muertos en explosi\u00f3n de la autopista Medell\u00edn\u2013Bogot\u00e1\"><\/a>\r\n                    <div class=\"pcbg-content-inner bgcontent-block\">\r\n                        <a href=\"https:\/\/prensapaisa.com\/index.php\/2025\/12\/13\/expolicia-destituido-y-con-amplio-prontuario-entre-los-muertos-en-explosion-de-la-autopista-medellin-bogota\/\" title=\"Expolic\u00eda destituido y con amplio prontuario, entre los muertos en explosi\u00f3n de la autopista Medell\u00edn\u2013Bogot\u00e1\"\r\n                           class=\"pcbg-bgoverlaytext item-hover\"><\/a>\r\n\r\n\t\t\t\t\t\t\r\n\t\t\t\t\t\t                            <div class=\"pcbg-heading item-hover\">\r\n                                <h3 class=\"pcbg-title\">\r\n                                    <a href=\"https:\/\/prensapaisa.com\/index.php\/2025\/12\/13\/expolicia-destituido-y-con-amplio-prontuario-entre-los-muertos-en-explosion-de-la-autopista-medellin-bogota\/\">\r\n                                        Expolic\u00eda destituido y con amplio prontuario, entre los muertos en explosi\u00f3n de la autopista Medell\u00edn\u2013Bogot\u00e1                                    <\/a>\r\n                                <\/h3>\r\n                            <\/div>\r\n\t\t\t\t\t\t\r\n\t\t\t\t\t\t                            <div class=\"grid-post-box-meta pcbg-meta item-hover\">\r\n                                <div class=\"pcbg-meta-desc\">\r\n\t\t\t\t\t\t\t\t\t                                        <span class=\"bg-date-author author-italic author vcard\">\r\n\t\t\t\t\t\t\t\t\t\tby <a class=\"url fn n\"\r\n                                                                                                href=\"https:\/\/prensapaisa.com\/index.php\/author\/prensapaisagmail-com\/\">noticias@prensapaisa.com<\/a>\r\n\t\t\t\t\t\t\t\t\t<\/span>\r\n\t\t\t\t\t\t\t\t\t\t\t\t\t\t\t\t\t\t                                        <span class=\"bg-date\"><time class=\"entry-date published\" datetime=\"2025-12-13T09:16:56-05:00\">diciembre 13, 2025<\/time><\/span>\r\n\t\t\t\t\t\t\t\t\t\t\t\t\t\t\t\t\t\t\t\t\t\t\t\t\t\t\t\t\t\t\t\t\t\t\t\t                                <\/div>\r\n\t\t\t\t\t\t\t\t                            <\/div>\r\n\t\t\t\t\t\t\r\n\t\t\t\t\t\t                    <\/div>\r\n                <\/div>\r\n            <\/div>\r\n        <\/div>\r\n    <\/div>\r\n<\/div>\r\n<div class=\"penci-bgitem bgitem-0\">\r\n    <div class=\"penci-bgitin\">\r\n        <div class=\"penci-bgmain\">\r\n            <div class=\"pcbg-thumb\">\r\n\t\t\t\t\t\t\t\t                <div class=\"pcbg-thumbin\">\r\n                    <a class=\"pcbg-bgoverlay\"\r\n                       href=\"https:\/\/prensapaisa.com\/index.php\/2025\/12\/13\/taxista-fue-asesinado-en-el-barrio-alfonso-lopez-medellin\/\" title=\"Taxista fue asesinado en el barrio Alfonso L\u00f3pez , Medell\u00edn\"><\/a>\r\n\t\t\t\t\t                        <div class=\"penci-image-holder penci-lazy\"                             data-bgset=\"https:\/\/prensapaisa.com\/wp-content\/uploads\/2025\/12\/598625520_899369299324725_2145284257481183065_n-585x1041.jpg\" data_bg_hidpi=\"https:\/\/prensapaisa.com\/wp-content\/uploads\/2025\/12\/598625520_899369299324725_2145284257481183065_n-585x1041.jpg\"\r\n                             data-sizes=\"(max-width: 767px) 585px, 585px\">\r\n                        <\/div>\r\n\t\t\t\t\t                <\/div>\r\n            <\/div>\r\n            <div class=\"pcbg-content\">\r\n                <div class=\"pcbg-content-flex\">\r\n                    <a class=\"pcbg-bgoverlay active-overlay\"\r\n                       href=\"https:\/\/prensapaisa.com\/index.php\/2025\/12\/13\/taxista-fue-asesinado-en-el-barrio-alfonso-lopez-medellin\/\" title=\"Taxista fue asesinado en el barrio Alfonso L\u00f3pez , Medell\u00edn\"><\/a>\r\n                    <div class=\"pcbg-content-inner bgcontent-block\">\r\n                        <a href=\"https:\/\/prensapaisa.com\/index.php\/2025\/12\/13\/taxista-fue-asesinado-en-el-barrio-alfonso-lopez-medellin\/\" title=\"Taxista fue asesinado en el barrio Alfonso L\u00f3pez , Medell\u00edn\"\r\n                           class=\"pcbg-bgoverlaytext item-hover\"><\/a>\r\n\r\n\t\t\t\t\t\t\r\n\t\t\t\t\t\t                            <div class=\"pcbg-heading item-hover\">\r\n                                <h3 class=\"pcbg-title\">\r\n                                    <a href=\"https:\/\/prensapaisa.com\/index.php\/2025\/12\/13\/taxista-fue-asesinado-en-el-barrio-alfonso-lopez-medellin\/\">\r\n                                        Taxista fue asesinado en el barrio Alfonso L\u00f3pez , Medell\u00edn                                    <\/a>\r\n                                <\/h3>\r\n                            <\/div>\r\n\t\t\t\t\t\t\r\n\t\t\t\t\t\t                            <div class=\"grid-post-box-meta pcbg-meta item-hover\">\r\n                                <div class=\"pcbg-meta-desc\">\r\n\t\t\t\t\t\t\t\t\t                                        <span class=\"bg-date-author author-italic author vcard\">\r\n\t\t\t\t\t\t\t\t\t\tby <a class=\"url fn n\"\r\n                                                                                                href=\"https:\/\/prensapaisa.com\/index.php\/author\/prensapaisagmail-com\/\">noticias@prensapaisa.com<\/a>\r\n\t\t\t\t\t\t\t\t\t<\/span>\r\n\t\t\t\t\t\t\t\t\t\t\t\t\t\t\t\t\t\t                                        <span class=\"bg-date\"><time class=\"entry-date published\" datetime=\"2025-12-13T09:07:06-05:00\">diciembre 13, 2025<\/time><\/span>\r\n\t\t\t\t\t\t\t\t\t\t\t\t\t\t\t\t\t\t\t\t\t\t\t\t\t\t\t\t\t\t\t\t\t\t\t\t                                <\/div>\r\n\t\t\t\t\t\t\t\t                            <\/div>\r\n\t\t\t\t\t\t\r\n\t\t\t\t\t\t                    <\/div>\r\n                <\/div>\r\n            <\/div>\r\n        <\/div>\r\n    <\/div>\r\n<\/div>\r\n<\/div><div class=\"penci-clearfix penci-biggrid-data penci-dblock penci-fixh\"><div class=\"penci-bgitem pcbg-big-item bgitem-1\">\r\n    <div class=\"penci-bgitin\">\r\n        <div class=\"penci-bgmain\">\r\n            <div class=\"pcbg-thumb\">\r\n\t\t\t\t\t\t\t\t                <div class=\"pcbg-thumbin\">\r\n                    <a class=\"pcbg-bgoverlay\"\r\n                       href=\"https:\/\/prensapaisa.com\/index.php\/2025\/12\/13\/metro-de-medellin-restablece-operacion-total-en-la-linea-a-tras-falla-tecnica\/\" title=\"Metro de Medell\u00edn restablece operaci\u00f3n total en la L\u00ednea A tras falla t\u00e9cnica\"><\/a>\r\n\t\t\t\t\t                        <div class=\"penci-image-holder penci-lazy\"                             data-bgset=\"https:\/\/prensapaisa.com\/wp-content\/uploads\/2025\/12\/599959650_900211159240539_2274945325466911954_n.jpg\" data_bg_hidpi=\"https:\/\/prensapaisa.com\/wp-content\/uploads\/2025\/12\/599959650_900211159240539_2274945325466911954_n-585x961.jpg\"\r\n                             data-sizes=\"(max-width: 767px) 585px, 1170px\">\r\n                        <\/div>\r\n\t\t\t\t\t                <\/div>\r\n            <\/div>\r\n            <div class=\"pcbg-content\">\r\n                <div class=\"pcbg-content-flex\">\r\n                    <a class=\"pcbg-bgoverlay active-overlay\"\r\n                       href=\"https:\/\/prensapaisa.com\/index.php\/2025\/12\/13\/metro-de-medellin-restablece-operacion-total-en-la-linea-a-tras-falla-tecnica\/\" title=\"Metro de Medell\u00edn restablece operaci\u00f3n total en la L\u00ednea A tras falla t\u00e9cnica\"><\/a>\r\n                    <div class=\"pcbg-content-inner bgcontent-block\">\r\n                        <a href=\"https:\/\/prensapaisa.com\/index.php\/2025\/12\/13\/metro-de-medellin-restablece-operacion-total-en-la-linea-a-tras-falla-tecnica\/\" title=\"Metro de Medell\u00edn restablece operaci\u00f3n total en la L\u00ednea A tras falla t\u00e9cnica\"\r\n                           class=\"pcbg-bgoverlaytext item-hover\"><\/a>\r\n\r\n\t\t\t\t\t\t                            <div class=\"pcbg-above item-hover\">\r\n\t\t\t\t\t\t\t<span class=\"cat pcbg-sub-title\">\r\n\t\t\t\t\t\t\t\t<a class=\"penci-cat-name penci-cat-45\" href=\"https:\/\/prensapaisa.com\/index.php\/category\/movilidad\/accidentes\/\"  rel=\"category tag\">Accidentes<\/a><a class=\"penci-cat-name penci-cat-49\" href=\"https:\/\/prensapaisa.com\/index.php\/category\/orden-publico\/capturas\/\"  rel=\"category tag\">Capturas<\/a><a class=\"penci-cat-name penci-cat-50\" href=\"https:\/\/prensapaisa.com\/index.php\/category\/orden-publico\/denuncias\/\"  rel=\"category tag\">Denuncias<\/a><a class=\"penci-cat-name penci-cat-48\" href=\"https:\/\/prensapaisa.com\/index.php\/category\/orden-publico\/hurtos\/\"  rel=\"category tag\">Hurtos<\/a><a class=\"penci-cat-name penci-cat-44\" href=\"https:\/\/prensapaisa.com\/index.php\/category\/movilidad\/\"  rel=\"category tag\">Movilidad<\/a><a class=\"penci-cat-name penci-cat-16\" href=\"https:\/\/prensapaisa.com\/index.php\/category\/municipios\/\"  rel=\"category tag\">Municipios<\/a><a class=\"penci-cat-name penci-cat-1\" href=\"https:\/\/prensapaisa.com\/index.php\/category\/noticias\/\"  rel=\"category tag\">Noticias<\/a><a class=\"penci-cat-name penci-cat-47\" href=\"https:\/\/prensapaisa.com\/index.php\/category\/orden-publico\/\"  rel=\"category tag\">Orden Publico<\/a><a class=\"penci-cat-name penci-cat-46\" href=\"https:\/\/prensapaisa.com\/index.php\/category\/redes-sociales\/\"  rel=\"category tag\">Redes Sociales<\/a>\t\t\t\t\t\t\t<\/span>\r\n                            <\/div>\r\n\t\t\t\t\t\t\r\n\t\t\t\t\t\t                            <div class=\"pcbg-heading item-hover\">\r\n                                <h3 class=\"pcbg-title\">\r\n                                    <a href=\"https:\/\/prensapaisa.com\/index.php\/2025\/12\/13\/metro-de-medellin-restablece-operacion-total-en-la-linea-a-tras-falla-tecnica\/\">\r\n                                        Metro de Medell\u00edn restablece operaci\u00f3n total en la L\u00ednea A tras falla t\u00e9cnica                                    <\/a>\r\n                                <\/h3>\r\n                            <\/div>\r\n\t\t\t\t\t\t\r\n\t\t\t\t\t\t                            <div class=\"grid-post-box-meta pcbg-meta item-hover\">\r\n                                <div class=\"pcbg-meta-desc\">\r\n\t\t\t\t\t\t\t\t\t                                        <span class=\"bg-date-author author-italic author vcard\">\r\n\t\t\t\t\t\t\t\t\t\tby <a class=\"url fn n\"\r\n                                                                                                href=\"https:\/\/prensapaisa.com\/index.php\/author\/prensapaisagmail-com\/\">noticias@prensapaisa.com<\/a>\r\n\t\t\t\t\t\t\t\t\t<\/span>\r\n\t\t\t\t\t\t\t\t\t\t\t\t\t\t\t\t\t\t                                        <span class=\"bg-date\"><time class=\"entry-date published\" datetime=\"2025-12-13T08:45:58-05:00\">diciembre 13, 2025<\/time><\/span>\r\n\t\t\t\t\t\t\t\t\t\t\t\t\t\t\t\t\t\t\t\t\t\t\t\t\t\t\t\t\t\t\t\t\t\t\t\t                                <\/div>\r\n\t\t\t\t\t\t\t\t                            <\/div>\r\n\t\t\t\t\t\t\r\n\t\t\t\t\t\t                    <\/div>\r\n                <\/div>\r\n            <\/div>\r\n        <\/div>\r\n    <\/div>\r\n<\/div>\r\n<div class=\"penci-bgitem bgitem-2\">\r\n    <div class=\"penci-bgitin\">\r\n        <div class=\"penci-bgmain\">\r\n            <div class=\"pcbg-thumb\">\r\n\t\t\t\t\t\t\t\t                <div class=\"pcbg-thumbin\">\r\n                    <a class=\"pcbg-bgoverlay\"\r\n                       href=\"https:\/\/prensapaisa.com\/index.php\/2025\/12\/04\/cayo-red-que-revivia-motos-robadas-y-las-vendia-como-nuevas-en-todo-el-pais\/\" title=\"Cay\u00f3 red que \u201creviv\u00eda\u201d motos robadas y las vend\u00eda como nuevas en todo el pa\u00eds\"><\/a>\r\n\t\t\t\t\t                        <div class=\"penci-image-holder penci-lazy\"                             data-bgset=\"https:\/\/prensapaisa.com\/wp-content\/uploads\/2025\/12\/593512644_892785279983127_6922330908560242299_n-585x439.jpg\" data_bg_hidpi=\"https:\/\/prensapaisa.com\/wp-content\/uploads\/2025\/12\/593512644_892785279983127_6922330908560242299_n-585x439.jpg\"\r\n                             data-sizes=\"(max-width: 767px) 585px, 585px\">\r\n                        <\/div>\r\n\t\t\t\t\t                <\/div>\r\n            <\/div>\r\n            <div class=\"pcbg-content\">\r\n                <div class=\"pcbg-content-flex\">\r\n                    <a class=\"pcbg-bgoverlay active-overlay\"\r\n                       href=\"https:\/\/prensapaisa.com\/index.php\/2025\/12\/04\/cayo-red-que-revivia-motos-robadas-y-las-vendia-como-nuevas-en-todo-el-pais\/\" title=\"Cay\u00f3 red que \u201creviv\u00eda\u201d motos robadas y las vend\u00eda como nuevas en todo el pa\u00eds\"><\/a>\r\n                    <div class=\"pcbg-content-inner bgcontent-block\">\r\n                        <a href=\"https:\/\/prensapaisa.com\/index.php\/2025\/12\/04\/cayo-red-que-revivia-motos-robadas-y-las-vendia-como-nuevas-en-todo-el-pais\/\" title=\"Cay\u00f3 red que \u201creviv\u00eda\u201d motos robadas y las vend\u00eda como nuevas en todo el pa\u00eds\"\r\n                           class=\"pcbg-bgoverlaytext item-hover\"><\/a>\r\n\r\n\t\t\t\t\t\t\r\n\t\t\t\t\t\t                            <div class=\"pcbg-heading item-hover\">\r\n                                <h3 class=\"pcbg-title\">\r\n                                    <a href=\"https:\/\/prensapaisa.com\/index.php\/2025\/12\/04\/cayo-red-que-revivia-motos-robadas-y-las-vendia-como-nuevas-en-todo-el-pais\/\">\r\n                                        Cay\u00f3 red que \u201creviv\u00eda\u201d motos robadas y las vend\u00eda como nuevas en todo el pa\u00eds                                    <\/a>\r\n                                <\/h3>\r\n                            <\/div>\r\n\t\t\t\t\t\t\r\n\t\t\t\t\t\t                            <div class=\"grid-post-box-meta pcbg-meta item-hover\">\r\n                                <div class=\"pcbg-meta-desc\">\r\n\t\t\t\t\t\t\t\t\t                                        <span class=\"bg-date-author author-italic author vcard\">\r\n\t\t\t\t\t\t\t\t\t\tby <a class=\"url fn n\"\r\n                                                                                                href=\"https:\/\/prensapaisa.com\/index.php\/author\/prensapaisagmail-com\/\">noticias@prensapaisa.com<\/a>\r\n\t\t\t\t\t\t\t\t\t<\/span>\r\n\t\t\t\t\t\t\t\t\t\t\t\t\t\t\t\t\t\t                                        <span class=\"bg-date\"><time class=\"entry-date published\" datetime=\"2025-12-04T14:27:08-05:00\">diciembre 4, 2025<\/time><\/span>\r\n\t\t\t\t\t\t\t\t\t\t\t\t\t\t\t\t\t\t\t\t\t\t\t\t\t\t\t\t\t\t\t\t\t\t\t\t                                <\/div>\r\n\t\t\t\t\t\t\t\t                            <\/div>\r\n\t\t\t\t\t\t\r\n\t\t\t\t\t\t                    <\/div>\r\n                <\/div>\r\n            <\/div>\r\n        <\/div>\r\n    <\/div>\r\n<\/div>\r\n<div class=\"penci-bgitem bgitem-0\">\r\n    <div class=\"penci-bgitin\">\r\n        <div class=\"penci-bgmain\">\r\n            <div class=\"pcbg-thumb\">\r\n\t\t\t\t\t\t\t\t                <div class=\"pcbg-thumbin\">\r\n                    <a class=\"pcbg-bgoverlay\"\r\n                       href=\"https:\/\/prensapaisa.com\/index.php\/2025\/12\/04\/una-mujer-fallecio-en-un-accidente-de-transito-fue-arrollada-pese-a-tener-puente-peatonal-a-pocos-metros\/\" title=\"Una mujer falleci\u00f3 en un accidente de tr\u00e1nsito; fue arrollada pese a tener puente peatonal a pocos metros\u2026\"><\/a>\r\n\t\t\t\t\t                        <div class=\"penci-image-holder penci-lazy\"                             data-bgset=\"https:\/\/prensapaisa.com\/wp-content\/uploads\/2025\/12\/594571988_893180346610287_8879131864107694445_n.jpg\" data_bg_hidpi=\"https:\/\/prensapaisa.com\/wp-content\/uploads\/2025\/12\/594571988_893180346610287_8879131864107694445_n.jpg\"\r\n                             data-sizes=\"(max-width: 767px) 585px, 585px\">\r\n                        <\/div>\r\n\t\t\t\t\t                <\/div>\r\n            <\/div>\r\n            <div class=\"pcbg-content\">\r\n                <div class=\"pcbg-content-flex\">\r\n                    <a class=\"pcbg-bgoverlay active-overlay\"\r\n                       href=\"https:\/\/prensapaisa.com\/index.php\/2025\/12\/04\/una-mujer-fallecio-en-un-accidente-de-transito-fue-arrollada-pese-a-tener-puente-peatonal-a-pocos-metros\/\" title=\"Una mujer falleci\u00f3 en un accidente de tr\u00e1nsito; fue arrollada pese a tener puente peatonal a pocos metros\u2026\"><\/a>\r\n                    <div class=\"pcbg-content-inner bgcontent-block\">\r\n                        <a href=\"https:\/\/prensapaisa.com\/index.php\/2025\/12\/04\/una-mujer-fallecio-en-un-accidente-de-transito-fue-arrollada-pese-a-tener-puente-peatonal-a-pocos-metros\/\" title=\"Una mujer falleci\u00f3 en un accidente de tr\u00e1nsito; fue arrollada pese a tener puente peatonal a pocos metros\u2026\"\r\n                           class=\"pcbg-bgoverlaytext item-hover\"><\/a>\r\n\r\n\t\t\t\t\t\t\r\n\t\t\t\t\t\t                            <div class=\"pcbg-heading item-hover\">\r\n                                <h3 class=\"pcbg-title\">\r\n                                    <a href=\"https:\/\/prensapaisa.com\/index.php\/2025\/12\/04\/una-mujer-fallecio-en-un-accidente-de-transito-fue-arrollada-pese-a-tener-puente-peatonal-a-pocos-metros\/\">\r\n                                        Una mujer falleci\u00f3 en un accidente de tr\u00e1nsito; fue arrollada pese a tener puente peatonal a pocos metros\u2026                                    <\/a>\r\n                                <\/h3>\r\n                            <\/div>\r\n\t\t\t\t\t\t\r\n\t\t\t\t\t\t                            <div class=\"grid-post-box-meta pcbg-meta item-hover\">\r\n                                <div class=\"pcbg-meta-desc\">\r\n\t\t\t\t\t\t\t\t\t                                        <span class=\"bg-date-author author-italic author vcard\">\r\n\t\t\t\t\t\t\t\t\t\tby <a class=\"url fn n\"\r\n                                                                                                href=\"https:\/\/prensapaisa.com\/index.php\/author\/prensapaisagmail-com\/\">noticias@prensapaisa.com<\/a>\r\n\t\t\t\t\t\t\t\t\t<\/span>\r\n\t\t\t\t\t\t\t\t\t\t\t\t\t\t\t\t\t\t                                        <span class=\"bg-date\"><time class=\"entry-date published\" datetime=\"2025-12-04T14:26:00-05:00\">diciembre 4, 2025<\/time><\/span>\r\n\t\t\t\t\t\t\t\t\t\t\t\t\t\t\t\t\t\t\t\t\t\t\t\t\t\t\t\t\t\t\t\t\t\t\t\t                                <\/div>\r\n\t\t\t\t\t\t\t\t                            <\/div>\r\n\t\t\t\t\t\t\r\n\t\t\t\t\t\t                    <\/div>\r\n                <\/div>\r\n            <\/div>\r\n        <\/div>\r\n    <\/div>\r\n<\/div>\r\n<\/div><div class=\"penci-clearfix penci-biggrid-data penci-dblock penci-fixh\"><div class=\"penci-bgitem pcbg-big-item bgitem-1\">\r\n    <div class=\"penci-bgitin\">\r\n        <div class=\"penci-bgmain\">\r\n            <div class=\"pcbg-thumb\">\r\n\t\t\t\t\t\t\t\t                <div class=\"pcbg-thumbin\">\r\n                    <a class=\"pcbg-bgoverlay\"\r\n                       href=\"https:\/\/prensapaisa.com\/index.php\/2025\/12\/04\/autoridades-le-aprietan-la-mano-a-los-conductores-mas-de-mil-comparendos-y-cientos-de-vehiculos-inmovilizados-en-operativos-de-movilidad\/\" title=\"\u00a1Autoridades le aprietan la mano a los conductores! M\u00e1s de mil comparendos y cientos de veh\u00edculos inmovilizados en operativos de Movilidad\"><\/a>\r\n\t\t\t\t\t                        <div class=\"penci-image-holder penci-lazy\"                             data-bgset=\"https:\/\/prensapaisa.com\/wp-content\/uploads\/2025\/12\/594978680_893346073260381_1717512258128506753_n-1170x780.jpg\" data_bg_hidpi=\"https:\/\/prensapaisa.com\/wp-content\/uploads\/2025\/12\/594978680_893346073260381_1717512258128506753_n-585x390.jpg\"\r\n                             data-sizes=\"(max-width: 767px) 585px, 1170px\">\r\n                        <\/div>\r\n\t\t\t\t\t                <\/div>\r\n            <\/div>\r\n            <div class=\"pcbg-content\">\r\n                <div class=\"pcbg-content-flex\">\r\n                    <a class=\"pcbg-bgoverlay active-overlay\"\r\n                       href=\"https:\/\/prensapaisa.com\/index.php\/2025\/12\/04\/autoridades-le-aprietan-la-mano-a-los-conductores-mas-de-mil-comparendos-y-cientos-de-vehiculos-inmovilizados-en-operativos-de-movilidad\/\" title=\"\u00a1Autoridades le aprietan la mano a los conductores! M\u00e1s de mil comparendos y cientos de veh\u00edculos inmovilizados en operativos de Movilidad\"><\/a>\r\n                    <div class=\"pcbg-content-inner bgcontent-block\">\r\n                        <a href=\"https:\/\/prensapaisa.com\/index.php\/2025\/12\/04\/autoridades-le-aprietan-la-mano-a-los-conductores-mas-de-mil-comparendos-y-cientos-de-vehiculos-inmovilizados-en-operativos-de-movilidad\/\" title=\"\u00a1Autoridades le aprietan la mano a los conductores! M\u00e1s de mil comparendos y cientos de veh\u00edculos inmovilizados en operativos de Movilidad\"\r\n                           class=\"pcbg-bgoverlaytext item-hover\"><\/a>\r\n\r\n\t\t\t\t\t\t                            <div class=\"pcbg-above item-hover\">\r\n\t\t\t\t\t\t\t<span class=\"cat pcbg-sub-title\">\r\n\t\t\t\t\t\t\t\t<a class=\"penci-cat-name penci-cat-45\" href=\"https:\/\/prensapaisa.com\/index.php\/category\/movilidad\/accidentes\/\"  rel=\"category tag\">Accidentes<\/a><a class=\"penci-cat-name penci-cat-50\" href=\"https:\/\/prensapaisa.com\/index.php\/category\/orden-publico\/denuncias\/\"  rel=\"category tag\">Denuncias<\/a><a class=\"penci-cat-name penci-cat-44\" href=\"https:\/\/prensapaisa.com\/index.php\/category\/movilidad\/\"  rel=\"category tag\">Movilidad<\/a><a class=\"penci-cat-name penci-cat-16\" href=\"https:\/\/prensapaisa.com\/index.php\/category\/municipios\/\"  rel=\"category tag\">Municipios<\/a><a class=\"penci-cat-name penci-cat-1\" href=\"https:\/\/prensapaisa.com\/index.php\/category\/noticias\/\"  rel=\"category tag\">Noticias<\/a><a class=\"penci-cat-name penci-cat-47\" href=\"https:\/\/prensapaisa.com\/index.php\/category\/orden-publico\/\"  rel=\"category tag\">Orden Publico<\/a><a class=\"penci-cat-name penci-cat-46\" href=\"https:\/\/prensapaisa.com\/index.php\/category\/redes-sociales\/\"  rel=\"category tag\">Redes Sociales<\/a>\t\t\t\t\t\t\t<\/span>\r\n                            <\/div>\r\n\t\t\t\t\t\t\r\n\t\t\t\t\t\t                            <div class=\"pcbg-heading item-hover\">\r\n                                <h3 class=\"pcbg-title\">\r\n                                    <a href=\"https:\/\/prensapaisa.com\/index.php\/2025\/12\/04\/autoridades-le-aprietan-la-mano-a-los-conductores-mas-de-mil-comparendos-y-cientos-de-vehiculos-inmovilizados-en-operativos-de-movilidad\/\">\r\n                                        \u00a1Autoridades le aprietan la mano a los conductores! M\u00e1s de mil comparendos y cientos de veh\u00edculos inmovilizados en operativos de Movilidad                                    <\/a>\r\n                                <\/h3>\r\n                            <\/div>\r\n\t\t\t\t\t\t\r\n\t\t\t\t\t\t                            <div class=\"grid-post-box-meta pcbg-meta item-hover\">\r\n                                <div class=\"pcbg-meta-desc\">\r\n\t\t\t\t\t\t\t\t\t                                        <span class=\"bg-date-author author-italic author vcard\">\r\n\t\t\t\t\t\t\t\t\t\tby <a class=\"url fn n\"\r\n                                                                                                href=\"https:\/\/prensapaisa.com\/index.php\/author\/prensapaisagmail-com\/\">noticias@prensapaisa.com<\/a>\r\n\t\t\t\t\t\t\t\t\t<\/span>\r\n\t\t\t\t\t\t\t\t\t\t\t\t\t\t\t\t\t\t                                        <span class=\"bg-date\"><time class=\"entry-date published\" datetime=\"2025-12-04T14:23:39-05:00\">diciembre 4, 2025<\/time><\/span>\r\n\t\t\t\t\t\t\t\t\t\t\t\t\t\t\t\t\t\t\t\t\t\t\t\t\t\t\t\t\t\t\t\t\t\t\t\t                                <\/div>\r\n\t\t\t\t\t\t\t\t                            <\/div>\r\n\t\t\t\t\t\t\r\n\t\t\t\t\t\t                    <\/div>\r\n                <\/div>\r\n            <\/div>\r\n        <\/div>\r\n    <\/div>\r\n<\/div>\r\n<div class=\"penci-bgitem bgitem-2\">\r\n    <div class=\"penci-bgitin\">\r\n        <div class=\"penci-bgmain\">\r\n            <div class=\"pcbg-thumb\">\r\n\t\t\t\t\t\t\t\t                <div class=\"pcbg-thumbin\">\r\n                    <a class=\"pcbg-bgoverlay\"\r\n                       href=\"https:\/\/prensapaisa.com\/index.php\/2025\/12\/04\/no-camina-pero-movera-una-ciudad-entera-asi-llego-el-nuevo-agente-que-hara-parte-del-cambio-en-medellin\/\" title=\"\u201cNo camina, pero mover\u00e1 una ciudad entera: as\u00ed lleg\u00f3 el nuevo agente que har\u00e1 parte del cambio en Medell\u00edn\u201d\"><\/a>\r\n\t\t\t\t\t                        <div class=\"penci-image-holder penci-lazy\"                             data-bgset=\"https:\/\/prensapaisa.com\/wp-content\/uploads\/2025\/12\/594549775_893357956592526_2608702256976258164_n-585x439.jpg\" data_bg_hidpi=\"https:\/\/prensapaisa.com\/wp-content\/uploads\/2025\/12\/594549775_893357956592526_2608702256976258164_n-585x439.jpg\"\r\n                             data-sizes=\"(max-width: 767px) 585px, 585px\">\r\n                        <\/div>\r\n\t\t\t\t\t                <\/div>\r\n            <\/div>\r\n            <div class=\"pcbg-content\">\r\n                <div class=\"pcbg-content-flex\">\r\n                    <a class=\"pcbg-bgoverlay active-overlay\"\r\n                       href=\"https:\/\/prensapaisa.com\/index.php\/2025\/12\/04\/no-camina-pero-movera-una-ciudad-entera-asi-llego-el-nuevo-agente-que-hara-parte-del-cambio-en-medellin\/\" title=\"\u201cNo camina, pero mover\u00e1 una ciudad entera: as\u00ed lleg\u00f3 el nuevo agente que har\u00e1 parte del cambio en Medell\u00edn\u201d\"><\/a>\r\n                    <div class=\"pcbg-content-inner bgcontent-block\">\r\n                        <a href=\"https:\/\/prensapaisa.com\/index.php\/2025\/12\/04\/no-camina-pero-movera-una-ciudad-entera-asi-llego-el-nuevo-agente-que-hara-parte-del-cambio-en-medellin\/\" title=\"\u201cNo camina, pero mover\u00e1 una ciudad entera: as\u00ed lleg\u00f3 el nuevo agente que har\u00e1 parte del cambio en Medell\u00edn\u201d\"\r\n                           class=\"pcbg-bgoverlaytext item-hover\"><\/a>\r\n\r\n\t\t\t\t\t\t\r\n\t\t\t\t\t\t                            <div class=\"pcbg-heading item-hover\">\r\n                                <h3 class=\"pcbg-title\">\r\n                                    <a href=\"https:\/\/prensapaisa.com\/index.php\/2025\/12\/04\/no-camina-pero-movera-una-ciudad-entera-asi-llego-el-nuevo-agente-que-hara-parte-del-cambio-en-medellin\/\">\r\n                                        \u201cNo camina, pero mover\u00e1 una ciudad entera: as\u00ed lleg\u00f3 el nuevo agente que har\u00e1 parte del cambio en Medell\u00edn\u201d                                    <\/a>\r\n                                <\/h3>\r\n                            <\/div>\r\n\t\t\t\t\t\t\r\n\t\t\t\t\t\t                            <div class=\"grid-post-box-meta pcbg-meta item-hover\">\r\n                                <div class=\"pcbg-meta-desc\">\r\n\t\t\t\t\t\t\t\t\t                                        <span class=\"bg-date-author author-italic author vcard\">\r\n\t\t\t\t\t\t\t\t\t\tby <a class=\"url fn n\"\r\n                                                                                                href=\"https:\/\/prensapaisa.com\/index.php\/author\/prensapaisagmail-com\/\">noticias@prensapaisa.com<\/a>\r\n\t\t\t\t\t\t\t\t\t<\/span>\r\n\t\t\t\t\t\t\t\t\t\t\t\t\t\t\t\t\t\t                                        <span class=\"bg-date\"><time class=\"entry-date published\" datetime=\"2025-12-04T14:21:10-05:00\">diciembre 4, 2025<\/time><\/span>\r\n\t\t\t\t\t\t\t\t\t\t\t\t\t\t\t\t\t\t\t\t\t\t\t\t\t\t\t\t\t\t\t\t\t\t\t\t                                <\/div>\r\n\t\t\t\t\t\t\t\t                            <\/div>\r\n\t\t\t\t\t\t\r\n\t\t\t\t\t\t                    <\/div>\r\n                <\/div>\r\n            <\/div>\r\n        <\/div>\r\n    <\/div>\r\n<\/div>\r\n<div class=\"penci-bgitem bgitem-0\">\r\n    <div class=\"penci-bgitin\">\r\n        <div class=\"penci-bgmain\">\r\n            <div class=\"pcbg-thumb\">\r\n\t\t\t\t\t\t\t\t                <div class=\"pcbg-thumbin\">\r\n                    <a class=\"pcbg-bgoverlay\"\r\n                       href=\"https:\/\/prensapaisa.com\/index.php\/2025\/12\/01\/mujer-fallecio-cuando-iba-en-su-moto-en-el-bajo-cauca-antioqueno-2\/\" title=\"Mujer falleci\u00f3 cuando iba en su moto en el Bajo Cauca antioque\u00f1o\"><\/a>\r\n\t\t\t\t\t                        <div class=\"penci-image-holder penci-lazy\"                             data-bgset=\"https:\/\/prensapaisa.com\/wp-content\/uploads\/2025\/12\/591285209_889604666967855_5086139212151233362_n-585x585.jpg\" data_bg_hidpi=\"https:\/\/prensapaisa.com\/wp-content\/uploads\/2025\/12\/591285209_889604666967855_5086139212151233362_n-585x585.jpg\"\r\n                             data-sizes=\"(max-width: 767px) 585px, 585px\">\r\n                        <\/div>\r\n\t\t\t\t\t                <\/div>\r\n            <\/div>\r\n            <div class=\"pcbg-content\">\r\n                <div class=\"pcbg-content-flex\">\r\n                    <a class=\"pcbg-bgoverlay active-overlay\"\r\n                       href=\"https:\/\/prensapaisa.com\/index.php\/2025\/12\/01\/mujer-fallecio-cuando-iba-en-su-moto-en-el-bajo-cauca-antioqueno-2\/\" title=\"Mujer falleci\u00f3 cuando iba en su moto en el Bajo Cauca antioque\u00f1o\"><\/a>\r\n                    <div class=\"pcbg-content-inner bgcontent-block\">\r\n                        <a href=\"https:\/\/prensapaisa.com\/index.php\/2025\/12\/01\/mujer-fallecio-cuando-iba-en-su-moto-en-el-bajo-cauca-antioqueno-2\/\" title=\"Mujer falleci\u00f3 cuando iba en su moto en el Bajo Cauca antioque\u00f1o\"\r\n                           class=\"pcbg-bgoverlaytext item-hover\"><\/a>\r\n\r\n\t\t\t\t\t\t\r\n\t\t\t\t\t\t                            <div class=\"pcbg-heading item-hover\">\r\n                                <h3 class=\"pcbg-title\">\r\n                                    <a href=\"https:\/\/prensapaisa.com\/index.php\/2025\/12\/01\/mujer-fallecio-cuando-iba-en-su-moto-en-el-bajo-cauca-antioqueno-2\/\">\r\n                                        Mujer falleci\u00f3 cuando iba en su moto en el Bajo Cauca antioque\u00f1o                                    <\/a>\r\n                                <\/h3>\r\n                            <\/div>\r\n\t\t\t\t\t\t\r\n\t\t\t\t\t\t                            <div class=\"grid-post-box-meta pcbg-meta item-hover\">\r\n                                <div class=\"pcbg-meta-desc\">\r\n\t\t\t\t\t\t\t\t\t                                        <span class=\"bg-date-author author-italic author vcard\">\r\n\t\t\t\t\t\t\t\t\t\tby <a class=\"url fn n\"\r\n                                                                                                href=\"https:\/\/prensapaisa.com\/index.php\/author\/prensapaisagmail-com\/\">noticias@prensapaisa.com<\/a>\r\n\t\t\t\t\t\t\t\t\t<\/span>\r\n\t\t\t\t\t\t\t\t\t\t\t\t\t\t\t\t\t\t                                        <span class=\"bg-date\"><time class=\"entry-date published\" datetime=\"2025-12-01T11:53:47-05:00\">diciembre 1, 2025<\/time><\/span>\r\n\t\t\t\t\t\t\t\t\t\t\t\t\t\t\t\t\t\t\t\t\t\t\t\t\t\t\t\t\t\t\t\t\t\t\t\t                                <\/div>\r\n\t\t\t\t\t\t\t\t                            <\/div>\r\n\t\t\t\t\t\t\r\n\t\t\t\t\t\t                    <\/div>\r\n                <\/div>\r\n            <\/div>\r\n        <\/div>\r\n    <\/div>\r\n<\/div>\r\n<\/div><div class=\"penci-clearfix penci-biggrid-data penci-dblock penci-fixh\"><div class=\"penci-bgitem pcbg-big-item bgitem-1\">\r\n    <div class=\"penci-bgitin\">\r\n        <div class=\"penci-bgmain\">\r\n            <div class=\"pcbg-thumb\">\r\n\t\t\t\t\t\t\t\t                <div class=\"pcbg-thumbin\">\r\n                    <a class=\"pcbg-bgoverlay\"\r\n                       href=\"https:\/\/prensapaisa.com\/index.php\/2025\/12\/01\/taxi-termino-al-interior-de-un-supermercado-en-medellin\/\" title=\"Taxi termin\u00f3 al interior de un supermercado en Medell\u00edn\"><\/a>\r\n\t\t\t\t\t                        <div class=\"penci-image-holder penci-lazy\"                             data-bgset=\"https:\/\/prensapaisa.com\/wp-content\/uploads\/2025\/12\/592479722_891261883468800_5980379172142415329_n-1170x1121.jpg\" data_bg_hidpi=\"https:\/\/prensapaisa.com\/wp-content\/uploads\/2025\/12\/592479722_891261883468800_5980379172142415329_n-585x561.jpg\"\r\n                             data-sizes=\"(max-width: 767px) 585px, 1170px\">\r\n                        <\/div>\r\n\t\t\t\t\t                <\/div>\r\n            <\/div>\r\n            <div class=\"pcbg-content\">\r\n                <div class=\"pcbg-content-flex\">\r\n                    <a class=\"pcbg-bgoverlay active-overlay\"\r\n                       href=\"https:\/\/prensapaisa.com\/index.php\/2025\/12\/01\/taxi-termino-al-interior-de-un-supermercado-en-medellin\/\" title=\"Taxi termin\u00f3 al interior de un supermercado en Medell\u00edn\"><\/a>\r\n                    <div class=\"pcbg-content-inner bgcontent-block\">\r\n                        <a href=\"https:\/\/prensapaisa.com\/index.php\/2025\/12\/01\/taxi-termino-al-interior-de-un-supermercado-en-medellin\/\" title=\"Taxi termin\u00f3 al interior de un supermercado en Medell\u00edn\"\r\n                           class=\"pcbg-bgoverlaytext item-hover\"><\/a>\r\n\r\n\t\t\t\t\t\t                            <div class=\"pcbg-above item-hover\">\r\n\t\t\t\t\t\t\t<span class=\"cat pcbg-sub-title\">\r\n\t\t\t\t\t\t\t\t<a class=\"penci-cat-name penci-cat-45\" href=\"https:\/\/prensapaisa.com\/index.php\/category\/movilidad\/accidentes\/\"  rel=\"category tag\">Accidentes<\/a><a class=\"penci-cat-name penci-cat-50\" href=\"https:\/\/prensapaisa.com\/index.php\/category\/orden-publico\/denuncias\/\"  rel=\"category tag\">Denuncias<\/a><a class=\"penci-cat-name penci-cat-44\" href=\"https:\/\/prensapaisa.com\/index.php\/category\/movilidad\/\"  rel=\"category tag\">Movilidad<\/a><a class=\"penci-cat-name penci-cat-16\" href=\"https:\/\/prensapaisa.com\/index.php\/category\/municipios\/\"  rel=\"category tag\">Municipios<\/a><a class=\"penci-cat-name penci-cat-1\" href=\"https:\/\/prensapaisa.com\/index.php\/category\/noticias\/\"  rel=\"category tag\">Noticias<\/a><a class=\"penci-cat-name penci-cat-47\" href=\"https:\/\/prensapaisa.com\/index.php\/category\/orden-publico\/\"  rel=\"category tag\">Orden Publico<\/a><a class=\"penci-cat-name penci-cat-46\" href=\"https:\/\/prensapaisa.com\/index.php\/category\/redes-sociales\/\"  rel=\"category tag\">Redes Sociales<\/a>\t\t\t\t\t\t\t<\/span>\r\n                            <\/div>\r\n\t\t\t\t\t\t\r\n\t\t\t\t\t\t                            <div class=\"pcbg-heading item-hover\">\r\n                                <h3 class=\"pcbg-title\">\r\n                                    <a href=\"https:\/\/prensapaisa.com\/index.php\/2025\/12\/01\/taxi-termino-al-interior-de-un-supermercado-en-medellin\/\">\r\n                                        Taxi termin\u00f3 al interior de un supermercado en Medell\u00edn                                    <\/a>\r\n                                <\/h3>\r\n                            <\/div>\r\n\t\t\t\t\t\t\r\n\t\t\t\t\t\t                            <div class=\"grid-post-box-meta pcbg-meta item-hover\">\r\n                                <div class=\"pcbg-meta-desc\">\r\n\t\t\t\t\t\t\t\t\t                                        <span class=\"bg-date-author author-italic author vcard\">\r\n\t\t\t\t\t\t\t\t\t\tby <a class=\"url fn n\"\r\n                                                                                                href=\"https:\/\/prensapaisa.com\/index.php\/author\/prensapaisagmail-com\/\">noticias@prensapaisa.com<\/a>\r\n\t\t\t\t\t\t\t\t\t<\/span>\r\n\t\t\t\t\t\t\t\t\t\t\t\t\t\t\t\t\t\t                                        <span class=\"bg-date\"><time class=\"entry-date published\" datetime=\"2025-12-01T11:24:31-05:00\">diciembre 1, 2025<\/time><\/span>\r\n\t\t\t\t\t\t\t\t\t\t\t\t\t\t\t\t\t\t\t\t\t\t\t\t\t\t\t\t\t\t\t\t\t\t\t\t                                <\/div>\r\n\t\t\t\t\t\t\t\t                            <\/div>\r\n\t\t\t\t\t\t\r\n\t\t\t\t\t\t                    <\/div>\r\n                <\/div>\r\n            <\/div>\r\n        <\/div>\r\n    <\/div>\r\n<\/div>\r\n<div class=\"penci-bgitem bgitem-2\">\r\n    <div class=\"penci-bgitin\">\r\n        <div class=\"penci-bgmain\">\r\n            <div class=\"pcbg-thumb\">\r\n\t\t\t\t\t\t\t\t                <div class=\"pcbg-thumbin\">\r\n                    <a class=\"pcbg-bgoverlay\"\r\n                       href=\"https:\/\/prensapaisa.com\/index.php\/2025\/11\/19\/hermano-de-alias-chiquito-malo-lider-del-clan-del-golfo-fue-asesinado-en-turbo-las-autoridades-descartan-accidente-y-contaron-que-tenia-heridas-de-bala\/\" title=\"Hermano de alias \u201cChiquito Malo\u201d, l\u00edder del Clan del Golfo, fue asesinado en Turbo: las autoridades descartan accidente y contaron que ten\u00eda heridas de bala\"><\/a>\r\n\t\t\t\t\t                        <div class=\"penci-image-holder penci-lazy\"                             data-bgset=\"https:\/\/prensapaisa.com\/wp-content\/uploads\/2025\/11\/583915055_881756121086043_2622787159993088237_n-585x389.jpg\" data_bg_hidpi=\"https:\/\/prensapaisa.com\/wp-content\/uploads\/2025\/11\/583915055_881756121086043_2622787159993088237_n-585x389.jpg\"\r\n                             data-sizes=\"(max-width: 767px) 585px, 585px\">\r\n                        <\/div>\r\n\t\t\t\t\t                <\/div>\r\n            <\/div>\r\n            <div class=\"pcbg-content\">\r\n                <div class=\"pcbg-content-flex\">\r\n                    <a class=\"pcbg-bgoverlay active-overlay\"\r\n                       href=\"https:\/\/prensapaisa.com\/index.php\/2025\/11\/19\/hermano-de-alias-chiquito-malo-lider-del-clan-del-golfo-fue-asesinado-en-turbo-las-autoridades-descartan-accidente-y-contaron-que-tenia-heridas-de-bala\/\" title=\"Hermano de alias \u201cChiquito Malo\u201d, l\u00edder del Clan del Golfo, fue asesinado en Turbo: las autoridades descartan accidente y contaron que ten\u00eda heridas de bala\"><\/a>\r\n                    <div class=\"pcbg-content-inner bgcontent-block\">\r\n                        <a href=\"https:\/\/prensapaisa.com\/index.php\/2025\/11\/19\/hermano-de-alias-chiquito-malo-lider-del-clan-del-golfo-fue-asesinado-en-turbo-las-autoridades-descartan-accidente-y-contaron-que-tenia-heridas-de-bala\/\" title=\"Hermano de alias \u201cChiquito Malo\u201d, l\u00edder del Clan del Golfo, fue asesinado en Turbo: las autoridades descartan accidente y contaron que ten\u00eda heridas de bala\"\r\n                           class=\"pcbg-bgoverlaytext item-hover\"><\/a>\r\n\r\n\t\t\t\t\t\t\r\n\t\t\t\t\t\t                            <div class=\"pcbg-heading item-hover\">\r\n                                <h3 class=\"pcbg-title\">\r\n                                    <a href=\"https:\/\/prensapaisa.com\/index.php\/2025\/11\/19\/hermano-de-alias-chiquito-malo-lider-del-clan-del-golfo-fue-asesinado-en-turbo-las-autoridades-descartan-accidente-y-contaron-que-tenia-heridas-de-bala\/\">\r\n                                        Hermano de alias \u201cChiquito Malo\u201d, l\u00edder del Clan del Golfo, fue asesinado en Turbo: las autoridades descartan accidente y contaron que ten\u00eda heridas de bala                                    <\/a>\r\n                                <\/h3>\r\n                            <\/div>\r\n\t\t\t\t\t\t\r\n\t\t\t\t\t\t                            <div class=\"grid-post-box-meta pcbg-meta item-hover\">\r\n                                <div class=\"pcbg-meta-desc\">\r\n\t\t\t\t\t\t\t\t\t                                        <span class=\"bg-date-author author-italic author vcard\">\r\n\t\t\t\t\t\t\t\t\t\tby <a class=\"url fn n\"\r\n                                                                                                href=\"https:\/\/prensapaisa.com\/index.php\/author\/prensapaisagmail-com\/\">noticias@prensapaisa.com<\/a>\r\n\t\t\t\t\t\t\t\t\t<\/span>\r\n\t\t\t\t\t\t\t\t\t\t\t\t\t\t\t\t\t\t                                        <span class=\"bg-date\"><time class=\"entry-date published\" datetime=\"2025-11-19T04:08:46-05:00\">noviembre 19, 2025<\/time><\/span>\r\n\t\t\t\t\t\t\t\t\t\t\t\t\t\t\t\t\t\t\t\t\t\t\t\t\t\t\t\t\t\t\t\t\t\t\t\t                                <\/div>\r\n\t\t\t\t\t\t\t\t                            <\/div>\r\n\t\t\t\t\t\t\r\n\t\t\t\t\t\t                    <\/div>\r\n                <\/div>\r\n            <\/div>\r\n        <\/div>\r\n    <\/div>\r\n<\/div>\r\n<div class=\"penci-bgitem bgitem-0\">\r\n    <div class=\"penci-bgitin\">\r\n        <div class=\"penci-bgmain\">\r\n            <div class=\"pcbg-thumb\">\r\n\t\t\t\t\t\t\t\t                <div class=\"pcbg-thumbin\">\r\n                    <a class=\"pcbg-bgoverlay\"\r\n                       href=\"https:\/\/prensapaisa.com\/index.php\/2025\/11\/13\/confirman-la-muerte-de-alias-chom-o-botija-el-temido-fletero-de-manrique-y-villa-guadalupe-en-medellin\/\" title=\"Confirman la muerte de alias \u201cChom\u201d o \u201cbotija&#8221;, el temido fletero de Manrique y Villa Guadalupe, en Medell\u00edn\"><\/a>\r\n\t\t\t\t\t                        <div class=\"penci-image-holder penci-lazy\"                             data-bgset=\"https:\/\/prensapaisa.com\/wp-content\/uploads\/2025\/11\/582527451_877267308201591_4224461686666381751_n-585x920.jpg\" data_bg_hidpi=\"https:\/\/prensapaisa.com\/wp-content\/uploads\/2025\/11\/582527451_877267308201591_4224461686666381751_n-585x920.jpg\"\r\n                             data-sizes=\"(max-width: 767px) 585px, 585px\">\r\n                        <\/div>\r\n\t\t\t\t\t                <\/div>\r\n            <\/div>\r\n            <div class=\"pcbg-content\">\r\n                <div class=\"pcbg-content-flex\">\r\n                    <a class=\"pcbg-bgoverlay active-overlay\"\r\n                       href=\"https:\/\/prensapaisa.com\/index.php\/2025\/11\/13\/confirman-la-muerte-de-alias-chom-o-botija-el-temido-fletero-de-manrique-y-villa-guadalupe-en-medellin\/\" title=\"Confirman la muerte de alias \u201cChom\u201d o \u201cbotija&#8221;, el temido fletero de Manrique y Villa Guadalupe, en Medell\u00edn\"><\/a>\r\n                    <div class=\"pcbg-content-inner bgcontent-block\">\r\n                        <a href=\"https:\/\/prensapaisa.com\/index.php\/2025\/11\/13\/confirman-la-muerte-de-alias-chom-o-botija-el-temido-fletero-de-manrique-y-villa-guadalupe-en-medellin\/\" title=\"Confirman la muerte de alias \u201cChom\u201d o \u201cbotija&#8221;, el temido fletero de Manrique y Villa Guadalupe, en Medell\u00edn\"\r\n                           class=\"pcbg-bgoverlaytext item-hover\"><\/a>\r\n\r\n\t\t\t\t\t\t\r\n\t\t\t\t\t\t                            <div class=\"pcbg-heading item-hover\">\r\n                                <h3 class=\"pcbg-title\">\r\n                                    <a href=\"https:\/\/prensapaisa.com\/index.php\/2025\/11\/13\/confirman-la-muerte-de-alias-chom-o-botija-el-temido-fletero-de-manrique-y-villa-guadalupe-en-medellin\/\">\r\n                                        Confirman la muerte de alias \u201cChom\u201d o \u201cbotija&#8221;, el temido fletero de Manrique y Villa Guadalupe, en Medell\u00edn                                    <\/a>\r\n                                <\/h3>\r\n                            <\/div>\r\n\t\t\t\t\t\t\r\n\t\t\t\t\t\t                            <div class=\"grid-post-box-meta pcbg-meta item-hover\">\r\n                                <div class=\"pcbg-meta-desc\">\r\n\t\t\t\t\t\t\t\t\t                                        <span class=\"bg-date-author author-italic author vcard\">\r\n\t\t\t\t\t\t\t\t\t\tby <a class=\"url fn n\"\r\n                                                                                                href=\"https:\/\/prensapaisa.com\/index.php\/author\/prensapaisagmail-com\/\">noticias@prensapaisa.com<\/a>\r\n\t\t\t\t\t\t\t\t\t<\/span>\r\n\t\t\t\t\t\t\t\t\t\t\t\t\t\t\t\t\t\t                                        <span class=\"bg-date\"><time class=\"entry-date published\" datetime=\"2025-11-13T08:26:08-05:00\">noviembre 13, 2025<\/time><\/span>\r\n\t\t\t\t\t\t\t\t\t\t\t\t\t\t\t\t\t\t\t\t\t\t\t\t\t\t\t\t\t\t\t\t\t\t\t\t                                <\/div>\r\n\t\t\t\t\t\t\t\t                            <\/div>\r\n\t\t\t\t\t\t\r\n\t\t\t\t\t\t                    <\/div>\r\n                <\/div>\r\n            <\/div>\r\n        <\/div>\r\n    <\/div>\r\n<\/div>\r\n<\/div><div class=\"penci-clearfix penci-biggrid-data penci-dblock penci-fixh\"><div class=\"penci-bgitem pcbg-big-item bgitem-1\">\r\n    <div class=\"penci-bgitin\">\r\n        <div class=\"penci-bgmain\">\r\n            <div class=\"pcbg-thumb\">\r\n\t\t\t\t\t\t\t\t                <div class=\"pcbg-thumbin\">\r\n                    <a class=\"pcbg-bgoverlay\"\r\n                       href=\"https:\/\/prensapaisa.com\/index.php\/2025\/11\/13\/murio-un-chico-oriundo-de-manrique-quien-se-enfrento-a-la-policia-tras-intentar-robar-una-moto-en-medellin\/\" title=\"Muri\u00f3 un chico, oriundo de Manrique, quien se enfrent\u00f3 a la Polic\u00eda tras intentar robar una moto en Medell\u00edn\"><\/a>\r\n\t\t\t\t\t                        <div class=\"penci-image-holder penci-lazy\"                             data-bgset=\"https:\/\/prensapaisa.com\/wp-content\/uploads\/2025\/11\/581928277_877265964868392_4348208570283005119_n-1170x1894.jpg\" data_bg_hidpi=\"https:\/\/prensapaisa.com\/wp-content\/uploads\/2025\/11\/581928277_877265964868392_4348208570283005119_n-585x947.jpg\"\r\n                             data-sizes=\"(max-width: 767px) 585px, 1170px\">\r\n                        <\/div>\r\n\t\t\t\t\t                <\/div>\r\n            <\/div>\r\n            <div class=\"pcbg-content\">\r\n                <div class=\"pcbg-content-flex\">\r\n                    <a class=\"pcbg-bgoverlay active-overlay\"\r\n                       href=\"https:\/\/prensapaisa.com\/index.php\/2025\/11\/13\/murio-un-chico-oriundo-de-manrique-quien-se-enfrento-a-la-policia-tras-intentar-robar-una-moto-en-medellin\/\" title=\"Muri\u00f3 un chico, oriundo de Manrique, quien se enfrent\u00f3 a la Polic\u00eda tras intentar robar una moto en Medell\u00edn\"><\/a>\r\n                    <div class=\"pcbg-content-inner bgcontent-block\">\r\n                        <a href=\"https:\/\/prensapaisa.com\/index.php\/2025\/11\/13\/murio-un-chico-oriundo-de-manrique-quien-se-enfrento-a-la-policia-tras-intentar-robar-una-moto-en-medellin\/\" title=\"Muri\u00f3 un chico, oriundo de Manrique, quien se enfrent\u00f3 a la Polic\u00eda tras intentar robar una moto en Medell\u00edn\"\r\n                           class=\"pcbg-bgoverlaytext item-hover\"><\/a>\r\n\r\n\t\t\t\t\t\t                            <div class=\"pcbg-above item-hover\">\r\n\t\t\t\t\t\t\t<span class=\"cat pcbg-sub-title\">\r\n\t\t\t\t\t\t\t\t<a class=\"penci-cat-name penci-cat-45\" href=\"https:\/\/prensapaisa.com\/index.php\/category\/movilidad\/accidentes\/\"  rel=\"category tag\">Accidentes<\/a><a class=\"penci-cat-name penci-cat-49\" href=\"https:\/\/prensapaisa.com\/index.php\/category\/orden-publico\/capturas\/\"  rel=\"category tag\">Capturas<\/a><a class=\"penci-cat-name penci-cat-50\" href=\"https:\/\/prensapaisa.com\/index.php\/category\/orden-publico\/denuncias\/\"  rel=\"category tag\">Denuncias<\/a><a class=\"penci-cat-name penci-cat-43\" href=\"https:\/\/prensapaisa.com\/index.php\/category\/fallecidos\/\"  rel=\"category tag\">Fallecidos<\/a><a class=\"penci-cat-name penci-cat-48\" href=\"https:\/\/prensapaisa.com\/index.php\/category\/orden-publico\/hurtos\/\"  rel=\"category tag\">Hurtos<\/a><a class=\"penci-cat-name penci-cat-44\" href=\"https:\/\/prensapaisa.com\/index.php\/category\/movilidad\/\"  rel=\"category tag\">Movilidad<\/a><a class=\"penci-cat-name penci-cat-16\" href=\"https:\/\/prensapaisa.com\/index.php\/category\/municipios\/\"  rel=\"category tag\">Municipios<\/a><a class=\"penci-cat-name penci-cat-1\" href=\"https:\/\/prensapaisa.com\/index.php\/category\/noticias\/\"  rel=\"category tag\">Noticias<\/a><a class=\"penci-cat-name penci-cat-47\" href=\"https:\/\/prensapaisa.com\/index.php\/category\/orden-publico\/\"  rel=\"category tag\">Orden Publico<\/a><a class=\"penci-cat-name penci-cat-46\" href=\"https:\/\/prensapaisa.com\/index.php\/category\/redes-sociales\/\"  rel=\"category tag\">Redes Sociales<\/a>\t\t\t\t\t\t\t<\/span>\r\n                            <\/div>\r\n\t\t\t\t\t\t\r\n\t\t\t\t\t\t                            <div class=\"pcbg-heading item-hover\">\r\n                                <h3 class=\"pcbg-title\">\r\n                                    <a href=\"https:\/\/prensapaisa.com\/index.php\/2025\/11\/13\/murio-un-chico-oriundo-de-manrique-quien-se-enfrento-a-la-policia-tras-intentar-robar-una-moto-en-medellin\/\">\r\n                                        Muri\u00f3 un chico, oriundo de Manrique, quien se enfrent\u00f3 a la Polic\u00eda tras intentar robar una moto en Medell\u00edn                                    <\/a>\r\n                                <\/h3>\r\n                            <\/div>\r\n\t\t\t\t\t\t\r\n\t\t\t\t\t\t                            <div class=\"grid-post-box-meta pcbg-meta item-hover\">\r\n                                <div class=\"pcbg-meta-desc\">\r\n\t\t\t\t\t\t\t\t\t                                        <span class=\"bg-date-author author-italic author vcard\">\r\n\t\t\t\t\t\t\t\t\t\tby <a class=\"url fn n\"\r\n                                                                                                href=\"https:\/\/prensapaisa.com\/index.php\/author\/prensapaisagmail-com\/\">noticias@prensapaisa.com<\/a>\r\n\t\t\t\t\t\t\t\t\t<\/span>\r\n\t\t\t\t\t\t\t\t\t\t\t\t\t\t\t\t\t\t                                        <span class=\"bg-date\"><time class=\"entry-date published\" datetime=\"2025-11-13T08:14:54-05:00\">noviembre 13, 2025<\/time><\/span>\r\n\t\t\t\t\t\t\t\t\t\t\t\t\t\t\t\t\t\t\t\t\t\t\t\t\t\t\t\t\t\t\t\t\t\t\t\t                                <\/div>\r\n\t\t\t\t\t\t\t\t                            <\/div>\r\n\t\t\t\t\t\t\r\n\t\t\t\t\t\t                    <\/div>\r\n                <\/div>\r\n            <\/div>\r\n        <\/div>\r\n    <\/div>\r\n<\/div>\r\n<div class=\"penci-bgitem bgitem-2\">\r\n    <div class=\"penci-bgitin\">\r\n        <div class=\"penci-bgmain\">\r\n            <div class=\"pcbg-thumb\">\r\n\t\t\t\t\t\t\t\t                <div class=\"pcbg-thumbin\">\r\n                    <a class=\"pcbg-bgoverlay\"\r\n                       href=\"https:\/\/prensapaisa.com\/index.php\/2025\/11\/11\/una-mujer-quien-iba-en-una-moto-fallecio-luego-de-accidente-de-transito-durante-la-tarde-de-este-10-de-noviembre-en-el-deprimido-de-la-oriental-medellin-2\/\" title=\"Una mujer, quien iba en una moto, falleci\u00f3 luego de accidente de tr\u00e1nsito durante la tarde de este 10 de noviembre en el deprimido de La Oriental, Medell\u00edn\"><\/a>\r\n\t\t\t\t\t                        <div class=\"penci-image-holder penci-lazy\"                             data-bgset=\"https:\/\/prensapaisa.com\/wp-content\/uploads\/2025\/11\/580904114_875686951692960_743369254905242766_n-1-585x1039.jpg\" data_bg_hidpi=\"https:\/\/prensapaisa.com\/wp-content\/uploads\/2025\/11\/580904114_875686951692960_743369254905242766_n-1-585x1039.jpg\"\r\n                             data-sizes=\"(max-width: 767px) 585px, 585px\">\r\n                        <\/div>\r\n\t\t\t\t\t                <\/div>\r\n            <\/div>\r\n            <div class=\"pcbg-content\">\r\n                <div class=\"pcbg-content-flex\">\r\n                    <a class=\"pcbg-bgoverlay active-overlay\"\r\n                       href=\"https:\/\/prensapaisa.com\/index.php\/2025\/11\/11\/una-mujer-quien-iba-en-una-moto-fallecio-luego-de-accidente-de-transito-durante-la-tarde-de-este-10-de-noviembre-en-el-deprimido-de-la-oriental-medellin-2\/\" title=\"Una mujer, quien iba en una moto, falleci\u00f3 luego de accidente de tr\u00e1nsito durante la tarde de este 10 de noviembre en el deprimido de La Oriental, Medell\u00edn\"><\/a>\r\n                    <div class=\"pcbg-content-inner bgcontent-block\">\r\n                        <a href=\"https:\/\/prensapaisa.com\/index.php\/2025\/11\/11\/una-mujer-quien-iba-en-una-moto-fallecio-luego-de-accidente-de-transito-durante-la-tarde-de-este-10-de-noviembre-en-el-deprimido-de-la-oriental-medellin-2\/\" title=\"Una mujer, quien iba en una moto, falleci\u00f3 luego de accidente de tr\u00e1nsito durante la tarde de este 10 de noviembre en el deprimido de La Oriental, Medell\u00edn\"\r\n                           class=\"pcbg-bgoverlaytext item-hover\"><\/a>\r\n\r\n\t\t\t\t\t\t\r\n\t\t\t\t\t\t                            <div class=\"pcbg-heading item-hover\">\r\n                                <h3 class=\"pcbg-title\">\r\n                                    <a href=\"https:\/\/prensapaisa.com\/index.php\/2025\/11\/11\/una-mujer-quien-iba-en-una-moto-fallecio-luego-de-accidente-de-transito-durante-la-tarde-de-este-10-de-noviembre-en-el-deprimido-de-la-oriental-medellin-2\/\">\r\n                                        Una mujer, quien iba en una moto, falleci\u00f3 luego de accidente de tr\u00e1nsito durante la tarde de este 10 de noviembre en el deprimido de La Oriental, Medell\u00edn                                    <\/a>\r\n                                <\/h3>\r\n                            <\/div>\r\n\t\t\t\t\t\t\r\n\t\t\t\t\t\t                            <div class=\"grid-post-box-meta pcbg-meta item-hover\">\r\n                                <div class=\"pcbg-meta-desc\">\r\n\t\t\t\t\t\t\t\t\t                                        <span class=\"bg-date-author author-italic author vcard\">\r\n\t\t\t\t\t\t\t\t\t\tby <a class=\"url fn n\"\r\n                                                                                                href=\"https:\/\/prensapaisa.com\/index.php\/author\/prensapaisagmail-com\/\">noticias@prensapaisa.com<\/a>\r\n\t\t\t\t\t\t\t\t\t<\/span>\r\n\t\t\t\t\t\t\t\t\t\t\t\t\t\t\t\t\t\t                                        <span class=\"bg-date\"><time class=\"entry-date published\" datetime=\"2025-11-11T23:07:13-05:00\">noviembre 11, 2025<\/time><\/span>\r\n\t\t\t\t\t\t\t\t\t\t\t\t\t\t\t\t\t\t\t\t\t\t\t\t\t\t\t\t\t\t\t\t\t\t\t\t                                <\/div>\r\n\t\t\t\t\t\t\t\t                            <\/div>\r\n\t\t\t\t\t\t\r\n\t\t\t\t\t\t                    <\/div>\r\n                <\/div>\r\n            <\/div>\r\n        <\/div>\r\n    <\/div>\r\n<\/div>\r\n<div class=\"penci-bgitem bgitem-0\">\r\n    <div class=\"penci-bgitin\">\r\n        <div class=\"penci-bgmain\">\r\n            <div class=\"pcbg-thumb\">\r\n\t\t\t\t\t\t\t\t                <div class=\"pcbg-thumbin\">\r\n                    <a class=\"pcbg-bgoverlay\"\r\n                       href=\"https:\/\/prensapaisa.com\/index.php\/2025\/11\/11\/conductor-murio-tras-chocar-de-frente-contra-un-bus-y-un-tractocamion-en-el-oriente-antioqueno\/\" title=\"Conductor muri\u00f3 tras chocar de frente contra un bus y un tractocami\u00f3n en el Oriente antioque\u00f1o\"><\/a>\r\n\t\t\t\t\t                        <div class=\"penci-image-holder penci-lazy\"                             data-bgset=\"https:\/\/prensapaisa.com\/wp-content\/uploads\/2025\/11\/581814894_876136304981358_6271785354282100941_n-585x229.jpg\" data_bg_hidpi=\"https:\/\/prensapaisa.com\/wp-content\/uploads\/2025\/11\/581814894_876136304981358_6271785354282100941_n-585x229.jpg\"\r\n                             data-sizes=\"(max-width: 767px) 585px, 585px\">\r\n                        <\/div>\r\n\t\t\t\t\t                <\/div>\r\n            <\/div>\r\n            <div class=\"pcbg-content\">\r\n                <div class=\"pcbg-content-flex\">\r\n                    <a class=\"pcbg-bgoverlay active-overlay\"\r\n                       href=\"https:\/\/prensapaisa.com\/index.php\/2025\/11\/11\/conductor-murio-tras-chocar-de-frente-contra-un-bus-y-un-tractocamion-en-el-oriente-antioqueno\/\" title=\"Conductor muri\u00f3 tras chocar de frente contra un bus y un tractocami\u00f3n en el Oriente antioque\u00f1o\"><\/a>\r\n                    <div class=\"pcbg-content-inner bgcontent-block\">\r\n                        <a href=\"https:\/\/prensapaisa.com\/index.php\/2025\/11\/11\/conductor-murio-tras-chocar-de-frente-contra-un-bus-y-un-tractocamion-en-el-oriente-antioqueno\/\" title=\"Conductor muri\u00f3 tras chocar de frente contra un bus y un tractocami\u00f3n en el Oriente antioque\u00f1o\"\r\n                           class=\"pcbg-bgoverlaytext item-hover\"><\/a>\r\n\r\n\t\t\t\t\t\t\r\n\t\t\t\t\t\t                            <div class=\"pcbg-heading item-hover\">\r\n                                <h3 class=\"pcbg-title\">\r\n                                    <a href=\"https:\/\/prensapaisa.com\/index.php\/2025\/11\/11\/conductor-murio-tras-chocar-de-frente-contra-un-bus-y-un-tractocamion-en-el-oriente-antioqueno\/\">\r\n                                        Conductor muri\u00f3 tras chocar de frente contra un bus y un tractocami\u00f3n en el Oriente antioque\u00f1o                                    <\/a>\r\n                                <\/h3>\r\n                            <\/div>\r\n\t\t\t\t\t\t\r\n\t\t\t\t\t\t                            <div class=\"grid-post-box-meta pcbg-meta item-hover\">\r\n                                <div class=\"pcbg-meta-desc\">\r\n\t\t\t\t\t\t\t\t\t                                        <span class=\"bg-date-author author-italic author vcard\">\r\n\t\t\t\t\t\t\t\t\t\tby <a class=\"url fn n\"\r\n                                                                                                href=\"https:\/\/prensapaisa.com\/index.php\/author\/prensapaisagmail-com\/\">noticias@prensapaisa.com<\/a>\r\n\t\t\t\t\t\t\t\t\t<\/span>\r\n\t\t\t\t\t\t\t\t\t\t\t\t\t\t\t\t\t\t                                        <span class=\"bg-date\"><time class=\"entry-date published\" datetime=\"2025-11-11T23:01:58-05:00\">noviembre 11, 2025<\/time><\/span>\r\n\t\t\t\t\t\t\t\t\t\t\t\t\t\t\t\t\t\t\t\t\t\t\t\t\t\t\t\t\t\t\t\t\t\t\t\t                                <\/div>\r\n\t\t\t\t\t\t\t\t                            <\/div>\r\n\t\t\t\t\t\t\r\n\t\t\t\t\t\t                    <\/div>\r\n                <\/div>\r\n            <\/div>\r\n        <\/div>\r\n    <\/div>\r\n<\/div>\r\n<\/div><div class=\"penci-clearfix penci-biggrid-data penci-dblock penci-fixh\"><div class=\"penci-bgitem pcbg-big-item bgitem-1\">\r\n    <div class=\"penci-bgitin\">\r\n        <div class=\"penci-bgmain\">\r\n            <div class=\"pcbg-thumb\">\r\n\t\t\t\t\t\t\t\t                <div class=\"pcbg-thumbin\">\r\n                    <a class=\"pcbg-bgoverlay\"\r\n                       href=\"https:\/\/prensapaisa.com\/index.php\/2025\/11\/10\/un-chico-fallecio-cuando-intento-hurtar-a-una-familia-paisa-una-de-las-victimas-le-quito-el-arma-y-le-disparo-al-fletero\/\" title=\"Un chico falleci\u00f3 cuando intent\u00f3 hurtar a una familia paisa; una de las v\u00edctimas le quit\u00f3 el arma y le dispar\u00f3 al fletero\"><\/a>\r\n\t\t\t\t\t                        <div class=\"penci-image-holder penci-lazy\"                             data-bgset=\"https:\/\/prensapaisa.com\/wp-content\/uploads\/2025\/11\/577317332_872456455349343_1493176197468922690_n-1170x658.jpg\" data_bg_hidpi=\"https:\/\/prensapaisa.com\/wp-content\/uploads\/2025\/11\/577317332_872456455349343_1493176197468922690_n-585x329.jpg\"\r\n                             data-sizes=\"(max-width: 767px) 585px, 1170px\">\r\n                        <\/div>\r\n\t\t\t\t\t                <\/div>\r\n            <\/div>\r\n            <div class=\"pcbg-content\">\r\n                <div class=\"pcbg-content-flex\">\r\n                    <a class=\"pcbg-bgoverlay active-overlay\"\r\n                       href=\"https:\/\/prensapaisa.com\/index.php\/2025\/11\/10\/un-chico-fallecio-cuando-intento-hurtar-a-una-familia-paisa-una-de-las-victimas-le-quito-el-arma-y-le-disparo-al-fletero\/\" title=\"Un chico falleci\u00f3 cuando intent\u00f3 hurtar a una familia paisa; una de las v\u00edctimas le quit\u00f3 el arma y le dispar\u00f3 al fletero\"><\/a>\r\n                    <div class=\"pcbg-content-inner bgcontent-block\">\r\n                        <a href=\"https:\/\/prensapaisa.com\/index.php\/2025\/11\/10\/un-chico-fallecio-cuando-intento-hurtar-a-una-familia-paisa-una-de-las-victimas-le-quito-el-arma-y-le-disparo-al-fletero\/\" title=\"Un chico falleci\u00f3 cuando intent\u00f3 hurtar a una familia paisa; una de las v\u00edctimas le quit\u00f3 el arma y le dispar\u00f3 al fletero\"\r\n                           class=\"pcbg-bgoverlaytext item-hover\"><\/a>\r\n\r\n\t\t\t\t\t\t                            <div class=\"pcbg-above item-hover\">\r\n\t\t\t\t\t\t\t<span class=\"cat pcbg-sub-title\">\r\n\t\t\t\t\t\t\t\t<a class=\"penci-cat-name penci-cat-45\" href=\"https:\/\/prensapaisa.com\/index.php\/category\/movilidad\/accidentes\/\"  rel=\"category tag\">Accidentes<\/a><a class=\"penci-cat-name penci-cat-49\" href=\"https:\/\/prensapaisa.com\/index.php\/category\/orden-publico\/capturas\/\"  rel=\"category tag\">Capturas<\/a><a class=\"penci-cat-name penci-cat-50\" href=\"https:\/\/prensapaisa.com\/index.php\/category\/orden-publico\/denuncias\/\"  rel=\"category tag\">Denuncias<\/a><a class=\"penci-cat-name penci-cat-43\" href=\"https:\/\/prensapaisa.com\/index.php\/category\/fallecidos\/\"  rel=\"category tag\">Fallecidos<\/a><a class=\"penci-cat-name penci-cat-48\" href=\"https:\/\/prensapaisa.com\/index.php\/category\/orden-publico\/hurtos\/\"  rel=\"category tag\">Hurtos<\/a><a class=\"penci-cat-name penci-cat-44\" href=\"https:\/\/prensapaisa.com\/index.php\/category\/movilidad\/\"  rel=\"category tag\">Movilidad<\/a><a class=\"penci-cat-name penci-cat-16\" href=\"https:\/\/prensapaisa.com\/index.php\/category\/municipios\/\"  rel=\"category tag\">Municipios<\/a><a class=\"penci-cat-name penci-cat-1\" href=\"https:\/\/prensapaisa.com\/index.php\/category\/noticias\/\"  rel=\"category tag\">Noticias<\/a><a class=\"penci-cat-name penci-cat-47\" href=\"https:\/\/prensapaisa.com\/index.php\/category\/orden-publico\/\"  rel=\"category tag\">Orden Publico<\/a><a class=\"penci-cat-name penci-cat-46\" href=\"https:\/\/prensapaisa.com\/index.php\/category\/redes-sociales\/\"  rel=\"category tag\">Redes Sociales<\/a>\t\t\t\t\t\t\t<\/span>\r\n                            <\/div>\r\n\t\t\t\t\t\t\r\n\t\t\t\t\t\t                            <div class=\"pcbg-heading item-hover\">\r\n                                <h3 class=\"pcbg-title\">\r\n                                    <a href=\"https:\/\/prensapaisa.com\/index.php\/2025\/11\/10\/un-chico-fallecio-cuando-intento-hurtar-a-una-familia-paisa-una-de-las-victimas-le-quito-el-arma-y-le-disparo-al-fletero\/\">\r\n                                        Un chico falleci\u00f3 cuando intent\u00f3 hurtar a una familia paisa; una de las v\u00edctimas le quit\u00f3 el arma y le dispar\u00f3 al fletero                                    <\/a>\r\n                                <\/h3>\r\n                            <\/div>\r\n\t\t\t\t\t\t\r\n\t\t\t\t\t\t                            <div class=\"grid-post-box-meta pcbg-meta item-hover\">\r\n                                <div class=\"pcbg-meta-desc\">\r\n\t\t\t\t\t\t\t\t\t                                        <span class=\"bg-date-author author-italic author vcard\">\r\n\t\t\t\t\t\t\t\t\t\tby <a class=\"url fn n\"\r\n                                                                                                href=\"https:\/\/prensapaisa.com\/index.php\/author\/prensapaisagmail-com\/\">noticias@prensapaisa.com<\/a>\r\n\t\t\t\t\t\t\t\t\t<\/span>\r\n\t\t\t\t\t\t\t\t\t\t\t\t\t\t\t\t\t\t                                        <span class=\"bg-date\"><time class=\"entry-date published\" datetime=\"2025-11-10T19:40:31-05:00\">noviembre 10, 2025<\/time><\/span>\r\n\t\t\t\t\t\t\t\t\t\t\t\t\t\t\t\t\t\t\t\t\t\t\t\t\t\t\t\t\t\t\t\t\t\t\t\t                                <\/div>\r\n\t\t\t\t\t\t\t\t                            <\/div>\r\n\t\t\t\t\t\t\r\n\t\t\t\t\t\t                    <\/div>\r\n                <\/div>\r\n            <\/div>\r\n        <\/div>\r\n    <\/div>\r\n<\/div>\r\n<div class=\"penci-bgitem bgitem-2\">\r\n    <div class=\"penci-bgitin\">\r\n        <div class=\"penci-bgmain\">\r\n            <div class=\"pcbg-thumb\">\r\n\t\t\t\t\t\t\t\t                <div class=\"pcbg-thumbin\">\r\n                    <a class=\"pcbg-bgoverlay\"\r\n                       href=\"https:\/\/prensapaisa.com\/index.php\/2025\/11\/10\/la-suerte-ahora-esta-a-un-clic-paisas-estan-jugando-chance-desde-el-celular-con-super-chance-web-de-laredgana\/\" title=\"La suerte ahora est\u00e1 a un clic: paisas est\u00e1n jugando chance desde el celular con Super Chance Web de @laredgana\"><\/a>\r\n\t\t\t\t\t                        <div class=\"penci-image-holder penci-lazy\"                             data-bgset=\"https:\/\/prensapaisa.com\/wp-content\/uploads\/2025\/11\/580308352_873945581867097_6753391352716926521_n-585x585.jpg\" data_bg_hidpi=\"https:\/\/prensapaisa.com\/wp-content\/uploads\/2025\/11\/580308352_873945581867097_6753391352716926521_n-585x585.jpg\"\r\n                             data-sizes=\"(max-width: 767px) 585px, 585px\">\r\n                        <\/div>\r\n\t\t\t\t\t                <\/div>\r\n            <\/div>\r\n            <div class=\"pcbg-content\">\r\n                <div class=\"pcbg-content-flex\">\r\n                    <a class=\"pcbg-bgoverlay active-overlay\"\r\n                       href=\"https:\/\/prensapaisa.com\/index.php\/2025\/11\/10\/la-suerte-ahora-esta-a-un-clic-paisas-estan-jugando-chance-desde-el-celular-con-super-chance-web-de-laredgana\/\" title=\"La suerte ahora est\u00e1 a un clic: paisas est\u00e1n jugando chance desde el celular con Super Chance Web de @laredgana\"><\/a>\r\n                    <div class=\"pcbg-content-inner bgcontent-block\">\r\n                        <a href=\"https:\/\/prensapaisa.com\/index.php\/2025\/11\/10\/la-suerte-ahora-esta-a-un-clic-paisas-estan-jugando-chance-desde-el-celular-con-super-chance-web-de-laredgana\/\" title=\"La suerte ahora est\u00e1 a un clic: paisas est\u00e1n jugando chance desde el celular con Super Chance Web de @laredgana\"\r\n                           class=\"pcbg-bgoverlaytext item-hover\"><\/a>\r\n\r\n\t\t\t\t\t\t\r\n\t\t\t\t\t\t                            <div class=\"pcbg-heading item-hover\">\r\n                                <h3 class=\"pcbg-title\">\r\n                                    <a href=\"https:\/\/prensapaisa.com\/index.php\/2025\/11\/10\/la-suerte-ahora-esta-a-un-clic-paisas-estan-jugando-chance-desde-el-celular-con-super-chance-web-de-laredgana\/\">\r\n                                        La suerte ahora est\u00e1 a un clic: paisas est\u00e1n jugando chance desde el celular con Super Chance Web de @laredgana                                    <\/a>\r\n                                <\/h3>\r\n                            <\/div>\r\n\t\t\t\t\t\t\r\n\t\t\t\t\t\t                            <div class=\"grid-post-box-meta pcbg-meta item-hover\">\r\n                                <div class=\"pcbg-meta-desc\">\r\n\t\t\t\t\t\t\t\t\t                                        <span class=\"bg-date-author author-italic author vcard\">\r\n\t\t\t\t\t\t\t\t\t\tby <a class=\"url fn n\"\r\n                                                                                                href=\"https:\/\/prensapaisa.com\/index.php\/author\/prensapaisagmail-com\/\">noticias@prensapaisa.com<\/a>\r\n\t\t\t\t\t\t\t\t\t<\/span>\r\n\t\t\t\t\t\t\t\t\t\t\t\t\t\t\t\t\t\t                                        <span class=\"bg-date\"><time class=\"entry-date published\" datetime=\"2025-11-10T19:27:25-05:00\">noviembre 10, 2025<\/time><\/span>\r\n\t\t\t\t\t\t\t\t\t\t\t\t\t\t\t\t\t\t\t\t\t\t\t\t\t\t\t\t\t\t\t\t\t\t\t\t                                <\/div>\r\n\t\t\t\t\t\t\t\t                            <\/div>\r\n\t\t\t\t\t\t\r\n\t\t\t\t\t\t                    <\/div>\r\n                <\/div>\r\n            <\/div>\r\n        <\/div>\r\n    <\/div>\r\n<\/div>\r\n<div class=\"penci-bgitem bgitem-0\">\r\n    <div class=\"penci-bgitin\">\r\n        <div class=\"penci-bgmain\">\r\n            <div class=\"pcbg-thumb\">\r\n\t\t\t\t\t\t\t\t                <div class=\"pcbg-thumbin\">\r\n                    <a class=\"pcbg-bgoverlay\"\r\n                       href=\"https:\/\/prensapaisa.com\/index.php\/2025\/11\/10\/dos-policias-fueron-asesinados-en-betulia-antioquia-debido-a-un-presunto-plan-pistola-del-clan-del-golfo\/\" title=\"Dos polic\u00edas fueron asesinados en Betulia, Antioquia, debido a un presunto plan pistola del Clan del Golfo\"><\/a>\r\n\t\t\t\t\t                        <div class=\"penci-image-holder penci-lazy\"                             data-bgset=\"https:\/\/prensapaisa.com\/wp-content\/uploads\/2025\/11\/580963880_874733881788267_2298294215929030122_n-585x427.jpg\" data_bg_hidpi=\"https:\/\/prensapaisa.com\/wp-content\/uploads\/2025\/11\/580963880_874733881788267_2298294215929030122_n-585x427.jpg\"\r\n                             data-sizes=\"(max-width: 767px) 585px, 585px\">\r\n                        <\/div>\r\n\t\t\t\t\t                <\/div>\r\n            <\/div>\r\n            <div class=\"pcbg-content\">\r\n                <div class=\"pcbg-content-flex\">\r\n                    <a class=\"pcbg-bgoverlay active-overlay\"\r\n                       href=\"https:\/\/prensapaisa.com\/index.php\/2025\/11\/10\/dos-policias-fueron-asesinados-en-betulia-antioquia-debido-a-un-presunto-plan-pistola-del-clan-del-golfo\/\" title=\"Dos polic\u00edas fueron asesinados en Betulia, Antioquia, debido a un presunto plan pistola del Clan del Golfo\"><\/a>\r\n                    <div class=\"pcbg-content-inner bgcontent-block\">\r\n                        <a href=\"https:\/\/prensapaisa.com\/index.php\/2025\/11\/10\/dos-policias-fueron-asesinados-en-betulia-antioquia-debido-a-un-presunto-plan-pistola-del-clan-del-golfo\/\" title=\"Dos polic\u00edas fueron asesinados en Betulia, Antioquia, debido a un presunto plan pistola del Clan del Golfo\"\r\n                           class=\"pcbg-bgoverlaytext item-hover\"><\/a>\r\n\r\n\t\t\t\t\t\t\r\n\t\t\t\t\t\t                            <div class=\"pcbg-heading item-hover\">\r\n                                <h3 class=\"pcbg-title\">\r\n                                    <a href=\"https:\/\/prensapaisa.com\/index.php\/2025\/11\/10\/dos-policias-fueron-asesinados-en-betulia-antioquia-debido-a-un-presunto-plan-pistola-del-clan-del-golfo\/\">\r\n                                        Dos polic\u00edas fueron asesinados en Betulia, Antioquia, debido a un presunto plan pistola del Clan del Golfo                                    <\/a>\r\n                                <\/h3>\r\n                            <\/div>\r\n\t\t\t\t\t\t\r\n\t\t\t\t\t\t                            <div class=\"grid-post-box-meta pcbg-meta item-hover\">\r\n                                <div class=\"pcbg-meta-desc\">\r\n\t\t\t\t\t\t\t\t\t                                        <span class=\"bg-date-author author-italic author vcard\">\r\n\t\t\t\t\t\t\t\t\t\tby <a class=\"url fn n\"\r\n                                                                                                href=\"https:\/\/prensapaisa.com\/index.php\/author\/prensapaisagmail-com\/\">noticias@prensapaisa.com<\/a>\r\n\t\t\t\t\t\t\t\t\t<\/span>\r\n\t\t\t\t\t\t\t\t\t\t\t\t\t\t\t\t\t\t                                        <span class=\"bg-date\"><time class=\"entry-date published\" datetime=\"2025-11-10T19:19:38-05:00\">noviembre 10, 2025<\/time><\/span>\r\n\t\t\t\t\t\t\t\t\t\t\t\t\t\t\t\t\t\t\t\t\t\t\t\t\t\t\t\t\t\t\t\t\t\t\t\t                                <\/div>\r\n\t\t\t\t\t\t\t\t                            <\/div>\r\n\t\t\t\t\t\t\r\n\t\t\t\t\t\t                    <\/div>\r\n                <\/div>\r\n            <\/div>\r\n        <\/div>\r\n    <\/div>\r\n<\/div>\r\n<\/div><div class=\"penci-clearfix penci-biggrid-data penci-dblock penci-fixh\"><div class=\"penci-bgitem pcbg-big-item bgitem-1\">\r\n    <div class=\"penci-bgitin\">\r\n        <div class=\"penci-bgmain\">\r\n            <div class=\"pcbg-thumb\">\r\n\t\t\t\t\t\t\t\t                <div class=\"pcbg-thumbin\">\r\n                    <a class=\"pcbg-bgoverlay\"\r\n                       href=\"https:\/\/prensapaisa.com\/index.php\/2025\/11\/10\/una-mujer-quien-iba-en-una-moto-fallecio-luego-de-accidente-de-transito-durante-la-tarde-de-este-10-de-noviembre-en-el-deprimido-de-la-oriental-medellin\/\" title=\"Una mujer, quien iba en una moto, falleci\u00f3 luego de accidente de tr\u00e1nsito durante la tarde de este 10 de noviembre en el deprimido de La Oriental, Medell\u00edn\"><\/a>\r\n\t\t\t\t\t                        <div class=\"penci-image-holder penci-lazy\"                             data-bgset=\"https:\/\/prensapaisa.com\/wp-content\/uploads\/2025\/11\/580904114_875686951692960_743369254905242766_n.jpg\" data_bg_hidpi=\"https:\/\/prensapaisa.com\/wp-content\/uploads\/2025\/11\/580904114_875686951692960_743369254905242766_n-585x1039.jpg\"\r\n                             data-sizes=\"(max-width: 767px) 585px, 1170px\">\r\n                        <\/div>\r\n\t\t\t\t\t                <\/div>\r\n            <\/div>\r\n            <div class=\"pcbg-content\">\r\n                <div class=\"pcbg-content-flex\">\r\n                    <a class=\"pcbg-bgoverlay active-overlay\"\r\n                       href=\"https:\/\/prensapaisa.com\/index.php\/2025\/11\/10\/una-mujer-quien-iba-en-una-moto-fallecio-luego-de-accidente-de-transito-durante-la-tarde-de-este-10-de-noviembre-en-el-deprimido-de-la-oriental-medellin\/\" title=\"Una mujer, quien iba en una moto, falleci\u00f3 luego de accidente de tr\u00e1nsito durante la tarde de este 10 de noviembre en el deprimido de La Oriental, Medell\u00edn\"><\/a>\r\n                    <div class=\"pcbg-content-inner bgcontent-block\">\r\n                        <a href=\"https:\/\/prensapaisa.com\/index.php\/2025\/11\/10\/una-mujer-quien-iba-en-una-moto-fallecio-luego-de-accidente-de-transito-durante-la-tarde-de-este-10-de-noviembre-en-el-deprimido-de-la-oriental-medellin\/\" title=\"Una mujer, quien iba en una moto, falleci\u00f3 luego de accidente de tr\u00e1nsito durante la tarde de este 10 de noviembre en el deprimido de La Oriental, Medell\u00edn\"\r\n                           class=\"pcbg-bgoverlaytext item-hover\"><\/a>\r\n\r\n\t\t\t\t\t\t                            <div class=\"pcbg-above item-hover\">\r\n\t\t\t\t\t\t\t<span class=\"cat pcbg-sub-title\">\r\n\t\t\t\t\t\t\t\t<a class=\"penci-cat-name penci-cat-45\" href=\"https:\/\/prensapaisa.com\/index.php\/category\/movilidad\/accidentes\/\"  rel=\"category tag\">Accidentes<\/a><a class=\"penci-cat-name penci-cat-44\" href=\"https:\/\/prensapaisa.com\/index.php\/category\/movilidad\/\"  rel=\"category tag\">Movilidad<\/a><a class=\"penci-cat-name penci-cat-16\" href=\"https:\/\/prensapaisa.com\/index.php\/category\/municipios\/\"  rel=\"category tag\">Municipios<\/a><a class=\"penci-cat-name penci-cat-1\" href=\"https:\/\/prensapaisa.com\/index.php\/category\/noticias\/\"  rel=\"category tag\">Noticias<\/a><a class=\"penci-cat-name penci-cat-47\" href=\"https:\/\/prensapaisa.com\/index.php\/category\/orden-publico\/\"  rel=\"category tag\">Orden Publico<\/a><a class=\"penci-cat-name penci-cat-46\" href=\"https:\/\/prensapaisa.com\/index.php\/category\/redes-sociales\/\"  rel=\"category tag\">Redes Sociales<\/a>\t\t\t\t\t\t\t<\/span>\r\n                            <\/div>\r\n\t\t\t\t\t\t\r\n\t\t\t\t\t\t                            <div class=\"pcbg-heading item-hover\">\r\n                                <h3 class=\"pcbg-title\">\r\n                                    <a href=\"https:\/\/prensapaisa.com\/index.php\/2025\/11\/10\/una-mujer-quien-iba-en-una-moto-fallecio-luego-de-accidente-de-transito-durante-la-tarde-de-este-10-de-noviembre-en-el-deprimido-de-la-oriental-medellin\/\">\r\n                                        Una mujer, quien iba en una moto, falleci\u00f3 luego de accidente de tr\u00e1nsito durante la tarde de este 10 de noviembre en el deprimido de La Oriental, Medell\u00edn                                    <\/a>\r\n                                <\/h3>\r\n                            <\/div>\r\n\t\t\t\t\t\t\r\n\t\t\t\t\t\t                            <div class=\"grid-post-box-meta pcbg-meta item-hover\">\r\n                                <div class=\"pcbg-meta-desc\">\r\n\t\t\t\t\t\t\t\t\t                                        <span class=\"bg-date-author author-italic author vcard\">\r\n\t\t\t\t\t\t\t\t\t\tby <a class=\"url fn n\"\r\n                                                                                                href=\"https:\/\/prensapaisa.com\/index.php\/author\/prensapaisagmail-com\/\">noticias@prensapaisa.com<\/a>\r\n\t\t\t\t\t\t\t\t\t<\/span>\r\n\t\t\t\t\t\t\t\t\t\t\t\t\t\t\t\t\t\t                                        <span class=\"bg-date\"><time class=\"entry-date published\" datetime=\"2025-11-10T19:16:48-05:00\">noviembre 10, 2025<\/time><\/span>\r\n\t\t\t\t\t\t\t\t\t\t\t\t\t\t\t\t\t\t\t\t\t\t\t\t\t\t\t\t\t\t\t\t\t\t\t\t                                <\/div>\r\n\t\t\t\t\t\t\t\t                            <\/div>\r\n\t\t\t\t\t\t\r\n\t\t\t\t\t\t                    <\/div>\r\n                <\/div>\r\n            <\/div>\r\n        <\/div>\r\n    <\/div>\r\n<\/div>\r\n<div class=\"penci-bgitem bgitem-2\">\r\n    <div class=\"penci-bgitin\">\r\n        <div class=\"penci-bgmain\">\r\n            <div class=\"pcbg-thumb\">\r\n\t\t\t\t\t\t\t\t                <div class=\"pcbg-thumbin\">\r\n                    <a class=\"pcbg-bgoverlay\"\r\n                       href=\"https:\/\/prensapaisa.com\/index.php\/2025\/11\/05\/la-noche-en-que-medellin-freno-las-rodadas-ilegales-con-motores-y-disfraces-mediante-un-operativos-que-cuidaron-la-ciudad\/\" title=\"La noche en que Medell\u00edn fren\u00f3 las rodadas ilegales con motores y disfraces mediante un operativos que cuidaron la ciudad\"><\/a>\r\n\t\t\t\t\t                        <div class=\"penci-image-holder penci-lazy\"                             data-bgset=\"https:\/\/prensapaisa.com\/wp-content\/uploads\/2025\/11\/574334561_867351565859832_6260875715024728068_n-585x390.jpg\" data_bg_hidpi=\"https:\/\/prensapaisa.com\/wp-content\/uploads\/2025\/11\/574334561_867351565859832_6260875715024728068_n-585x390.jpg\"\r\n                             data-sizes=\"(max-width: 767px) 585px, 585px\">\r\n                        <\/div>\r\n\t\t\t\t\t                <\/div>\r\n            <\/div>\r\n            <div class=\"pcbg-content\">\r\n                <div class=\"pcbg-content-flex\">\r\n                    <a class=\"pcbg-bgoverlay active-overlay\"\r\n                       href=\"https:\/\/prensapaisa.com\/index.php\/2025\/11\/05\/la-noche-en-que-medellin-freno-las-rodadas-ilegales-con-motores-y-disfraces-mediante-un-operativos-que-cuidaron-la-ciudad\/\" title=\"La noche en que Medell\u00edn fren\u00f3 las rodadas ilegales con motores y disfraces mediante un operativos que cuidaron la ciudad\"><\/a>\r\n                    <div class=\"pcbg-content-inner bgcontent-block\">\r\n                        <a href=\"https:\/\/prensapaisa.com\/index.php\/2025\/11\/05\/la-noche-en-que-medellin-freno-las-rodadas-ilegales-con-motores-y-disfraces-mediante-un-operativos-que-cuidaron-la-ciudad\/\" title=\"La noche en que Medell\u00edn fren\u00f3 las rodadas ilegales con motores y disfraces mediante un operativos que cuidaron la ciudad\"\r\n                           class=\"pcbg-bgoverlaytext item-hover\"><\/a>\r\n\r\n\t\t\t\t\t\t\r\n\t\t\t\t\t\t                            <div class=\"pcbg-heading item-hover\">\r\n                                <h3 class=\"pcbg-title\">\r\n                                    <a href=\"https:\/\/prensapaisa.com\/index.php\/2025\/11\/05\/la-noche-en-que-medellin-freno-las-rodadas-ilegales-con-motores-y-disfraces-mediante-un-operativos-que-cuidaron-la-ciudad\/\">\r\n                                        La noche en que Medell\u00edn fren\u00f3 las rodadas ilegales con motores y disfraces mediante un operativos que cuidaron la ciudad                                    <\/a>\r\n                                <\/h3>\r\n                            <\/div>\r\n\t\t\t\t\t\t\r\n\t\t\t\t\t\t                            <div class=\"grid-post-box-meta pcbg-meta item-hover\">\r\n                                <div class=\"pcbg-meta-desc\">\r\n\t\t\t\t\t\t\t\t\t                                        <span class=\"bg-date-author author-italic author vcard\">\r\n\t\t\t\t\t\t\t\t\t\tby <a class=\"url fn n\"\r\n                                                                                                href=\"https:\/\/prensapaisa.com\/index.php\/author\/prensapaisagmail-com\/\">noticias@prensapaisa.com<\/a>\r\n\t\t\t\t\t\t\t\t\t<\/span>\r\n\t\t\t\t\t\t\t\t\t\t\t\t\t\t\t\t\t\t                                        <span class=\"bg-date\"><time class=\"entry-date published\" datetime=\"2025-11-05T07:25:21-05:00\">noviembre 5, 2025<\/time><\/span>\r\n\t\t\t\t\t\t\t\t\t\t\t\t\t\t\t\t\t\t\t\t\t\t\t\t\t\t\t\t\t\t\t\t\t\t\t\t                                <\/div>\r\n\t\t\t\t\t\t\t\t                            <\/div>\r\n\t\t\t\t\t\t\r\n\t\t\t\t\t\t                    <\/div>\r\n                <\/div>\r\n            <\/div>\r\n        <\/div>\r\n    <\/div>\r\n<\/div>\r\n<div class=\"penci-bgitem bgitem-0\">\r\n    <div class=\"penci-bgitin\">\r\n        <div class=\"penci-bgmain\">\r\n            <div class=\"pcbg-thumb\">\r\n\t\t\t\t\t\t\t\t                <div class=\"pcbg-thumbin\">\r\n                    <a class=\"pcbg-bgoverlay\"\r\n                       href=\"https:\/\/prensapaisa.com\/index.php\/2025\/11\/05\/taxista-y-pasajero-fallecieron-tras-un-aparatoso-accidente-de-transito-en-medellin\/\" title=\"Taxista y pasajero fallecieron tras un aparatoso accidente de tr\u00e1nsito en Medell\u00edn\"><\/a>\r\n\t\t\t\t\t                        <div class=\"penci-image-holder penci-lazy\"                             data-bgset=\"https:\/\/prensapaisa.com\/wp-content\/uploads\/2025\/11\/576399043_868646142397041_3096053765589337303_n-585x1039.jpg\" data_bg_hidpi=\"https:\/\/prensapaisa.com\/wp-content\/uploads\/2025\/11\/576399043_868646142397041_3096053765589337303_n-585x1039.jpg\"\r\n                             data-sizes=\"(max-width: 767px) 585px, 585px\">\r\n                        <\/div>\r\n\t\t\t\t\t                <\/div>\r\n            <\/div>\r\n            <div class=\"pcbg-content\">\r\n                <div class=\"pcbg-content-flex\">\r\n                    <a class=\"pcbg-bgoverlay active-overlay\"\r\n                       href=\"https:\/\/prensapaisa.com\/index.php\/2025\/11\/05\/taxista-y-pasajero-fallecieron-tras-un-aparatoso-accidente-de-transito-en-medellin\/\" title=\"Taxista y pasajero fallecieron tras un aparatoso accidente de tr\u00e1nsito en Medell\u00edn\"><\/a>\r\n                    <div class=\"pcbg-content-inner bgcontent-block\">\r\n                        <a href=\"https:\/\/prensapaisa.com\/index.php\/2025\/11\/05\/taxista-y-pasajero-fallecieron-tras-un-aparatoso-accidente-de-transito-en-medellin\/\" title=\"Taxista y pasajero fallecieron tras un aparatoso accidente de tr\u00e1nsito en Medell\u00edn\"\r\n                           class=\"pcbg-bgoverlaytext item-hover\"><\/a>\r\n\r\n\t\t\t\t\t\t\r\n\t\t\t\t\t\t                            <div class=\"pcbg-heading item-hover\">\r\n                                <h3 class=\"pcbg-title\">\r\n                                    <a href=\"https:\/\/prensapaisa.com\/index.php\/2025\/11\/05\/taxista-y-pasajero-fallecieron-tras-un-aparatoso-accidente-de-transito-en-medellin\/\">\r\n                                        Taxista y pasajero fallecieron tras un aparatoso accidente de tr\u00e1nsito en Medell\u00edn                                    <\/a>\r\n                                <\/h3>\r\n                            <\/div>\r\n\t\t\t\t\t\t\r\n\t\t\t\t\t\t                            <div class=\"grid-post-box-meta pcbg-meta item-hover\">\r\n                                <div class=\"pcbg-meta-desc\">\r\n\t\t\t\t\t\t\t\t\t                                        <span class=\"bg-date-author author-italic author vcard\">\r\n\t\t\t\t\t\t\t\t\t\tby <a class=\"url fn n\"\r\n                                                                                                href=\"https:\/\/prensapaisa.com\/index.php\/author\/prensapaisagmail-com\/\">noticias@prensapaisa.com<\/a>\r\n\t\t\t\t\t\t\t\t\t<\/span>\r\n\t\t\t\t\t\t\t\t\t\t\t\t\t\t\t\t\t\t                                        <span class=\"bg-date\"><time class=\"entry-date published\" datetime=\"2025-11-05T06:47:02-05:00\">noviembre 5, 2025<\/time><\/span>\r\n\t\t\t\t\t\t\t\t\t\t\t\t\t\t\t\t\t\t\t\t\t\t\t\t\t\t\t\t\t\t\t\t\t\t\t\t                                <\/div>\r\n\t\t\t\t\t\t\t\t                            <\/div>\r\n\t\t\t\t\t\t\r\n\t\t\t\t\t\t                    <\/div>\r\n                <\/div>\r\n            <\/div>\r\n        <\/div>\r\n    <\/div>\r\n<\/div>\r\n<\/div><div class=\"penci-clearfix penci-biggrid-data penci-dblock penci-fixh\"><div class=\"penci-bgitem pcbg-big-item bgitem-1\">\r\n    <div class=\"penci-bgitin\">\r\n        <div class=\"penci-bgmain\">\r\n            <div class=\"pcbg-thumb\">\r\n\t\t\t\t\t\t\t\t                <div class=\"pcbg-thumbin\">\r\n                    <a class=\"pcbg-bgoverlay\"\r\n                       href=\"https:\/\/prensapaisa.com\/index.php\/2025\/11\/05\/accidente-en-la-entrada-a-concordia-antioquia-deja-a-un-motociclista-con-heridas-de-gravedad\/\" title=\"Accidente en la entrada a Concordia, Antioquia, deja a un motociclista con heridas de gravedad\"><\/a>\r\n\t\t\t\t\t                        <div class=\"penci-image-holder penci-lazy\"                             data-bgset=\"https:\/\/prensapaisa.com\/wp-content\/uploads\/2025\/11\/577181441_869541785640810_4307242354229106633_n.jpg\" data_bg_hidpi=\"https:\/\/prensapaisa.com\/wp-content\/uploads\/2025\/11\/577181441_869541785640810_4307242354229106633_n-585x780.jpg\"\r\n                             data-sizes=\"(max-width: 767px) 585px, 1170px\">\r\n                        <\/div>\r\n\t\t\t\t\t                <\/div>\r\n            <\/div>\r\n            <div class=\"pcbg-content\">\r\n                <div class=\"pcbg-content-flex\">\r\n                    <a class=\"pcbg-bgoverlay active-overlay\"\r\n                       href=\"https:\/\/prensapaisa.com\/index.php\/2025\/11\/05\/accidente-en-la-entrada-a-concordia-antioquia-deja-a-un-motociclista-con-heridas-de-gravedad\/\" title=\"Accidente en la entrada a Concordia, Antioquia, deja a un motociclista con heridas de gravedad\"><\/a>\r\n                    <div class=\"pcbg-content-inner bgcontent-block\">\r\n                        <a href=\"https:\/\/prensapaisa.com\/index.php\/2025\/11\/05\/accidente-en-la-entrada-a-concordia-antioquia-deja-a-un-motociclista-con-heridas-de-gravedad\/\" title=\"Accidente en la entrada a Concordia, Antioquia, deja a un motociclista con heridas de gravedad\"\r\n                           class=\"pcbg-bgoverlaytext item-hover\"><\/a>\r\n\r\n\t\t\t\t\t\t                            <div class=\"pcbg-above item-hover\">\r\n\t\t\t\t\t\t\t<span class=\"cat pcbg-sub-title\">\r\n\t\t\t\t\t\t\t\t<a class=\"penci-cat-name penci-cat-45\" href=\"https:\/\/prensapaisa.com\/index.php\/category\/movilidad\/accidentes\/\"  rel=\"category tag\">Accidentes<\/a><a class=\"penci-cat-name penci-cat-43\" href=\"https:\/\/prensapaisa.com\/index.php\/category\/fallecidos\/\"  rel=\"category tag\">Fallecidos<\/a><a class=\"penci-cat-name penci-cat-44\" href=\"https:\/\/prensapaisa.com\/index.php\/category\/movilidad\/\"  rel=\"category tag\">Movilidad<\/a><a class=\"penci-cat-name penci-cat-16\" href=\"https:\/\/prensapaisa.com\/index.php\/category\/municipios\/\"  rel=\"category tag\">Municipios<\/a><a class=\"penci-cat-name penci-cat-1\" href=\"https:\/\/prensapaisa.com\/index.php\/category\/noticias\/\"  rel=\"category tag\">Noticias<\/a><a class=\"penci-cat-name penci-cat-46\" href=\"https:\/\/prensapaisa.com\/index.php\/category\/redes-sociales\/\"  rel=\"category tag\">Redes Sociales<\/a>\t\t\t\t\t\t\t<\/span>\r\n                            <\/div>\r\n\t\t\t\t\t\t\r\n\t\t\t\t\t\t                            <div class=\"pcbg-heading item-hover\">\r\n                                <h3 class=\"pcbg-title\">\r\n                                    <a href=\"https:\/\/prensapaisa.com\/index.php\/2025\/11\/05\/accidente-en-la-entrada-a-concordia-antioquia-deja-a-un-motociclista-con-heridas-de-gravedad\/\">\r\n                                        Accidente en la entrada a Concordia, Antioquia, deja a un motociclista con heridas de gravedad                                    <\/a>\r\n                                <\/h3>\r\n                            <\/div>\r\n\t\t\t\t\t\t\r\n\t\t\t\t\t\t                            <div class=\"grid-post-box-meta pcbg-meta item-hover\">\r\n                                <div class=\"pcbg-meta-desc\">\r\n\t\t\t\t\t\t\t\t\t                                        <span class=\"bg-date-author author-italic author vcard\">\r\n\t\t\t\t\t\t\t\t\t\tby <a class=\"url fn n\"\r\n                                                                                                href=\"https:\/\/prensapaisa.com\/index.php\/author\/prensapaisagmail-com\/\">noticias@prensapaisa.com<\/a>\r\n\t\t\t\t\t\t\t\t\t<\/span>\r\n\t\t\t\t\t\t\t\t\t\t\t\t\t\t\t\t\t\t                                        <span class=\"bg-date\"><time class=\"entry-date published\" datetime=\"2025-11-05T06:43:50-05:00\">noviembre 5, 2025<\/time><\/span>\r\n\t\t\t\t\t\t\t\t\t\t\t\t\t\t\t\t\t\t\t\t\t\t\t\t\t\t\t\t\t\t\t\t\t\t\t\t                                <\/div>\r\n\t\t\t\t\t\t\t\t                            <\/div>\r\n\t\t\t\t\t\t\r\n\t\t\t\t\t\t                    <\/div>\r\n                <\/div>\r\n            <\/div>\r\n        <\/div>\r\n    <\/div>\r\n<\/div>\r\n<div class=\"penci-bgitem bgitem-2\">\r\n    <div class=\"penci-bgitin\">\r\n        <div class=\"penci-bgmain\">\r\n            <div class=\"pcbg-thumb\">\r\n\t\t\t\t\t\t\t\t                <div class=\"pcbg-thumbin\">\r\n                    <a class=\"pcbg-bgoverlay\"\r\n                       href=\"https:\/\/prensapaisa.com\/index.php\/2025\/10\/31\/un-hombre-asesino-a-su-companera-sentimental-en-caucasia-antioquia\/\" title=\"Un hombre asesin\u00f3 a su compa\u00f1era sentimental en Caucasia, Antioquia\"><\/a>\r\n\t\t\t\t\t                        <div class=\"penci-image-holder penci-lazy\"                             data-bgset=\"https:\/\/prensapaisa.com\/wp-content\/uploads\/2025\/10\/574571652_865656512696004_5075331184434117676_n-585x585.jpg\" data_bg_hidpi=\"https:\/\/prensapaisa.com\/wp-content\/uploads\/2025\/10\/574571652_865656512696004_5075331184434117676_n-585x585.jpg\"\r\n                             data-sizes=\"(max-width: 767px) 585px, 585px\">\r\n                        <\/div>\r\n\t\t\t\t\t                <\/div>\r\n            <\/div>\r\n            <div class=\"pcbg-content\">\r\n                <div class=\"pcbg-content-flex\">\r\n                    <a class=\"pcbg-bgoverlay active-overlay\"\r\n                       href=\"https:\/\/prensapaisa.com\/index.php\/2025\/10\/31\/un-hombre-asesino-a-su-companera-sentimental-en-caucasia-antioquia\/\" title=\"Un hombre asesin\u00f3 a su compa\u00f1era sentimental en Caucasia, Antioquia\"><\/a>\r\n                    <div class=\"pcbg-content-inner bgcontent-block\">\r\n                        <a href=\"https:\/\/prensapaisa.com\/index.php\/2025\/10\/31\/un-hombre-asesino-a-su-companera-sentimental-en-caucasia-antioquia\/\" title=\"Un hombre asesin\u00f3 a su compa\u00f1era sentimental en Caucasia, Antioquia\"\r\n                           class=\"pcbg-bgoverlaytext item-hover\"><\/a>\r\n\r\n\t\t\t\t\t\t\r\n\t\t\t\t\t\t                            <div class=\"pcbg-heading item-hover\">\r\n                                <h3 class=\"pcbg-title\">\r\n                                    <a href=\"https:\/\/prensapaisa.com\/index.php\/2025\/10\/31\/un-hombre-asesino-a-su-companera-sentimental-en-caucasia-antioquia\/\">\r\n                                        Un hombre asesin\u00f3 a su compa\u00f1era sentimental en Caucasia, Antioquia                                    <\/a>\r\n                                <\/h3>\r\n                            <\/div>\r\n\t\t\t\t\t\t\r\n\t\t\t\t\t\t                            <div class=\"grid-post-box-meta pcbg-meta item-hover\">\r\n                                <div class=\"pcbg-meta-desc\">\r\n\t\t\t\t\t\t\t\t\t                                        <span class=\"bg-date-author author-italic author vcard\">\r\n\t\t\t\t\t\t\t\t\t\tby <a class=\"url fn n\"\r\n                                                                                                href=\"https:\/\/prensapaisa.com\/index.php\/author\/prensapaisagmail-com\/\">noticias@prensapaisa.com<\/a>\r\n\t\t\t\t\t\t\t\t\t<\/span>\r\n\t\t\t\t\t\t\t\t\t\t\t\t\t\t\t\t\t\t                                        <span class=\"bg-date\"><time class=\"entry-date published\" datetime=\"2025-10-31T13:56:36-05:00\">octubre 31, 2025<\/time><\/span>\r\n\t\t\t\t\t\t\t\t\t\t\t\t\t\t\t\t\t\t\t\t\t\t\t\t\t\t\t\t\t\t\t\t\t\t\t\t                                <\/div>\r\n\t\t\t\t\t\t\t\t                            <\/div>\r\n\t\t\t\t\t\t\r\n\t\t\t\t\t\t                    <\/div>\r\n                <\/div>\r\n            <\/div>\r\n        <\/div>\r\n    <\/div>\r\n<\/div>\r\n<div class=\"penci-bgitem bgitem-0\">\r\n    <div class=\"penci-bgitin\">\r\n        <div class=\"penci-bgmain\">\r\n            <div class=\"pcbg-thumb\">\r\n\t\t\t\t\t\t\t\t                <div class=\"pcbg-thumbin\">\r\n                    <a class=\"pcbg-bgoverlay\"\r\n                       href=\"https:\/\/prensapaisa.com\/index.php\/2025\/10\/29\/una-pareja-fallecio-cuando-iba-en-su-moto-en-el-oriente-antioqueno\/\" title=\"Una pareja falleci\u00f3 cuando iba en su moto en el Oriente antioque\u00f1o\"><\/a>\r\n\t\t\t\t\t                        <div class=\"penci-image-holder penci-lazy\"                             data-bgset=\"https:\/\/prensapaisa.com\/wp-content\/uploads\/2025\/10\/570126372_864341999494122_123934619214737981_n-585x410.jpg\" data_bg_hidpi=\"https:\/\/prensapaisa.com\/wp-content\/uploads\/2025\/10\/570126372_864341999494122_123934619214737981_n-585x410.jpg\"\r\n                             data-sizes=\"(max-width: 767px) 585px, 585px\">\r\n                        <\/div>\r\n\t\t\t\t\t                <\/div>\r\n            <\/div>\r\n            <div class=\"pcbg-content\">\r\n                <div class=\"pcbg-content-flex\">\r\n                    <a class=\"pcbg-bgoverlay active-overlay\"\r\n                       href=\"https:\/\/prensapaisa.com\/index.php\/2025\/10\/29\/una-pareja-fallecio-cuando-iba-en-su-moto-en-el-oriente-antioqueno\/\" title=\"Una pareja falleci\u00f3 cuando iba en su moto en el Oriente antioque\u00f1o\"><\/a>\r\n                    <div class=\"pcbg-content-inner bgcontent-block\">\r\n                        <a href=\"https:\/\/prensapaisa.com\/index.php\/2025\/10\/29\/una-pareja-fallecio-cuando-iba-en-su-moto-en-el-oriente-antioqueno\/\" title=\"Una pareja falleci\u00f3 cuando iba en su moto en el Oriente antioque\u00f1o\"\r\n                           class=\"pcbg-bgoverlaytext item-hover\"><\/a>\r\n\r\n\t\t\t\t\t\t\r\n\t\t\t\t\t\t                            <div class=\"pcbg-heading item-hover\">\r\n                                <h3 class=\"pcbg-title\">\r\n                                    <a href=\"https:\/\/prensapaisa.com\/index.php\/2025\/10\/29\/una-pareja-fallecio-cuando-iba-en-su-moto-en-el-oriente-antioqueno\/\">\r\n                                        Una pareja falleci\u00f3 cuando iba en su moto en el Oriente antioque\u00f1o                                    <\/a>\r\n                                <\/h3>\r\n                            <\/div>\r\n\t\t\t\t\t\t\r\n\t\t\t\t\t\t                            <div class=\"grid-post-box-meta pcbg-meta item-hover\">\r\n                                <div class=\"pcbg-meta-desc\">\r\n\t\t\t\t\t\t\t\t\t                                        <span class=\"bg-date-author author-italic author vcard\">\r\n\t\t\t\t\t\t\t\t\t\tby <a class=\"url fn n\"\r\n                                                                                                href=\"https:\/\/prensapaisa.com\/index.php\/author\/prensapaisagmail-com\/\">noticias@prensapaisa.com<\/a>\r\n\t\t\t\t\t\t\t\t\t<\/span>\r\n\t\t\t\t\t\t\t\t\t\t\t\t\t\t\t\t\t\t                                        <span class=\"bg-date\"><time class=\"entry-date published\" datetime=\"2025-10-29T12:20:25-05:00\">octubre 29, 2025<\/time><\/span>\r\n\t\t\t\t\t\t\t\t\t\t\t\t\t\t\t\t\t\t\t\t\t\t\t\t\t\t\t\t\t\t\t\t\t\t\t\t                                <\/div>\r\n\t\t\t\t\t\t\t\t                            <\/div>\r\n\t\t\t\t\t\t\r\n\t\t\t\t\t\t                    <\/div>\r\n                <\/div>\r\n            <\/div>\r\n        <\/div>\r\n    <\/div>\r\n<\/div>\r\n<\/div><div class=\"penci-clearfix penci-biggrid-data penci-dblock penci-fixh\"><div class=\"penci-bgitem pcbg-big-item bgitem-1\">\r\n    <div class=\"penci-bgitin\">\r\n        <div class=\"penci-bgmain\">\r\n            <div class=\"pcbg-thumb\">\r\n\t\t\t\t\t\t\t\t                <div class=\"pcbg-thumbin\">\r\n                    <a class=\"pcbg-bgoverlay\"\r\n                       href=\"https:\/\/prensapaisa.com\/index.php\/2025\/10\/29\/taxistas-celebran-la-gran-marcha-contra-uber-indriver-y-picap-en-medellin\/\" title=\"Taxistas celebran la gran marcha contra Uber, InDriver y Picap en Medell\u00edn\"><\/a>\r\n\t\t\t\t\t                        <div class=\"penci-image-holder penci-lazy\"                             data-bgset=\"https:\/\/prensapaisa.com\/wp-content\/uploads\/2025\/10\/573445988_864484906146498_8868986662401188877_n-1170x1560.jpg\" data_bg_hidpi=\"https:\/\/prensapaisa.com\/wp-content\/uploads\/2025\/10\/573445988_864484906146498_8868986662401188877_n-585x780.jpg\"\r\n                             data-sizes=\"(max-width: 767px) 585px, 1170px\">\r\n                        <\/div>\r\n\t\t\t\t\t                <\/div>\r\n            <\/div>\r\n            <div class=\"pcbg-content\">\r\n                <div class=\"pcbg-content-flex\">\r\n                    <a class=\"pcbg-bgoverlay active-overlay\"\r\n                       href=\"https:\/\/prensapaisa.com\/index.php\/2025\/10\/29\/taxistas-celebran-la-gran-marcha-contra-uber-indriver-y-picap-en-medellin\/\" title=\"Taxistas celebran la gran marcha contra Uber, InDriver y Picap en Medell\u00edn\"><\/a>\r\n                    <div class=\"pcbg-content-inner bgcontent-block\">\r\n                        <a href=\"https:\/\/prensapaisa.com\/index.php\/2025\/10\/29\/taxistas-celebran-la-gran-marcha-contra-uber-indriver-y-picap-en-medellin\/\" title=\"Taxistas celebran la gran marcha contra Uber, InDriver y Picap en Medell\u00edn\"\r\n                           class=\"pcbg-bgoverlaytext item-hover\"><\/a>\r\n\r\n\t\t\t\t\t\t                            <div class=\"pcbg-above item-hover\">\r\n\t\t\t\t\t\t\t<span class=\"cat pcbg-sub-title\">\r\n\t\t\t\t\t\t\t\t<a class=\"penci-cat-name penci-cat-44\" href=\"https:\/\/prensapaisa.com\/index.php\/category\/movilidad\/\"  rel=\"category tag\">Movilidad<\/a><a class=\"penci-cat-name penci-cat-16\" href=\"https:\/\/prensapaisa.com\/index.php\/category\/municipios\/\"  rel=\"category tag\">Municipios<\/a><a class=\"penci-cat-name penci-cat-1\" href=\"https:\/\/prensapaisa.com\/index.php\/category\/noticias\/\"  rel=\"category tag\">Noticias<\/a><a class=\"penci-cat-name penci-cat-47\" href=\"https:\/\/prensapaisa.com\/index.php\/category\/orden-publico\/\"  rel=\"category tag\">Orden Publico<\/a><a class=\"penci-cat-name penci-cat-46\" href=\"https:\/\/prensapaisa.com\/index.php\/category\/redes-sociales\/\"  rel=\"category tag\">Redes Sociales<\/a>\t\t\t\t\t\t\t<\/span>\r\n                            <\/div>\r\n\t\t\t\t\t\t\r\n\t\t\t\t\t\t                            <div class=\"pcbg-heading item-hover\">\r\n                                <h3 class=\"pcbg-title\">\r\n                                    <a href=\"https:\/\/prensapaisa.com\/index.php\/2025\/10\/29\/taxistas-celebran-la-gran-marcha-contra-uber-indriver-y-picap-en-medellin\/\">\r\n                                        Taxistas celebran la gran marcha contra Uber, InDriver y Picap en Medell\u00edn                                    <\/a>\r\n                                <\/h3>\r\n                            <\/div>\r\n\t\t\t\t\t\t\r\n\t\t\t\t\t\t                            <div class=\"grid-post-box-meta pcbg-meta item-hover\">\r\n                                <div class=\"pcbg-meta-desc\">\r\n\t\t\t\t\t\t\t\t\t                                        <span class=\"bg-date-author author-italic author vcard\">\r\n\t\t\t\t\t\t\t\t\t\tby <a class=\"url fn n\"\r\n                                                                                                href=\"https:\/\/prensapaisa.com\/index.php\/author\/prensapaisagmail-com\/\">noticias@prensapaisa.com<\/a>\r\n\t\t\t\t\t\t\t\t\t<\/span>\r\n\t\t\t\t\t\t\t\t\t\t\t\t\t\t\t\t\t\t                                        <span class=\"bg-date\"><time class=\"entry-date published\" datetime=\"2025-10-29T12:04:41-05:00\">octubre 29, 2025<\/time><\/span>\r\n\t\t\t\t\t\t\t\t\t\t\t\t\t\t\t\t\t\t\t\t\t\t\t\t\t\t\t\t\t\t\t\t\t\t\t\t                                <\/div>\r\n\t\t\t\t\t\t\t\t                            <\/div>\r\n\t\t\t\t\t\t\r\n\t\t\t\t\t\t                    <\/div>\r\n                <\/div>\r\n            <\/div>\r\n        <\/div>\r\n    <\/div>\r\n<\/div>\r\n<div class=\"penci-bgitem bgitem-2\">\r\n    <div class=\"penci-bgitin\">\r\n        <div class=\"penci-bgmain\">\r\n            <div class=\"pcbg-thumb\">\r\n\t\t\t\t\t\t\t\t                <div class=\"pcbg-thumbin\">\r\n                    <a class=\"pcbg-bgoverlay\"\r\n                       href=\"https:\/\/prensapaisa.com\/index.php\/2025\/10\/28\/gana-te-pone-a-ganar-con-la-placa-de-tu-carro-l-moto-y-si-no-tienes-puedes-hacer-la-de-tus-vecinos-2\/\" title=\"Gana te pone a ganar con la placa de tu carro l moto y si no tienes puedes hacer la de tus vecinos\"><\/a>\r\n\t\t\t\t\t                        <div class=\"penci-image-holder penci-lazy\"                             data-bgset=\"https:\/\/prensapaisa.com\/wp-content\/uploads\/2025\/10\/557720111_839878391940483_3015677035137305086_n-2-585x585.jpg\" data_bg_hidpi=\"https:\/\/prensapaisa.com\/wp-content\/uploads\/2025\/10\/557720111_839878391940483_3015677035137305086_n-2-585x585.jpg\"\r\n                             data-sizes=\"(max-width: 767px) 585px, 585px\">\r\n                        <\/div>\r\n\t\t\t\t\t                <\/div>\r\n            <\/div>\r\n            <div class=\"pcbg-content\">\r\n                <div class=\"pcbg-content-flex\">\r\n                    <a class=\"pcbg-bgoverlay active-overlay\"\r\n                       href=\"https:\/\/prensapaisa.com\/index.php\/2025\/10\/28\/gana-te-pone-a-ganar-con-la-placa-de-tu-carro-l-moto-y-si-no-tienes-puedes-hacer-la-de-tus-vecinos-2\/\" title=\"Gana te pone a ganar con la placa de tu carro l moto y si no tienes puedes hacer la de tus vecinos\"><\/a>\r\n                    <div class=\"pcbg-content-inner bgcontent-block\">\r\n                        <a href=\"https:\/\/prensapaisa.com\/index.php\/2025\/10\/28\/gana-te-pone-a-ganar-con-la-placa-de-tu-carro-l-moto-y-si-no-tienes-puedes-hacer-la-de-tus-vecinos-2\/\" title=\"Gana te pone a ganar con la placa de tu carro l moto y si no tienes puedes hacer la de tus vecinos\"\r\n                           class=\"pcbg-bgoverlaytext item-hover\"><\/a>\r\n\r\n\t\t\t\t\t\t\r\n\t\t\t\t\t\t                            <div class=\"pcbg-heading item-hover\">\r\n                                <h3 class=\"pcbg-title\">\r\n                                    <a href=\"https:\/\/prensapaisa.com\/index.php\/2025\/10\/28\/gana-te-pone-a-ganar-con-la-placa-de-tu-carro-l-moto-y-si-no-tienes-puedes-hacer-la-de-tus-vecinos-2\/\">\r\n                                        Gana te pone a ganar con la placa de tu carro l moto y si no tienes puedes hacer la de tus vecinos                                    <\/a>\r\n                                <\/h3>\r\n                            <\/div>\r\n\t\t\t\t\t\t\r\n\t\t\t\t\t\t                            <div class=\"grid-post-box-meta pcbg-meta item-hover\">\r\n                                <div class=\"pcbg-meta-desc\">\r\n\t\t\t\t\t\t\t\t\t                                        <span class=\"bg-date-author author-italic author vcard\">\r\n\t\t\t\t\t\t\t\t\t\tby <a class=\"url fn n\"\r\n                                                                                                href=\"https:\/\/prensapaisa.com\/index.php\/author\/prensapaisagmail-com\/\">noticias@prensapaisa.com<\/a>\r\n\t\t\t\t\t\t\t\t\t<\/span>\r\n\t\t\t\t\t\t\t\t\t\t\t\t\t\t\t\t\t\t                                        <span class=\"bg-date\"><time class=\"entry-date published\" datetime=\"2025-10-28T10:01:07-05:00\">octubre 28, 2025<\/time><\/span>\r\n\t\t\t\t\t\t\t\t\t\t\t\t\t\t\t\t\t\t\t\t\t\t\t\t\t\t\t\t\t\t\t\t\t\t\t\t                                <\/div>\r\n\t\t\t\t\t\t\t\t                            <\/div>\r\n\t\t\t\t\t\t\r\n\t\t\t\t\t\t                    <\/div>\r\n                <\/div>\r\n            <\/div>\r\n        <\/div>\r\n    <\/div>\r\n<\/div>\r\n<div class=\"penci-bgitem bgitem-0\">\r\n    <div class=\"penci-bgitin\">\r\n        <div class=\"penci-bgmain\">\r\n            <div class=\"pcbg-thumb\">\r\n\t\t\t\t\t\t\t\t                <div class=\"pcbg-thumbin\">\r\n                    <a class=\"pcbg-bgoverlay\"\r\n                       href=\"https:\/\/prensapaisa.com\/index.php\/2025\/10\/28\/dos-personas-perdieron-la-vida-cuando-iban-en-una-moto-en-la-autopista-norte-medellin\/\" title=\"Dos personas perdieron la vida cuando iban en una moto en la Autopista Norte, Medell\u00edn\"><\/a>\r\n\t\t\t\t\t                        <div class=\"penci-image-holder penci-lazy\"                             data-bgset=\"https:\/\/prensapaisa.com\/wp-content\/uploads\/2025\/10\/571347485_864138162847839_3404019991136697762_n-585x604.jpg\" data_bg_hidpi=\"https:\/\/prensapaisa.com\/wp-content\/uploads\/2025\/10\/571347485_864138162847839_3404019991136697762_n-585x604.jpg\"\r\n                             data-sizes=\"(max-width: 767px) 585px, 585px\">\r\n                        <\/div>\r\n\t\t\t\t\t                <\/div>\r\n            <\/div>\r\n            <div class=\"pcbg-content\">\r\n                <div class=\"pcbg-content-flex\">\r\n                    <a class=\"pcbg-bgoverlay active-overlay\"\r\n                       href=\"https:\/\/prensapaisa.com\/index.php\/2025\/10\/28\/dos-personas-perdieron-la-vida-cuando-iban-en-una-moto-en-la-autopista-norte-medellin\/\" title=\"Dos personas perdieron la vida cuando iban en una moto en la Autopista Norte, Medell\u00edn\"><\/a>\r\n                    <div class=\"pcbg-content-inner bgcontent-block\">\r\n                        <a href=\"https:\/\/prensapaisa.com\/index.php\/2025\/10\/28\/dos-personas-perdieron-la-vida-cuando-iban-en-una-moto-en-la-autopista-norte-medellin\/\" title=\"Dos personas perdieron la vida cuando iban en una moto en la Autopista Norte, Medell\u00edn\"\r\n                           class=\"pcbg-bgoverlaytext item-hover\"><\/a>\r\n\r\n\t\t\t\t\t\t\r\n\t\t\t\t\t\t                            <div class=\"pcbg-heading item-hover\">\r\n                                <h3 class=\"pcbg-title\">\r\n                                    <a href=\"https:\/\/prensapaisa.com\/index.php\/2025\/10\/28\/dos-personas-perdieron-la-vida-cuando-iban-en-una-moto-en-la-autopista-norte-medellin\/\">\r\n                                        Dos personas perdieron la vida cuando iban en una moto en la Autopista Norte, Medell\u00edn                                    <\/a>\r\n                                <\/h3>\r\n                            <\/div>\r\n\t\t\t\t\t\t\r\n\t\t\t\t\t\t                            <div class=\"grid-post-box-meta pcbg-meta item-hover\">\r\n                                <div class=\"pcbg-meta-desc\">\r\n\t\t\t\t\t\t\t\t\t                                        <span class=\"bg-date-author author-italic author vcard\">\r\n\t\t\t\t\t\t\t\t\t\tby <a class=\"url fn n\"\r\n                                                                                                href=\"https:\/\/prensapaisa.com\/index.php\/author\/prensapaisagmail-com\/\">noticias@prensapaisa.com<\/a>\r\n\t\t\t\t\t\t\t\t\t<\/span>\r\n\t\t\t\t\t\t\t\t\t\t\t\t\t\t\t\t\t\t                                        <span class=\"bg-date\"><time class=\"entry-date published\" datetime=\"2025-10-28T09:57:17-05:00\">octubre 28, 2025<\/time><\/span>\r\n\t\t\t\t\t\t\t\t\t\t\t\t\t\t\t\t\t\t\t\t\t\t\t\t\t\t\t\t\t\t\t\t\t\t\t\t                                <\/div>\r\n\t\t\t\t\t\t\t\t                            <\/div>\r\n\t\t\t\t\t\t\r\n\t\t\t\t\t\t                    <\/div>\r\n                <\/div>\r\n            <\/div>\r\n        <\/div>\r\n    <\/div>\r\n<\/div>\r\n<\/div><div class=\"penci-clearfix penci-biggrid-data penci-dblock penci-fixh\"><div class=\"penci-bgitem pcbg-big-item bgitem-1\">\r\n    <div class=\"penci-bgitin\">\r\n        <div class=\"penci-bgmain\">\r\n            <div class=\"pcbg-thumb\">\r\n\t\t\t\t\t\t\t\t                <div class=\"pcbg-thumbin\">\r\n                    <a class=\"pcbg-bgoverlay\"\r\n                       href=\"https:\/\/prensapaisa.com\/index.php\/2025\/10\/23\/la-carpa-de-la-dignidad-los-trabajadores-del-grupo-familia-essity-levantan-su-voz-contra-el-poder-de-la-multinacional\/\" title=\"\u201cLa carpa de la dignidad\u201d: los trabajadores del Grupo Familia ESSITY levantan su voz contra el poder de la multinacional\"><\/a>\r\n\t\t\t\t\t                        <div class=\"penci-image-holder penci-lazy\"                             data-bgset=\"https:\/\/prensapaisa.com\/wp-content\/uploads\/2025\/10\/571125949_859169256678063_3536598488226632218_n-1-1170x658.jpg\" data_bg_hidpi=\"https:\/\/prensapaisa.com\/wp-content\/uploads\/2025\/10\/571125949_859169256678063_3536598488226632218_n-1-585x329.jpg\"\r\n                             data-sizes=\"(max-width: 767px) 585px, 1170px\">\r\n                        <\/div>\r\n\t\t\t\t\t                <\/div>\r\n            <\/div>\r\n            <div class=\"pcbg-content\">\r\n                <div class=\"pcbg-content-flex\">\r\n                    <a class=\"pcbg-bgoverlay active-overlay\"\r\n                       href=\"https:\/\/prensapaisa.com\/index.php\/2025\/10\/23\/la-carpa-de-la-dignidad-los-trabajadores-del-grupo-familia-essity-levantan-su-voz-contra-el-poder-de-la-multinacional\/\" title=\"\u201cLa carpa de la dignidad\u201d: los trabajadores del Grupo Familia ESSITY levantan su voz contra el poder de la multinacional\"><\/a>\r\n                    <div class=\"pcbg-content-inner bgcontent-block\">\r\n                        <a href=\"https:\/\/prensapaisa.com\/index.php\/2025\/10\/23\/la-carpa-de-la-dignidad-los-trabajadores-del-grupo-familia-essity-levantan-su-voz-contra-el-poder-de-la-multinacional\/\" title=\"\u201cLa carpa de la dignidad\u201d: los trabajadores del Grupo Familia ESSITY levantan su voz contra el poder de la multinacional\"\r\n                           class=\"pcbg-bgoverlaytext item-hover\"><\/a>\r\n\r\n\t\t\t\t\t\t                            <div class=\"pcbg-above item-hover\">\r\n\t\t\t\t\t\t\t<span class=\"cat pcbg-sub-title\">\r\n\t\t\t\t\t\t\t\t<a class=\"penci-cat-name penci-cat-44\" href=\"https:\/\/prensapaisa.com\/index.php\/category\/movilidad\/\"  rel=\"category tag\">Movilidad<\/a><a class=\"penci-cat-name penci-cat-16\" href=\"https:\/\/prensapaisa.com\/index.php\/category\/municipios\/\"  rel=\"category tag\">Municipios<\/a><a class=\"penci-cat-name penci-cat-1\" href=\"https:\/\/prensapaisa.com\/index.php\/category\/noticias\/\"  rel=\"category tag\">Noticias<\/a><a class=\"penci-cat-name penci-cat-47\" href=\"https:\/\/prensapaisa.com\/index.php\/category\/orden-publico\/\"  rel=\"category tag\">Orden Publico<\/a><a class=\"penci-cat-name penci-cat-46\" href=\"https:\/\/prensapaisa.com\/index.php\/category\/redes-sociales\/\"  rel=\"category tag\">Redes Sociales<\/a>\t\t\t\t\t\t\t<\/span>\r\n                            <\/div>\r\n\t\t\t\t\t\t\r\n\t\t\t\t\t\t                            <div class=\"pcbg-heading item-hover\">\r\n                                <h3 class=\"pcbg-title\">\r\n                                    <a href=\"https:\/\/prensapaisa.com\/index.php\/2025\/10\/23\/la-carpa-de-la-dignidad-los-trabajadores-del-grupo-familia-essity-levantan-su-voz-contra-el-poder-de-la-multinacional\/\">\r\n                                        \u201cLa carpa de la dignidad\u201d: los trabajadores del Grupo Familia ESSITY levantan su voz contra el poder de la multinacional                                    <\/a>\r\n                                <\/h3>\r\n                            <\/div>\r\n\t\t\t\t\t\t\r\n\t\t\t\t\t\t                            <div class=\"grid-post-box-meta pcbg-meta item-hover\">\r\n                                <div class=\"pcbg-meta-desc\">\r\n\t\t\t\t\t\t\t\t\t                                        <span class=\"bg-date-author author-italic author vcard\">\r\n\t\t\t\t\t\t\t\t\t\tby <a class=\"url fn n\"\r\n                                                                                                href=\"https:\/\/prensapaisa.com\/index.php\/author\/prensapaisagmail-com\/\">noticias@prensapaisa.com<\/a>\r\n\t\t\t\t\t\t\t\t\t<\/span>\r\n\t\t\t\t\t\t\t\t\t\t\t\t\t\t\t\t\t\t                                        <span class=\"bg-date\"><time class=\"entry-date published\" datetime=\"2025-10-23T06:43:50-05:00\">octubre 23, 2025<\/time><\/span>\r\n\t\t\t\t\t\t\t\t\t\t\t\t\t\t\t\t\t\t\t\t\t\t\t\t\t\t\t\t\t\t\t\t\t\t\t\t                                <\/div>\r\n\t\t\t\t\t\t\t\t                            <\/div>\r\n\t\t\t\t\t\t\r\n\t\t\t\t\t\t                    <\/div>\r\n                <\/div>\r\n            <\/div>\r\n        <\/div>\r\n    <\/div>\r\n<\/div>\r\n<div class=\"penci-bgitem bgitem-2\">\r\n    <div class=\"penci-bgitin\">\r\n        <div class=\"penci-bgmain\">\r\n            <div class=\"pcbg-thumb\">\r\n\t\t\t\t\t\t\t\t                <div class=\"pcbg-thumbin\">\r\n                    <a class=\"pcbg-bgoverlay\"\r\n                       href=\"https:\/\/prensapaisa.com\/index.php\/2025\/10\/21\/piden-paciencia-para-montar-y-hacer-los-transbordos-en-el-metro-de-medellin\/\" title=\"Piden paciencia para montar y hacer los transbordos en el Metro de Medell\u00edn\"><\/a>\r\n\t\t\t\t\t                        <div class=\"penci-image-holder penci-lazy\"                             data-bgset=\"https:\/\/prensapaisa.com\/wp-content\/uploads\/2025\/10\/568543756_858054253456230_6502289248517092191_n-585x329.jpg\" data_bg_hidpi=\"https:\/\/prensapaisa.com\/wp-content\/uploads\/2025\/10\/568543756_858054253456230_6502289248517092191_n-585x329.jpg\"\r\n                             data-sizes=\"(max-width: 767px) 585px, 585px\">\r\n                        <\/div>\r\n\t\t\t\t\t                <\/div>\r\n            <\/div>\r\n            <div class=\"pcbg-content\">\r\n                <div class=\"pcbg-content-flex\">\r\n                    <a class=\"pcbg-bgoverlay active-overlay\"\r\n                       href=\"https:\/\/prensapaisa.com\/index.php\/2025\/10\/21\/piden-paciencia-para-montar-y-hacer-los-transbordos-en-el-metro-de-medellin\/\" title=\"Piden paciencia para montar y hacer los transbordos en el Metro de Medell\u00edn\"><\/a>\r\n                    <div class=\"pcbg-content-inner bgcontent-block\">\r\n                        <a href=\"https:\/\/prensapaisa.com\/index.php\/2025\/10\/21\/piden-paciencia-para-montar-y-hacer-los-transbordos-en-el-metro-de-medellin\/\" title=\"Piden paciencia para montar y hacer los transbordos en el Metro de Medell\u00edn\"\r\n                           class=\"pcbg-bgoverlaytext item-hover\"><\/a>\r\n\r\n\t\t\t\t\t\t\r\n\t\t\t\t\t\t                            <div class=\"pcbg-heading item-hover\">\r\n                                <h3 class=\"pcbg-title\">\r\n                                    <a href=\"https:\/\/prensapaisa.com\/index.php\/2025\/10\/21\/piden-paciencia-para-montar-y-hacer-los-transbordos-en-el-metro-de-medellin\/\">\r\n                                        Piden paciencia para montar y hacer los transbordos en el Metro de Medell\u00edn                                    <\/a>\r\n                                <\/h3>\r\n                            <\/div>\r\n\t\t\t\t\t\t\r\n\t\t\t\t\t\t                            <div class=\"grid-post-box-meta pcbg-meta item-hover\">\r\n                                <div class=\"pcbg-meta-desc\">\r\n\t\t\t\t\t\t\t\t\t                                        <span class=\"bg-date-author author-italic author vcard\">\r\n\t\t\t\t\t\t\t\t\t\tby <a class=\"url fn n\"\r\n                                                                                                href=\"https:\/\/prensapaisa.com\/index.php\/author\/prensapaisagmail-com\/\">noticias@prensapaisa.com<\/a>\r\n\t\t\t\t\t\t\t\t\t<\/span>\r\n\t\t\t\t\t\t\t\t\t\t\t\t\t\t\t\t\t\t                                        <span class=\"bg-date\"><time class=\"entry-date published\" datetime=\"2025-10-21T16:05:47-05:00\">octubre 21, 2025<\/time><\/span>\r\n\t\t\t\t\t\t\t\t\t\t\t\t\t\t\t\t\t\t\t\t\t\t\t\t\t\t\t\t\t\t\t\t\t\t\t\t                                <\/div>\r\n\t\t\t\t\t\t\t\t                            <\/div>\r\n\t\t\t\t\t\t\r\n\t\t\t\t\t\t                    <\/div>\r\n                <\/div>\r\n            <\/div>\r\n        <\/div>\r\n    <\/div>\r\n<\/div>\r\n<div class=\"penci-bgitem bgitem-0\">\r\n    <div class=\"penci-bgitin\">\r\n        <div class=\"penci-bgmain\">\r\n            <div class=\"pcbg-thumb\">\r\n\t\t\t\t\t\t\t\t                <div class=\"pcbg-thumbin\">\r\n                    <a class=\"pcbg-bgoverlay\"\r\n                       href=\"https:\/\/prensapaisa.com\/index.php\/2025\/10\/21\/placa-millonaria-el-nuevo-juego-paisa-que-promete-volver-ricos-a-los-antioquenos\/\" title=\"&#8220;PLACA MILLONARIA\u201d: EL NUEVO JUEGO PAISA QUE PROMETE VOLVER RICOS A LOS ANTIOQUE\u00d1OS\"><\/a>\r\n\t\t\t\t\t                        <div class=\"penci-image-holder penci-lazy\"                             data-bgset=\"https:\/\/prensapaisa.com\/wp-content\/uploads\/2025\/10\/557720111_839878391940483_3015677035137305086_n-585x585.jpg\" data_bg_hidpi=\"https:\/\/prensapaisa.com\/wp-content\/uploads\/2025\/10\/557720111_839878391940483_3015677035137305086_n-585x585.jpg\"\r\n                             data-sizes=\"(max-width: 767px) 585px, 585px\">\r\n                        <\/div>\r\n\t\t\t\t\t                <\/div>\r\n            <\/div>\r\n            <div class=\"pcbg-content\">\r\n                <div class=\"pcbg-content-flex\">\r\n                    <a class=\"pcbg-bgoverlay active-overlay\"\r\n                       href=\"https:\/\/prensapaisa.com\/index.php\/2025\/10\/21\/placa-millonaria-el-nuevo-juego-paisa-que-promete-volver-ricos-a-los-antioquenos\/\" title=\"&#8220;PLACA MILLONARIA\u201d: EL NUEVO JUEGO PAISA QUE PROMETE VOLVER RICOS A LOS ANTIOQUE\u00d1OS\"><\/a>\r\n                    <div class=\"pcbg-content-inner bgcontent-block\">\r\n                        <a href=\"https:\/\/prensapaisa.com\/index.php\/2025\/10\/21\/placa-millonaria-el-nuevo-juego-paisa-que-promete-volver-ricos-a-los-antioquenos\/\" title=\"&#8220;PLACA MILLONARIA\u201d: EL NUEVO JUEGO PAISA QUE PROMETE VOLVER RICOS A LOS ANTIOQUE\u00d1OS\"\r\n                           class=\"pcbg-bgoverlaytext item-hover\"><\/a>\r\n\r\n\t\t\t\t\t\t\r\n\t\t\t\t\t\t                            <div class=\"pcbg-heading item-hover\">\r\n                                <h3 class=\"pcbg-title\">\r\n                                    <a href=\"https:\/\/prensapaisa.com\/index.php\/2025\/10\/21\/placa-millonaria-el-nuevo-juego-paisa-que-promete-volver-ricos-a-los-antioquenos\/\">\r\n                                        &#8220;PLACA MILLONARIA\u201d: EL NUEVO JUEGO PAISA QUE PROMETE VOLVER RICOS A LOS ANTIOQUE\u00d1OS                                    <\/a>\r\n                                <\/h3>\r\n                            <\/div>\r\n\t\t\t\t\t\t\r\n\t\t\t\t\t\t                            <div class=\"grid-post-box-meta pcbg-meta item-hover\">\r\n                                <div class=\"pcbg-meta-desc\">\r\n\t\t\t\t\t\t\t\t\t                                        <span class=\"bg-date-author author-italic author vcard\">\r\n\t\t\t\t\t\t\t\t\t\tby <a class=\"url fn n\"\r\n                                                                                                href=\"https:\/\/prensapaisa.com\/index.php\/author\/prensapaisagmail-com\/\">noticias@prensapaisa.com<\/a>\r\n\t\t\t\t\t\t\t\t\t<\/span>\r\n\t\t\t\t\t\t\t\t\t\t\t\t\t\t\t\t\t\t                                        <span class=\"bg-date\"><time class=\"entry-date published\" datetime=\"2025-10-21T15:33:52-05:00\">octubre 21, 2025<\/time><\/span>\r\n\t\t\t\t\t\t\t\t\t\t\t\t\t\t\t\t\t\t\t\t\t\t\t\t\t\t\t\t\t\t\t\t\t\t\t\t                                <\/div>\r\n\t\t\t\t\t\t\t\t                            <\/div>\r\n\t\t\t\t\t\t\r\n\t\t\t\t\t\t                    <\/div>\r\n                <\/div>\r\n            <\/div>\r\n        <\/div>\r\n    <\/div>\r\n<\/div>\r\n<\/div><div class=\"penci-clearfix penci-biggrid-data penci-dblock penci-fixh\"><div class=\"penci-bgitem pcbg-big-item bgitem-1\">\r\n    <div class=\"penci-bgitin\">\r\n        <div class=\"penci-bgmain\">\r\n            <div class=\"pcbg-thumb\">\r\n\t\t\t\t\t\t\t\t                <div class=\"pcbg-thumbin\">\r\n                    <a class=\"pcbg-bgoverlay\"\r\n                       href=\"https:\/\/prensapaisa.com\/index.php\/2025\/10\/20\/fleteo-frustrado-en-guayabal-conductor-arrollo-a-dos-ladrones-uno-murio-y-otro-termino-herido\/\" title=\"\u00a1Fleteo frustrado en Guayabal! Conductor arroll\u00f3 a dos ladrones: uno muri\u00f3 y otro termin\u00f3 herido\"><\/a>\r\n\t\t\t\t\t                        <div class=\"penci-image-holder penci-lazy\"                             data-bgset=\"https:\/\/prensapaisa.com\/wp-content\/uploads\/2025\/10\/567996712_855634643698191_1016998498235195837_n.jpg\" data_bg_hidpi=\"https:\/\/prensapaisa.com\/wp-content\/uploads\/2025\/10\/567996712_855634643698191_1016998498235195837_n.jpg\"\r\n                             data-sizes=\"(max-width: 767px) 585px, 1170px\">\r\n                        <\/div>\r\n\t\t\t\t\t                <\/div>\r\n            <\/div>\r\n            <div class=\"pcbg-content\">\r\n                <div class=\"pcbg-content-flex\">\r\n                    <a class=\"pcbg-bgoverlay active-overlay\"\r\n                       href=\"https:\/\/prensapaisa.com\/index.php\/2025\/10\/20\/fleteo-frustrado-en-guayabal-conductor-arrollo-a-dos-ladrones-uno-murio-y-otro-termino-herido\/\" title=\"\u00a1Fleteo frustrado en Guayabal! Conductor arroll\u00f3 a dos ladrones: uno muri\u00f3 y otro termin\u00f3 herido\"><\/a>\r\n                    <div class=\"pcbg-content-inner bgcontent-block\">\r\n                        <a href=\"https:\/\/prensapaisa.com\/index.php\/2025\/10\/20\/fleteo-frustrado-en-guayabal-conductor-arrollo-a-dos-ladrones-uno-murio-y-otro-termino-herido\/\" title=\"\u00a1Fleteo frustrado en Guayabal! Conductor arroll\u00f3 a dos ladrones: uno muri\u00f3 y otro termin\u00f3 herido\"\r\n                           class=\"pcbg-bgoverlaytext item-hover\"><\/a>\r\n\r\n\t\t\t\t\t\t                            <div class=\"pcbg-above item-hover\">\r\n\t\t\t\t\t\t\t<span class=\"cat pcbg-sub-title\">\r\n\t\t\t\t\t\t\t\t<a class=\"penci-cat-name penci-cat-45\" href=\"https:\/\/prensapaisa.com\/index.php\/category\/movilidad\/accidentes\/\"  rel=\"category tag\">Accidentes<\/a><a class=\"penci-cat-name penci-cat-49\" href=\"https:\/\/prensapaisa.com\/index.php\/category\/orden-publico\/capturas\/\"  rel=\"category tag\">Capturas<\/a><a class=\"penci-cat-name penci-cat-50\" href=\"https:\/\/prensapaisa.com\/index.php\/category\/orden-publico\/denuncias\/\"  rel=\"category tag\">Denuncias<\/a><a class=\"penci-cat-name penci-cat-43\" href=\"https:\/\/prensapaisa.com\/index.php\/category\/fallecidos\/\"  rel=\"category tag\">Fallecidos<\/a><a class=\"penci-cat-name penci-cat-48\" href=\"https:\/\/prensapaisa.com\/index.php\/category\/orden-publico\/hurtos\/\"  rel=\"category tag\">Hurtos<\/a><a class=\"penci-cat-name penci-cat-44\" href=\"https:\/\/prensapaisa.com\/index.php\/category\/movilidad\/\"  rel=\"category tag\">Movilidad<\/a><a class=\"penci-cat-name penci-cat-16\" href=\"https:\/\/prensapaisa.com\/index.php\/category\/municipios\/\"  rel=\"category tag\">Municipios<\/a><a class=\"penci-cat-name penci-cat-1\" href=\"https:\/\/prensapaisa.com\/index.php\/category\/noticias\/\"  rel=\"category tag\">Noticias<\/a><a class=\"penci-cat-name penci-cat-47\" href=\"https:\/\/prensapaisa.com\/index.php\/category\/orden-publico\/\"  rel=\"category tag\">Orden Publico<\/a><a class=\"penci-cat-name penci-cat-46\" href=\"https:\/\/prensapaisa.com\/index.php\/category\/redes-sociales\/\"  rel=\"category tag\">Redes Sociales<\/a>\t\t\t\t\t\t\t<\/span>\r\n                            <\/div>\r\n\t\t\t\t\t\t\r\n\t\t\t\t\t\t                            <div class=\"pcbg-heading item-hover\">\r\n                                <h3 class=\"pcbg-title\">\r\n                                    <a href=\"https:\/\/prensapaisa.com\/index.php\/2025\/10\/20\/fleteo-frustrado-en-guayabal-conductor-arrollo-a-dos-ladrones-uno-murio-y-otro-termino-herido\/\">\r\n                                        \u00a1Fleteo frustrado en Guayabal! Conductor arroll\u00f3 a dos ladrones: uno muri\u00f3 y otro termin\u00f3 herido                                    <\/a>\r\n                                <\/h3>\r\n                            <\/div>\r\n\t\t\t\t\t\t\r\n\t\t\t\t\t\t                            <div class=\"grid-post-box-meta pcbg-meta item-hover\">\r\n                                <div class=\"pcbg-meta-desc\">\r\n\t\t\t\t\t\t\t\t\t                                        <span class=\"bg-date-author author-italic author vcard\">\r\n\t\t\t\t\t\t\t\t\t\tby <a class=\"url fn n\"\r\n                                                                                                href=\"https:\/\/prensapaisa.com\/index.php\/author\/prensapaisagmail-com\/\">noticias@prensapaisa.com<\/a>\r\n\t\t\t\t\t\t\t\t\t<\/span>\r\n\t\t\t\t\t\t\t\t\t\t\t\t\t\t\t\t\t\t                                        <span class=\"bg-date\"><time class=\"entry-date published\" datetime=\"2025-10-20T07:05:15-05:00\">octubre 20, 2025<\/time><\/span>\r\n\t\t\t\t\t\t\t\t\t\t\t\t\t\t\t\t\t\t\t\t\t\t\t\t\t\t\t\t\t\t\t\t\t\t\t\t                                <\/div>\r\n\t\t\t\t\t\t\t\t                            <\/div>\r\n\t\t\t\t\t\t\r\n\t\t\t\t\t\t                    <\/div>\r\n                <\/div>\r\n            <\/div>\r\n        <\/div>\r\n    <\/div>\r\n<\/div>\r\n<div class=\"penci-bgitem bgitem-2\">\r\n    <div class=\"penci-bgitin\">\r\n        <div class=\"penci-bgmain\">\r\n            <div class=\"pcbg-thumb\">\r\n\t\t\t\t\t\t\t\t                <div class=\"pcbg-thumbin\">\r\n                    <a class=\"pcbg-bgoverlay\"\r\n                       href=\"https:\/\/prensapaisa.com\/index.php\/2025\/10\/20\/fatal-accidente-en-el-puente-nuevo-de-san-juan-medellin-donde-murio-un-motociclista\/\" title=\"Fatal accidente en el puente nuevo de San Juan, Medell\u00edn, donde muri\u00f3 un motociclista\"><\/a>\r\n\t\t\t\t\t                        <div class=\"penci-image-holder penci-lazy\"                             data-bgset=\"https:\/\/prensapaisa.com\/wp-content\/uploads\/2025\/10\/564631100_856284980299824_3686732792364565800_n-585x1012.jpg\" data_bg_hidpi=\"https:\/\/prensapaisa.com\/wp-content\/uploads\/2025\/10\/564631100_856284980299824_3686732792364565800_n-585x1012.jpg\"\r\n                             data-sizes=\"(max-width: 767px) 585px, 585px\">\r\n                        <\/div>\r\n\t\t\t\t\t                <\/div>\r\n            <\/div>\r\n            <div class=\"pcbg-content\">\r\n                <div class=\"pcbg-content-flex\">\r\n                    <a class=\"pcbg-bgoverlay active-overlay\"\r\n                       href=\"https:\/\/prensapaisa.com\/index.php\/2025\/10\/20\/fatal-accidente-en-el-puente-nuevo-de-san-juan-medellin-donde-murio-un-motociclista\/\" title=\"Fatal accidente en el puente nuevo de San Juan, Medell\u00edn, donde muri\u00f3 un motociclista\"><\/a>\r\n                    <div class=\"pcbg-content-inner bgcontent-block\">\r\n                        <a href=\"https:\/\/prensapaisa.com\/index.php\/2025\/10\/20\/fatal-accidente-en-el-puente-nuevo-de-san-juan-medellin-donde-murio-un-motociclista\/\" title=\"Fatal accidente en el puente nuevo de San Juan, Medell\u00edn, donde muri\u00f3 un motociclista\"\r\n                           class=\"pcbg-bgoverlaytext item-hover\"><\/a>\r\n\r\n\t\t\t\t\t\t\r\n\t\t\t\t\t\t                            <div class=\"pcbg-heading item-hover\">\r\n                                <h3 class=\"pcbg-title\">\r\n                                    <a href=\"https:\/\/prensapaisa.com\/index.php\/2025\/10\/20\/fatal-accidente-en-el-puente-nuevo-de-san-juan-medellin-donde-murio-un-motociclista\/\">\r\n                                        Fatal accidente en el puente nuevo de San Juan, Medell\u00edn, donde muri\u00f3 un motociclista                                    <\/a>\r\n                                <\/h3>\r\n                            <\/div>\r\n\t\t\t\t\t\t\r\n\t\t\t\t\t\t                            <div class=\"grid-post-box-meta pcbg-meta item-hover\">\r\n                                <div class=\"pcbg-meta-desc\">\r\n\t\t\t\t\t\t\t\t\t                                        <span class=\"bg-date-author author-italic author vcard\">\r\n\t\t\t\t\t\t\t\t\t\tby <a class=\"url fn n\"\r\n                                                                                                href=\"https:\/\/prensapaisa.com\/index.php\/author\/prensapaisagmail-com\/\">noticias@prensapaisa.com<\/a>\r\n\t\t\t\t\t\t\t\t\t<\/span>\r\n\t\t\t\t\t\t\t\t\t\t\t\t\t\t\t\t\t\t                                        <span class=\"bg-date\"><time class=\"entry-date published\" datetime=\"2025-10-20T06:52:48-05:00\">octubre 20, 2025<\/time><\/span>\r\n\t\t\t\t\t\t\t\t\t\t\t\t\t\t\t\t\t\t\t\t\t\t\t\t\t\t\t\t\t\t\t\t\t\t\t\t                                <\/div>\r\n\t\t\t\t\t\t\t\t                            <\/div>\r\n\t\t\t\t\t\t\r\n\t\t\t\t\t\t                    <\/div>\r\n                <\/div>\r\n            <\/div>\r\n        <\/div>\r\n    <\/div>\r\n<\/div>\r\n<div class=\"penci-bgitem bgitem-0\">\r\n    <div class=\"penci-bgitin\">\r\n        <div class=\"penci-bgmain\">\r\n            <div class=\"pcbg-thumb\">\r\n\t\t\t\t\t\t\t\t                <div class=\"pcbg-thumbin\">\r\n                    <a class=\"pcbg-bgoverlay\"\r\n                       href=\"https:\/\/prensapaisa.com\/index.php\/2025\/10\/20\/el-municipio-de-narino-antioquia-vivio-una-noche-de-tension-y-panico-tras-dos-hechos-de-violencia\/\" title=\"El municipio de Nari\u00f1o, Antioquia, vivi\u00f3 una noche de tensi\u00f3n y p\u00e1nico tras dos hechos de violencia\"><\/a>\r\n\t\t\t\t\t                        <div class=\"penci-image-holder penci-lazy\"                             data-bgset=\"https:\/\/prensapaisa.com\/wp-content\/uploads\/2025\/10\/566393188_1319826406182626_5555305507794283855_n-585x1299.jpg\" data_bg_hidpi=\"https:\/\/prensapaisa.com\/wp-content\/uploads\/2025\/10\/566393188_1319826406182626_5555305507794283855_n-585x1299.jpg\"\r\n                             data-sizes=\"(max-width: 767px) 585px, 585px\">\r\n                        <\/div>\r\n\t\t\t\t\t                <\/div>\r\n            <\/div>\r\n            <div class=\"pcbg-content\">\r\n                <div class=\"pcbg-content-flex\">\r\n                    <a class=\"pcbg-bgoverlay active-overlay\"\r\n                       href=\"https:\/\/prensapaisa.com\/index.php\/2025\/10\/20\/el-municipio-de-narino-antioquia-vivio-una-noche-de-tension-y-panico-tras-dos-hechos-de-violencia\/\" title=\"El municipio de Nari\u00f1o, Antioquia, vivi\u00f3 una noche de tensi\u00f3n y p\u00e1nico tras dos hechos de violencia\"><\/a>\r\n                    <div class=\"pcbg-content-inner bgcontent-block\">\r\n                        <a href=\"https:\/\/prensapaisa.com\/index.php\/2025\/10\/20\/el-municipio-de-narino-antioquia-vivio-una-noche-de-tension-y-panico-tras-dos-hechos-de-violencia\/\" title=\"El municipio de Nari\u00f1o, Antioquia, vivi\u00f3 una noche de tensi\u00f3n y p\u00e1nico tras dos hechos de violencia\"\r\n                           class=\"pcbg-bgoverlaytext item-hover\"><\/a>\r\n\r\n\t\t\t\t\t\t\r\n\t\t\t\t\t\t                            <div class=\"pcbg-heading item-hover\">\r\n                                <h3 class=\"pcbg-title\">\r\n                                    <a href=\"https:\/\/prensapaisa.com\/index.php\/2025\/10\/20\/el-municipio-de-narino-antioquia-vivio-una-noche-de-tension-y-panico-tras-dos-hechos-de-violencia\/\">\r\n                                        El municipio de Nari\u00f1o, Antioquia, vivi\u00f3 una noche de tensi\u00f3n y p\u00e1nico tras dos hechos de violencia                                    <\/a>\r\n                                <\/h3>\r\n                            <\/div>\r\n\t\t\t\t\t\t\r\n\t\t\t\t\t\t                            <div class=\"grid-post-box-meta pcbg-meta item-hover\">\r\n                                <div class=\"pcbg-meta-desc\">\r\n\t\t\t\t\t\t\t\t\t                                        <span class=\"bg-date-author author-italic author vcard\">\r\n\t\t\t\t\t\t\t\t\t\tby <a class=\"url fn n\"\r\n                                                                                                href=\"https:\/\/prensapaisa.com\/index.php\/author\/prensapaisagmail-com\/\">noticias@prensapaisa.com<\/a>\r\n\t\t\t\t\t\t\t\t\t<\/span>\r\n\t\t\t\t\t\t\t\t\t\t\t\t\t\t\t\t\t\t                                        <span class=\"bg-date\"><time class=\"entry-date published\" datetime=\"2025-10-20T06:50:41-05:00\">octubre 20, 2025<\/time><\/span>\r\n\t\t\t\t\t\t\t\t\t\t\t\t\t\t\t\t\t\t\t\t\t\t\t\t\t\t\t\t\t\t\t\t\t\t\t\t                                <\/div>\r\n\t\t\t\t\t\t\t\t                            <\/div>\r\n\t\t\t\t\t\t\r\n\t\t\t\t\t\t                    <\/div>\r\n                <\/div>\r\n            <\/div>\r\n        <\/div>\r\n    <\/div>\r\n<\/div>\r\n<\/div><div class=\"penci-clearfix penci-biggrid-data penci-dblock penci-fixh\"><div class=\"penci-bgitem pcbg-big-item bgitem-1\">\r\n    <div class=\"penci-bgitin\">\r\n        <div class=\"penci-bgmain\">\r\n            <div class=\"pcbg-thumb\">\r\n\t\t\t\t\t\t\t\t                <div class=\"pcbg-thumbin\">\r\n                    <a class=\"pcbg-bgoverlay\"\r\n                       href=\"https:\/\/prensapaisa.com\/index.php\/2025\/10\/20\/un-carro-salio-volando-en-el-occidente-antioqueno\/\" title=\"Un carro sali\u00f3 volando en el Occidente antioque\u00f1o\"><\/a>\r\n\t\t\t\t\t                        <div class=\"penci-image-holder penci-lazy\"                             data-bgset=\"https:\/\/prensapaisa.com\/wp-content\/uploads\/2025\/10\/568072914_856665353595120_8269772563008278713_n.jpg\" data_bg_hidpi=\"https:\/\/prensapaisa.com\/wp-content\/uploads\/2025\/10\/568072914_856665353595120_8269772563008278713_n-585x764.jpg\"\r\n                             data-sizes=\"(max-width: 767px) 585px, 1170px\">\r\n                        <\/div>\r\n\t\t\t\t\t                <\/div>\r\n            <\/div>\r\n            <div class=\"pcbg-content\">\r\n                <div class=\"pcbg-content-flex\">\r\n                    <a class=\"pcbg-bgoverlay active-overlay\"\r\n                       href=\"https:\/\/prensapaisa.com\/index.php\/2025\/10\/20\/un-carro-salio-volando-en-el-occidente-antioqueno\/\" title=\"Un carro sali\u00f3 volando en el Occidente antioque\u00f1o\"><\/a>\r\n                    <div class=\"pcbg-content-inner bgcontent-block\">\r\n                        <a href=\"https:\/\/prensapaisa.com\/index.php\/2025\/10\/20\/un-carro-salio-volando-en-el-occidente-antioqueno\/\" title=\"Un carro sali\u00f3 volando en el Occidente antioque\u00f1o\"\r\n                           class=\"pcbg-bgoverlaytext item-hover\"><\/a>\r\n\r\n\t\t\t\t\t\t                            <div class=\"pcbg-above item-hover\">\r\n\t\t\t\t\t\t\t<span class=\"cat pcbg-sub-title\">\r\n\t\t\t\t\t\t\t\t<a class=\"penci-cat-name penci-cat-45\" href=\"https:\/\/prensapaisa.com\/index.php\/category\/movilidad\/accidentes\/\"  rel=\"category tag\">Accidentes<\/a><a class=\"penci-cat-name penci-cat-44\" href=\"https:\/\/prensapaisa.com\/index.php\/category\/movilidad\/\"  rel=\"category tag\">Movilidad<\/a><a class=\"penci-cat-name penci-cat-16\" href=\"https:\/\/prensapaisa.com\/index.php\/category\/municipios\/\"  rel=\"category tag\">Municipios<\/a><a class=\"penci-cat-name penci-cat-1\" href=\"https:\/\/prensapaisa.com\/index.php\/category\/noticias\/\"  rel=\"category tag\">Noticias<\/a><a class=\"penci-cat-name penci-cat-46\" href=\"https:\/\/prensapaisa.com\/index.php\/category\/redes-sociales\/\"  rel=\"category tag\">Redes Sociales<\/a>\t\t\t\t\t\t\t<\/span>\r\n                            <\/div>\r\n\t\t\t\t\t\t\r\n\t\t\t\t\t\t                            <div class=\"pcbg-heading item-hover\">\r\n                                <h3 class=\"pcbg-title\">\r\n                                    <a href=\"https:\/\/prensapaisa.com\/index.php\/2025\/10\/20\/un-carro-salio-volando-en-el-occidente-antioqueno\/\">\r\n                                        Un carro sali\u00f3 volando en el Occidente antioque\u00f1o                                    <\/a>\r\n                                <\/h3>\r\n                            <\/div>\r\n\t\t\t\t\t\t\r\n\t\t\t\t\t\t                            <div class=\"grid-post-box-meta pcbg-meta item-hover\">\r\n                                <div class=\"pcbg-meta-desc\">\r\n\t\t\t\t\t\t\t\t\t                                        <span class=\"bg-date-author author-italic author vcard\">\r\n\t\t\t\t\t\t\t\t\t\tby <a class=\"url fn n\"\r\n                                                                                                href=\"https:\/\/prensapaisa.com\/index.php\/author\/prensapaisagmail-com\/\">noticias@prensapaisa.com<\/a>\r\n\t\t\t\t\t\t\t\t\t<\/span>\r\n\t\t\t\t\t\t\t\t\t\t\t\t\t\t\t\t\t\t                                        <span class=\"bg-date\"><time class=\"entry-date published\" datetime=\"2025-10-20T06:46:08-05:00\">octubre 20, 2025<\/time><\/span>\r\n\t\t\t\t\t\t\t\t\t\t\t\t\t\t\t\t\t\t\t\t\t\t\t\t\t\t\t\t\t\t\t\t\t\t\t\t                                <\/div>\r\n\t\t\t\t\t\t\t\t                            <\/div>\r\n\t\t\t\t\t\t\r\n\t\t\t\t\t\t                    <\/div>\r\n                <\/div>\r\n            <\/div>\r\n        <\/div>\r\n    <\/div>\r\n<\/div>\r\n<div class=\"penci-bgitem bgitem-2\">\r\n    <div class=\"penci-bgitin\">\r\n        <div class=\"penci-bgmain\">\r\n            <div class=\"pcbg-thumb\">\r\n\t\t\t\t\t\t\t\t                <div class=\"pcbg-thumbin\">\r\n                    <a class=\"pcbg-bgoverlay\"\r\n                       href=\"https:\/\/prensapaisa.com\/index.php\/2025\/10\/20\/gigantesco-reten-en-las-palmas-medellin\/\" title=\"Gigantesco ret\u00e9n en Las Palmas, Medell\u00edn\"><\/a>\r\n\t\t\t\t\t                        <div class=\"penci-image-holder penci-lazy\"                             data-bgset=\"https:\/\/prensapaisa.com\/wp-content\/uploads\/2025\/10\/568516383_857110420217280_3547493289723296261_n-585x439.jpg\" data_bg_hidpi=\"https:\/\/prensapaisa.com\/wp-content\/uploads\/2025\/10\/568516383_857110420217280_3547493289723296261_n-585x439.jpg\"\r\n                             data-sizes=\"(max-width: 767px) 585px, 585px\">\r\n                        <\/div>\r\n\t\t\t\t\t                <\/div>\r\n            <\/div>\r\n            <div class=\"pcbg-content\">\r\n                <div class=\"pcbg-content-flex\">\r\n                    <a class=\"pcbg-bgoverlay active-overlay\"\r\n                       href=\"https:\/\/prensapaisa.com\/index.php\/2025\/10\/20\/gigantesco-reten-en-las-palmas-medellin\/\" title=\"Gigantesco ret\u00e9n en Las Palmas, Medell\u00edn\"><\/a>\r\n                    <div class=\"pcbg-content-inner bgcontent-block\">\r\n                        <a href=\"https:\/\/prensapaisa.com\/index.php\/2025\/10\/20\/gigantesco-reten-en-las-palmas-medellin\/\" title=\"Gigantesco ret\u00e9n en Las Palmas, Medell\u00edn\"\r\n                           class=\"pcbg-bgoverlaytext item-hover\"><\/a>\r\n\r\n\t\t\t\t\t\t\r\n\t\t\t\t\t\t                            <div class=\"pcbg-heading item-hover\">\r\n                                <h3 class=\"pcbg-title\">\r\n                                    <a href=\"https:\/\/prensapaisa.com\/index.php\/2025\/10\/20\/gigantesco-reten-en-las-palmas-medellin\/\">\r\n                                        Gigantesco ret\u00e9n en Las Palmas, Medell\u00edn                                    <\/a>\r\n                                <\/h3>\r\n                            <\/div>\r\n\t\t\t\t\t\t\r\n\t\t\t\t\t\t                            <div class=\"grid-post-box-meta pcbg-meta item-hover\">\r\n                                <div class=\"pcbg-meta-desc\">\r\n\t\t\t\t\t\t\t\t\t                                        <span class=\"bg-date-author author-italic author vcard\">\r\n\t\t\t\t\t\t\t\t\t\tby <a class=\"url fn n\"\r\n                                                                                                href=\"https:\/\/prensapaisa.com\/index.php\/author\/prensapaisagmail-com\/\">noticias@prensapaisa.com<\/a>\r\n\t\t\t\t\t\t\t\t\t<\/span>\r\n\t\t\t\t\t\t\t\t\t\t\t\t\t\t\t\t\t\t                                        <span class=\"bg-date\"><time class=\"entry-date published\" datetime=\"2025-10-20T06:40:17-05:00\">octubre 20, 2025<\/time><\/span>\r\n\t\t\t\t\t\t\t\t\t\t\t\t\t\t\t\t\t\t\t\t\t\t\t\t\t\t\t\t\t\t\t\t\t\t\t\t                                <\/div>\r\n\t\t\t\t\t\t\t\t                            <\/div>\r\n\t\t\t\t\t\t\r\n\t\t\t\t\t\t                    <\/div>\r\n                <\/div>\r\n            <\/div>\r\n        <\/div>\r\n    <\/div>\r\n<\/div>\r\n<div class=\"penci-bgitem bgitem-0\">\r\n    <div class=\"penci-bgitin\">\r\n        <div class=\"penci-bgmain\">\r\n            <div class=\"pcbg-thumb\">\r\n\t\t\t\t\t\t\t\t                <div class=\"pcbg-thumbin\">\r\n                    <a class=\"pcbg-bgoverlay\"\r\n                       href=\"https:\/\/prensapaisa.com\/index.php\/2025\/10\/18\/un-hombre-se-fue-a-acampar-con-su-pareja-y-fue-hallado-sin-vida-en-el-parque-el-gaitero-antioquia\/\" title=\"Un hombre se fue a acampar con su pareja y fue hallado sin vida en el parque El Gaitero, Antioquia\"><\/a>\r\n\t\t\t\t\t                        <div class=\"penci-image-holder penci-lazy\"                             data-bgset=\"https:\/\/prensapaisa.com\/wp-content\/uploads\/2025\/10\/561105579_852352327359756_3028983292271395389_n-585x781.jpg\" data_bg_hidpi=\"https:\/\/prensapaisa.com\/wp-content\/uploads\/2025\/10\/561105579_852352327359756_3028983292271395389_n-585x781.jpg\"\r\n                             data-sizes=\"(max-width: 767px) 585px, 585px\">\r\n                        <\/div>\r\n\t\t\t\t\t                <\/div>\r\n            <\/div>\r\n            <div class=\"pcbg-content\">\r\n                <div class=\"pcbg-content-flex\">\r\n                    <a class=\"pcbg-bgoverlay active-overlay\"\r\n                       href=\"https:\/\/prensapaisa.com\/index.php\/2025\/10\/18\/un-hombre-se-fue-a-acampar-con-su-pareja-y-fue-hallado-sin-vida-en-el-parque-el-gaitero-antioquia\/\" title=\"Un hombre se fue a acampar con su pareja y fue hallado sin vida en el parque El Gaitero, Antioquia\"><\/a>\r\n                    <div class=\"pcbg-content-inner bgcontent-block\">\r\n                        <a href=\"https:\/\/prensapaisa.com\/index.php\/2025\/10\/18\/un-hombre-se-fue-a-acampar-con-su-pareja-y-fue-hallado-sin-vida-en-el-parque-el-gaitero-antioquia\/\" title=\"Un hombre se fue a acampar con su pareja y fue hallado sin vida en el parque El Gaitero, Antioquia\"\r\n                           class=\"pcbg-bgoverlaytext item-hover\"><\/a>\r\n\r\n\t\t\t\t\t\t\r\n\t\t\t\t\t\t                            <div class=\"pcbg-heading item-hover\">\r\n                                <h3 class=\"pcbg-title\">\r\n                                    <a href=\"https:\/\/prensapaisa.com\/index.php\/2025\/10\/18\/un-hombre-se-fue-a-acampar-con-su-pareja-y-fue-hallado-sin-vida-en-el-parque-el-gaitero-antioquia\/\">\r\n                                        Un hombre se fue a acampar con su pareja y fue hallado sin vida en el parque El Gaitero, Antioquia                                    <\/a>\r\n                                <\/h3>\r\n                            <\/div>\r\n\t\t\t\t\t\t\r\n\t\t\t\t\t\t                            <div class=\"grid-post-box-meta pcbg-meta item-hover\">\r\n                                <div class=\"pcbg-meta-desc\">\r\n\t\t\t\t\t\t\t\t\t                                        <span class=\"bg-date-author author-italic author vcard\">\r\n\t\t\t\t\t\t\t\t\t\tby <a class=\"url fn n\"\r\n                                                                                                href=\"https:\/\/prensapaisa.com\/index.php\/author\/prensapaisagmail-com\/\">noticias@prensapaisa.com<\/a>\r\n\t\t\t\t\t\t\t\t\t<\/span>\r\n\t\t\t\t\t\t\t\t\t\t\t\t\t\t\t\t\t\t                                        <span class=\"bg-date\"><time class=\"entry-date published\" datetime=\"2025-10-18T10:31:55-05:00\">octubre 18, 2025<\/time><\/span>\r\n\t\t\t\t\t\t\t\t\t\t\t\t\t\t\t\t\t\t\t\t\t\t\t\t\t\t\t\t\t\t\t\t\t\t\t\t                                <\/div>\r\n\t\t\t\t\t\t\t\t                            <\/div>\r\n\t\t\t\t\t\t\r\n\t\t\t\t\t\t                    <\/div>\r\n                <\/div>\r\n            <\/div>\r\n        <\/div>\r\n    <\/div>\r\n<\/div>\r\n<\/div><div class=\"penci-clearfix penci-biggrid-data penci-dblock penci-fixh\"><div class=\"penci-bgitem pcbg-big-item bgitem-1\">\r\n    <div class=\"penci-bgitin\">\r\n        <div class=\"penci-bgmain\">\r\n            <div class=\"pcbg-thumb\">\r\n\t\t\t\t\t\t\t\t                <div class=\"pcbg-thumbin\">\r\n                    <a class=\"pcbg-bgoverlay\"\r\n                       href=\"https:\/\/prensapaisa.com\/index.php\/2025\/10\/02\/golpe-a-los-chatas-en-bello-cayo-una-mujer-conocida-como-la-chimultrufia-y-alias-chugo-cabecilla-y-administrador-de-rentas-criminales\/\" title=\"Golpe a \u201cLos Chatas\u201d en Bello: cay\u00f3 una mujer conocida como la &#8220;chimultrufia&#8221; y alias Chugo, cabecilla y administrador de rentas criminales\"><\/a>\r\n\t\t\t\t\t                        <div class=\"penci-image-holder penci-lazy\"                             data-bgset=\"https:\/\/prensapaisa.com\/wp-content\/uploads\/2025\/10\/556864538_839316521996670_6993833430265950120_n-1170x663.jpg\" data_bg_hidpi=\"https:\/\/prensapaisa.com\/wp-content\/uploads\/2025\/10\/556864538_839316521996670_6993833430265950120_n-585x332.jpg\"\r\n                             data-sizes=\"(max-width: 767px) 585px, 1170px\">\r\n                        <\/div>\r\n\t\t\t\t\t                <\/div>\r\n            <\/div>\r\n            <div class=\"pcbg-content\">\r\n                <div class=\"pcbg-content-flex\">\r\n                    <a class=\"pcbg-bgoverlay active-overlay\"\r\n                       href=\"https:\/\/prensapaisa.com\/index.php\/2025\/10\/02\/golpe-a-los-chatas-en-bello-cayo-una-mujer-conocida-como-la-chimultrufia-y-alias-chugo-cabecilla-y-administrador-de-rentas-criminales\/\" title=\"Golpe a \u201cLos Chatas\u201d en Bello: cay\u00f3 una mujer conocida como la &#8220;chimultrufia&#8221; y alias Chugo, cabecilla y administrador de rentas criminales\"><\/a>\r\n                    <div class=\"pcbg-content-inner bgcontent-block\">\r\n                        <a href=\"https:\/\/prensapaisa.com\/index.php\/2025\/10\/02\/golpe-a-los-chatas-en-bello-cayo-una-mujer-conocida-como-la-chimultrufia-y-alias-chugo-cabecilla-y-administrador-de-rentas-criminales\/\" title=\"Golpe a \u201cLos Chatas\u201d en Bello: cay\u00f3 una mujer conocida como la &#8220;chimultrufia&#8221; y alias Chugo, cabecilla y administrador de rentas criminales\"\r\n                           class=\"pcbg-bgoverlaytext item-hover\"><\/a>\r\n\r\n\t\t\t\t\t\t                            <div class=\"pcbg-above item-hover\">\r\n\t\t\t\t\t\t\t<span class=\"cat pcbg-sub-title\">\r\n\t\t\t\t\t\t\t\t<a class=\"penci-cat-name penci-cat-45\" href=\"https:\/\/prensapaisa.com\/index.php\/category\/movilidad\/accidentes\/\"  rel=\"category tag\">Accidentes<\/a><a class=\"penci-cat-name penci-cat-49\" href=\"https:\/\/prensapaisa.com\/index.php\/category\/orden-publico\/capturas\/\"  rel=\"category tag\">Capturas<\/a><a class=\"penci-cat-name penci-cat-50\" href=\"https:\/\/prensapaisa.com\/index.php\/category\/orden-publico\/denuncias\/\"  rel=\"category tag\">Denuncias<\/a><a class=\"penci-cat-name penci-cat-48\" href=\"https:\/\/prensapaisa.com\/index.php\/category\/orden-publico\/hurtos\/\"  rel=\"category tag\">Hurtos<\/a><a class=\"penci-cat-name penci-cat-44\" href=\"https:\/\/prensapaisa.com\/index.php\/category\/movilidad\/\"  rel=\"category tag\">Movilidad<\/a><a class=\"penci-cat-name penci-cat-16\" href=\"https:\/\/prensapaisa.com\/index.php\/category\/municipios\/\"  rel=\"category tag\">Municipios<\/a><a class=\"penci-cat-name penci-cat-1\" href=\"https:\/\/prensapaisa.com\/index.php\/category\/noticias\/\"  rel=\"category tag\">Noticias<\/a><a class=\"penci-cat-name penci-cat-47\" href=\"https:\/\/prensapaisa.com\/index.php\/category\/orden-publico\/\"  rel=\"category tag\">Orden Publico<\/a><a class=\"penci-cat-name penci-cat-46\" href=\"https:\/\/prensapaisa.com\/index.php\/category\/redes-sociales\/\"  rel=\"category tag\">Redes Sociales<\/a>\t\t\t\t\t\t\t<\/span>\r\n                            <\/div>\r\n\t\t\t\t\t\t\r\n\t\t\t\t\t\t                            <div class=\"pcbg-heading item-hover\">\r\n                                <h3 class=\"pcbg-title\">\r\n                                    <a href=\"https:\/\/prensapaisa.com\/index.php\/2025\/10\/02\/golpe-a-los-chatas-en-bello-cayo-una-mujer-conocida-como-la-chimultrufia-y-alias-chugo-cabecilla-y-administrador-de-rentas-criminales\/\">\r\n                                        Golpe a \u201cLos Chatas\u201d en Bello: cay\u00f3 una mujer conocida como la &#8220;chimultrufia&#8221; y alias Chugo, cabecilla y administrador de rentas criminales                                    <\/a>\r\n                                <\/h3>\r\n                            <\/div>\r\n\t\t\t\t\t\t\r\n\t\t\t\t\t\t                            <div class=\"grid-post-box-meta pcbg-meta item-hover\">\r\n                                <div class=\"pcbg-meta-desc\">\r\n\t\t\t\t\t\t\t\t\t                                        <span class=\"bg-date-author author-italic author vcard\">\r\n\t\t\t\t\t\t\t\t\t\tby <a class=\"url fn n\"\r\n                                                                                                href=\"https:\/\/prensapaisa.com\/index.php\/author\/prensapaisagmail-com\/\">noticias@prensapaisa.com<\/a>\r\n\t\t\t\t\t\t\t\t\t<\/span>\r\n\t\t\t\t\t\t\t\t\t\t\t\t\t\t\t\t\t\t                                        <span class=\"bg-date\"><time class=\"entry-date published\" datetime=\"2025-10-02T13:32:51-05:00\">octubre 2, 2025<\/time><\/span>\r\n\t\t\t\t\t\t\t\t\t\t\t\t\t\t\t\t\t\t\t\t\t\t\t\t\t\t\t\t\t\t\t\t\t\t\t\t                                <\/div>\r\n\t\t\t\t\t\t\t\t                            <\/div>\r\n\t\t\t\t\t\t\r\n\t\t\t\t\t\t                    <\/div>\r\n                <\/div>\r\n            <\/div>\r\n        <\/div>\r\n    <\/div>\r\n<\/div>\r\n<\/div><\/div>                <\/div>\r\n\t\t\t\t            <\/div>\r\n        <\/div>\r\n\t\t\t\t\t\t<\/div>\n\t\t\t\t<\/div>\n\t\t\t\t\t<\/div>\n\t\t<\/div>\n\t\t\t\t\t<\/div>\n\t\t<\/section>\n\t\t\t\t<\/div>\n\t\t","protected":false},"excerpt":{"rendered":"<p>Accidentes Fatal accidente de una motociclista en la ma\u00f1ana del 13 de junio by noticias@prensapaisa.com junio 13, 2022 Antioque\u00f1o falleci\u00f3 en un accidente de tr\u00e1nsito by noticias@prensapaisa.com junio 13, 2022&hellip;<\/p>\n","protected":false},"author":1,"featured_media":0,"parent":0,"menu_order":0,"comment_status":"open","ping_status":"closed","template":"","meta":{"footnotes":""},"class_list":["post-553","page","type-page","status-publish","hentry"],"yoast_head":"<!-- This site is optimized with the Yoast SEO plugin v27.5 - https:\/\/yoast.com\/product\/yoast-seo-wordpress\/ -->\n<title>MOVILIDAD - PRENSA PAISA<\/title>\n<meta name=\"robots\" content=\"index, follow, max-snippet:-1, max-image-preview:large, max-video-preview:-1\" \/>\n<link rel=\"canonical\" href=\"https:\/\/prensapaisa.com\/index.php\/movilidad-2\/\" \/>\n<meta property=\"og:locale\" content=\"es_ES\" \/>\n<meta property=\"og:type\" content=\"article\" \/>\n<meta property=\"og:title\" content=\"MOVILIDAD - PRENSA PAISA\" \/>\n<meta property=\"og:description\" content=\"Accidentes Fatal accidente de una motociclista en la ma\u00f1ana del 13 de junio by noticias@prensapaisa.com junio 13, 2022 Antioque\u00f1o falleci\u00f3 en un accidente de tr\u00e1nsito by noticias@prensapaisa.com junio 13, 2022&hellip;\" \/>\n<meta property=\"og:url\" content=\"https:\/\/prensapaisa.com\/index.php\/movilidad-2\/\" \/>\n<meta property=\"og:site_name\" content=\"PRENSA PAISA\" \/>\n<meta property=\"article:modified_time\" content=\"2022-06-15T03:16:53+00:00\" \/>\n<meta name=\"twitter:card\" content=\"summary_large_image\" \/>\n<meta name=\"twitter:label1\" content=\"Tiempo de lectura\" \/>\n\t<meta name=\"twitter:data1\" content=\"2 minutos\" \/>\n<script type=\"application\/ld+json\" class=\"yoast-schema-graph\">{\"@context\":\"https:\\\/\\\/schema.org\",\"@graph\":[{\"@type\":\"WebPage\",\"@id\":\"https:\\\/\\\/prensapaisa.com\\\/index.php\\\/movilidad-2\\\/\",\"url\":\"https:\\\/\\\/prensapaisa.com\\\/index.php\\\/movilidad-2\\\/\",\"name\":\"MOVILIDAD - PRENSA PAISA\",\"isPartOf\":{\"@id\":\"https:\\\/\\\/prensapaisa.com\\\/#website\"},\"datePublished\":\"2022-01-21T04:42:59+00:00\",\"dateModified\":\"2022-06-15T03:16:53+00:00\",\"breadcrumb\":{\"@id\":\"https:\\\/\\\/prensapaisa.com\\\/index.php\\\/movilidad-2\\\/#breadcrumb\"},\"inLanguage\":\"es-CO\",\"potentialAction\":[{\"@type\":\"ReadAction\",\"target\":[\"https:\\\/\\\/prensapaisa.com\\\/index.php\\\/movilidad-2\\\/\"]}]},{\"@type\":\"BreadcrumbList\",\"@id\":\"https:\\\/\\\/prensapaisa.com\\\/index.php\\\/movilidad-2\\\/#breadcrumb\",\"itemListElement\":[{\"@type\":\"ListItem\",\"position\":1,\"name\":\"Inicio\",\"item\":\"https:\\\/\\\/prensapaisa.com\\\/\"},{\"@type\":\"ListItem\",\"position\":2,\"name\":\"MOVILIDAD\"}]},{\"@type\":\"WebSite\",\"@id\":\"https:\\\/\\\/prensapaisa.com\\\/#website\",\"url\":\"https:\\\/\\\/prensapaisa.com\\\/\",\"name\":\"PRENSA PAISA\",\"description\":\"Prensa Paisa la Original | Noticias de Medell\u00edn, Antioquia\",\"publisher\":{\"@id\":\"https:\\\/\\\/prensapaisa.com\\\/#organization\"},\"potentialAction\":[{\"@type\":\"SearchAction\",\"target\":{\"@type\":\"EntryPoint\",\"urlTemplate\":\"https:\\\/\\\/prensapaisa.com\\\/?s={search_term_string}\"},\"query-input\":{\"@type\":\"PropertyValueSpecification\",\"valueRequired\":true,\"valueName\":\"search_term_string\"}}],\"inLanguage\":\"es-CO\"},{\"@type\":\"Organization\",\"@id\":\"https:\\\/\\\/prensapaisa.com\\\/#organization\",\"name\":\"PRENSA PAISA\",\"url\":\"https:\\\/\\\/prensapaisa.com\\\/\",\"logo\":{\"@type\":\"ImageObject\",\"inLanguage\":\"es-CO\",\"@id\":\"https:\\\/\\\/prensapaisa.com\\\/#\\\/schema\\\/logo\\\/image\\\/\",\"url\":\"https:\\\/\\\/prensapaisa.com\\\/wp-content\\\/uploads\\\/2022\\\/05\\\/cropped-cropped-prensa.png\",\"contentUrl\":\"https:\\\/\\\/prensapaisa.com\\\/wp-content\\\/uploads\\\/2022\\\/05\\\/cropped-cropped-prensa.png\",\"width\":784,\"height\":524,\"caption\":\"PRENSA PAISA\"},\"image\":{\"@id\":\"https:\\\/\\\/prensapaisa.com\\\/#\\\/schema\\\/logo\\\/image\\\/\"}}]}<\/script>\n<!-- \/ Yoast SEO plugin. -->","yoast_head_json":{"title":"MOVILIDAD - PRENSA PAISA","robots":{"index":"index","follow":"follow","max-snippet":"max-snippet:-1","max-image-preview":"max-image-preview:large","max-video-preview":"max-video-preview:-1"},"canonical":"https:\/\/prensapaisa.com\/index.php\/movilidad-2\/","og_locale":"es_ES","og_type":"article","og_title":"MOVILIDAD - PRENSA PAISA","og_description":"Accidentes Fatal accidente de una motociclista en la ma\u00f1ana del 13 de junio by noticias@prensapaisa.com junio 13, 2022 Antioque\u00f1o falleci\u00f3 en un accidente de tr\u00e1nsito by noticias@prensapaisa.com junio 13, 2022&hellip;","og_url":"https:\/\/prensapaisa.com\/index.php\/movilidad-2\/","og_site_name":"PRENSA PAISA","article_modified_time":"2022-06-15T03:16:53+00:00","twitter_card":"summary_large_image","twitter_misc":{"Tiempo de lectura":"2 minutos"},"schema":{"@context":"https:\/\/schema.org","@graph":[{"@type":"WebPage","@id":"https:\/\/prensapaisa.com\/index.php\/movilidad-2\/","url":"https:\/\/prensapaisa.com\/index.php\/movilidad-2\/","name":"MOVILIDAD - PRENSA PAISA","isPartOf":{"@id":"https:\/\/prensapaisa.com\/#website"},"datePublished":"2022-01-21T04:42:59+00:00","dateModified":"2022-06-15T03:16:53+00:00","breadcrumb":{"@id":"https:\/\/prensapaisa.com\/index.php\/movilidad-2\/#breadcrumb"},"inLanguage":"es-CO","potentialAction":[{"@type":"ReadAction","target":["https:\/\/prensapaisa.com\/index.php\/movilidad-2\/"]}]},{"@type":"BreadcrumbList","@id":"https:\/\/prensapaisa.com\/index.php\/movilidad-2\/#breadcrumb","itemListElement":[{"@type":"ListItem","position":1,"name":"Inicio","item":"https:\/\/prensapaisa.com\/"},{"@type":"ListItem","position":2,"name":"MOVILIDAD"}]},{"@type":"WebSite","@id":"https:\/\/prensapaisa.com\/#website","url":"https:\/\/prensapaisa.com\/","name":"PRENSA PAISA","description":"Prensa Paisa la Original | Noticias de Medell\u00edn, Antioquia","publisher":{"@id":"https:\/\/prensapaisa.com\/#organization"},"potentialAction":[{"@type":"SearchAction","target":{"@type":"EntryPoint","urlTemplate":"https:\/\/prensapaisa.com\/?s={search_term_string}"},"query-input":{"@type":"PropertyValueSpecification","valueRequired":true,"valueName":"search_term_string"}}],"inLanguage":"es-CO"},{"@type":"Organization","@id":"https:\/\/prensapaisa.com\/#organization","name":"PRENSA PAISA","url":"https:\/\/prensapaisa.com\/","logo":{"@type":"ImageObject","inLanguage":"es-CO","@id":"https:\/\/prensapaisa.com\/#\/schema\/logo\/image\/","url":"https:\/\/prensapaisa.com\/wp-content\/uploads\/2022\/05\/cropped-cropped-prensa.png","contentUrl":"https:\/\/prensapaisa.com\/wp-content\/uploads\/2022\/05\/cropped-cropped-prensa.png","width":784,"height":524,"caption":"PRENSA PAISA"},"image":{"@id":"https:\/\/prensapaisa.com\/#\/schema\/logo\/image\/"}}]}},"_links":{"self":[{"href":"https:\/\/prensapaisa.com\/index.php\/wp-json\/wp\/v2\/pages\/553","targetHints":{"allow":["GET"]}}],"collection":[{"href":"https:\/\/prensapaisa.com\/index.php\/wp-json\/wp\/v2\/pages"}],"about":[{"href":"https:\/\/prensapaisa.com\/index.php\/wp-json\/wp\/v2\/types\/page"}],"author":[{"embeddable":true,"href":"https:\/\/prensapaisa.com\/index.php\/wp-json\/wp\/v2\/users\/1"}],"replies":[{"embeddable":true,"href":"https:\/\/prensapaisa.com\/index.php\/wp-json\/wp\/v2\/comments?post=553"}],"version-history":[{"count":149,"href":"https:\/\/prensapaisa.com\/index.php\/wp-json\/wp\/v2\/pages\/553\/revisions"}],"predecessor-version":[{"id":3935,"href":"https:\/\/prensapaisa.com\/index.php\/wp-json\/wp\/v2\/pages\/553\/revisions\/3935"}],"wp:attachment":[{"href":"https:\/\/prensapaisa.com\/index.php\/wp-json\/wp\/v2\/media?parent=553"}],"curies":[{"name":"wp","href":"https:\/\/api.w.org\/{rel}","templated":true}]}}